{"id":8107,"date":"2026-09-02T10:34:54","date_gmt":"2026-09-02T08:34:54","guid":{"rendered":"https:\/\/interreg-grace.eu\/event\/berufliche-treffen-im-rahmen-des-grace-projekts-am-theater-luettich\/"},"modified":"2026-09-02T10:34:54","modified_gmt":"2026-09-02T08:34:54","slug":"berufliche-treffen-im-rahmen-des-grace-projekts-am-theater-luettich","status":"publish","type":"tribe_events","link":"https:\/\/interreg-grace.eu\/de\/event\/berufliche-treffen-im-rahmen-des-grace-projekts-am-theater-luettich\/","title":{"rendered":"Berufliche Treffen im Rahmen des GRACE-Projekts am Theater L\u00fcttich"},"content":{"rendered":"<p data-path-to-node=\"0\">Das Theater L\u00fcttich l\u00e4dt in Zusammenarbeit mit dem INTERREG-GRACE-Netzwerk, dem europ\u00e4ischen Projekt MultiLiLiTrans der Universit\u00e4t L\u00fcttich und der Plattform \u201eTh\u00e9\u00e2tre(s) en chantier\u201c zu den Fachtagungen \u201eGrenzen und Identit\u00e4ten: Die gro\u00dfen \u00dcberquerungen\u201c ein, die am 24. und 25. September 2026 stattfinden.<\/p>\n<p data-path-to-node=\"1\">W\u00e4hrend dieser zwei Tage werden die Teilnehmer die Themen Grenzen, Identit\u00e4ten und Kulturvermittlung erkunden. Der 24. September ist den Mitgliedern des GRACE-Netzwerks gewidmet und dient dem Austausch von Praktiken und Fachwissen, erg\u00e4nzt durch einen Workshop am Nachmittag. Am 25. September \u00f6ffnet sich die Veranstaltung f\u00fcr ein breiteres Publikum aus Fachleuten des Kultursektors mit Diskussionen \u00fcber das mehrsprachige Theater und grenz\u00fcberschreitende Projekte im Rahmen von MultiLiLiTrans, gefolgt von K\u00fcnstlerpr\u00e4sentationen im Rahmen von \u201eTh\u00e9\u00e2tre(s) en chantier\u201c.<\/p>\n<p data-path-to-node=\"1\"><a href=\"https:\/\/theatredeliege.be\/wp-content\/uploads\/2026\/08\/GRACE_ULIEGE_invitation.pdf\" target=\"_blank\" rel=\"noopener\">Vollst\u00e4ndiges Programm<\/a><\/p>\n<p data-path-to-node=\"1\">Das vollst\u00e4ndige Programm ist verf\u00fcgbar und Anmeldungen sind bis zum 17. September 2026 \u00fcber das <a href=\"https:\/\/forms.cloud.microsoft\/pages\/responsepage.aspx?id=RKIFD_OpRUKfTm8xldQ0USaLV6g2cdBBuju1mIS-m_BUMzhQUEJRRkVZMTZRUUFUWUdYUllTMUtWRS4u&#038;route=shorturl\" target=\"_blank\" rel=\"noopener\">Anmeldeformular<\/a> m\u00f6glich.<\/p>\n<p data-path-to-node=\"2\">Diese Treffen werden finanziell durch das INTERREG-Programm 2021\u20132027 im Rahmen des GRACE-Projekt unterst\u00fctzt.<\/p>\n<p data-path-to-node=\"2\">\n","protected":false},"excerpt":{"rendered":"<p>Am 24. und 25. September laden das GRACE-Projekt und das Theater L\u00fcttich ihre Partner zu zwei Tagen rund um die Themen Grenzen, Identit\u00e4ten und kulturelle Vermittlung ein. <\/p>\n","protected":false},"author":3,"featured_media":8105,"template":"","meta":{"_acf_changed":false,"_tribe_events_status":"","_tribe_events_status_reason":"","footnotes":""},"tags":[153],"tribe_events_cat":[97,121,112],"class_list":["post-8107","tribe_events","type-tribe_events","status-publish","has-post-thumbnail","hentry","tag-austausch-von-wissen-und-erfahrungen","tribe_events_cat-tout-public-de","tribe_events_cat-austausch-von-wissen-und-erfahrungen","tribe_events_cat-belgien","cat_tout-public-de","cat_austausch-von-wissen-und-erfahrungen","cat_belgien"],"acf":[],"yoast_head":"<!-- This site is optimized with the Yoast SEO Premium plugin v24.7 (Yoast SEO v28.2) - https:\/\/yoast.com\/product\/yoast-seo-premium-wordpress\/ -->\n<title>Berufliche Treffen im Rahmen des GRACE-Projekts am Theater L\u00fcttich - Projet GRACE<\/title>\n<meta name=\"robots\" content=\"index, follow, max-snippet:-1, max-image-preview:large, max-video-preview:-1\" \/>\n<link rel=\"canonical\" href=\"https:\/\/interreg-grace.eu\/de\/event\/berufliche-treffen-im-rahmen-des-grace-projekts-am-theater-luettich\/\" \/>\n<meta property=\"og:locale\" content=\"de_DE\" \/>\n<meta property=\"og:type\" content=\"article\" \/>\n<meta property=\"og:title\" content=\"Berufliche Treffen im Rahmen des GRACE-Projekts am Theater L\u00fcttich\" \/>\n<meta property=\"og:description\" content=\"Am 24. und 25. September laden das GRACE-Projekt und das Theater L\u00fcttich ihre Partner zu zwei Tagen rund um die Themen Grenzen, Identit\u00e4ten und kulturelle Vermittlung ein.\" \/>\n<meta property=\"og:url\" content=\"https:\/\/interreg-grace.eu\/de\/event\/berufliche-treffen-im-rahmen-des-grace-projekts-am-theater-luettich\/\" \/>\n<meta property=\"og:site_name\" content=\"Projet GRACE\" \/>\n<meta property=\"og:image\" content=\"https:\/\/interreg-grace.eu\/wp-content\/uploads\/2026\/09\/Capture-decran-2026-09-02-103104.png\" \/>\n\t<meta property=\"og:image:width\" content=\"553\" \/>\n\t<meta property=\"og:image:height\" content=\"786\" \/>\n\t<meta property=\"og:image:type\" content=\"image\/png\" \/>\n<meta name=\"twitter:card\" content=\"summary_large_image\" \/>\n<meta name=\"twitter:label1\" content=\"Gesch\u00e4tzte Lesezeit\" \/>\n\t<meta name=\"twitter:data1\" content=\"1\u00a0Minute\" \/>\n<script type=\"application\/ld+json\" class=\"yoast-schema-graph\">{\"@context\":\"https:\\\/\\\/schema.org\",\"@graph\":[{\"@type\":\"WebPage\",\"@id\":\"https:\\\/\\\/interreg-grace.eu\\\/de\\\/event\\\/berufliche-treffen-im-rahmen-des-grace-projekts-am-theater-luettich\\\/\",\"url\":\"https:\\\/\\\/interreg-grace.eu\\\/de\\\/event\\\/berufliche-treffen-im-rahmen-des-grace-projekts-am-theater-luettich\\\/\",\"name\":\"Berufliche Treffen im Rahmen des GRACE-Projekts am Theater L\u00fcttich - Projet GRACE\",\"isPartOf\":{\"@id\":\"https:\\\/\\\/interreg-grace.eu\\\/de\\\/#website\"},\"primaryImageOfPage\":{\"@id\":\"https:\\\/\\\/interreg-grace.eu\\\/de\\\/event\\\/berufliche-treffen-im-rahmen-des-grace-projekts-am-theater-luettich\\\/#primaryimage\"},\"image\":{\"@id\":\"https:\\\/\\\/interreg-grace.eu\\\/de\\\/event\\\/berufliche-treffen-im-rahmen-des-grace-projekts-am-theater-luettich\\\/#primaryimage\"},\"thumbnailUrl\":\"https:\\\/\\\/interreg-grace.eu\\\/wp-content\\\/uploads\\\/2026\\\/09\\\/Capture-decran-2026-09-02-103104.png\",\"datePublished\":\"2026-09-02T08:34:54+00:00\",\"breadcrumb\":{\"@id\":\"https:\\\/\\\/interreg-grace.eu\\\/de\\\/event\\\/berufliche-treffen-im-rahmen-des-grace-projekts-am-theater-luettich\\\/#breadcrumb\"},\"inLanguage\":\"de\",\"potentialAction\":[{\"@type\":\"ReadAction\",\"target\":[\"https:\\\/\\\/interreg-grace.eu\\\/de\\\/event\\\/berufliche-treffen-im-rahmen-des-grace-projekts-am-theater-luettich\\\/\"]}]},{\"@type\":\"ImageObject\",\"inLanguage\":\"de\",\"@id\":\"https:\\\/\\\/interreg-grace.eu\\\/de\\\/event\\\/berufliche-treffen-im-rahmen-des-grace-projekts-am-theater-luettich\\\/#primaryimage\",\"url\":\"https:\\\/\\\/interreg-grace.eu\\\/wp-content\\\/uploads\\\/2026\\\/09\\\/Capture-decran-2026-09-02-103104.png\",\"contentUrl\":\"https:\\\/\\\/interreg-grace.eu\\\/wp-content\\\/uploads\\\/2026\\\/09\\\/Capture-decran-2026-09-02-103104.png\",\"width\":553,\"height\":786},{\"@type\":\"BreadcrumbList\",\"@id\":\"https:\\\/\\\/interreg-grace.eu\\\/de\\\/event\\\/berufliche-treffen-im-rahmen-des-grace-projekts-am-theater-luettich\\\/#breadcrumb\",\"itemListElement\":[{\"@type\":\"ListItem\",\"position\":1,\"name\":\"Accueil\",\"item\":\"https:\\\/\\\/interreg-grace.eu\\\/de\\\/\"},{\"@type\":\"ListItem\",\"position\":2,\"name\":\"Veranstaltungen\",\"item\":\"https:\\\/\\\/interreg-grace.eu\\\/de\\\/events\\\/\"},{\"@type\":\"ListItem\",\"position\":3,\"name\":\"Berufliche Treffen im Rahmen des GRACE-Projekts am Theater L\u00fcttich\"}]},{\"@type\":\"WebSite\",\"@id\":\"https:\\\/\\\/interreg-grace.eu\\\/de\\\/#website\",\"url\":\"https:\\\/\\\/interreg-grace.eu\\\/de\\\/\",\"name\":\"Projet GRACE\",\"description\":\"Greater Region Artistic and Cultural Education\",\"publisher\":{\"@id\":\"https:\\\/\\\/interreg-grace.eu\\\/de\\\/#organization\"},\"potentialAction\":[{\"@type\":\"SearchAction\",\"target\":{\"@type\":\"EntryPoint\",\"urlTemplate\":\"https:\\\/\\\/interreg-grace.eu\\\/de\\\/?s={search_term_string}\"},\"query-input\":{\"@type\":\"PropertyValueSpecification\",\"valueRequired\":true,\"valueName\":\"search_term_string\"}}],\"inLanguage\":\"de\"},{\"@type\":\"Organization\",\"@id\":\"https:\\\/\\\/interreg-grace.eu\\\/de\\\/#organization\",\"name\":\"Interreg Grace\",\"alternateName\":\"Greater Region Artistic and Cultural Education\",\"url\":\"https:\\\/\\\/interreg-grace.eu\\\/de\\\/\",\"logo\":{\"@type\":\"ImageObject\",\"inLanguage\":\"de\",\"@id\":\"https:\\\/\\\/interreg-grace.eu\\\/de\\\/#\\\/schema\\\/logo\\\/image\\\/\",\"url\":\"https:\\\/\\\/interreg-grace.eu\\\/wp-content\\\/uploads\\\/2024\\\/08\\\/cropped-favicon-grace.webp\",\"contentUrl\":\"https:\\\/\\\/interreg-grace.eu\\\/wp-content\\\/uploads\\\/2024\\\/08\\\/cropped-favicon-grace.webp\",\"width\":512,\"height\":512,\"caption\":\"Interreg Grace\"},\"image\":{\"@id\":\"https:\\\/\\\/interreg-grace.eu\\\/de\\\/#\\\/schema\\\/logo\\\/image\\\/\"},\"sameAs\":[\"https:\\\/\\\/www.linkedin.com\\\/company\\\/interreg-grace\\\/\"]}]}<\/script>\n<!-- \/ Yoast SEO Premium plugin. -->","yoast_head_json":{"title":"Berufliche Treffen im Rahmen des GRACE-Projekts am Theater L\u00fcttich - Projet GRACE","robots":{"index":"index","follow":"follow","max-snippet":"max-snippet:-1","max-image-preview":"max-image-preview:large","max-video-preview":"max-video-preview:-1"},"canonical":"https:\/\/interreg-grace.eu\/de\/event\/berufliche-treffen-im-rahmen-des-grace-projekts-am-theater-luettich\/","og_locale":"de_DE","og_type":"article","og_title":"Berufliche Treffen im Rahmen des GRACE-Projekts am Theater L\u00fcttich","og_description":"Am 24. und 25. September laden das GRACE-Projekt und das Theater L\u00fcttich ihre Partner zu zwei Tagen rund um die Themen Grenzen, Identit\u00e4ten und kulturelle Vermittlung ein.","og_url":"https:\/\/interreg-grace.eu\/de\/event\/berufliche-treffen-im-rahmen-des-grace-projekts-am-theater-luettich\/","og_site_name":"Projet GRACE","og_image":[{"width":553,"height":786,"url":"https:\/\/interreg-grace.eu\/wp-content\/uploads\/2026\/09\/Capture-decran-2026-09-02-103104.png","type":"image\/png"}],"twitter_card":"summary_large_image","twitter_misc":{"Gesch\u00e4tzte Lesezeit":"1\u00a0Minute"},"schema":{"@context":"https:\/\/schema.org","@graph":[{"@type":"WebPage","@id":"https:\/\/interreg-grace.eu\/de\/event\/berufliche-treffen-im-rahmen-des-grace-projekts-am-theater-luettich\/","url":"https:\/\/interreg-grace.eu\/de\/event\/berufliche-treffen-im-rahmen-des-grace-projekts-am-theater-luettich\/","name":"Berufliche Treffen im Rahmen des GRACE-Projekts am Theater L\u00fcttich - Projet GRACE","isPartOf":{"@id":"https:\/\/interreg-grace.eu\/de\/#website"},"primaryImageOfPage":{"@id":"https:\/\/interreg-grace.eu\/de\/event\/berufliche-treffen-im-rahmen-des-grace-projekts-am-theater-luettich\/#primaryimage"},"image":{"@id":"https:\/\/interreg-grace.eu\/de\/event\/berufliche-treffen-im-rahmen-des-grace-projekts-am-theater-luettich\/#primaryimage"},"thumbnailUrl":"https:\/\/interreg-grace.eu\/wp-content\/uploads\/2026\/09\/Capture-decran-2026-09-02-103104.png","datePublished":"2026-09-02T08:34:54+00:00","breadcrumb":{"@id":"https:\/\/interreg-grace.eu\/de\/event\/berufliche-treffen-im-rahmen-des-grace-projekts-am-theater-luettich\/#breadcrumb"},"inLanguage":"de","potentialAction":[{"@type":"ReadAction","target":["https:\/\/interreg-grace.eu\/de\/event\/berufliche-treffen-im-rahmen-des-grace-projekts-am-theater-luettich\/"]}]},{"@type":"ImageObject","inLanguage":"de","@id":"https:\/\/interreg-grace.eu\/de\/event\/berufliche-treffen-im-rahmen-des-grace-projekts-am-theater-luettich\/#primaryimage","url":"https:\/\/interreg-grace.eu\/wp-content\/uploads\/2026\/09\/Capture-decran-2026-09-02-103104.png","contentUrl":"https:\/\/interreg-grace.eu\/wp-content\/uploads\/2026\/09\/Capture-decran-2026-09-02-103104.png","width":553,"height":786},{"@type":"BreadcrumbList","@id":"https:\/\/interreg-grace.eu\/de\/event\/berufliche-treffen-im-rahmen-des-grace-projekts-am-theater-luettich\/#breadcrumb","itemListElement":[{"@type":"ListItem","position":1,"name":"Accueil","item":"https:\/\/interreg-grace.eu\/de\/"},{"@type":"ListItem","position":2,"name":"Veranstaltungen","item":"https:\/\/interreg-grace.eu\/de\/events\/"},{"@type":"ListItem","position":3,"name":"Berufliche Treffen im Rahmen des GRACE-Projekts am Theater L\u00fcttich"}]},{"@type":"WebSite","@id":"https:\/\/interreg-grace.eu\/de\/#website","url":"https:\/\/interreg-grace.eu\/de\/","name":"Projet GRACE","description":"Greater Region Artistic and Cultural Education","publisher":{"@id":"https:\/\/interreg-grace.eu\/de\/#organization"},"potentialAction":[{"@type":"SearchAction","target":{"@type":"EntryPoint","urlTemplate":"https:\/\/interreg-grace.eu\/de\/?s={search_term_string}"},"query-input":{"@type":"PropertyValueSpecification","valueRequired":true,"valueName":"search_term_string"}}],"inLanguage":"de"},{"@type":"Organization","@id":"https:\/\/interreg-grace.eu\/de\/#organization","name":"Interreg Grace","alternateName":"Greater Region Artistic and Cultural Education","url":"https:\/\/interreg-grace.eu\/de\/","logo":{"@type":"ImageObject","inLanguage":"de","@id":"https:\/\/interreg-grace.eu\/de\/#\/schema\/logo\/image\/","url":"https:\/\/interreg-grace.eu\/wp-content\/uploads\/2024\/08\/cropped-favicon-grace.webp","contentUrl":"https:\/\/interreg-grace.eu\/wp-content\/uploads\/2024\/08\/cropped-favicon-grace.webp","width":512,"height":512,"caption":"Interreg Grace"},"image":{"@id":"https:\/\/interreg-grace.eu\/de\/#\/schema\/logo\/image\/"},"sameAs":["https:\/\/www.linkedin.com\/company\/interreg-grace\/"]}]}},"_links":{"self":[{"href":"https:\/\/interreg-grace.eu\/de\/wp-json\/wp\/v2\/tribe_events\/8107","targetHints":{"allow":["GET"]}}],"collection":[{"href":"https:\/\/interreg-grace.eu\/de\/wp-json\/wp\/v2\/tribe_events"}],"about":[{"href":"https:\/\/interreg-grace.eu\/de\/wp-json\/wp\/v2\/types\/tribe_events"}],"author":[{"embeddable":true,"href":"https:\/\/interreg-grace.eu\/de\/wp-json\/wp\/v2\/users\/3"}],"version-history":[{"count":0,"href":"https:\/\/interreg-grace.eu\/de\/wp-json\/wp\/v2\/tribe_events\/8107\/revisions"}],"wp:featuredmedia":[{"embeddable":true,"href":"https:\/\/interreg-grace.eu\/de\/wp-json\/wp\/v2\/media\/8105"}],"wp:attachment":[{"href":"https:\/\/interreg-grace.eu\/de\/wp-json\/wp\/v2\/media?parent=8107"}],"wp:term":[{"taxonomy":"post_tag","embeddable":true,"href":"https:\/\/interreg-grace.eu\/de\/wp-json\/wp\/v2\/tags?post=8107"},{"taxonomy":"tribe_events_cat","embeddable":true,"href":"https:\/\/interreg-grace.eu\/de\/wp-json\/wp\/v2\/tribe_events_cat?post=8107"}],"curies":[{"name":"wp","href":"https:\/\/api.w.org\/{rel}","templated":true}]}}