{"id":7282,"date":"2026-02-10T11:53:04","date_gmt":"2026-02-10T10:53:04","guid":{"rendered":"https:\/\/interreg-grace.eu\/event\/au-nom-du-ciel-yuval-rozman-3\/"},"modified":"2026-02-10T11:53:04","modified_gmt":"2026-02-10T10:53:04","slug":"au-nom-du-ciel-yuval-rozman-3","status":"publish","type":"tribe_events","link":"https:\/\/interreg-grace.eu\/de\/event\/au-nom-du-ciel-yuval-rozman-3\/","title":{"rendered":"Au nom du ciel &#8211; Yuval Rozman"},"content":{"rendered":"<h1>Au nom du ciel &#8211; Yuval Rozman<\/h1>\n<div id=\"attachment_7249\" style=\"width: 275px\" class=\"wp-caption alignnone\"><img decoding=\"async\" aria-describedby=\"caption-attachment-7249\" class=\"lazyload size-medium wp-image-7249\" src=\"https:\/\/interreg-grace.eu\/wp-content\/uploads\/2026\/02\/Capture-decran-2026-02-10-114932-265x300.png\" data-orig-src=\"https:\/\/interreg-grace.eu\/wp-content\/uploads\/2026\/02\/Capture-decran-2026-02-10-114932-265x300.png\" alt=\"\" width=\"265\" height=\"300\" srcset=\"data:image\/svg+xml,%3Csvg%20xmlns%3D%27http%3A%2F%2Fwww.w3.org%2F2000%2Fsvg%27%20width%3D%27265%27%20height%3D%27300%27%20viewBox%3D%270%200%20265%20300%27%3E%3Crect%20width%3D%27265%27%20height%3D%27300%27%20fill-opacity%3D%220%22%2F%3E%3C%2Fsvg%3E\" data-srcset=\"https:\/\/interreg-grace.eu\/wp-content\/uploads\/2026\/02\/Capture-decran-2026-02-10-114932-200x227.png 200w, https:\/\/interreg-grace.eu\/wp-content\/uploads\/2026\/02\/Capture-decran-2026-02-10-114932-265x300.png 265w, https:\/\/interreg-grace.eu\/wp-content\/uploads\/2026\/02\/Capture-decran-2026-02-10-114932-400x453.png 400w, https:\/\/interreg-grace.eu\/wp-content\/uploads\/2026\/02\/Capture-decran-2026-02-10-114932-600x680.png 600w, https:\/\/interreg-grace.eu\/wp-content\/uploads\/2026\/02\/Capture-decran-2026-02-10-114932.png 719w\" data-sizes=\"auto\" data-orig-sizes=\"(max-width: 265px) 100vw, 265px\" \/><p id=\"caption-attachment-7249\" class=\"wp-caption-text\">\u00a9 Th\u00e9\u00e2tre de Li\u00e8ge<\/p><\/div>\n<p><strong>Auff\u00fchrung am 12. November 2025 im Ph\u00e9nix, Sc\u00e8ne nationale de Valenciennes<\/strong><\/p>\n<p>Nach Ahouvi im Jahr 2023 widmet sich der aus Israel stammende K\u00fcnstler Yuval Rozman dem vierten Teil seiner sogenannten Quadrilogie de ma Terre (Viererbande meiner Erde), einem spannenden Werk, das sich mit der Verbindung zu seinem<span class=\"gmail-apple-converted-space\"> <\/span>Heimatland<span class=\"gmail-apple-converted-space\"> <\/span>und dem israelisch-pal\u00e4stinensischen Gebiet befasst.<\/p>\n<p>In dieser letzten Folge, <i>Au nom du ciel<\/i>,<i> <\/i>nimmt er Abstand oder, genauer gesagt, H\u00f6he<span class=\"gmail-apple-converted-space\"> <\/span><span class=\"gmail-il\">und bringt die Sichtweise<\/span><span class=\"gmail-apple-converted-space\"> <\/span>von drei V\u00f6geln ins Spiel, die sich vom Bl\u00e4tterdach aus Fragen stellen&#8230;<br \/>Am Himmel \u00fcber dem Westjordanland untersuchen die V\u00f6gel den Mord an einem 32-j\u00e4hrigen autistischen Pal\u00e4stinenser, Iyad Al-Hallaq, der 2020 von der israelischen Polizei get\u00f6tet wurde.<\/p>\n<p>Aus diesem tragischen Ereignis komponiert Yuval Rozman<span class=\"gmail-apple-converted-space\"> <\/span>eine schwarze Kom\u00f6die<span class=\"gmail-apple-converted-space\"> <\/span>, in der die V\u00f6gel versuchen, das Drama zu ergr\u00fcnden, indem sie auf der Erde und in der Luft einen Prozess inszenieren, um mit Witz und Humor den Wahnsinn der Menschen zu verstehen.De cet \u00e9v\u00e9nement tragique, Yuval Rozman<\/p>\n<p>Dauer: 2h<\/p>\n<p>Ab 15 Jahren<\/p>\n<p>Weitere Informationen und Reservierungen: <a href=\"https:\/\/theatredeliege.be\/evenement\/au-nom-du-ciel\/#:~:text=Yuval%20Rozman&amp;text=Dans%20le%20ciel%20de%20la,la%20police%20isra%C3%A9lienne%20en%202020.\">Au nom du ciel &#8211; Th\u00e9\u00e2tre de Li\u00e8ge<\/a><\/p>\n","protected":false},"excerpt":{"rendered":"<p>Au nom du ciel &#8211; Yuval Rozman Auff\u00fchrung am 12.  [&#8230;]<\/p>\n","protected":false},"author":3,"featured_media":7250,"template":"","meta":{"_acf_changed":false,"_tribe_events_status":"","_tribe_events_status_reason":"","footnotes":""},"tags":[166,101,171],"tribe_events_cat":[97,127,112,122],"class_list":["post-7282","tribe_events","type-tribe_events","status-publish","has-post-thumbnail","hentry","tag-auffuhrung","tag-darstellende-kunst","tag-tout-public","tribe_events_cat-tout-public-de","tribe_events_cat-auffuhrung","tribe_events_cat-belgien","tribe_events_cat-lebende-auffuhrung","cat_tout-public-de","cat_auffuhrung","cat_belgien","cat_lebende-auffuhrung"],"acf":[],"yoast_head":"<!-- This site is optimized with the Yoast SEO Premium plugin v24.7 (Yoast SEO v27.3) - https:\/\/yoast.com\/product\/yoast-seo-premium-wordpress\/ -->\n<title>Au nom du ciel - Yuval Rozman - Projet GRACE<\/title>\n<meta name=\"robots\" content=\"index, follow, max-snippet:-1, max-image-preview:large, max-video-preview:-1\" \/>\n<link rel=\"canonical\" href=\"https:\/\/interreg-grace.eu\/de\/event\/au-nom-du-ciel-yuval-rozman-3\/\" \/>\n<meta property=\"og:locale\" content=\"de_DE\" \/>\n<meta property=\"og:type\" content=\"article\" \/>\n<meta property=\"og:title\" content=\"Au nom du ciel - Yuval Rozman\" \/>\n<meta property=\"og:description\" content=\"Au nom du ciel &#8211; Yuval Rozman Auff\u00fchrung am 12. [...]\" \/>\n<meta property=\"og:url\" content=\"https:\/\/interreg-grace.eu\/de\/event\/au-nom-du-ciel-yuval-rozman-3\/\" \/>\n<meta property=\"og:site_name\" content=\"Projet GRACE\" \/>\n<meta property=\"og:image\" content=\"https:\/\/interreg-grace.eu\/wp-content\/uploads\/2026\/02\/Capture-decran-2026-02-10-114932.png\" \/>\n\t<meta property=\"og:image:width\" content=\"719\" \/>\n\t<meta property=\"og:image:height\" content=\"815\" \/>\n\t<meta property=\"og:image:type\" content=\"image\/png\" \/>\n<meta name=\"twitter:card\" content=\"summary_large_image\" \/>\n<meta name=\"twitter:label1\" content=\"Gesch\u00e4tzte Lesezeit\" \/>\n\t<meta name=\"twitter:data1\" content=\"1\u00a0Minute\" \/>\n<script type=\"application\/ld+json\" class=\"yoast-schema-graph\">{\"@context\":\"https:\\\/\\\/schema.org\",\"@graph\":[{\"@type\":\"WebPage\",\"@id\":\"https:\\\/\\\/interreg-grace.eu\\\/de\\\/event\\\/au-nom-du-ciel-yuval-rozman-3\\\/\",\"url\":\"https:\\\/\\\/interreg-grace.eu\\\/de\\\/event\\\/au-nom-du-ciel-yuval-rozman-3\\\/\",\"name\":\"Au nom du ciel - Yuval Rozman - Projet GRACE\",\"isPartOf\":{\"@id\":\"https:\\\/\\\/interreg-grace.eu\\\/de\\\/#website\"},\"primaryImageOfPage\":{\"@id\":\"https:\\\/\\\/interreg-grace.eu\\\/de\\\/event\\\/au-nom-du-ciel-yuval-rozman-3\\\/#primaryimage\"},\"image\":{\"@id\":\"https:\\\/\\\/interreg-grace.eu\\\/de\\\/event\\\/au-nom-du-ciel-yuval-rozman-3\\\/#primaryimage\"},\"thumbnailUrl\":\"https:\\\/\\\/interreg-grace.eu\\\/wp-content\\\/uploads\\\/2026\\\/02\\\/Capture-decran-2026-02-10-114932.png\",\"datePublished\":\"2026-02-10T10:53:04+00:00\",\"breadcrumb\":{\"@id\":\"https:\\\/\\\/interreg-grace.eu\\\/de\\\/event\\\/au-nom-du-ciel-yuval-rozman-3\\\/#breadcrumb\"},\"inLanguage\":\"de\",\"potentialAction\":[{\"@type\":\"ReadAction\",\"target\":[\"https:\\\/\\\/interreg-grace.eu\\\/de\\\/event\\\/au-nom-du-ciel-yuval-rozman-3\\\/\"]}]},{\"@type\":\"ImageObject\",\"inLanguage\":\"de\",\"@id\":\"https:\\\/\\\/interreg-grace.eu\\\/de\\\/event\\\/au-nom-du-ciel-yuval-rozman-3\\\/#primaryimage\",\"url\":\"https:\\\/\\\/interreg-grace.eu\\\/wp-content\\\/uploads\\\/2026\\\/02\\\/Capture-decran-2026-02-10-114932.png\",\"contentUrl\":\"https:\\\/\\\/interreg-grace.eu\\\/wp-content\\\/uploads\\\/2026\\\/02\\\/Capture-decran-2026-02-10-114932.png\",\"width\":719,\"height\":815,\"caption\":\"\u00a9 Th\u00e9\u00e2tre de Li\u00e8ge\"},{\"@type\":\"BreadcrumbList\",\"@id\":\"https:\\\/\\\/interreg-grace.eu\\\/de\\\/event\\\/au-nom-du-ciel-yuval-rozman-3\\\/#breadcrumb\",\"itemListElement\":[{\"@type\":\"ListItem\",\"position\":1,\"name\":\"Accueil\",\"item\":\"https:\\\/\\\/interreg-grace.eu\\\/de\\\/\"},{\"@type\":\"ListItem\",\"position\":2,\"name\":\"Veranstaltungen\",\"item\":\"https:\\\/\\\/interreg-grace.eu\\\/de\\\/events\\\/\"},{\"@type\":\"ListItem\",\"position\":3,\"name\":\"Au nom du ciel &#8211; Yuval Rozman\"}]},{\"@type\":\"WebSite\",\"@id\":\"https:\\\/\\\/interreg-grace.eu\\\/de\\\/#website\",\"url\":\"https:\\\/\\\/interreg-grace.eu\\\/de\\\/\",\"name\":\"Projet GRACE\",\"description\":\"Greater Region Artistic and Cultural Education\",\"publisher\":{\"@id\":\"https:\\\/\\\/interreg-grace.eu\\\/de\\\/#organization\"},\"potentialAction\":[{\"@type\":\"SearchAction\",\"target\":{\"@type\":\"EntryPoint\",\"urlTemplate\":\"https:\\\/\\\/interreg-grace.eu\\\/de\\\/?s={search_term_string}\"},\"query-input\":{\"@type\":\"PropertyValueSpecification\",\"valueRequired\":true,\"valueName\":\"search_term_string\"}}],\"inLanguage\":\"de\"},{\"@type\":\"Organization\",\"@id\":\"https:\\\/\\\/interreg-grace.eu\\\/de\\\/#organization\",\"name\":\"Interreg Grace\",\"alternateName\":\"Greater Region Artistic and Cultural Education\",\"url\":\"https:\\\/\\\/interreg-grace.eu\\\/de\\\/\",\"logo\":{\"@type\":\"ImageObject\",\"inLanguage\":\"de\",\"@id\":\"https:\\\/\\\/interreg-grace.eu\\\/de\\\/#\\\/schema\\\/logo\\\/image\\\/\",\"url\":\"https:\\\/\\\/interreg-grace.eu\\\/wp-content\\\/uploads\\\/2024\\\/08\\\/cropped-favicon-grace.webp\",\"contentUrl\":\"https:\\\/\\\/interreg-grace.eu\\\/wp-content\\\/uploads\\\/2024\\\/08\\\/cropped-favicon-grace.webp\",\"width\":512,\"height\":512,\"caption\":\"Interreg Grace\"},\"image\":{\"@id\":\"https:\\\/\\\/interreg-grace.eu\\\/de\\\/#\\\/schema\\\/logo\\\/image\\\/\"},\"sameAs\":[\"https:\\\/\\\/www.linkedin.com\\\/company\\\/interreg-grace\\\/\"]}]}<\/script>\n<!-- \/ Yoast SEO Premium plugin. -->","yoast_head_json":{"title":"Au nom du ciel - Yuval Rozman - Projet GRACE","robots":{"index":"index","follow":"follow","max-snippet":"max-snippet:-1","max-image-preview":"max-image-preview:large","max-video-preview":"max-video-preview:-1"},"canonical":"https:\/\/interreg-grace.eu\/de\/event\/au-nom-du-ciel-yuval-rozman-3\/","og_locale":"de_DE","og_type":"article","og_title":"Au nom du ciel - Yuval Rozman","og_description":"Au nom du ciel &#8211; Yuval Rozman Auff\u00fchrung am 12. [...]","og_url":"https:\/\/interreg-grace.eu\/de\/event\/au-nom-du-ciel-yuval-rozman-3\/","og_site_name":"Projet GRACE","og_image":[{"width":719,"height":815,"url":"https:\/\/interreg-grace.eu\/wp-content\/uploads\/2026\/02\/Capture-decran-2026-02-10-114932.png","type":"image\/png"}],"twitter_card":"summary_large_image","twitter_misc":{"Gesch\u00e4tzte Lesezeit":"1\u00a0Minute"},"schema":{"@context":"https:\/\/schema.org","@graph":[{"@type":"WebPage","@id":"https:\/\/interreg-grace.eu\/de\/event\/au-nom-du-ciel-yuval-rozman-3\/","url":"https:\/\/interreg-grace.eu\/de\/event\/au-nom-du-ciel-yuval-rozman-3\/","name":"Au nom du ciel - Yuval Rozman - Projet GRACE","isPartOf":{"@id":"https:\/\/interreg-grace.eu\/de\/#website"},"primaryImageOfPage":{"@id":"https:\/\/interreg-grace.eu\/de\/event\/au-nom-du-ciel-yuval-rozman-3\/#primaryimage"},"image":{"@id":"https:\/\/interreg-grace.eu\/de\/event\/au-nom-du-ciel-yuval-rozman-3\/#primaryimage"},"thumbnailUrl":"https:\/\/interreg-grace.eu\/wp-content\/uploads\/2026\/02\/Capture-decran-2026-02-10-114932.png","datePublished":"2026-02-10T10:53:04+00:00","breadcrumb":{"@id":"https:\/\/interreg-grace.eu\/de\/event\/au-nom-du-ciel-yuval-rozman-3\/#breadcrumb"},"inLanguage":"de","potentialAction":[{"@type":"ReadAction","target":["https:\/\/interreg-grace.eu\/de\/event\/au-nom-du-ciel-yuval-rozman-3\/"]}]},{"@type":"ImageObject","inLanguage":"de","@id":"https:\/\/interreg-grace.eu\/de\/event\/au-nom-du-ciel-yuval-rozman-3\/#primaryimage","url":"https:\/\/interreg-grace.eu\/wp-content\/uploads\/2026\/02\/Capture-decran-2026-02-10-114932.png","contentUrl":"https:\/\/interreg-grace.eu\/wp-content\/uploads\/2026\/02\/Capture-decran-2026-02-10-114932.png","width":719,"height":815,"caption":"\u00a9 Th\u00e9\u00e2tre de Li\u00e8ge"},{"@type":"BreadcrumbList","@id":"https:\/\/interreg-grace.eu\/de\/event\/au-nom-du-ciel-yuval-rozman-3\/#breadcrumb","itemListElement":[{"@type":"ListItem","position":1,"name":"Accueil","item":"https:\/\/interreg-grace.eu\/de\/"},{"@type":"ListItem","position":2,"name":"Veranstaltungen","item":"https:\/\/interreg-grace.eu\/de\/events\/"},{"@type":"ListItem","position":3,"name":"Au nom du ciel &#8211; Yuval Rozman"}]},{"@type":"WebSite","@id":"https:\/\/interreg-grace.eu\/de\/#website","url":"https:\/\/interreg-grace.eu\/de\/","name":"Projet GRACE","description":"Greater Region Artistic and Cultural Education","publisher":{"@id":"https:\/\/interreg-grace.eu\/de\/#organization"},"potentialAction":[{"@type":"SearchAction","target":{"@type":"EntryPoint","urlTemplate":"https:\/\/interreg-grace.eu\/de\/?s={search_term_string}"},"query-input":{"@type":"PropertyValueSpecification","valueRequired":true,"valueName":"search_term_string"}}],"inLanguage":"de"},{"@type":"Organization","@id":"https:\/\/interreg-grace.eu\/de\/#organization","name":"Interreg Grace","alternateName":"Greater Region Artistic and Cultural Education","url":"https:\/\/interreg-grace.eu\/de\/","logo":{"@type":"ImageObject","inLanguage":"de","@id":"https:\/\/interreg-grace.eu\/de\/#\/schema\/logo\/image\/","url":"https:\/\/interreg-grace.eu\/wp-content\/uploads\/2024\/08\/cropped-favicon-grace.webp","contentUrl":"https:\/\/interreg-grace.eu\/wp-content\/uploads\/2024\/08\/cropped-favicon-grace.webp","width":512,"height":512,"caption":"Interreg Grace"},"image":{"@id":"https:\/\/interreg-grace.eu\/de\/#\/schema\/logo\/image\/"},"sameAs":["https:\/\/www.linkedin.com\/company\/interreg-grace\/"]}]}},"_links":{"self":[{"href":"https:\/\/interreg-grace.eu\/de\/wp-json\/wp\/v2\/tribe_events\/7282","targetHints":{"allow":["GET"]}}],"collection":[{"href":"https:\/\/interreg-grace.eu\/de\/wp-json\/wp\/v2\/tribe_events"}],"about":[{"href":"https:\/\/interreg-grace.eu\/de\/wp-json\/wp\/v2\/types\/tribe_events"}],"author":[{"embeddable":true,"href":"https:\/\/interreg-grace.eu\/de\/wp-json\/wp\/v2\/users\/3"}],"version-history":[{"count":0,"href":"https:\/\/interreg-grace.eu\/de\/wp-json\/wp\/v2\/tribe_events\/7282\/revisions"}],"wp:featuredmedia":[{"embeddable":true,"href":"https:\/\/interreg-grace.eu\/de\/wp-json\/wp\/v2\/media\/7250"}],"wp:attachment":[{"href":"https:\/\/interreg-grace.eu\/de\/wp-json\/wp\/v2\/media?parent=7282"}],"wp:term":[{"taxonomy":"post_tag","embeddable":true,"href":"https:\/\/interreg-grace.eu\/de\/wp-json\/wp\/v2\/tags?post=7282"},{"taxonomy":"tribe_events_cat","embeddable":true,"href":"https:\/\/interreg-grace.eu\/de\/wp-json\/wp\/v2\/tribe_events_cat?post=7282"}],"curies":[{"name":"wp","href":"https:\/\/api.w.org\/{rel}","templated":true}]}}