{"id":7175,"date":"2025-12-18T09:16:28","date_gmt":"2025-12-18T08:16:28","guid":{"rendered":"https:\/\/interreg-grace.eu\/event\/austellung-jo-dessine-un-peu\/"},"modified":"2025-12-18T09:16:28","modified_gmt":"2025-12-18T08:16:28","slug":"austellung-jo-dessine-un-peu","status":"publish","type":"tribe_events","link":"https:\/\/interreg-grace.eu\/de\/event\/austellung-jo-dessine-un-peu\/","title":{"rendered":"Austellung &#8211; Jo dessine un peu"},"content":{"rendered":"<p>Im Jahr 2025 wurde Jo Delannoy, auch bekannt als \u201eJo dessine un peu\u201c (w\u00f6rtlich: Jo zeichnet ein bisschen), Illustrator und Siebdrucker, an drei Orte in der Gro\u00dfregion eingeladen \u2013 die belgische Stadt Verviers, die franz\u00f6sische Stadt Metz und die V\u00f6lklinger H\u00fctte im Saarland \u2013, um Einf\u00fchrungsworkshops zum Siebdruck zu leiten und Werke zu schaffen, die von diesen drei Orten inspiriert sind.<\/p>\n<p><strong>Diese Ausstellung bietet eine wunderbare Gelegenheit, seine farbenfrohen Interpretationen zu entdecken, wobei die Vergangenheit, die Gegenwart und die Zukunft dieser St\u00e4dte, die ihn so herzlich aufgenommen haben, thematisiert werden.<\/strong><\/p>\n<p><strong>Workshop-Vernissage:<\/strong> Samstag, 10. Januar, um 18 Uhr. Die Teilnehmenden haben die M\u00f6glichkeit, in Anwesenheit des K\u00fcnstlers ihre eigenen T-Shirts im Siebdruckverfahren zu bedrucken. <\/p>\n<p><strong>Ausstellung:<\/strong> vom 10. Januar bis zum 2. Februar 2026. Dienstags bis sonntags von 9 bis 17 Uhr. <\/p>\n<p>Diese Ausstellung sowie die grenz\u00fcberschreitende Residenz von Jo wurden durch das GRACE-Projekt im Rahmen des europ\u00e4ischen Kooperationsprogramm Interreg VI Gro\u00dfregion finanziert. Realisiert in enger Zusammenarbeit mit dem <a href=\"https:\/\/www.ccverviers.be\/\">Kulturzentrum Verviers<\/a>, dem <a href=\"https:\/\/www.paysdevesdre.be\/\">Tourismushaus des Weserlands<\/a> und dem <a href=\"https:\/\/www.laaaaab.be\/\">Laaaaab<\/a>. <\/p>\n<p><img decoding=\"async\" class=\"lazyload wp-image-7162 size-large aligncenter\" src=\"https:\/\/interreg-grace.eu\/wp-content\/uploads\/2025\/12\/Expo_Affiche-724x1024.png\" data-orig-src=\"https:\/\/interreg-grace.eu\/wp-content\/uploads\/2025\/12\/Expo_Affiche-724x1024.png\" alt=\"\" width=\"724\" height=\"1024\" srcset=\"data:image\/svg+xml,%3Csvg%20xmlns%3D%27http%3A%2F%2Fwww.w3.org%2F2000%2Fsvg%27%20width%3D%27724%27%20height%3D%271024%27%20viewBox%3D%270%200%20724%201024%27%3E%3Crect%20width%3D%27724%27%20height%3D%271024%27%20fill-opacity%3D%220%22%2F%3E%3C%2Fsvg%3E\" data-srcset=\"https:\/\/interreg-grace.eu\/wp-content\/uploads\/2025\/12\/Expo_Affiche-200x283.png 200w, https:\/\/interreg-grace.eu\/wp-content\/uploads\/2025\/12\/Expo_Affiche-212x300.png 212w, https:\/\/interreg-grace.eu\/wp-content\/uploads\/2025\/12\/Expo_Affiche-400x566.png 400w, https:\/\/interreg-grace.eu\/wp-content\/uploads\/2025\/12\/Expo_Affiche-600x849.png 600w, https:\/\/interreg-grace.eu\/wp-content\/uploads\/2025\/12\/Expo_Affiche-724x1024.png 724w, https:\/\/interreg-grace.eu\/wp-content\/uploads\/2025\/12\/Expo_Affiche-768x1086.png 768w, https:\/\/interreg-grace.eu\/wp-content\/uploads\/2025\/12\/Expo_Affiche-800x1132.png 800w, https:\/\/interreg-grace.eu\/wp-content\/uploads\/2025\/12\/Expo_Affiche-1086x1536.png 1086w, https:\/\/interreg-grace.eu\/wp-content\/uploads\/2025\/12\/Expo_Affiche-1200x1697.png 1200w, https:\/\/interreg-grace.eu\/wp-content\/uploads\/2025\/12\/Expo_Affiche.png 1414w\" data-sizes=\"auto\" data-orig-sizes=\"(max-width: 724px) 100vw, 724px\" \/><\/p>\n","protected":false},"excerpt":{"rendered":"<p>In dieser Ausstellung werden Verviers, Metz und die V\u00f6lklinger H\u00fctte durch die farbenfrohen Siebdruckillustrationen von Jo Delannoy gew\u00fcrdigt.<\/p>\n","protected":false},"author":2,"featured_media":7165,"template":"","meta":{"_acf_changed":false,"_tribe_events_status":"","_tribe_events_status_reason":"","footnotes":""},"tags":[160,130],"tribe_events_cat":[97,112,99,96],"class_list":["post-7175","tribe_events","type-tribe_events","status-publish","has-post-thumbnail","hentry","tag-kulturerbe","tag-urbane-kunst","tribe_events_cat-tout-public-de","tribe_events_cat-belgien","tribe_events_cat-exposition-de","tribe_events_cat-patrimoine-culturel-de","cat_tout-public-de","cat_belgien","cat_exposition-de","cat_patrimoine-culturel-de"],"acf":[],"yoast_head":"<!-- This site is optimized with the Yoast SEO Premium plugin v24.7 (Yoast SEO v27.3) - https:\/\/yoast.com\/product\/yoast-seo-premium-wordpress\/ -->\n<title>Austellung - Jo dessine un peu - Projet GRACE<\/title>\n<meta name=\"description\" content=\"In dieser Ausstellung werden Verviers, Metz und die V\u00f6lklinger H\u00fctte durch die farbenfrohen Siebdruckillustrationen von Jo Delannoy gew\u00fcrdigt.\" \/>\n<meta name=\"robots\" content=\"index, follow, max-snippet:-1, max-image-preview:large, max-video-preview:-1\" \/>\n<link rel=\"canonical\" href=\"https:\/\/interreg-grace.eu\/de\/event\/austellung-jo-dessine-un-peu\/\" \/>\n<meta property=\"og:locale\" content=\"de_DE\" \/>\n<meta property=\"og:type\" content=\"article\" \/>\n<meta property=\"og:title\" content=\"Austellung - Jo dessine un peu\" \/>\n<meta property=\"og:description\" content=\"In dieser Ausstellung werden Verviers, Metz und die V\u00f6lklinger H\u00fctte durch die farbenfrohen Siebdruckillustrationen von Jo Delannoy gew\u00fcrdigt.\" \/>\n<meta property=\"og:url\" content=\"https:\/\/interreg-grace.eu\/de\/event\/austellung-jo-dessine-un-peu\/\" \/>\n<meta property=\"og:site_name\" content=\"Projet GRACE\" \/>\n<meta property=\"og:image\" content=\"https:\/\/interreg-grace.eu\/wp-content\/uploads\/2025\/12\/589829125_1469466498514236_6089296023533301933_n.jpg\" \/>\n\t<meta property=\"og:image:width\" content=\"894\" \/>\n\t<meta property=\"og:image:height\" content=\"1117\" \/>\n\t<meta property=\"og:image:type\" content=\"image\/jpeg\" \/>\n<meta name=\"twitter:card\" content=\"summary_large_image\" \/>\n<meta name=\"twitter:label1\" content=\"Gesch\u00e4tzte Lesezeit\" \/>\n\t<meta name=\"twitter:data1\" content=\"1\u00a0Minute\" \/>\n<script type=\"application\/ld+json\" class=\"yoast-schema-graph\">{\"@context\":\"https:\\\/\\\/schema.org\",\"@graph\":[{\"@type\":\"WebPage\",\"@id\":\"https:\\\/\\\/interreg-grace.eu\\\/de\\\/event\\\/austellung-jo-dessine-un-peu\\\/\",\"url\":\"https:\\\/\\\/interreg-grace.eu\\\/de\\\/event\\\/austellung-jo-dessine-un-peu\\\/\",\"name\":\"Austellung - Jo dessine un peu - Projet GRACE\",\"isPartOf\":{\"@id\":\"https:\\\/\\\/interreg-grace.eu\\\/de\\\/#website\"},\"primaryImageOfPage\":{\"@id\":\"https:\\\/\\\/interreg-grace.eu\\\/de\\\/event\\\/austellung-jo-dessine-un-peu\\\/#primaryimage\"},\"image\":{\"@id\":\"https:\\\/\\\/interreg-grace.eu\\\/de\\\/event\\\/austellung-jo-dessine-un-peu\\\/#primaryimage\"},\"thumbnailUrl\":\"https:\\\/\\\/interreg-grace.eu\\\/wp-content\\\/uploads\\\/2025\\\/12\\\/589829125_1469466498514236_6089296023533301933_n.jpg\",\"datePublished\":\"2025-12-18T08:16:28+00:00\",\"description\":\"In dieser Ausstellung werden Verviers, Metz und die V\u00f6lklinger H\u00fctte durch die farbenfrohen Siebdruckillustrationen von Jo Delannoy gew\u00fcrdigt.\",\"breadcrumb\":{\"@id\":\"https:\\\/\\\/interreg-grace.eu\\\/de\\\/event\\\/austellung-jo-dessine-un-peu\\\/#breadcrumb\"},\"inLanguage\":\"de\",\"potentialAction\":[{\"@type\":\"ReadAction\",\"target\":[\"https:\\\/\\\/interreg-grace.eu\\\/de\\\/event\\\/austellung-jo-dessine-un-peu\\\/\"]}]},{\"@type\":\"ImageObject\",\"inLanguage\":\"de\",\"@id\":\"https:\\\/\\\/interreg-grace.eu\\\/de\\\/event\\\/austellung-jo-dessine-un-peu\\\/#primaryimage\",\"url\":\"https:\\\/\\\/interreg-grace.eu\\\/wp-content\\\/uploads\\\/2025\\\/12\\\/589829125_1469466498514236_6089296023533301933_n.jpg\",\"contentUrl\":\"https:\\\/\\\/interreg-grace.eu\\\/wp-content\\\/uploads\\\/2025\\\/12\\\/589829125_1469466498514236_6089296023533301933_n.jpg\",\"width\":894,\"height\":1117,\"caption\":\"\u00a9Jo Delannoy\"},{\"@type\":\"BreadcrumbList\",\"@id\":\"https:\\\/\\\/interreg-grace.eu\\\/de\\\/event\\\/austellung-jo-dessine-un-peu\\\/#breadcrumb\",\"itemListElement\":[{\"@type\":\"ListItem\",\"position\":1,\"name\":\"Accueil\",\"item\":\"https:\\\/\\\/interreg-grace.eu\\\/de\\\/\"},{\"@type\":\"ListItem\",\"position\":2,\"name\":\"Veranstaltungen\",\"item\":\"https:\\\/\\\/interreg-grace.eu\\\/de\\\/events\\\/\"},{\"@type\":\"ListItem\",\"position\":3,\"name\":\"Austellung &#8211; Jo dessine un peu\"}]},{\"@type\":\"WebSite\",\"@id\":\"https:\\\/\\\/interreg-grace.eu\\\/de\\\/#website\",\"url\":\"https:\\\/\\\/interreg-grace.eu\\\/de\\\/\",\"name\":\"Projet GRACE\",\"description\":\"Greater Region Artistic and Cultural Education\",\"publisher\":{\"@id\":\"https:\\\/\\\/interreg-grace.eu\\\/de\\\/#organization\"},\"potentialAction\":[{\"@type\":\"SearchAction\",\"target\":{\"@type\":\"EntryPoint\",\"urlTemplate\":\"https:\\\/\\\/interreg-grace.eu\\\/de\\\/?s={search_term_string}\"},\"query-input\":{\"@type\":\"PropertyValueSpecification\",\"valueRequired\":true,\"valueName\":\"search_term_string\"}}],\"inLanguage\":\"de\"},{\"@type\":\"Organization\",\"@id\":\"https:\\\/\\\/interreg-grace.eu\\\/de\\\/#organization\",\"name\":\"Interreg Grace\",\"alternateName\":\"Greater Region Artistic and Cultural Education\",\"url\":\"https:\\\/\\\/interreg-grace.eu\\\/de\\\/\",\"logo\":{\"@type\":\"ImageObject\",\"inLanguage\":\"de\",\"@id\":\"https:\\\/\\\/interreg-grace.eu\\\/de\\\/#\\\/schema\\\/logo\\\/image\\\/\",\"url\":\"https:\\\/\\\/interreg-grace.eu\\\/wp-content\\\/uploads\\\/2024\\\/08\\\/cropped-favicon-grace.webp\",\"contentUrl\":\"https:\\\/\\\/interreg-grace.eu\\\/wp-content\\\/uploads\\\/2024\\\/08\\\/cropped-favicon-grace.webp\",\"width\":512,\"height\":512,\"caption\":\"Interreg Grace\"},\"image\":{\"@id\":\"https:\\\/\\\/interreg-grace.eu\\\/de\\\/#\\\/schema\\\/logo\\\/image\\\/\"},\"sameAs\":[\"https:\\\/\\\/www.linkedin.com\\\/company\\\/interreg-grace\\\/\"]}]}<\/script>\n<!-- \/ Yoast SEO Premium plugin. -->","yoast_head_json":{"title":"Austellung - Jo dessine un peu - Projet GRACE","description":"In dieser Ausstellung werden Verviers, Metz und die V\u00f6lklinger H\u00fctte durch die farbenfrohen Siebdruckillustrationen von Jo Delannoy gew\u00fcrdigt.","robots":{"index":"index","follow":"follow","max-snippet":"max-snippet:-1","max-image-preview":"max-image-preview:large","max-video-preview":"max-video-preview:-1"},"canonical":"https:\/\/interreg-grace.eu\/de\/event\/austellung-jo-dessine-un-peu\/","og_locale":"de_DE","og_type":"article","og_title":"Austellung - Jo dessine un peu","og_description":"In dieser Ausstellung werden Verviers, Metz und die V\u00f6lklinger H\u00fctte durch die farbenfrohen Siebdruckillustrationen von Jo Delannoy gew\u00fcrdigt.","og_url":"https:\/\/interreg-grace.eu\/de\/event\/austellung-jo-dessine-un-peu\/","og_site_name":"Projet GRACE","og_image":[{"width":894,"height":1117,"url":"https:\/\/interreg-grace.eu\/wp-content\/uploads\/2025\/12\/589829125_1469466498514236_6089296023533301933_n.jpg","type":"image\/jpeg"}],"twitter_card":"summary_large_image","twitter_misc":{"Gesch\u00e4tzte Lesezeit":"1\u00a0Minute"},"schema":{"@context":"https:\/\/schema.org","@graph":[{"@type":"WebPage","@id":"https:\/\/interreg-grace.eu\/de\/event\/austellung-jo-dessine-un-peu\/","url":"https:\/\/interreg-grace.eu\/de\/event\/austellung-jo-dessine-un-peu\/","name":"Austellung - Jo dessine un peu - Projet GRACE","isPartOf":{"@id":"https:\/\/interreg-grace.eu\/de\/#website"},"primaryImageOfPage":{"@id":"https:\/\/interreg-grace.eu\/de\/event\/austellung-jo-dessine-un-peu\/#primaryimage"},"image":{"@id":"https:\/\/interreg-grace.eu\/de\/event\/austellung-jo-dessine-un-peu\/#primaryimage"},"thumbnailUrl":"https:\/\/interreg-grace.eu\/wp-content\/uploads\/2025\/12\/589829125_1469466498514236_6089296023533301933_n.jpg","datePublished":"2025-12-18T08:16:28+00:00","description":"In dieser Ausstellung werden Verviers, Metz und die V\u00f6lklinger H\u00fctte durch die farbenfrohen Siebdruckillustrationen von Jo Delannoy gew\u00fcrdigt.","breadcrumb":{"@id":"https:\/\/interreg-grace.eu\/de\/event\/austellung-jo-dessine-un-peu\/#breadcrumb"},"inLanguage":"de","potentialAction":[{"@type":"ReadAction","target":["https:\/\/interreg-grace.eu\/de\/event\/austellung-jo-dessine-un-peu\/"]}]},{"@type":"ImageObject","inLanguage":"de","@id":"https:\/\/interreg-grace.eu\/de\/event\/austellung-jo-dessine-un-peu\/#primaryimage","url":"https:\/\/interreg-grace.eu\/wp-content\/uploads\/2025\/12\/589829125_1469466498514236_6089296023533301933_n.jpg","contentUrl":"https:\/\/interreg-grace.eu\/wp-content\/uploads\/2025\/12\/589829125_1469466498514236_6089296023533301933_n.jpg","width":894,"height":1117,"caption":"\u00a9Jo Delannoy"},{"@type":"BreadcrumbList","@id":"https:\/\/interreg-grace.eu\/de\/event\/austellung-jo-dessine-un-peu\/#breadcrumb","itemListElement":[{"@type":"ListItem","position":1,"name":"Accueil","item":"https:\/\/interreg-grace.eu\/de\/"},{"@type":"ListItem","position":2,"name":"Veranstaltungen","item":"https:\/\/interreg-grace.eu\/de\/events\/"},{"@type":"ListItem","position":3,"name":"Austellung &#8211; Jo dessine un peu"}]},{"@type":"WebSite","@id":"https:\/\/interreg-grace.eu\/de\/#website","url":"https:\/\/interreg-grace.eu\/de\/","name":"Projet GRACE","description":"Greater Region Artistic and Cultural Education","publisher":{"@id":"https:\/\/interreg-grace.eu\/de\/#organization"},"potentialAction":[{"@type":"SearchAction","target":{"@type":"EntryPoint","urlTemplate":"https:\/\/interreg-grace.eu\/de\/?s={search_term_string}"},"query-input":{"@type":"PropertyValueSpecification","valueRequired":true,"valueName":"search_term_string"}}],"inLanguage":"de"},{"@type":"Organization","@id":"https:\/\/interreg-grace.eu\/de\/#organization","name":"Interreg Grace","alternateName":"Greater Region Artistic and Cultural Education","url":"https:\/\/interreg-grace.eu\/de\/","logo":{"@type":"ImageObject","inLanguage":"de","@id":"https:\/\/interreg-grace.eu\/de\/#\/schema\/logo\/image\/","url":"https:\/\/interreg-grace.eu\/wp-content\/uploads\/2024\/08\/cropped-favicon-grace.webp","contentUrl":"https:\/\/interreg-grace.eu\/wp-content\/uploads\/2024\/08\/cropped-favicon-grace.webp","width":512,"height":512,"caption":"Interreg Grace"},"image":{"@id":"https:\/\/interreg-grace.eu\/de\/#\/schema\/logo\/image\/"},"sameAs":["https:\/\/www.linkedin.com\/company\/interreg-grace\/"]}]}},"_links":{"self":[{"href":"https:\/\/interreg-grace.eu\/de\/wp-json\/wp\/v2\/tribe_events\/7175","targetHints":{"allow":["GET"]}}],"collection":[{"href":"https:\/\/interreg-grace.eu\/de\/wp-json\/wp\/v2\/tribe_events"}],"about":[{"href":"https:\/\/interreg-grace.eu\/de\/wp-json\/wp\/v2\/types\/tribe_events"}],"author":[{"embeddable":true,"href":"https:\/\/interreg-grace.eu\/de\/wp-json\/wp\/v2\/users\/2"}],"version-history":[{"count":0,"href":"https:\/\/interreg-grace.eu\/de\/wp-json\/wp\/v2\/tribe_events\/7175\/revisions"}],"wp:featuredmedia":[{"embeddable":true,"href":"https:\/\/interreg-grace.eu\/de\/wp-json\/wp\/v2\/media\/7165"}],"wp:attachment":[{"href":"https:\/\/interreg-grace.eu\/de\/wp-json\/wp\/v2\/media?parent=7175"}],"wp:term":[{"taxonomy":"post_tag","embeddable":true,"href":"https:\/\/interreg-grace.eu\/de\/wp-json\/wp\/v2\/tags?post=7175"},{"taxonomy":"tribe_events_cat","embeddable":true,"href":"https:\/\/interreg-grace.eu\/de\/wp-json\/wp\/v2\/tribe_events_cat?post=7175"}],"curies":[{"name":"wp","href":"https:\/\/api.w.org\/{rel}","templated":true}]}}