{"id":7059,"date":"2025-12-03T15:49:45","date_gmt":"2025-12-03T14:49:45","guid":{"rendered":"https:\/\/interreg-grace.eu\/event\/die-laternen-des-nikolaus-in-der-grossregion\/"},"modified":"2025-12-03T15:49:45","modified_gmt":"2025-12-03T14:49:45","slug":"die-laternen-des-nikolaus-in-der-grossregion","status":"publish","type":"tribe_events","link":"https:\/\/interreg-grace.eu\/de\/event\/die-laternen-des-nikolaus-in-der-grossregion\/","title":{"rendered":"Die Laternen des Nikolaus in der Gro\u00dfregion"},"content":{"rendered":"<p>Jeden Winter unternimmt der heilige Nikolaus eine gro\u00dfe Reise durch die grenz\u00fcberschreitende Gro\u00dfregion.<\/p>\n<p>Von Stadt zu Stadt \u00fcberquert er Grenzen und entdeckt tausend Arten, empfangen, geehrt und gefeiert zu werden. Von einem Land zum anderen ver\u00e4ndern sich die Traditionen, Br\u00e4uche vermischen sich und Geschichten werden von Generation zu Generation weitergegeben. <\/p>\n<p>F\u00fcr diese Ausgabe wurden die Einwohner von L\u00fcttich, Esch-sur-Alzette und Metz von der Messiner Compagnie Cin\u00e9Kraft\u00e9 eingeladen, die Legende des heiligen Nikolaus anhand ihrer Erz\u00e4hlungen und Kreationen zum Leuchten zu bringen.<\/p>\n<p>In Workshops teilten sie ihre Erinnerungen, gestalteten Papierdekorationen und liehen ihre Silhouetten, um gro\u00dfen, bewegten Laternen Leben einzuhauchen!<\/p>\n<p>Jede einzelne erz\u00e4hlt auf ihre Weise von den Nikolaustraditionen \u2013 auf einer leuchtenden und poetischen Reise durch die Gro\u00dfregion.<\/p>\n<p>Diese gemeinschaftlichen Werke sind im Herzen des Nikolausdorfes in der Stadt Metz am Samstag, den 6., und Sonntag, den 7. Dezember von 14 bis 18 Uhr zu sehen. Sie begleiten die Schritte des heiligen Mannes und lassen das Fest in ihrem schimmernden Licht erstrahlen!<\/p>\n<p>Entdecken Sie das gesamte Festprogramm: <a href=\"https:\/\/metz.fr\/fichiers\/2025\/11\/19\/Saint_Nicolas_2025_brochure_A5_WEB.pdf\" target=\"_blank\" rel=\"noopener\">https:\/\/metz.fr\/fichiers\/2025\/11\/19\/Saint_Nicolas_2025_brochure_A5_WEB.pdf <\/a> <\/p>\n<p>Dieses Projekt wurde von der Stadt Metz initiiert und finanziell vom Interreg-Programm 2021\u20132027 im Rahmen des Projekts GRACE unterst\u00fctzt, das der Verbreitung der Kulturelle Bildung f\u00fcr alle Einwohner der Gro\u00dfregion gewidmet ist.<\/p>\n<p>In Partnerschaft mit Cin\u00e9Kraft\u00e9, dem Th\u00e9\u00e2tre de Li\u00e8ge, der Stadt Esch-sur-Alzette und dem CAP &#8211; Maison des \u00e9tudiants, de la jeunesse et des associations de Metz.<\/p>\n","protected":false},"excerpt":{"rendered":"<p>Entdecken Sie die von dem Kollektiv Cin\u00e9Kraft\u00e9 gemeinsam mit den Einwohnern der Gro\u00dfregion geschaffenen Riesenlaternen im Herzen des Nikolausdorfes in der Stadt Metz, am Samstag, den 6., und Sonntag, den 7. Dezember von 14 bis 18 Uhr. <\/p>\n","protected":false},"author":3,"featured_media":7028,"template":"","meta":{"_acf_changed":false,"_tribe_events_status":"","_tribe_events_status_reason":"","footnotes":""},"tags":[160],"tribe_events_cat":[127,113,96],"class_list":["post-7059","tribe_events","type-tribe_events","status-publish","has-post-thumbnail","hentry","tag-kulturerbe","tribe_events_cat-auffuhrung","tribe_events_cat-frankreich","tribe_events_cat-patrimoine-culturel-de","cat_auffuhrung","cat_frankreich","cat_patrimoine-culturel-de"],"acf":[],"yoast_head":"<!-- This site is optimized with the Yoast SEO Premium plugin v24.7 (Yoast SEO v27.3) - https:\/\/yoast.com\/product\/yoast-seo-premium-wordpress\/ -->\n<title>Die Laternen des Nikolaus in der Gro\u00dfregion - Projet GRACE<\/title>\n<meta name=\"robots\" content=\"index, follow, max-snippet:-1, max-image-preview:large, max-video-preview:-1\" \/>\n<link rel=\"canonical\" href=\"https:\/\/interreg-grace.eu\/de\/event\/die-laternen-des-nikolaus-in-der-grossregion\/\" \/>\n<meta property=\"og:locale\" content=\"de_DE\" \/>\n<meta property=\"og:type\" content=\"article\" \/>\n<meta property=\"og:title\" content=\"Die Laternen des Nikolaus in der Gro\u00dfregion\" \/>\n<meta property=\"og:description\" content=\"Entdecken Sie die von dem Kollektiv Cin\u00e9Kraft\u00e9 gemeinsam mit den Einwohnern der Gro\u00dfregion geschaffenen Riesenlaternen im Herzen des Nikolausdorfes in der Stadt Metz, am Samstag, den 6., und Sonntag, den 7. Dezember von 14 bis 18 Uhr.\" \/>\n<meta property=\"og:url\" content=\"https:\/\/interreg-grace.eu\/de\/event\/die-laternen-des-nikolaus-in-der-grossregion\/\" \/>\n<meta property=\"og:site_name\" content=\"Projet GRACE\" \/>\n<meta property=\"og:image\" content=\"https:\/\/interreg-grace.eu\/wp-content\/uploads\/2025\/12\/metz-lanterne.jpg\" \/>\n\t<meta property=\"og:image:width\" content=\"864\" \/>\n\t<meta property=\"og:image:height\" content=\"980\" \/>\n\t<meta property=\"og:image:type\" content=\"image\/jpeg\" \/>\n<meta name=\"twitter:card\" content=\"summary_large_image\" \/>\n<meta name=\"twitter:label1\" content=\"Gesch\u00e4tzte Lesezeit\" \/>\n\t<meta name=\"twitter:data1\" content=\"1\u00a0Minute\" \/>\n<script type=\"application\/ld+json\" class=\"yoast-schema-graph\">{\"@context\":\"https:\\\/\\\/schema.org\",\"@graph\":[{\"@type\":\"WebPage\",\"@id\":\"https:\\\/\\\/interreg-grace.eu\\\/de\\\/event\\\/die-laternen-des-nikolaus-in-der-grossregion\\\/\",\"url\":\"https:\\\/\\\/interreg-grace.eu\\\/de\\\/event\\\/die-laternen-des-nikolaus-in-der-grossregion\\\/\",\"name\":\"Die Laternen des Nikolaus in der Gro\u00dfregion - Projet GRACE\",\"isPartOf\":{\"@id\":\"https:\\\/\\\/interreg-grace.eu\\\/de\\\/#website\"},\"primaryImageOfPage\":{\"@id\":\"https:\\\/\\\/interreg-grace.eu\\\/de\\\/event\\\/die-laternen-des-nikolaus-in-der-grossregion\\\/#primaryimage\"},\"image\":{\"@id\":\"https:\\\/\\\/interreg-grace.eu\\\/de\\\/event\\\/die-laternen-des-nikolaus-in-der-grossregion\\\/#primaryimage\"},\"thumbnailUrl\":\"https:\\\/\\\/interreg-grace.eu\\\/wp-content\\\/uploads\\\/2025\\\/12\\\/metz-lanterne.jpg\",\"datePublished\":\"2025-12-03T14:49:45+00:00\",\"breadcrumb\":{\"@id\":\"https:\\\/\\\/interreg-grace.eu\\\/de\\\/event\\\/die-laternen-des-nikolaus-in-der-grossregion\\\/#breadcrumb\"},\"inLanguage\":\"de\",\"potentialAction\":[{\"@type\":\"ReadAction\",\"target\":[\"https:\\\/\\\/interreg-grace.eu\\\/de\\\/event\\\/die-laternen-des-nikolaus-in-der-grossregion\\\/\"]}]},{\"@type\":\"ImageObject\",\"inLanguage\":\"de\",\"@id\":\"https:\\\/\\\/interreg-grace.eu\\\/de\\\/event\\\/die-laternen-des-nikolaus-in-der-grossregion\\\/#primaryimage\",\"url\":\"https:\\\/\\\/interreg-grace.eu\\\/wp-content\\\/uploads\\\/2025\\\/12\\\/metz-lanterne.jpg\",\"contentUrl\":\"https:\\\/\\\/interreg-grace.eu\\\/wp-content\\\/uploads\\\/2025\\\/12\\\/metz-lanterne.jpg\",\"width\":864,\"height\":980,\"caption\":\"La cath\u00e9drale de Metz\"},{\"@type\":\"BreadcrumbList\",\"@id\":\"https:\\\/\\\/interreg-grace.eu\\\/de\\\/event\\\/die-laternen-des-nikolaus-in-der-grossregion\\\/#breadcrumb\",\"itemListElement\":[{\"@type\":\"ListItem\",\"position\":1,\"name\":\"Accueil\",\"item\":\"https:\\\/\\\/interreg-grace.eu\\\/de\\\/\"},{\"@type\":\"ListItem\",\"position\":2,\"name\":\"Veranstaltungen\",\"item\":\"https:\\\/\\\/interreg-grace.eu\\\/de\\\/events\\\/\"},{\"@type\":\"ListItem\",\"position\":3,\"name\":\"Die Laternen des Nikolaus in der Gro\u00dfregion\"}]},{\"@type\":\"WebSite\",\"@id\":\"https:\\\/\\\/interreg-grace.eu\\\/de\\\/#website\",\"url\":\"https:\\\/\\\/interreg-grace.eu\\\/de\\\/\",\"name\":\"Projet GRACE\",\"description\":\"Greater Region Artistic and Cultural Education\",\"publisher\":{\"@id\":\"https:\\\/\\\/interreg-grace.eu\\\/de\\\/#organization\"},\"potentialAction\":[{\"@type\":\"SearchAction\",\"target\":{\"@type\":\"EntryPoint\",\"urlTemplate\":\"https:\\\/\\\/interreg-grace.eu\\\/de\\\/?s={search_term_string}\"},\"query-input\":{\"@type\":\"PropertyValueSpecification\",\"valueRequired\":true,\"valueName\":\"search_term_string\"}}],\"inLanguage\":\"de\"},{\"@type\":\"Organization\",\"@id\":\"https:\\\/\\\/interreg-grace.eu\\\/de\\\/#organization\",\"name\":\"Interreg Grace\",\"alternateName\":\"Greater Region Artistic and Cultural Education\",\"url\":\"https:\\\/\\\/interreg-grace.eu\\\/de\\\/\",\"logo\":{\"@type\":\"ImageObject\",\"inLanguage\":\"de\",\"@id\":\"https:\\\/\\\/interreg-grace.eu\\\/de\\\/#\\\/schema\\\/logo\\\/image\\\/\",\"url\":\"https:\\\/\\\/interreg-grace.eu\\\/wp-content\\\/uploads\\\/2024\\\/08\\\/cropped-favicon-grace.webp\",\"contentUrl\":\"https:\\\/\\\/interreg-grace.eu\\\/wp-content\\\/uploads\\\/2024\\\/08\\\/cropped-favicon-grace.webp\",\"width\":512,\"height\":512,\"caption\":\"Interreg Grace\"},\"image\":{\"@id\":\"https:\\\/\\\/interreg-grace.eu\\\/de\\\/#\\\/schema\\\/logo\\\/image\\\/\"},\"sameAs\":[\"https:\\\/\\\/www.linkedin.com\\\/company\\\/interreg-grace\\\/\"]}]}<\/script>\n<!-- \/ Yoast SEO Premium plugin. -->","yoast_head_json":{"title":"Die Laternen des Nikolaus in der Gro\u00dfregion - Projet GRACE","robots":{"index":"index","follow":"follow","max-snippet":"max-snippet:-1","max-image-preview":"max-image-preview:large","max-video-preview":"max-video-preview:-1"},"canonical":"https:\/\/interreg-grace.eu\/de\/event\/die-laternen-des-nikolaus-in-der-grossregion\/","og_locale":"de_DE","og_type":"article","og_title":"Die Laternen des Nikolaus in der Gro\u00dfregion","og_description":"Entdecken Sie die von dem Kollektiv Cin\u00e9Kraft\u00e9 gemeinsam mit den Einwohnern der Gro\u00dfregion geschaffenen Riesenlaternen im Herzen des Nikolausdorfes in der Stadt Metz, am Samstag, den 6., und Sonntag, den 7. Dezember von 14 bis 18 Uhr.","og_url":"https:\/\/interreg-grace.eu\/de\/event\/die-laternen-des-nikolaus-in-der-grossregion\/","og_site_name":"Projet GRACE","og_image":[{"width":864,"height":980,"url":"https:\/\/interreg-grace.eu\/wp-content\/uploads\/2025\/12\/metz-lanterne.jpg","type":"image\/jpeg"}],"twitter_card":"summary_large_image","twitter_misc":{"Gesch\u00e4tzte Lesezeit":"1\u00a0Minute"},"schema":{"@context":"https:\/\/schema.org","@graph":[{"@type":"WebPage","@id":"https:\/\/interreg-grace.eu\/de\/event\/die-laternen-des-nikolaus-in-der-grossregion\/","url":"https:\/\/interreg-grace.eu\/de\/event\/die-laternen-des-nikolaus-in-der-grossregion\/","name":"Die Laternen des Nikolaus in der Gro\u00dfregion - Projet GRACE","isPartOf":{"@id":"https:\/\/interreg-grace.eu\/de\/#website"},"primaryImageOfPage":{"@id":"https:\/\/interreg-grace.eu\/de\/event\/die-laternen-des-nikolaus-in-der-grossregion\/#primaryimage"},"image":{"@id":"https:\/\/interreg-grace.eu\/de\/event\/die-laternen-des-nikolaus-in-der-grossregion\/#primaryimage"},"thumbnailUrl":"https:\/\/interreg-grace.eu\/wp-content\/uploads\/2025\/12\/metz-lanterne.jpg","datePublished":"2025-12-03T14:49:45+00:00","breadcrumb":{"@id":"https:\/\/interreg-grace.eu\/de\/event\/die-laternen-des-nikolaus-in-der-grossregion\/#breadcrumb"},"inLanguage":"de","potentialAction":[{"@type":"ReadAction","target":["https:\/\/interreg-grace.eu\/de\/event\/die-laternen-des-nikolaus-in-der-grossregion\/"]}]},{"@type":"ImageObject","inLanguage":"de","@id":"https:\/\/interreg-grace.eu\/de\/event\/die-laternen-des-nikolaus-in-der-grossregion\/#primaryimage","url":"https:\/\/interreg-grace.eu\/wp-content\/uploads\/2025\/12\/metz-lanterne.jpg","contentUrl":"https:\/\/interreg-grace.eu\/wp-content\/uploads\/2025\/12\/metz-lanterne.jpg","width":864,"height":980,"caption":"La cath\u00e9drale de Metz"},{"@type":"BreadcrumbList","@id":"https:\/\/interreg-grace.eu\/de\/event\/die-laternen-des-nikolaus-in-der-grossregion\/#breadcrumb","itemListElement":[{"@type":"ListItem","position":1,"name":"Accueil","item":"https:\/\/interreg-grace.eu\/de\/"},{"@type":"ListItem","position":2,"name":"Veranstaltungen","item":"https:\/\/interreg-grace.eu\/de\/events\/"},{"@type":"ListItem","position":3,"name":"Die Laternen des Nikolaus in der Gro\u00dfregion"}]},{"@type":"WebSite","@id":"https:\/\/interreg-grace.eu\/de\/#website","url":"https:\/\/interreg-grace.eu\/de\/","name":"Projet GRACE","description":"Greater Region Artistic and Cultural Education","publisher":{"@id":"https:\/\/interreg-grace.eu\/de\/#organization"},"potentialAction":[{"@type":"SearchAction","target":{"@type":"EntryPoint","urlTemplate":"https:\/\/interreg-grace.eu\/de\/?s={search_term_string}"},"query-input":{"@type":"PropertyValueSpecification","valueRequired":true,"valueName":"search_term_string"}}],"inLanguage":"de"},{"@type":"Organization","@id":"https:\/\/interreg-grace.eu\/de\/#organization","name":"Interreg Grace","alternateName":"Greater Region Artistic and Cultural Education","url":"https:\/\/interreg-grace.eu\/de\/","logo":{"@type":"ImageObject","inLanguage":"de","@id":"https:\/\/interreg-grace.eu\/de\/#\/schema\/logo\/image\/","url":"https:\/\/interreg-grace.eu\/wp-content\/uploads\/2024\/08\/cropped-favicon-grace.webp","contentUrl":"https:\/\/interreg-grace.eu\/wp-content\/uploads\/2024\/08\/cropped-favicon-grace.webp","width":512,"height":512,"caption":"Interreg Grace"},"image":{"@id":"https:\/\/interreg-grace.eu\/de\/#\/schema\/logo\/image\/"},"sameAs":["https:\/\/www.linkedin.com\/company\/interreg-grace\/"]}]}},"_links":{"self":[{"href":"https:\/\/interreg-grace.eu\/de\/wp-json\/wp\/v2\/tribe_events\/7059","targetHints":{"allow":["GET"]}}],"collection":[{"href":"https:\/\/interreg-grace.eu\/de\/wp-json\/wp\/v2\/tribe_events"}],"about":[{"href":"https:\/\/interreg-grace.eu\/de\/wp-json\/wp\/v2\/types\/tribe_events"}],"author":[{"embeddable":true,"href":"https:\/\/interreg-grace.eu\/de\/wp-json\/wp\/v2\/users\/3"}],"version-history":[{"count":0,"href":"https:\/\/interreg-grace.eu\/de\/wp-json\/wp\/v2\/tribe_events\/7059\/revisions"}],"wp:featuredmedia":[{"embeddable":true,"href":"https:\/\/interreg-grace.eu\/de\/wp-json\/wp\/v2\/media\/7028"}],"wp:attachment":[{"href":"https:\/\/interreg-grace.eu\/de\/wp-json\/wp\/v2\/media?parent=7059"}],"wp:term":[{"taxonomy":"post_tag","embeddable":true,"href":"https:\/\/interreg-grace.eu\/de\/wp-json\/wp\/v2\/tags?post=7059"},{"taxonomy":"tribe_events_cat","embeddable":true,"href":"https:\/\/interreg-grace.eu\/de\/wp-json\/wp\/v2\/tribe_events_cat?post=7059"}],"curies":[{"name":"wp","href":"https:\/\/api.w.org\/{rel}","templated":true}]}}