{"id":7019,"date":"2025-10-27T15:19:54","date_gmt":"2025-10-27T14:19:54","guid":{"rendered":"https:\/\/interreg-grace.eu\/event\/ausstellung-jacques-villon-le-peintre-cubiste\/"},"modified":"2025-10-27T15:19:54","modified_gmt":"2025-10-27T14:19:54","slug":"ausstellung-jacques-villon-le-peintre-cubiste","status":"publish","type":"tribe_events","link":"https:\/\/interreg-grace.eu\/de\/event\/ausstellung-jacques-villon-le-peintre-cubiste\/","title":{"rendered":"Ausstellung \u201eJacques Villon, le peintre cubiste\u201c"},"content":{"rendered":"<p class=\"\" data-pm-slice=\"1 1 []\">Die Stadt Metz w\u00fcrdigt den kubistischen Maler Jacques Villon, den Sch\u00f6pfer eines bedeutenden Werks, das 1957 f\u00fcr die Kathedrale von Metz geschaffen wurde: die bemerkenswerten Glasfenster der Kapelle Saint-Sacrement.<\/p>\n<p class=\"\">Die Schaffung dieser Glasfenster ist von besonderer Bedeutung, da sie im Zusammenhang mit der Restaurierung einer Kathedrale steht, die bei der Befreiung von Metz im November 1944 schwer besch\u00e4digt wurde.<\/p>\n<p class=\"\">Farbige Tafeln, Videos, ein Aktivit\u00e4tstisch, Reproduktionen von Glasmalereien sowie Originalwerke, die von Institutionen und Privatpersonen zur Verf\u00fcgung gestellt wurden, erg\u00e4nzen diese Pr\u00e4sentation eines bedeutenden K\u00fcnstlers des 20. Jahrhunderts.<\/p>\n<p class=\"\">Die Ausstellung kann vom 28. November 2025 bis zum <sup>1.<\/sup> Februar 2026 am Deutschen Tor, einem Wahrzeichen der Stadt, besucht werden.<\/p>\n<p class=\"\">Eine Infobrosch\u00fcre f\u00fcr Besucher wird in Franz\u00f6sisch und Deutsch verf\u00fcgbar sein.<\/p>\n<p class=\"\">F\u00fchrungen in franz\u00f6sischer Sprache finden jeden Sonntag um 16 Uhr statt, F\u00fchrungen in deutscher Sprache am Samstag, den 6., 13., 20. und 27. Dezember 2025 sowie am Samstag, den 3., 17. und 31. Januar 2026 von 14:30 bis 15:30 Uhr.<\/p>\n<p>&nbsp;<\/p>\n","protected":false},"excerpt":{"rendered":"<p>Vom 28. November 2025 bis zum 1. Februar 2026 w\u00fcrdigt die Stadt Metz den kubistischen Maler Jacques Villon, den Sch\u00f6pfer eines bedeutenden Werks, das 1957 f\u00fcr die Kathedrale von Metz geschaffen wurde: die bemerkenswerten Glasfenster der Kapelle Saint-Sacrement.<\/p>\n","protected":false},"author":3,"featured_media":6893,"template":"","meta":{"_acf_changed":false,"_tribe_events_status":"","_tribe_events_status_reason":"","footnotes":""},"tags":[160],"tribe_events_cat":[97,99,113],"class_list":["post-7019","tribe_events","type-tribe_events","status-publish","has-post-thumbnail","hentry","tag-kulturerbe","tribe_events_cat-tout-public-de","tribe_events_cat-exposition-de","tribe_events_cat-frankreich","cat_tout-public-de","cat_exposition-de","cat_frankreich"],"acf":[],"yoast_head":"<!-- This site is optimized with the Yoast SEO Premium plugin v24.7 (Yoast SEO v27.3) - https:\/\/yoast.com\/product\/yoast-seo-premium-wordpress\/ -->\n<title>Ausstellung \u201eJacques Villon, le peintre cubiste\u201c - Projet GRACE<\/title>\n<meta name=\"robots\" content=\"index, follow, max-snippet:-1, max-image-preview:large, max-video-preview:-1\" \/>\n<link rel=\"canonical\" href=\"https:\/\/interreg-grace.eu\/de\/event\/ausstellung-jacques-villon-le-peintre-cubiste\/\" \/>\n<meta property=\"og:locale\" content=\"de_DE\" \/>\n<meta property=\"og:type\" content=\"article\" \/>\n<meta property=\"og:title\" content=\"Ausstellung \u201eJacques Villon, le peintre cubiste\u201c\" \/>\n<meta property=\"og:description\" content=\"Vom 28. November 2025 bis zum 1. Februar 2026 w\u00fcrdigt die Stadt Metz den kubistischen Maler Jacques Villon, den Sch\u00f6pfer eines bedeutenden Werks, das 1957 f\u00fcr die Kathedrale von Metz geschaffen wurde: die bemerkenswerten Glasfenster der Kapelle Saint-Sacrement.\" \/>\n<meta property=\"og:url\" content=\"https:\/\/interreg-grace.eu\/de\/event\/ausstellung-jacques-villon-le-peintre-cubiste\/\" \/>\n<meta property=\"og:site_name\" content=\"Projet GRACE\" \/>\n<meta property=\"og:image\" content=\"https:\/\/interreg-grace.eu\/wp-content\/uploads\/2025\/10\/HD-EXPO-PDA-J-Villon-Affiche-A3-Fr-copie.jpg\" \/>\n\t<meta property=\"og:image:width\" content=\"724\" \/>\n\t<meta property=\"og:image:height\" content=\"1024\" \/>\n\t<meta property=\"og:image:type\" content=\"image\/jpeg\" \/>\n<meta name=\"twitter:card\" content=\"summary_large_image\" \/>\n<meta name=\"twitter:label1\" content=\"Gesch\u00e4tzte Lesezeit\" \/>\n\t<meta name=\"twitter:data1\" content=\"1\u00a0Minute\" \/>\n<script type=\"application\/ld+json\" class=\"yoast-schema-graph\">{\"@context\":\"https:\\\/\\\/schema.org\",\"@graph\":[{\"@type\":\"WebPage\",\"@id\":\"https:\\\/\\\/interreg-grace.eu\\\/de\\\/event\\\/ausstellung-jacques-villon-le-peintre-cubiste\\\/\",\"url\":\"https:\\\/\\\/interreg-grace.eu\\\/de\\\/event\\\/ausstellung-jacques-villon-le-peintre-cubiste\\\/\",\"name\":\"Ausstellung \u201eJacques Villon, le peintre cubiste\u201c - Projet GRACE\",\"isPartOf\":{\"@id\":\"https:\\\/\\\/interreg-grace.eu\\\/de\\\/#website\"},\"primaryImageOfPage\":{\"@id\":\"https:\\\/\\\/interreg-grace.eu\\\/de\\\/event\\\/ausstellung-jacques-villon-le-peintre-cubiste\\\/#primaryimage\"},\"image\":{\"@id\":\"https:\\\/\\\/interreg-grace.eu\\\/de\\\/event\\\/ausstellung-jacques-villon-le-peintre-cubiste\\\/#primaryimage\"},\"thumbnailUrl\":\"https:\\\/\\\/interreg-grace.eu\\\/wp-content\\\/uploads\\\/2025\\\/10\\\/HD-EXPO-PDA-J-Villon-Affiche-A3-Fr-copie.jpg\",\"datePublished\":\"2025-10-27T14:19:54+00:00\",\"breadcrumb\":{\"@id\":\"https:\\\/\\\/interreg-grace.eu\\\/de\\\/event\\\/ausstellung-jacques-villon-le-peintre-cubiste\\\/#breadcrumb\"},\"inLanguage\":\"de\",\"potentialAction\":[{\"@type\":\"ReadAction\",\"target\":[\"https:\\\/\\\/interreg-grace.eu\\\/de\\\/event\\\/ausstellung-jacques-villon-le-peintre-cubiste\\\/\"]}]},{\"@type\":\"ImageObject\",\"inLanguage\":\"de\",\"@id\":\"https:\\\/\\\/interreg-grace.eu\\\/de\\\/event\\\/ausstellung-jacques-villon-le-peintre-cubiste\\\/#primaryimage\",\"url\":\"https:\\\/\\\/interreg-grace.eu\\\/wp-content\\\/uploads\\\/2025\\\/10\\\/HD-EXPO-PDA-J-Villon-Affiche-A3-Fr-copie.jpg\",\"contentUrl\":\"https:\\\/\\\/interreg-grace.eu\\\/wp-content\\\/uploads\\\/2025\\\/10\\\/HD-EXPO-PDA-J-Villon-Affiche-A3-Fr-copie.jpg\",\"width\":724,\"height\":1024},{\"@type\":\"BreadcrumbList\",\"@id\":\"https:\\\/\\\/interreg-grace.eu\\\/de\\\/event\\\/ausstellung-jacques-villon-le-peintre-cubiste\\\/#breadcrumb\",\"itemListElement\":[{\"@type\":\"ListItem\",\"position\":1,\"name\":\"Accueil\",\"item\":\"https:\\\/\\\/interreg-grace.eu\\\/de\\\/\"},{\"@type\":\"ListItem\",\"position\":2,\"name\":\"Veranstaltungen\",\"item\":\"https:\\\/\\\/interreg-grace.eu\\\/de\\\/events\\\/\"},{\"@type\":\"ListItem\",\"position\":3,\"name\":\"Ausstellung \u201eJacques Villon, le peintre cubiste\u201c\"}]},{\"@type\":\"WebSite\",\"@id\":\"https:\\\/\\\/interreg-grace.eu\\\/de\\\/#website\",\"url\":\"https:\\\/\\\/interreg-grace.eu\\\/de\\\/\",\"name\":\"Projet GRACE\",\"description\":\"Greater Region Artistic and Cultural Education\",\"publisher\":{\"@id\":\"https:\\\/\\\/interreg-grace.eu\\\/de\\\/#organization\"},\"potentialAction\":[{\"@type\":\"SearchAction\",\"target\":{\"@type\":\"EntryPoint\",\"urlTemplate\":\"https:\\\/\\\/interreg-grace.eu\\\/de\\\/?s={search_term_string}\"},\"query-input\":{\"@type\":\"PropertyValueSpecification\",\"valueRequired\":true,\"valueName\":\"search_term_string\"}}],\"inLanguage\":\"de\"},{\"@type\":\"Organization\",\"@id\":\"https:\\\/\\\/interreg-grace.eu\\\/de\\\/#organization\",\"name\":\"Interreg Grace\",\"alternateName\":\"Greater Region Artistic and Cultural Education\",\"url\":\"https:\\\/\\\/interreg-grace.eu\\\/de\\\/\",\"logo\":{\"@type\":\"ImageObject\",\"inLanguage\":\"de\",\"@id\":\"https:\\\/\\\/interreg-grace.eu\\\/de\\\/#\\\/schema\\\/logo\\\/image\\\/\",\"url\":\"https:\\\/\\\/interreg-grace.eu\\\/wp-content\\\/uploads\\\/2024\\\/08\\\/cropped-favicon-grace.webp\",\"contentUrl\":\"https:\\\/\\\/interreg-grace.eu\\\/wp-content\\\/uploads\\\/2024\\\/08\\\/cropped-favicon-grace.webp\",\"width\":512,\"height\":512,\"caption\":\"Interreg Grace\"},\"image\":{\"@id\":\"https:\\\/\\\/interreg-grace.eu\\\/de\\\/#\\\/schema\\\/logo\\\/image\\\/\"},\"sameAs\":[\"https:\\\/\\\/www.linkedin.com\\\/company\\\/interreg-grace\\\/\"]}]}<\/script>\n<!-- \/ Yoast SEO Premium plugin. -->","yoast_head_json":{"title":"Ausstellung \u201eJacques Villon, le peintre cubiste\u201c - Projet GRACE","robots":{"index":"index","follow":"follow","max-snippet":"max-snippet:-1","max-image-preview":"max-image-preview:large","max-video-preview":"max-video-preview:-1"},"canonical":"https:\/\/interreg-grace.eu\/de\/event\/ausstellung-jacques-villon-le-peintre-cubiste\/","og_locale":"de_DE","og_type":"article","og_title":"Ausstellung \u201eJacques Villon, le peintre cubiste\u201c","og_description":"Vom 28. November 2025 bis zum 1. Februar 2026 w\u00fcrdigt die Stadt Metz den kubistischen Maler Jacques Villon, den Sch\u00f6pfer eines bedeutenden Werks, das 1957 f\u00fcr die Kathedrale von Metz geschaffen wurde: die bemerkenswerten Glasfenster der Kapelle Saint-Sacrement.","og_url":"https:\/\/interreg-grace.eu\/de\/event\/ausstellung-jacques-villon-le-peintre-cubiste\/","og_site_name":"Projet GRACE","og_image":[{"width":724,"height":1024,"url":"https:\/\/interreg-grace.eu\/wp-content\/uploads\/2025\/10\/HD-EXPO-PDA-J-Villon-Affiche-A3-Fr-copie.jpg","type":"image\/jpeg"}],"twitter_card":"summary_large_image","twitter_misc":{"Gesch\u00e4tzte Lesezeit":"1\u00a0Minute"},"schema":{"@context":"https:\/\/schema.org","@graph":[{"@type":"WebPage","@id":"https:\/\/interreg-grace.eu\/de\/event\/ausstellung-jacques-villon-le-peintre-cubiste\/","url":"https:\/\/interreg-grace.eu\/de\/event\/ausstellung-jacques-villon-le-peintre-cubiste\/","name":"Ausstellung \u201eJacques Villon, le peintre cubiste\u201c - Projet GRACE","isPartOf":{"@id":"https:\/\/interreg-grace.eu\/de\/#website"},"primaryImageOfPage":{"@id":"https:\/\/interreg-grace.eu\/de\/event\/ausstellung-jacques-villon-le-peintre-cubiste\/#primaryimage"},"image":{"@id":"https:\/\/interreg-grace.eu\/de\/event\/ausstellung-jacques-villon-le-peintre-cubiste\/#primaryimage"},"thumbnailUrl":"https:\/\/interreg-grace.eu\/wp-content\/uploads\/2025\/10\/HD-EXPO-PDA-J-Villon-Affiche-A3-Fr-copie.jpg","datePublished":"2025-10-27T14:19:54+00:00","breadcrumb":{"@id":"https:\/\/interreg-grace.eu\/de\/event\/ausstellung-jacques-villon-le-peintre-cubiste\/#breadcrumb"},"inLanguage":"de","potentialAction":[{"@type":"ReadAction","target":["https:\/\/interreg-grace.eu\/de\/event\/ausstellung-jacques-villon-le-peintre-cubiste\/"]}]},{"@type":"ImageObject","inLanguage":"de","@id":"https:\/\/interreg-grace.eu\/de\/event\/ausstellung-jacques-villon-le-peintre-cubiste\/#primaryimage","url":"https:\/\/interreg-grace.eu\/wp-content\/uploads\/2025\/10\/HD-EXPO-PDA-J-Villon-Affiche-A3-Fr-copie.jpg","contentUrl":"https:\/\/interreg-grace.eu\/wp-content\/uploads\/2025\/10\/HD-EXPO-PDA-J-Villon-Affiche-A3-Fr-copie.jpg","width":724,"height":1024},{"@type":"BreadcrumbList","@id":"https:\/\/interreg-grace.eu\/de\/event\/ausstellung-jacques-villon-le-peintre-cubiste\/#breadcrumb","itemListElement":[{"@type":"ListItem","position":1,"name":"Accueil","item":"https:\/\/interreg-grace.eu\/de\/"},{"@type":"ListItem","position":2,"name":"Veranstaltungen","item":"https:\/\/interreg-grace.eu\/de\/events\/"},{"@type":"ListItem","position":3,"name":"Ausstellung \u201eJacques Villon, le peintre cubiste\u201c"}]},{"@type":"WebSite","@id":"https:\/\/interreg-grace.eu\/de\/#website","url":"https:\/\/interreg-grace.eu\/de\/","name":"Projet GRACE","description":"Greater Region Artistic and Cultural Education","publisher":{"@id":"https:\/\/interreg-grace.eu\/de\/#organization"},"potentialAction":[{"@type":"SearchAction","target":{"@type":"EntryPoint","urlTemplate":"https:\/\/interreg-grace.eu\/de\/?s={search_term_string}"},"query-input":{"@type":"PropertyValueSpecification","valueRequired":true,"valueName":"search_term_string"}}],"inLanguage":"de"},{"@type":"Organization","@id":"https:\/\/interreg-grace.eu\/de\/#organization","name":"Interreg Grace","alternateName":"Greater Region Artistic and Cultural Education","url":"https:\/\/interreg-grace.eu\/de\/","logo":{"@type":"ImageObject","inLanguage":"de","@id":"https:\/\/interreg-grace.eu\/de\/#\/schema\/logo\/image\/","url":"https:\/\/interreg-grace.eu\/wp-content\/uploads\/2024\/08\/cropped-favicon-grace.webp","contentUrl":"https:\/\/interreg-grace.eu\/wp-content\/uploads\/2024\/08\/cropped-favicon-grace.webp","width":512,"height":512,"caption":"Interreg Grace"},"image":{"@id":"https:\/\/interreg-grace.eu\/de\/#\/schema\/logo\/image\/"},"sameAs":["https:\/\/www.linkedin.com\/company\/interreg-grace\/"]}]}},"_links":{"self":[{"href":"https:\/\/interreg-grace.eu\/de\/wp-json\/wp\/v2\/tribe_events\/7019","targetHints":{"allow":["GET"]}}],"collection":[{"href":"https:\/\/interreg-grace.eu\/de\/wp-json\/wp\/v2\/tribe_events"}],"about":[{"href":"https:\/\/interreg-grace.eu\/de\/wp-json\/wp\/v2\/types\/tribe_events"}],"author":[{"embeddable":true,"href":"https:\/\/interreg-grace.eu\/de\/wp-json\/wp\/v2\/users\/3"}],"version-history":[{"count":0,"href":"https:\/\/interreg-grace.eu\/de\/wp-json\/wp\/v2\/tribe_events\/7019\/revisions"}],"wp:featuredmedia":[{"embeddable":true,"href":"https:\/\/interreg-grace.eu\/de\/wp-json\/wp\/v2\/media\/6893"}],"wp:attachment":[{"href":"https:\/\/interreg-grace.eu\/de\/wp-json\/wp\/v2\/media?parent=7019"}],"wp:term":[{"taxonomy":"post_tag","embeddable":true,"href":"https:\/\/interreg-grace.eu\/de\/wp-json\/wp\/v2\/tags?post=7019"},{"taxonomy":"tribe_events_cat","embeddable":true,"href":"https:\/\/interreg-grace.eu\/de\/wp-json\/wp\/v2\/tribe_events_cat?post=7019"}],"curies":[{"name":"wp","href":"https:\/\/api.w.org\/{rel}","templated":true}]}}