{"id":7017,"date":"2025-10-27T12:48:42","date_gmt":"2025-10-27T11:48:42","guid":{"rendered":"https:\/\/interreg-grace.eu\/event\/die-legende-des-heiligen-nikolaus-in-der-grossregion-esch-sur-alzette\/"},"modified":"2025-10-27T12:48:42","modified_gmt":"2025-10-27T11:48:42","slug":"die-legende-des-heiligen-nikolaus-in-der-grossregion-esch-sur-alzette","status":"publish","type":"tribe_events","link":"https:\/\/interreg-grace.eu\/de\/event\/die-legende-des-heiligen-nikolaus-in-der-grossregion-esch-sur-alzette\/","title":{"rendered":"Die Legende des Heiligen Nikolaus in der Gro\u00dfregion \u2013 Esch-sur-Alzette"},"content":{"rendered":"<h2><strong>Eine kollektive Kreation rund um gemeinsame Traditionen<\/strong><\/h2>\n<p>Jeden Winter unternimmt der Heilige Nikolaus eine gro\u00dfe Reise durch die Gro\u00dfregion. Von Stadt zu Stadt, \u00fcber Grenzen hinweg, entdeckt er vielf\u00e4ltige Arten, wie man ihn willkommen hei\u00dft und feiert. Jedes Land hat seine Traditionen und die Menschen haben ihre Geschichten, die von Generation zu Generation weitergegeben werden.  <\/p>\n<p>Dieses Jahr sollen die B\u00fcrgerinnen und B\u00fcrger die Gelegenheit bekommen, ihre eigene Geschichte zu schreiben.<\/p>\n<p>In Zusammenarbeit mit dem Ensemble Cin\u00e9Kraft\u00e9 organisiert die Stadt Metz zweit\u00e4gige generations\u00fcbergreifende Workshops im Cap Metz, im Jugendservice von Esch-sur-Alzette und im Th\u00e9\u00e2tre de Li\u00e8ge. Die Teilnehmenden werden ihre Erinnerungen austauschen, Papierdekorationen entwerfen und mit ihren eigenen Silhouetten als Vorlage gro\u00dfe beleuchtete animierte Laternen anfertigen. Und dabei lassen sie sich von den \u00fcberlieferten Volkstraditionen inspirieren. Diese Gemeinschaftswerke werden am 6. und 7. Dezember 2025 das Nikolausdorf in Metz auf der Place de l&#8217;Esplanade erhellen, genau wie auf dem Laternenpfad.  <\/p>\n<h5>Station 2: Jugendzentrum der Stadt Esch-sur-Alzette<\/h5>\n<p class=\"cvGsUA direction-ltr align-center para-style-body\"><strong><span class=\"a_GcMg font-feature-liga-off font-feature-clig-off font-feature-calt-off text-decoration-none text-strikethrough-none\">Donnerstag, 6. November, von 14 bis 17 Uhr und<\/span><\/strong><\/p>\n<p class=\"cvGsUA direction-ltr align-center para-style-body\"><strong><span class=\"a_GcMg font-feature-liga-off font-feature-clig-off font-feature-calt-off text-decoration-none text-strikethrough-none\">Freitag, 7. November, von 9 bis 12 Uhr und von 14 bis 17 Uhr<\/span><\/strong><\/p>\n<p class=\"cvGsUA direction-ltr align-center para-style-body\"><strong><span class=\"a_GcMg font-feature-liga-off font-feature-clig-off font-feature-calt-off text-decoration-none text-strikethrough-none\">Jugendservice der Stadt Esch-sur-Alzette<\/span>, <span class=\"a_GcMg font-feature-liga-off font-feature-clig-off font-feature-calt-off text-decoration-none text-strikethrough-none\">2 Place Am Boltgen<\/span>, <span class=\"a_GcMg font-feature-liga-off font-feature-clig-off font-feature-calt-off text-decoration-none text-strikethrough-none\">4038 Esch-sur-Alzette<\/span><\/strong><\/p>\n<p><span class=\"a_GcMg font-feature-liga-off font-feature-clig-off font-feature-calt-off text-decoration-none text-strikethrough-none\">Kostenloser Workshop f\u00fcr alle, zug\u00e4nglich ab 7 Jahren, Kinder in Begleitung eines Erwachsenen<\/span><\/p>\n<p><span class=\"a_GcMg font-feature-liga-off font-feature-clig-off font-feature-calt-off text-decoration-none text-strikethrough-none\">Die Teilnehmerzahl ist begrenzt<\/span>, eine Anmeldung ist erforderlich, per E-Mail an <a class=\"a_GcMg font-feature-liga-off font-feature-clig-off font-feature-calt-off text-decoration-underline text-strikethrough-none\" draggable=\"false\" href=\"mailto:jeunes@villeesch.lu\" target=\"_blank\" rel=\"noopener\">jeunes@villeesch.lu<\/a> oder telefonisch <span class=\"a_GcMg font-feature-liga-off font-feature-clig-off font-feature-calt-off text-decoration-none text-strikethrough-none\">+352 27 54 88 30<\/span><\/p>\n<p><img decoding=\"async\" class=\"lazyload alignnone size-medium wp-image-6847\" src=\"https:\/\/interreg-grace.eu\/wp-content\/uploads\/2025\/10\/St.-Nicolas-Esch-212x300.jpg\" data-orig-src=\"https:\/\/interreg-grace.eu\/wp-content\/uploads\/2025\/10\/St.-Nicolas-Esch-212x300.jpg\" alt=\"\" width=\"212\" height=\"300\" srcset=\"data:image\/svg+xml,%3Csvg%20xmlns%3D%27http%3A%2F%2Fwww.w3.org%2F2000%2Fsvg%27%20width%3D%27212%27%20height%3D%27300%27%20viewBox%3D%270%200%20212%20300%27%3E%3Crect%20width%3D%27212%27%20height%3D%27300%27%20fill-opacity%3D%220%22%2F%3E%3C%2Fsvg%3E\" data-srcset=\"https:\/\/interreg-grace.eu\/wp-content\/uploads\/2025\/10\/St.-Nicolas-Esch-200x283.jpg 200w, https:\/\/interreg-grace.eu\/wp-content\/uploads\/2025\/10\/St.-Nicolas-Esch-212x300.jpg 212w, https:\/\/interreg-grace.eu\/wp-content\/uploads\/2025\/10\/St.-Nicolas-Esch-400x566.jpg 400w, https:\/\/interreg-grace.eu\/wp-content\/uploads\/2025\/10\/St.-Nicolas-Esch-600x849.jpg 600w, https:\/\/interreg-grace.eu\/wp-content\/uploads\/2025\/10\/St.-Nicolas-Esch-724x1024.jpg 724w, https:\/\/interreg-grace.eu\/wp-content\/uploads\/2025\/10\/St.-Nicolas-Esch-768x1086.jpg 768w, https:\/\/interreg-grace.eu\/wp-content\/uploads\/2025\/10\/St.-Nicolas-Esch-800x1132.jpg 800w, https:\/\/interreg-grace.eu\/wp-content\/uploads\/2025\/10\/St.-Nicolas-Esch-1086x1536.jpg 1086w, https:\/\/interreg-grace.eu\/wp-content\/uploads\/2025\/10\/St.-Nicolas-Esch-1200x1697.jpg 1200w, https:\/\/interreg-grace.eu\/wp-content\/uploads\/2025\/10\/St.-Nicolas-Esch.jpg 1414w\" data-sizes=\"auto\" data-orig-sizes=\"(max-width: 212px) 100vw, 212px\" \/><\/p>\n","protected":false},"excerpt":{"rendered":"<p>Jeden Winter unternimmt der Heilige Nikolaus eine gro\u00dfe Reise durch die Gro\u00dfregion. Von Stadt zu Stadt, \u00fcber Grenzen hinweg, entdeckt er vielf\u00e4ltige Arten, wie man ihn willkommen hei\u00dft und feiert. Jedes Land hat seine Traditionen und die Menschen haben ihre Geschichten, die von Generation zu Generation weitergegeben werden.   Dieses Jahr sollen die B\u00fcrgerinnen und B\u00fcrger die Gelegenheit bekommen, ihre eigene Geschichte zu schreiben.<\/p>\n","protected":false},"author":3,"featured_media":6848,"template":"","meta":{"_acf_changed":false,"_tribe_events_status":"","_tribe_events_status_reason":"","footnotes":""},"tags":[160],"tribe_events_cat":[97,96,114,124],"class_list":["post-7017","tribe_events","type-tribe_events","status-publish","has-post-thumbnail","hentry","tag-kulturerbe","tribe_events_cat-tout-public-de","tribe_events_cat-patrimoine-culturel-de","tribe_events_cat-luxemburg","tribe_events_cat-werkstatt","cat_tout-public-de","cat_patrimoine-culturel-de","cat_luxemburg","cat_werkstatt"],"acf":[],"yoast_head":"<!-- This site is optimized with the Yoast SEO Premium plugin v24.7 (Yoast SEO v27.3) - https:\/\/yoast.com\/product\/yoast-seo-premium-wordpress\/ -->\n<title>Die Legende des Heiligen Nikolaus in der Gro\u00dfregion \u2013 Esch-sur-Alzette - Projet GRACE<\/title>\n<meta name=\"robots\" content=\"index, follow, max-snippet:-1, max-image-preview:large, max-video-preview:-1\" \/>\n<link rel=\"canonical\" href=\"https:\/\/interreg-grace.eu\/de\/event\/die-legende-des-heiligen-nikolaus-in-der-grossregion-esch-sur-alzette\/\" \/>\n<meta property=\"og:locale\" content=\"de_DE\" \/>\n<meta property=\"og:type\" content=\"article\" \/>\n<meta property=\"og:title\" content=\"Die Legende des Heiligen Nikolaus in der Gro\u00dfregion \u2013 Esch-sur-Alzette\" \/>\n<meta property=\"og:description\" content=\"Jeden Winter unternimmt der Heilige Nikolaus eine gro\u00dfe Reise durch die Gro\u00dfregion. Von Stadt zu Stadt, \u00fcber Grenzen hinweg, entdeckt er vielf\u00e4ltige Arten, wie man ihn willkommen hei\u00dft und feiert. Jedes Land hat seine Traditionen und die Menschen haben ihre Geschichten, die von Generation zu Generation weitergegeben werden.  Dieses Jahr sollen die B\u00fcrgerinnen und B\u00fcrger die Gelegenheit bekommen, ihre eigene Geschichte zu schreiben.\" \/>\n<meta property=\"og:url\" content=\"https:\/\/interreg-grace.eu\/de\/event\/die-legende-des-heiligen-nikolaus-in-der-grossregion-esch-sur-alzette\/\" \/>\n<meta property=\"og:site_name\" content=\"Projet GRACE\" \/>\n<meta property=\"og:image\" content=\"https:\/\/interreg-grace.eu\/wp-content\/uploads\/2025\/10\/St.-Nicolas-Esch.jpg\" \/>\n\t<meta property=\"og:image:width\" content=\"1414\" \/>\n\t<meta property=\"og:image:height\" content=\"2000\" \/>\n\t<meta property=\"og:image:type\" content=\"image\/jpeg\" \/>\n<meta name=\"twitter:card\" content=\"summary_large_image\" \/>\n<meta name=\"twitter:label1\" content=\"Gesch\u00e4tzte Lesezeit\" \/>\n\t<meta name=\"twitter:data1\" content=\"1\u00a0Minute\" \/>\n<script type=\"application\/ld+json\" class=\"yoast-schema-graph\">{\"@context\":\"https:\\\/\\\/schema.org\",\"@graph\":[{\"@type\":\"WebPage\",\"@id\":\"https:\\\/\\\/interreg-grace.eu\\\/de\\\/event\\\/die-legende-des-heiligen-nikolaus-in-der-grossregion-esch-sur-alzette\\\/\",\"url\":\"https:\\\/\\\/interreg-grace.eu\\\/de\\\/event\\\/die-legende-des-heiligen-nikolaus-in-der-grossregion-esch-sur-alzette\\\/\",\"name\":\"Die Legende des Heiligen Nikolaus in der Gro\u00dfregion \u2013 Esch-sur-Alzette - Projet GRACE\",\"isPartOf\":{\"@id\":\"https:\\\/\\\/interreg-grace.eu\\\/de\\\/#website\"},\"primaryImageOfPage\":{\"@id\":\"https:\\\/\\\/interreg-grace.eu\\\/de\\\/event\\\/die-legende-des-heiligen-nikolaus-in-der-grossregion-esch-sur-alzette\\\/#primaryimage\"},\"image\":{\"@id\":\"https:\\\/\\\/interreg-grace.eu\\\/de\\\/event\\\/die-legende-des-heiligen-nikolaus-in-der-grossregion-esch-sur-alzette\\\/#primaryimage\"},\"thumbnailUrl\":\"https:\\\/\\\/interreg-grace.eu\\\/wp-content\\\/uploads\\\/2025\\\/10\\\/St.-Nicolas-Esch.jpg\",\"datePublished\":\"2025-10-27T11:48:42+00:00\",\"breadcrumb\":{\"@id\":\"https:\\\/\\\/interreg-grace.eu\\\/de\\\/event\\\/die-legende-des-heiligen-nikolaus-in-der-grossregion-esch-sur-alzette\\\/#breadcrumb\"},\"inLanguage\":\"de\",\"potentialAction\":[{\"@type\":\"ReadAction\",\"target\":[\"https:\\\/\\\/interreg-grace.eu\\\/de\\\/event\\\/die-legende-des-heiligen-nikolaus-in-der-grossregion-esch-sur-alzette\\\/\"]}]},{\"@type\":\"ImageObject\",\"inLanguage\":\"de\",\"@id\":\"https:\\\/\\\/interreg-grace.eu\\\/de\\\/event\\\/die-legende-des-heiligen-nikolaus-in-der-grossregion-esch-sur-alzette\\\/#primaryimage\",\"url\":\"https:\\\/\\\/interreg-grace.eu\\\/wp-content\\\/uploads\\\/2025\\\/10\\\/St.-Nicolas-Esch.jpg\",\"contentUrl\":\"https:\\\/\\\/interreg-grace.eu\\\/wp-content\\\/uploads\\\/2025\\\/10\\\/St.-Nicolas-Esch.jpg\",\"width\":1414,\"height\":2000},{\"@type\":\"BreadcrumbList\",\"@id\":\"https:\\\/\\\/interreg-grace.eu\\\/de\\\/event\\\/die-legende-des-heiligen-nikolaus-in-der-grossregion-esch-sur-alzette\\\/#breadcrumb\",\"itemListElement\":[{\"@type\":\"ListItem\",\"position\":1,\"name\":\"Accueil\",\"item\":\"https:\\\/\\\/interreg-grace.eu\\\/de\\\/\"},{\"@type\":\"ListItem\",\"position\":2,\"name\":\"Veranstaltungen\",\"item\":\"https:\\\/\\\/interreg-grace.eu\\\/de\\\/events\\\/\"},{\"@type\":\"ListItem\",\"position\":3,\"name\":\"Die Legende des Heiligen Nikolaus in der Gro\u00dfregion \u2013 Esch-sur-Alzette\"}]},{\"@type\":\"WebSite\",\"@id\":\"https:\\\/\\\/interreg-grace.eu\\\/de\\\/#website\",\"url\":\"https:\\\/\\\/interreg-grace.eu\\\/de\\\/\",\"name\":\"Projet GRACE\",\"description\":\"Greater Region Artistic and Cultural Education\",\"publisher\":{\"@id\":\"https:\\\/\\\/interreg-grace.eu\\\/de\\\/#organization\"},\"potentialAction\":[{\"@type\":\"SearchAction\",\"target\":{\"@type\":\"EntryPoint\",\"urlTemplate\":\"https:\\\/\\\/interreg-grace.eu\\\/de\\\/?s={search_term_string}\"},\"query-input\":{\"@type\":\"PropertyValueSpecification\",\"valueRequired\":true,\"valueName\":\"search_term_string\"}}],\"inLanguage\":\"de\"},{\"@type\":\"Organization\",\"@id\":\"https:\\\/\\\/interreg-grace.eu\\\/de\\\/#organization\",\"name\":\"Interreg Grace\",\"alternateName\":\"Greater Region Artistic and Cultural Education\",\"url\":\"https:\\\/\\\/interreg-grace.eu\\\/de\\\/\",\"logo\":{\"@type\":\"ImageObject\",\"inLanguage\":\"de\",\"@id\":\"https:\\\/\\\/interreg-grace.eu\\\/de\\\/#\\\/schema\\\/logo\\\/image\\\/\",\"url\":\"https:\\\/\\\/interreg-grace.eu\\\/wp-content\\\/uploads\\\/2024\\\/08\\\/cropped-favicon-grace.webp\",\"contentUrl\":\"https:\\\/\\\/interreg-grace.eu\\\/wp-content\\\/uploads\\\/2024\\\/08\\\/cropped-favicon-grace.webp\",\"width\":512,\"height\":512,\"caption\":\"Interreg Grace\"},\"image\":{\"@id\":\"https:\\\/\\\/interreg-grace.eu\\\/de\\\/#\\\/schema\\\/logo\\\/image\\\/\"},\"sameAs\":[\"https:\\\/\\\/www.linkedin.com\\\/company\\\/interreg-grace\\\/\"]}]}<\/script>\n<!-- \/ Yoast SEO Premium plugin. -->","yoast_head_json":{"title":"Die Legende des Heiligen Nikolaus in der Gro\u00dfregion \u2013 Esch-sur-Alzette - Projet GRACE","robots":{"index":"index","follow":"follow","max-snippet":"max-snippet:-1","max-image-preview":"max-image-preview:large","max-video-preview":"max-video-preview:-1"},"canonical":"https:\/\/interreg-grace.eu\/de\/event\/die-legende-des-heiligen-nikolaus-in-der-grossregion-esch-sur-alzette\/","og_locale":"de_DE","og_type":"article","og_title":"Die Legende des Heiligen Nikolaus in der Gro\u00dfregion \u2013 Esch-sur-Alzette","og_description":"Jeden Winter unternimmt der Heilige Nikolaus eine gro\u00dfe Reise durch die Gro\u00dfregion. Von Stadt zu Stadt, \u00fcber Grenzen hinweg, entdeckt er vielf\u00e4ltige Arten, wie man ihn willkommen hei\u00dft und feiert. Jedes Land hat seine Traditionen und die Menschen haben ihre Geschichten, die von Generation zu Generation weitergegeben werden.  Dieses Jahr sollen die B\u00fcrgerinnen und B\u00fcrger die Gelegenheit bekommen, ihre eigene Geschichte zu schreiben.","og_url":"https:\/\/interreg-grace.eu\/de\/event\/die-legende-des-heiligen-nikolaus-in-der-grossregion-esch-sur-alzette\/","og_site_name":"Projet GRACE","og_image":[{"width":1414,"height":2000,"url":"https:\/\/interreg-grace.eu\/wp-content\/uploads\/2025\/10\/St.-Nicolas-Esch.jpg","type":"image\/jpeg"}],"twitter_card":"summary_large_image","twitter_misc":{"Gesch\u00e4tzte Lesezeit":"1\u00a0Minute"},"schema":{"@context":"https:\/\/schema.org","@graph":[{"@type":"WebPage","@id":"https:\/\/interreg-grace.eu\/de\/event\/die-legende-des-heiligen-nikolaus-in-der-grossregion-esch-sur-alzette\/","url":"https:\/\/interreg-grace.eu\/de\/event\/die-legende-des-heiligen-nikolaus-in-der-grossregion-esch-sur-alzette\/","name":"Die Legende des Heiligen Nikolaus in der Gro\u00dfregion \u2013 Esch-sur-Alzette - Projet GRACE","isPartOf":{"@id":"https:\/\/interreg-grace.eu\/de\/#website"},"primaryImageOfPage":{"@id":"https:\/\/interreg-grace.eu\/de\/event\/die-legende-des-heiligen-nikolaus-in-der-grossregion-esch-sur-alzette\/#primaryimage"},"image":{"@id":"https:\/\/interreg-grace.eu\/de\/event\/die-legende-des-heiligen-nikolaus-in-der-grossregion-esch-sur-alzette\/#primaryimage"},"thumbnailUrl":"https:\/\/interreg-grace.eu\/wp-content\/uploads\/2025\/10\/St.-Nicolas-Esch.jpg","datePublished":"2025-10-27T11:48:42+00:00","breadcrumb":{"@id":"https:\/\/interreg-grace.eu\/de\/event\/die-legende-des-heiligen-nikolaus-in-der-grossregion-esch-sur-alzette\/#breadcrumb"},"inLanguage":"de","potentialAction":[{"@type":"ReadAction","target":["https:\/\/interreg-grace.eu\/de\/event\/die-legende-des-heiligen-nikolaus-in-der-grossregion-esch-sur-alzette\/"]}]},{"@type":"ImageObject","inLanguage":"de","@id":"https:\/\/interreg-grace.eu\/de\/event\/die-legende-des-heiligen-nikolaus-in-der-grossregion-esch-sur-alzette\/#primaryimage","url":"https:\/\/interreg-grace.eu\/wp-content\/uploads\/2025\/10\/St.-Nicolas-Esch.jpg","contentUrl":"https:\/\/interreg-grace.eu\/wp-content\/uploads\/2025\/10\/St.-Nicolas-Esch.jpg","width":1414,"height":2000},{"@type":"BreadcrumbList","@id":"https:\/\/interreg-grace.eu\/de\/event\/die-legende-des-heiligen-nikolaus-in-der-grossregion-esch-sur-alzette\/#breadcrumb","itemListElement":[{"@type":"ListItem","position":1,"name":"Accueil","item":"https:\/\/interreg-grace.eu\/de\/"},{"@type":"ListItem","position":2,"name":"Veranstaltungen","item":"https:\/\/interreg-grace.eu\/de\/events\/"},{"@type":"ListItem","position":3,"name":"Die Legende des Heiligen Nikolaus in der Gro\u00dfregion \u2013 Esch-sur-Alzette"}]},{"@type":"WebSite","@id":"https:\/\/interreg-grace.eu\/de\/#website","url":"https:\/\/interreg-grace.eu\/de\/","name":"Projet GRACE","description":"Greater Region Artistic and Cultural Education","publisher":{"@id":"https:\/\/interreg-grace.eu\/de\/#organization"},"potentialAction":[{"@type":"SearchAction","target":{"@type":"EntryPoint","urlTemplate":"https:\/\/interreg-grace.eu\/de\/?s={search_term_string}"},"query-input":{"@type":"PropertyValueSpecification","valueRequired":true,"valueName":"search_term_string"}}],"inLanguage":"de"},{"@type":"Organization","@id":"https:\/\/interreg-grace.eu\/de\/#organization","name":"Interreg Grace","alternateName":"Greater Region Artistic and Cultural Education","url":"https:\/\/interreg-grace.eu\/de\/","logo":{"@type":"ImageObject","inLanguage":"de","@id":"https:\/\/interreg-grace.eu\/de\/#\/schema\/logo\/image\/","url":"https:\/\/interreg-grace.eu\/wp-content\/uploads\/2024\/08\/cropped-favicon-grace.webp","contentUrl":"https:\/\/interreg-grace.eu\/wp-content\/uploads\/2024\/08\/cropped-favicon-grace.webp","width":512,"height":512,"caption":"Interreg Grace"},"image":{"@id":"https:\/\/interreg-grace.eu\/de\/#\/schema\/logo\/image\/"},"sameAs":["https:\/\/www.linkedin.com\/company\/interreg-grace\/"]}]}},"_links":{"self":[{"href":"https:\/\/interreg-grace.eu\/de\/wp-json\/wp\/v2\/tribe_events\/7017","targetHints":{"allow":["GET"]}}],"collection":[{"href":"https:\/\/interreg-grace.eu\/de\/wp-json\/wp\/v2\/tribe_events"}],"about":[{"href":"https:\/\/interreg-grace.eu\/de\/wp-json\/wp\/v2\/types\/tribe_events"}],"author":[{"embeddable":true,"href":"https:\/\/interreg-grace.eu\/de\/wp-json\/wp\/v2\/users\/3"}],"version-history":[{"count":0,"href":"https:\/\/interreg-grace.eu\/de\/wp-json\/wp\/v2\/tribe_events\/7017\/revisions"}],"wp:featuredmedia":[{"embeddable":true,"href":"https:\/\/interreg-grace.eu\/de\/wp-json\/wp\/v2\/media\/6848"}],"wp:attachment":[{"href":"https:\/\/interreg-grace.eu\/de\/wp-json\/wp\/v2\/media?parent=7017"}],"wp:term":[{"taxonomy":"post_tag","embeddable":true,"href":"https:\/\/interreg-grace.eu\/de\/wp-json\/wp\/v2\/tags?post=7017"},{"taxonomy":"tribe_events_cat","embeddable":true,"href":"https:\/\/interreg-grace.eu\/de\/wp-json\/wp\/v2\/tribe_events_cat?post=7017"}],"curies":[{"name":"wp","href":"https:\/\/api.w.org\/{rel}","templated":true}]}}