{"id":6762,"date":"2025-09-08T15:23:19","date_gmt":"2025-09-08T13:23:19","guid":{"rendered":"https:\/\/interreg-grace.eu\/event\/jo-delannoy-in-grenzueberschreitender-residenz-siebdruck-workshops\/"},"modified":"2025-09-08T15:23:19","modified_gmt":"2025-09-08T13:23:19","slug":"jo-delannoy-in-grenzueberschreitender-residenz-siebdruck-workshops","status":"publish","type":"tribe_events","link":"https:\/\/interreg-grace.eu\/de\/event\/jo-delannoy-in-grenzueberschreitender-residenz-siebdruck-workshops\/","title":{"rendered":"Jo Delannoy in grenz\u00fcberschreitender Residenz \u2013 Siebdruck-Workshops"},"content":{"rendered":"<h1>Jo Delannoy in grenz\u00fcberschreitender Residenz \u2013 Siebdruck-Workshops<\/h1>\n<p class=\"cvGsUA direction-ltr align-justify para-style-body\"><span class=\"a_GcMg font-feature-liga-off font-feature-clig-off font-feature-calt-off text-decoration-none text-strikethrough-none\">Im Rahmen der grenz\u00fcberschreitenden Sketchbook-Residenz wird Jo Delannoy drei Orte der Gro\u00dfregion mit seiner Siebdruck- und Stempelgravurtechniken wieder zum Leben erwecken. In Verviers (BE), Metz (FR) und der V\u00f6lklinger H\u00fctte (DE) wird er Station machen, um deren st\u00e4dtisches Kulturerbe zu pr\u00e4sentieren. <\/span><\/p>\n<h3 class=\"cvGsUA direction-ltr align-justify para-style-body\"><span class=\"a_GcMg font-feature-liga-off font-feature-clig-off font-feature-calt-off text-decoration-none text-strikethrough-none\">Station 1: Verviers (vom 15.09. bis zum 21.09.)<\/span><\/h3>\n<p class=\"cvGsUA direction-ltr align-justify para-style-body\"><span class=\"a_GcMg font-feature-liga-off font-feature-clig-off font-feature-calt-off text-decoration-none text-strikethrough-none\">Zum Thema<\/span> <em><span class=\"a_GcMg font-feature-liga-off font-feature-clig-off font-feature-calt-off text-decoration-none text-strikethrough-none\">Rena\u00eetre<\/span><\/em> (dt. wiedergeboren werden)<span class=\"a_GcMg font-feature-liga-off font-feature-clig-off font-feature-calt-off text-decoration-none text-strikethrough-none\">richtet Jo Delannoy seinen k\u00fcnstlerischen Blick auf Verviers, eine Stadt, die sich in voller Resilienz befindet, sich neu aufbaut und in die Zukunft blickt.  <\/span><span class=\"a_GcMg font-feature-liga-off font-feature-clig-off font-feature-calt-off text-decoration-none text-strikethrough-none\">In diesem Sinne wird Jo <strong>am Mittwoch, den 17.09.,<\/strong> zwei <strong>Einf\u00fchrungsworkshops zum Siebdruck veranstalten<\/strong>. Die Teilnehmenden k\u00f6nnen ihre Stadt und ihr st\u00e4dtisches Erbe neu interpretieren. Eine gute Gelegenheit, auch die kreativen Techniken und k\u00fcnstlerischen Inspirationen von Jo zu entdecken.  <\/span><\/p>\n<p class=\"cvGsUA direction-ltr align-justify para-style-body\"><span class=\"a_GcMg font-feature-liga-off font-feature-clig-off font-feature-calt-off text-decoration-none text-strikethrough-none\">Der Vormittag ist den Sch\u00fcler:innen des Ath\u00e9n\u00e9e Royal Verdi gewidmet, die das Wahlfach Bildende Kunst belegen. <\/span><\/p>\n<p class=\"cvGsUA direction-ltr align-justify para-style-body\"><span class=\"a_GcMg font-feature-liga-off font-feature-clig-off font-feature-calt-off text-decoration-none text-strikethrough-none\">Am Nachmittag, von 14 bis 17 Uhr, wird Jo Delannoy gemeinsam mit Charlotte Langhor einen Workshop zum Thema Siebdruck f\u00fcr 8- bis 12-J\u00e4hrige leiten. Die kleinen K\u00fcnstler:innen k\u00f6nnen ihre eigenen personalisierten T-Shirts mit nach Hause nehmen. Nur noch wenige Pl\u00e4tze verf\u00fcgbar! Die<a href=\"https:\/\/www.ccverviers.be\/events\/tamponne-cest-gagne-atelier-8-12-ans\/\"> Anmeldung<\/a> erfolgt \u00fcber den Ticketshop des Kulturzentrums Verviers.  <\/span><\/p>\n<p class=\"cvGsUA direction-ltr align-justify para-style-body\"><em><span class=\"a_GcMg font-feature-liga-off font-feature-clig-off font-feature-calt-off text-decoration-none text-strikethrough-none\">Dieser Workshop wird von der Stadt Verviers und der Europ\u00e4ischen Union im Rahmen des GRACE-Projekts Interreg sowie vom Kulturzentrum Verviers gef\u00f6rdert.<\/span><\/em><\/p>\n<p class=\"cvGsUA direction-ltr align-justify para-style-body\"><span class=\"a_GcMg font-feature-liga-off font-feature-clig-off font-feature-calt-off text-decoration-none text-strikethrough-none\"> <\/span><\/p>\n<p><img decoding=\"async\" class=\"lazyload aligncenter wp-image-6706 size-large\" src=\"https:\/\/interreg-grace.eu\/wp-content\/uploads\/2025\/09\/Affiche_Renaitre_Verviers-724x1024.png\" data-orig-src=\"https:\/\/interreg-grace.eu\/wp-content\/uploads\/2025\/09\/Affiche_Renaitre_Verviers-724x1024.png\" alt=\"\" width=\"724\" height=\"1024\" srcset=\"data:image\/svg+xml,%3Csvg%20xmlns%3D%27http%3A%2F%2Fwww.w3.org%2F2000%2Fsvg%27%20width%3D%27724%27%20height%3D%271024%27%20viewBox%3D%270%200%20724%201024%27%3E%3Crect%20width%3D%27724%27%20height%3D%271024%27%20fill-opacity%3D%220%22%2F%3E%3C%2Fsvg%3E\" data-srcset=\"https:\/\/interreg-grace.eu\/wp-content\/uploads\/2025\/09\/Affiche_Renaitre_Verviers-200x283.png 200w, https:\/\/interreg-grace.eu\/wp-content\/uploads\/2025\/09\/Affiche_Renaitre_Verviers-212x300.png 212w, https:\/\/interreg-grace.eu\/wp-content\/uploads\/2025\/09\/Affiche_Renaitre_Verviers-400x566.png 400w, https:\/\/interreg-grace.eu\/wp-content\/uploads\/2025\/09\/Affiche_Renaitre_Verviers-600x849.png 600w, https:\/\/interreg-grace.eu\/wp-content\/uploads\/2025\/09\/Affiche_Renaitre_Verviers-724x1024.png 724w, https:\/\/interreg-grace.eu\/wp-content\/uploads\/2025\/09\/Affiche_Renaitre_Verviers-768x1086.png 768w, https:\/\/interreg-grace.eu\/wp-content\/uploads\/2025\/09\/Affiche_Renaitre_Verviers-800x1132.png 800w, https:\/\/interreg-grace.eu\/wp-content\/uploads\/2025\/09\/Affiche_Renaitre_Verviers-1086x1536.png 1086w, https:\/\/interreg-grace.eu\/wp-content\/uploads\/2025\/09\/Affiche_Renaitre_Verviers-1200x1697.png 1200w, https:\/\/interreg-grace.eu\/wp-content\/uploads\/2025\/09\/Affiche_Renaitre_Verviers.png 1414w\" data-sizes=\"auto\" data-orig-sizes=\"(max-width: 724px) 100vw, 724px\" \/><\/p>\n","protected":false},"excerpt":{"rendered":"<p>Jo Delannoy wird gemeinsam mit Charlotte Langhor einen Workshop zum Thema Siebdruck f\u00fcr 8- bis 12-J\u00e4hrige leiten. Die kleinen K\u00fcnstler:innen k\u00f6nnen ihre eigenen personalisierten T-Shirts mit nach Hause nehmen. <\/p>\n","protected":false},"author":2,"featured_media":6705,"template":"","meta":{"_acf_changed":false,"_tribe_events_status":"","_tribe_events_status_reason":"","footnotes":""},"tags":[160,133],"tribe_events_cat":[112,116,96,124],"class_list":["post-6762","tribe_events","type-tribe_events","status-publish","has-post-thumbnail","hentry","tag-kulturerbe","tag-workshops","tribe_events_cat-belgien","tribe_events_cat-junges-publikum","tribe_events_cat-patrimoine-culturel-de","tribe_events_cat-werkstatt","cat_belgien","cat_junges-publikum","cat_patrimoine-culturel-de","cat_werkstatt"],"acf":[],"yoast_head":"<!-- This site is optimized with the Yoast SEO Premium plugin v24.7 (Yoast SEO v27.3) - https:\/\/yoast.com\/product\/yoast-seo-premium-wordpress\/ -->\n<title>Jo Delannoy in grenz\u00fcberschreitender Residenz \u2013 Siebdruck-Workshops - Projet GRACE<\/title>\n<meta name=\"description\" content=\"Jo Delannoy wird gemeinsam mit Charlotte Langhor einen Workshop zum Thema Siebdruck f\u00fcr 8- bis 12-J\u00e4hrige leiten.\" \/>\n<meta name=\"robots\" content=\"index, follow, max-snippet:-1, max-image-preview:large, max-video-preview:-1\" \/>\n<link rel=\"canonical\" href=\"https:\/\/interreg-grace.eu\/de\/event\/jo-delannoy-in-grenzueberschreitender-residenz-siebdruck-workshops\/\" \/>\n<meta property=\"og:locale\" content=\"de_DE\" \/>\n<meta property=\"og:type\" content=\"article\" \/>\n<meta property=\"og:title\" content=\"Jo Delannoy in grenz\u00fcberschreitender Residenz \u2013 Siebdruck-Workshops\" \/>\n<meta property=\"og:description\" content=\"Jo Delannoy wird gemeinsam mit Charlotte Langhor einen Workshop zum Thema Siebdruck f\u00fcr 8- bis 12-J\u00e4hrige leiten.\" \/>\n<meta property=\"og:url\" content=\"https:\/\/interreg-grace.eu\/de\/event\/jo-delannoy-in-grenzueberschreitender-residenz-siebdruck-workshops\/\" \/>\n<meta property=\"og:site_name\" content=\"Projet GRACE\" \/>\n<meta property=\"og:image\" content=\"https:\/\/interreg-grace.eu\/wp-content\/uploads\/2025\/09\/Photo_Jo.jpg\" \/>\n\t<meta property=\"og:image:width\" content=\"1440\" \/>\n\t<meta property=\"og:image:height\" content=\"1440\" \/>\n\t<meta property=\"og:image:type\" content=\"image\/jpeg\" \/>\n<meta name=\"twitter:card\" content=\"summary_large_image\" \/>\n<meta name=\"twitter:label1\" content=\"Gesch\u00e4tzte Lesezeit\" \/>\n\t<meta name=\"twitter:data1\" content=\"1\u00a0Minute\" \/>\n<script type=\"application\/ld+json\" class=\"yoast-schema-graph\">{\"@context\":\"https:\\\/\\\/schema.org\",\"@graph\":[{\"@type\":\"WebPage\",\"@id\":\"https:\\\/\\\/interreg-grace.eu\\\/de\\\/event\\\/jo-delannoy-in-grenzueberschreitender-residenz-siebdruck-workshops\\\/\",\"url\":\"https:\\\/\\\/interreg-grace.eu\\\/de\\\/event\\\/jo-delannoy-in-grenzueberschreitender-residenz-siebdruck-workshops\\\/\",\"name\":\"Jo Delannoy in grenz\u00fcberschreitender Residenz \u2013 Siebdruck-Workshops - Projet GRACE\",\"isPartOf\":{\"@id\":\"https:\\\/\\\/interreg-grace.eu\\\/de\\\/#website\"},\"primaryImageOfPage\":{\"@id\":\"https:\\\/\\\/interreg-grace.eu\\\/de\\\/event\\\/jo-delannoy-in-grenzueberschreitender-residenz-siebdruck-workshops\\\/#primaryimage\"},\"image\":{\"@id\":\"https:\\\/\\\/interreg-grace.eu\\\/de\\\/event\\\/jo-delannoy-in-grenzueberschreitender-residenz-siebdruck-workshops\\\/#primaryimage\"},\"thumbnailUrl\":\"https:\\\/\\\/interreg-grace.eu\\\/wp-content\\\/uploads\\\/2025\\\/09\\\/Photo_Jo.jpg\",\"datePublished\":\"2025-09-08T13:23:19+00:00\",\"description\":\"Jo Delannoy wird gemeinsam mit Charlotte Langhor einen Workshop zum Thema Siebdruck f\u00fcr 8- bis 12-J\u00e4hrige leiten.\",\"breadcrumb\":{\"@id\":\"https:\\\/\\\/interreg-grace.eu\\\/de\\\/event\\\/jo-delannoy-in-grenzueberschreitender-residenz-siebdruck-workshops\\\/#breadcrumb\"},\"inLanguage\":\"de\",\"potentialAction\":[{\"@type\":\"ReadAction\",\"target\":[\"https:\\\/\\\/interreg-grace.eu\\\/de\\\/event\\\/jo-delannoy-in-grenzueberschreitender-residenz-siebdruck-workshops\\\/\"]}]},{\"@type\":\"ImageObject\",\"inLanguage\":\"de\",\"@id\":\"https:\\\/\\\/interreg-grace.eu\\\/de\\\/event\\\/jo-delannoy-in-grenzueberschreitender-residenz-siebdruck-workshops\\\/#primaryimage\",\"url\":\"https:\\\/\\\/interreg-grace.eu\\\/wp-content\\\/uploads\\\/2025\\\/09\\\/Photo_Jo.jpg\",\"contentUrl\":\"https:\\\/\\\/interreg-grace.eu\\\/wp-content\\\/uploads\\\/2025\\\/09\\\/Photo_Jo.jpg\",\"width\":1440,\"height\":1440,\"caption\":\"\u00a9Jo Delannoy\"},{\"@type\":\"BreadcrumbList\",\"@id\":\"https:\\\/\\\/interreg-grace.eu\\\/de\\\/event\\\/jo-delannoy-in-grenzueberschreitender-residenz-siebdruck-workshops\\\/#breadcrumb\",\"itemListElement\":[{\"@type\":\"ListItem\",\"position\":1,\"name\":\"Accueil\",\"item\":\"https:\\\/\\\/interreg-grace.eu\\\/de\\\/\"},{\"@type\":\"ListItem\",\"position\":2,\"name\":\"Veranstaltungen\",\"item\":\"https:\\\/\\\/interreg-grace.eu\\\/de\\\/events\\\/\"},{\"@type\":\"ListItem\",\"position\":3,\"name\":\"Jo Delannoy in grenz\u00fcberschreitender Residenz \u2013 Siebdruck-Workshops\"}]},{\"@type\":\"WebSite\",\"@id\":\"https:\\\/\\\/interreg-grace.eu\\\/de\\\/#website\",\"url\":\"https:\\\/\\\/interreg-grace.eu\\\/de\\\/\",\"name\":\"Projet GRACE\",\"description\":\"Greater Region Artistic and Cultural Education\",\"publisher\":{\"@id\":\"https:\\\/\\\/interreg-grace.eu\\\/de\\\/#organization\"},\"potentialAction\":[{\"@type\":\"SearchAction\",\"target\":{\"@type\":\"EntryPoint\",\"urlTemplate\":\"https:\\\/\\\/interreg-grace.eu\\\/de\\\/?s={search_term_string}\"},\"query-input\":{\"@type\":\"PropertyValueSpecification\",\"valueRequired\":true,\"valueName\":\"search_term_string\"}}],\"inLanguage\":\"de\"},{\"@type\":\"Organization\",\"@id\":\"https:\\\/\\\/interreg-grace.eu\\\/de\\\/#organization\",\"name\":\"Interreg Grace\",\"alternateName\":\"Greater Region Artistic and Cultural Education\",\"url\":\"https:\\\/\\\/interreg-grace.eu\\\/de\\\/\",\"logo\":{\"@type\":\"ImageObject\",\"inLanguage\":\"de\",\"@id\":\"https:\\\/\\\/interreg-grace.eu\\\/de\\\/#\\\/schema\\\/logo\\\/image\\\/\",\"url\":\"https:\\\/\\\/interreg-grace.eu\\\/wp-content\\\/uploads\\\/2024\\\/08\\\/cropped-favicon-grace.webp\",\"contentUrl\":\"https:\\\/\\\/interreg-grace.eu\\\/wp-content\\\/uploads\\\/2024\\\/08\\\/cropped-favicon-grace.webp\",\"width\":512,\"height\":512,\"caption\":\"Interreg Grace\"},\"image\":{\"@id\":\"https:\\\/\\\/interreg-grace.eu\\\/de\\\/#\\\/schema\\\/logo\\\/image\\\/\"},\"sameAs\":[\"https:\\\/\\\/www.linkedin.com\\\/company\\\/interreg-grace\\\/\"]}]}<\/script>\n<!-- \/ Yoast SEO Premium plugin. -->","yoast_head_json":{"title":"Jo Delannoy in grenz\u00fcberschreitender Residenz \u2013 Siebdruck-Workshops - Projet GRACE","description":"Jo Delannoy wird gemeinsam mit Charlotte Langhor einen Workshop zum Thema Siebdruck f\u00fcr 8- bis 12-J\u00e4hrige leiten.","robots":{"index":"index","follow":"follow","max-snippet":"max-snippet:-1","max-image-preview":"max-image-preview:large","max-video-preview":"max-video-preview:-1"},"canonical":"https:\/\/interreg-grace.eu\/de\/event\/jo-delannoy-in-grenzueberschreitender-residenz-siebdruck-workshops\/","og_locale":"de_DE","og_type":"article","og_title":"Jo Delannoy in grenz\u00fcberschreitender Residenz \u2013 Siebdruck-Workshops","og_description":"Jo Delannoy wird gemeinsam mit Charlotte Langhor einen Workshop zum Thema Siebdruck f\u00fcr 8- bis 12-J\u00e4hrige leiten.","og_url":"https:\/\/interreg-grace.eu\/de\/event\/jo-delannoy-in-grenzueberschreitender-residenz-siebdruck-workshops\/","og_site_name":"Projet GRACE","og_image":[{"width":1440,"height":1440,"url":"https:\/\/interreg-grace.eu\/wp-content\/uploads\/2025\/09\/Photo_Jo.jpg","type":"image\/jpeg"}],"twitter_card":"summary_large_image","twitter_misc":{"Gesch\u00e4tzte Lesezeit":"1\u00a0Minute"},"schema":{"@context":"https:\/\/schema.org","@graph":[{"@type":"WebPage","@id":"https:\/\/interreg-grace.eu\/de\/event\/jo-delannoy-in-grenzueberschreitender-residenz-siebdruck-workshops\/","url":"https:\/\/interreg-grace.eu\/de\/event\/jo-delannoy-in-grenzueberschreitender-residenz-siebdruck-workshops\/","name":"Jo Delannoy in grenz\u00fcberschreitender Residenz \u2013 Siebdruck-Workshops - Projet GRACE","isPartOf":{"@id":"https:\/\/interreg-grace.eu\/de\/#website"},"primaryImageOfPage":{"@id":"https:\/\/interreg-grace.eu\/de\/event\/jo-delannoy-in-grenzueberschreitender-residenz-siebdruck-workshops\/#primaryimage"},"image":{"@id":"https:\/\/interreg-grace.eu\/de\/event\/jo-delannoy-in-grenzueberschreitender-residenz-siebdruck-workshops\/#primaryimage"},"thumbnailUrl":"https:\/\/interreg-grace.eu\/wp-content\/uploads\/2025\/09\/Photo_Jo.jpg","datePublished":"2025-09-08T13:23:19+00:00","description":"Jo Delannoy wird gemeinsam mit Charlotte Langhor einen Workshop zum Thema Siebdruck f\u00fcr 8- bis 12-J\u00e4hrige leiten.","breadcrumb":{"@id":"https:\/\/interreg-grace.eu\/de\/event\/jo-delannoy-in-grenzueberschreitender-residenz-siebdruck-workshops\/#breadcrumb"},"inLanguage":"de","potentialAction":[{"@type":"ReadAction","target":["https:\/\/interreg-grace.eu\/de\/event\/jo-delannoy-in-grenzueberschreitender-residenz-siebdruck-workshops\/"]}]},{"@type":"ImageObject","inLanguage":"de","@id":"https:\/\/interreg-grace.eu\/de\/event\/jo-delannoy-in-grenzueberschreitender-residenz-siebdruck-workshops\/#primaryimage","url":"https:\/\/interreg-grace.eu\/wp-content\/uploads\/2025\/09\/Photo_Jo.jpg","contentUrl":"https:\/\/interreg-grace.eu\/wp-content\/uploads\/2025\/09\/Photo_Jo.jpg","width":1440,"height":1440,"caption":"\u00a9Jo Delannoy"},{"@type":"BreadcrumbList","@id":"https:\/\/interreg-grace.eu\/de\/event\/jo-delannoy-in-grenzueberschreitender-residenz-siebdruck-workshops\/#breadcrumb","itemListElement":[{"@type":"ListItem","position":1,"name":"Accueil","item":"https:\/\/interreg-grace.eu\/de\/"},{"@type":"ListItem","position":2,"name":"Veranstaltungen","item":"https:\/\/interreg-grace.eu\/de\/events\/"},{"@type":"ListItem","position":3,"name":"Jo Delannoy in grenz\u00fcberschreitender Residenz \u2013 Siebdruck-Workshops"}]},{"@type":"WebSite","@id":"https:\/\/interreg-grace.eu\/de\/#website","url":"https:\/\/interreg-grace.eu\/de\/","name":"Projet GRACE","description":"Greater Region Artistic and Cultural Education","publisher":{"@id":"https:\/\/interreg-grace.eu\/de\/#organization"},"potentialAction":[{"@type":"SearchAction","target":{"@type":"EntryPoint","urlTemplate":"https:\/\/interreg-grace.eu\/de\/?s={search_term_string}"},"query-input":{"@type":"PropertyValueSpecification","valueRequired":true,"valueName":"search_term_string"}}],"inLanguage":"de"},{"@type":"Organization","@id":"https:\/\/interreg-grace.eu\/de\/#organization","name":"Interreg Grace","alternateName":"Greater Region Artistic and Cultural Education","url":"https:\/\/interreg-grace.eu\/de\/","logo":{"@type":"ImageObject","inLanguage":"de","@id":"https:\/\/interreg-grace.eu\/de\/#\/schema\/logo\/image\/","url":"https:\/\/interreg-grace.eu\/wp-content\/uploads\/2024\/08\/cropped-favicon-grace.webp","contentUrl":"https:\/\/interreg-grace.eu\/wp-content\/uploads\/2024\/08\/cropped-favicon-grace.webp","width":512,"height":512,"caption":"Interreg Grace"},"image":{"@id":"https:\/\/interreg-grace.eu\/de\/#\/schema\/logo\/image\/"},"sameAs":["https:\/\/www.linkedin.com\/company\/interreg-grace\/"]}]}},"_links":{"self":[{"href":"https:\/\/interreg-grace.eu\/de\/wp-json\/wp\/v2\/tribe_events\/6762","targetHints":{"allow":["GET"]}}],"collection":[{"href":"https:\/\/interreg-grace.eu\/de\/wp-json\/wp\/v2\/tribe_events"}],"about":[{"href":"https:\/\/interreg-grace.eu\/de\/wp-json\/wp\/v2\/types\/tribe_events"}],"author":[{"embeddable":true,"href":"https:\/\/interreg-grace.eu\/de\/wp-json\/wp\/v2\/users\/2"}],"version-history":[{"count":0,"href":"https:\/\/interreg-grace.eu\/de\/wp-json\/wp\/v2\/tribe_events\/6762\/revisions"}],"wp:featuredmedia":[{"embeddable":true,"href":"https:\/\/interreg-grace.eu\/de\/wp-json\/wp\/v2\/media\/6705"}],"wp:attachment":[{"href":"https:\/\/interreg-grace.eu\/de\/wp-json\/wp\/v2\/media?parent=6762"}],"wp:term":[{"taxonomy":"post_tag","embeddable":true,"href":"https:\/\/interreg-grace.eu\/de\/wp-json\/wp\/v2\/tags?post=6762"},{"taxonomy":"tribe_events_cat","embeddable":true,"href":"https:\/\/interreg-grace.eu\/de\/wp-json\/wp\/v2\/tribe_events_cat?post=6762"}],"curies":[{"name":"wp","href":"https:\/\/api.w.org\/{rel}","templated":true}]}}