{"id":6760,"date":"2025-09-01T17:30:59","date_gmt":"2025-09-01T15:30:59","guid":{"rendered":"https:\/\/interreg-grace.eu\/event\/ourk-von-der-blah-blah-blah-compagnie\/"},"modified":"2025-09-01T17:30:59","modified_gmt":"2025-09-01T15:30:59","slug":"ourk-von-der-blah-blah-blah-compagnie","status":"publish","type":"tribe_events","link":"https:\/\/interreg-grace.eu\/de\/event\/ourk-von-der-blah-blah-blah-compagnie\/","title":{"rendered":"OURK von der Blah Blah Blah Compagnie"},"content":{"rendered":"<p>Tauchen Sie ein in ein Konzert mit \u201eRock Tropicaliste\u201c, bei dem die bunten Rhythmen zum Tanzen einladen. Machen Sie sich bereit f\u00fcr eine musikalische und ausgelassene Reise mit der ganzen Familie! <\/p>\n<p><em>Ourk<\/em>, das ist ein Fest der Kl\u00e4nge, das st\u00e4ndig in Bewegung ist. Eine Einladung zum Mitfiebern und Loslassen, ein musikalisches Erlebnis f\u00fcr die ganze Familie, bei dem Kinder und Eltern gemeinsam die ausgelassene Stimmung genie\u00dfen k\u00f6nnen. Auf der B\u00fchne fusionieren drei Multi-Instrumentalisten mit ganz unterschiedlichen Hintergr\u00fcnden ihre Welten, um eine freie und heiter-hybride Musik zu kreieren. Ihre St\u00fccke erinnern abwechselnd an brasilianischen Tropicalismo, energiegeladenen Jazz, Electro-Trance oder psychedelische Rhythmen. Jedes Konzert wird zur spielerischen Entdeckungsreise, zu einer Party auf offener B\u00fchne, die das Publikum mitrei\u00dft und begeistert. Die B\u00fchne wird zum Raum kreativer Entfaltung \u2013 f\u00fcr die vielf\u00e4ltigen Instrumente ebenso wie f\u00fcr die Tanzenden aus dem Publikum. <em>Ourk <\/em>ist ein Experiment, gepr\u00e4gt vom Zuh\u00f6ren und von der Improvisation, und dazu einl\u00e4dt, gemeinsam die Musik intensiv zu erleben.     <\/p>\n<p>Dauer: 50 Minuten + Imbiss und Treffen mit den K\u00fcnstlern nach der Vorstellung<\/p>\n<p>Informationen und Tickets: <a href=\"https:\/\/transversales-verdun.com\/spectacles\/ourk?occurrence=2025-10-05&amp;time=1759678200\" target=\"_blank\" rel=\"noopener\">https:\/\/transversales-verdun.com\/<\/a><\/p>\n<p>&nbsp;<\/p>\n<p>&nbsp;<\/p>\n<p>&nbsp;<\/p>\n","protected":false},"excerpt":{"rendered":"<p>Tauchen Sie ein in ein Konzert mit \u201eRock Tropicaliste\u201c, bei dem die bunten Rhythmen zum Tanzen einladen. Machen Sie sich bereit f\u00fcr eine musikalische und ausgelassene Reise mit der ganzen Familie! <\/p>\n","protected":false},"author":3,"featured_media":6701,"template":"","meta":{"_acf_changed":false,"_tribe_events_status":"","_tribe_events_status_reason":"","footnotes":""},"tags":[101],"tribe_events_cat":[97,113,122],"class_list":["post-6760","tribe_events","type-tribe_events","status-publish","has-post-thumbnail","hentry","tag-darstellende-kunst","tribe_events_cat-tout-public-de","tribe_events_cat-frankreich","tribe_events_cat-lebende-auffuhrung","cat_tout-public-de","cat_frankreich","cat_lebende-auffuhrung"],"acf":[],"yoast_head":"<!-- This site is optimized with the Yoast SEO Premium plugin v24.7 (Yoast SEO v27.3) - https:\/\/yoast.com\/product\/yoast-seo-premium-wordpress\/ -->\n<title>OURK von der Blah Blah Blah Compagnie - Projet GRACE<\/title>\n<meta name=\"description\" content=\"Tauchen Sie ein in ein Konzert mit \u201eRock Tropicaliste\u201c, bei dem die bunten Rhythmen zum Tanzen einladen.\" \/>\n<meta name=\"robots\" content=\"index, follow, max-snippet:-1, max-image-preview:large, max-video-preview:-1\" \/>\n<link rel=\"canonical\" href=\"https:\/\/interreg-grace.eu\/de\/event\/ourk-von-der-blah-blah-blah-compagnie\/\" \/>\n<meta property=\"og:locale\" content=\"de_DE\" \/>\n<meta property=\"og:type\" content=\"article\" \/>\n<meta property=\"og:title\" content=\"OURK von der Blah Blah Blah Compagnie\" \/>\n<meta property=\"og:description\" content=\"Tauchen Sie ein in ein Konzert mit \u201eRock Tropicaliste\u201c, bei dem die bunten Rhythmen zum Tanzen einladen.\" \/>\n<meta property=\"og:url\" content=\"https:\/\/interreg-grace.eu\/de\/event\/ourk-von-der-blah-blah-blah-compagnie\/\" \/>\n<meta property=\"og:site_name\" content=\"Projet GRACE\" \/>\n<meta property=\"og:image\" content=\"https:\/\/interreg-grace.eu\/wp-content\/uploads\/2025\/09\/OURK-Blah-Blah-Blah-Compagnie.png\" \/>\n\t<meta property=\"og:image:width\" content=\"582\" \/>\n\t<meta property=\"og:image:height\" content=\"399\" \/>\n\t<meta property=\"og:image:type\" content=\"image\/png\" \/>\n<meta name=\"twitter:card\" content=\"summary_large_image\" \/>\n<meta name=\"twitter:label1\" content=\"Gesch\u00e4tzte Lesezeit\" \/>\n\t<meta name=\"twitter:data1\" content=\"1\u00a0Minute\" \/>\n<script type=\"application\/ld+json\" class=\"yoast-schema-graph\">{\"@context\":\"https:\\\/\\\/schema.org\",\"@graph\":[{\"@type\":\"WebPage\",\"@id\":\"https:\\\/\\\/interreg-grace.eu\\\/de\\\/event\\\/ourk-von-der-blah-blah-blah-compagnie\\\/\",\"url\":\"https:\\\/\\\/interreg-grace.eu\\\/de\\\/event\\\/ourk-von-der-blah-blah-blah-compagnie\\\/\",\"name\":\"OURK von der Blah Blah Blah Compagnie - Projet GRACE\",\"isPartOf\":{\"@id\":\"https:\\\/\\\/interreg-grace.eu\\\/de\\\/#website\"},\"primaryImageOfPage\":{\"@id\":\"https:\\\/\\\/interreg-grace.eu\\\/de\\\/event\\\/ourk-von-der-blah-blah-blah-compagnie\\\/#primaryimage\"},\"image\":{\"@id\":\"https:\\\/\\\/interreg-grace.eu\\\/de\\\/event\\\/ourk-von-der-blah-blah-blah-compagnie\\\/#primaryimage\"},\"thumbnailUrl\":\"https:\\\/\\\/interreg-grace.eu\\\/wp-content\\\/uploads\\\/2025\\\/09\\\/OURK-Blah-Blah-Blah-Compagnie.png\",\"datePublished\":\"2025-09-01T15:30:59+00:00\",\"description\":\"Tauchen Sie ein in ein Konzert mit \u201eRock Tropicaliste\u201c, bei dem die bunten Rhythmen zum Tanzen einladen.\",\"breadcrumb\":{\"@id\":\"https:\\\/\\\/interreg-grace.eu\\\/de\\\/event\\\/ourk-von-der-blah-blah-blah-compagnie\\\/#breadcrumb\"},\"inLanguage\":\"de\",\"potentialAction\":[{\"@type\":\"ReadAction\",\"target\":[\"https:\\\/\\\/interreg-grace.eu\\\/de\\\/event\\\/ourk-von-der-blah-blah-blah-compagnie\\\/\"]}]},{\"@type\":\"ImageObject\",\"inLanguage\":\"de\",\"@id\":\"https:\\\/\\\/interreg-grace.eu\\\/de\\\/event\\\/ourk-von-der-blah-blah-blah-compagnie\\\/#primaryimage\",\"url\":\"https:\\\/\\\/interreg-grace.eu\\\/wp-content\\\/uploads\\\/2025\\\/09\\\/OURK-Blah-Blah-Blah-Compagnie.png\",\"contentUrl\":\"https:\\\/\\\/interreg-grace.eu\\\/wp-content\\\/uploads\\\/2025\\\/09\\\/OURK-Blah-Blah-Blah-Compagnie.png\",\"width\":582,\"height\":399},{\"@type\":\"BreadcrumbList\",\"@id\":\"https:\\\/\\\/interreg-grace.eu\\\/de\\\/event\\\/ourk-von-der-blah-blah-blah-compagnie\\\/#breadcrumb\",\"itemListElement\":[{\"@type\":\"ListItem\",\"position\":1,\"name\":\"Accueil\",\"item\":\"https:\\\/\\\/interreg-grace.eu\\\/de\\\/\"},{\"@type\":\"ListItem\",\"position\":2,\"name\":\"Veranstaltungen\",\"item\":\"https:\\\/\\\/interreg-grace.eu\\\/de\\\/events\\\/\"},{\"@type\":\"ListItem\",\"position\":3,\"name\":\"OURK von der Blah Blah Blah Compagnie\"}]},{\"@type\":\"WebSite\",\"@id\":\"https:\\\/\\\/interreg-grace.eu\\\/de\\\/#website\",\"url\":\"https:\\\/\\\/interreg-grace.eu\\\/de\\\/\",\"name\":\"Projet GRACE\",\"description\":\"Greater Region Artistic and Cultural Education\",\"publisher\":{\"@id\":\"https:\\\/\\\/interreg-grace.eu\\\/de\\\/#organization\"},\"potentialAction\":[{\"@type\":\"SearchAction\",\"target\":{\"@type\":\"EntryPoint\",\"urlTemplate\":\"https:\\\/\\\/interreg-grace.eu\\\/de\\\/?s={search_term_string}\"},\"query-input\":{\"@type\":\"PropertyValueSpecification\",\"valueRequired\":true,\"valueName\":\"search_term_string\"}}],\"inLanguage\":\"de\"},{\"@type\":\"Organization\",\"@id\":\"https:\\\/\\\/interreg-grace.eu\\\/de\\\/#organization\",\"name\":\"Interreg Grace\",\"alternateName\":\"Greater Region Artistic and Cultural Education\",\"url\":\"https:\\\/\\\/interreg-grace.eu\\\/de\\\/\",\"logo\":{\"@type\":\"ImageObject\",\"inLanguage\":\"de\",\"@id\":\"https:\\\/\\\/interreg-grace.eu\\\/de\\\/#\\\/schema\\\/logo\\\/image\\\/\",\"url\":\"https:\\\/\\\/interreg-grace.eu\\\/wp-content\\\/uploads\\\/2024\\\/08\\\/cropped-favicon-grace.webp\",\"contentUrl\":\"https:\\\/\\\/interreg-grace.eu\\\/wp-content\\\/uploads\\\/2024\\\/08\\\/cropped-favicon-grace.webp\",\"width\":512,\"height\":512,\"caption\":\"Interreg Grace\"},\"image\":{\"@id\":\"https:\\\/\\\/interreg-grace.eu\\\/de\\\/#\\\/schema\\\/logo\\\/image\\\/\"},\"sameAs\":[\"https:\\\/\\\/www.linkedin.com\\\/company\\\/interreg-grace\\\/\"]}]}<\/script>\n<!-- \/ Yoast SEO Premium plugin. -->","yoast_head_json":{"title":"OURK von der Blah Blah Blah Compagnie - Projet GRACE","description":"Tauchen Sie ein in ein Konzert mit \u201eRock Tropicaliste\u201c, bei dem die bunten Rhythmen zum Tanzen einladen.","robots":{"index":"index","follow":"follow","max-snippet":"max-snippet:-1","max-image-preview":"max-image-preview:large","max-video-preview":"max-video-preview:-1"},"canonical":"https:\/\/interreg-grace.eu\/de\/event\/ourk-von-der-blah-blah-blah-compagnie\/","og_locale":"de_DE","og_type":"article","og_title":"OURK von der Blah Blah Blah Compagnie","og_description":"Tauchen Sie ein in ein Konzert mit \u201eRock Tropicaliste\u201c, bei dem die bunten Rhythmen zum Tanzen einladen.","og_url":"https:\/\/interreg-grace.eu\/de\/event\/ourk-von-der-blah-blah-blah-compagnie\/","og_site_name":"Projet GRACE","og_image":[{"width":582,"height":399,"url":"https:\/\/interreg-grace.eu\/wp-content\/uploads\/2025\/09\/OURK-Blah-Blah-Blah-Compagnie.png","type":"image\/png"}],"twitter_card":"summary_large_image","twitter_misc":{"Gesch\u00e4tzte Lesezeit":"1\u00a0Minute"},"schema":{"@context":"https:\/\/schema.org","@graph":[{"@type":"WebPage","@id":"https:\/\/interreg-grace.eu\/de\/event\/ourk-von-der-blah-blah-blah-compagnie\/","url":"https:\/\/interreg-grace.eu\/de\/event\/ourk-von-der-blah-blah-blah-compagnie\/","name":"OURK von der Blah Blah Blah Compagnie - Projet GRACE","isPartOf":{"@id":"https:\/\/interreg-grace.eu\/de\/#website"},"primaryImageOfPage":{"@id":"https:\/\/interreg-grace.eu\/de\/event\/ourk-von-der-blah-blah-blah-compagnie\/#primaryimage"},"image":{"@id":"https:\/\/interreg-grace.eu\/de\/event\/ourk-von-der-blah-blah-blah-compagnie\/#primaryimage"},"thumbnailUrl":"https:\/\/interreg-grace.eu\/wp-content\/uploads\/2025\/09\/OURK-Blah-Blah-Blah-Compagnie.png","datePublished":"2025-09-01T15:30:59+00:00","description":"Tauchen Sie ein in ein Konzert mit \u201eRock Tropicaliste\u201c, bei dem die bunten Rhythmen zum Tanzen einladen.","breadcrumb":{"@id":"https:\/\/interreg-grace.eu\/de\/event\/ourk-von-der-blah-blah-blah-compagnie\/#breadcrumb"},"inLanguage":"de","potentialAction":[{"@type":"ReadAction","target":["https:\/\/interreg-grace.eu\/de\/event\/ourk-von-der-blah-blah-blah-compagnie\/"]}]},{"@type":"ImageObject","inLanguage":"de","@id":"https:\/\/interreg-grace.eu\/de\/event\/ourk-von-der-blah-blah-blah-compagnie\/#primaryimage","url":"https:\/\/interreg-grace.eu\/wp-content\/uploads\/2025\/09\/OURK-Blah-Blah-Blah-Compagnie.png","contentUrl":"https:\/\/interreg-grace.eu\/wp-content\/uploads\/2025\/09\/OURK-Blah-Blah-Blah-Compagnie.png","width":582,"height":399},{"@type":"BreadcrumbList","@id":"https:\/\/interreg-grace.eu\/de\/event\/ourk-von-der-blah-blah-blah-compagnie\/#breadcrumb","itemListElement":[{"@type":"ListItem","position":1,"name":"Accueil","item":"https:\/\/interreg-grace.eu\/de\/"},{"@type":"ListItem","position":2,"name":"Veranstaltungen","item":"https:\/\/interreg-grace.eu\/de\/events\/"},{"@type":"ListItem","position":3,"name":"OURK von der Blah Blah Blah Compagnie"}]},{"@type":"WebSite","@id":"https:\/\/interreg-grace.eu\/de\/#website","url":"https:\/\/interreg-grace.eu\/de\/","name":"Projet GRACE","description":"Greater Region Artistic and Cultural Education","publisher":{"@id":"https:\/\/interreg-grace.eu\/de\/#organization"},"potentialAction":[{"@type":"SearchAction","target":{"@type":"EntryPoint","urlTemplate":"https:\/\/interreg-grace.eu\/de\/?s={search_term_string}"},"query-input":{"@type":"PropertyValueSpecification","valueRequired":true,"valueName":"search_term_string"}}],"inLanguage":"de"},{"@type":"Organization","@id":"https:\/\/interreg-grace.eu\/de\/#organization","name":"Interreg Grace","alternateName":"Greater Region Artistic and Cultural Education","url":"https:\/\/interreg-grace.eu\/de\/","logo":{"@type":"ImageObject","inLanguage":"de","@id":"https:\/\/interreg-grace.eu\/de\/#\/schema\/logo\/image\/","url":"https:\/\/interreg-grace.eu\/wp-content\/uploads\/2024\/08\/cropped-favicon-grace.webp","contentUrl":"https:\/\/interreg-grace.eu\/wp-content\/uploads\/2024\/08\/cropped-favicon-grace.webp","width":512,"height":512,"caption":"Interreg Grace"},"image":{"@id":"https:\/\/interreg-grace.eu\/de\/#\/schema\/logo\/image\/"},"sameAs":["https:\/\/www.linkedin.com\/company\/interreg-grace\/"]}]}},"_links":{"self":[{"href":"https:\/\/interreg-grace.eu\/de\/wp-json\/wp\/v2\/tribe_events\/6760","targetHints":{"allow":["GET"]}}],"collection":[{"href":"https:\/\/interreg-grace.eu\/de\/wp-json\/wp\/v2\/tribe_events"}],"about":[{"href":"https:\/\/interreg-grace.eu\/de\/wp-json\/wp\/v2\/types\/tribe_events"}],"author":[{"embeddable":true,"href":"https:\/\/interreg-grace.eu\/de\/wp-json\/wp\/v2\/users\/3"}],"version-history":[{"count":0,"href":"https:\/\/interreg-grace.eu\/de\/wp-json\/wp\/v2\/tribe_events\/6760\/revisions"}],"wp:featuredmedia":[{"embeddable":true,"href":"https:\/\/interreg-grace.eu\/de\/wp-json\/wp\/v2\/media\/6701"}],"wp:attachment":[{"href":"https:\/\/interreg-grace.eu\/de\/wp-json\/wp\/v2\/media?parent=6760"}],"wp:term":[{"taxonomy":"post_tag","embeddable":true,"href":"https:\/\/interreg-grace.eu\/de\/wp-json\/wp\/v2\/tags?post=6760"},{"taxonomy":"tribe_events_cat","embeddable":true,"href":"https:\/\/interreg-grace.eu\/de\/wp-json\/wp\/v2\/tribe_events_cat?post=6760"}],"curies":[{"name":"wp","href":"https:\/\/api.w.org\/{rel}","templated":true}]}}