{"id":6757,"date":"2025-09-17T15:01:45","date_gmt":"2025-09-17T13:01:45","guid":{"rendered":"https:\/\/interreg-grace.eu\/event\/siesta-begleitet-mit-musik-und-theater-seniors-en-scene\/"},"modified":"2025-09-17T16:41:31","modified_gmt":"2025-09-17T14:41:31","slug":"siesta-begleitet-mit-musik-und-theater-seniors-en-scene","status":"publish","type":"tribe_events","link":"https:\/\/interreg-grace.eu\/de\/event\/siesta-begleitet-mit-musik-und-theater-seniors-en-scene\/","title":{"rendered":"Siesta begleitet mit Musik und Theater &#8211; Seniors en Sc\u00e8ne"},"content":{"rendered":"<p>Die Stadt Metz (das Kommunale Zentrum f\u00fcr Soziales und die Kulturabteilung der Stadt Metz) und die Theaterkompanie MAVRA laden Sie herzlich zu einer musikalisch-theatralischen Siesta ein, die auf Basis zusammengetragener Anekdoten diverser Einwohnerinnen und Einwohnern von Metz entstand und sich mit dem Thema des \u00c4lterwerdens auseinandersetzt. Im Rahmen der Semaine Bleue 2025 am Dienstag, dem 7. Oktober, von 14:30 bis 15:30 Uhr, wird diese im Veranstaltungssaal der Mediathek &#8222;L&#8217;Agora&#8220; pr\u00e4sentiert.<\/p>\n<p>Machen Sie es sich bequem und lassen Sie sich vom Zusammenspiel der Stimmen, Erz\u00e4hlungen, Musik und Kl\u00e4nge tragen. Die Inszenierung verdankt ihre Entstehung den Begegnungen w\u00e4hrend der Workshops in den Seniorentreffs und Seniorenresidenzen in Metz in diesem Sommer. Dieser bewegende Moment l\u00e4sst Lebensgeschichten, Erinnerungen, Lachen und viele einzigartige Perspektiven auf das Alter und seine Wahrnehmung h\u00f6rbar werden. <\/p>\n<p>Diese Klang-Siesta ist Teil eines neuartigen Theaterprojekts der Stadt Metz und der Compagnie MAVRA , dessen Ziel die Entwicklung eines St\u00fccks zu den Vorurteilen gegen\u00fcber des Alterns ist. Die Grundlage daf\u00fcr bilden die zusammengetragenen Anekdoten von diversen Einwohnerinnen und Einwohnern aus Metz. Das St\u00fcck selbst wird von der Compagnie MAVRA geschrieben und inszeniert und im Oktober 2026 w\u00e4hrend der Semaine Bleue gemeinsam mit einer Gruppe Seniorinnen und Senioren aufgef\u00fchrt.<\/p>\n<p>EINTRITT FREI \u2013 BEGRENZTE PLAETZE\u2013 ANMELDUNG ERFORDERLICH UNTER +33 03 87 55 53 69 oder \u00fcber den Link : <a href=\"http:\/\/METZ.FR\/M0706\" target=\"_blank\" rel=\"noopener\">METZ.FR\/M0706<\/a><\/p>\n","protected":false},"excerpt":{"rendered":"<p>Die Stadt Metz und die Theaterkompanie MAVRA laden Sie herzlich zu einer musikalisch-theatralischen Siesta ein. Die Siesta basiert auf Anekdoten von Einwohnerinnen und Einwohnern von Metz und setzt sich mit dem Thema des \u00c4lterwerdens auseinander. Im Rahmen der Semaine Bleue 2025 wird diese am Dienstag, dem 7. Oktober, von 14:30 bis 15:30 Uhr im Veranstaltungssaal der Mediathek \u201eL&#8217;Agora\u201d pr\u00e4sentiert. <\/p>\n","protected":false},"author":3,"featured_media":6753,"template":"","meta":{"_acf_changed":false,"_tribe_events_status":"","_tribe_events_status_reason":"","footnotes":""},"tags":[101],"tribe_events_cat":[97,127,113,122],"class_list":["post-6757","tribe_events","type-tribe_events","status-publish","has-post-thumbnail","hentry","tag-darstellende-kunst","tribe_events_cat-tout-public-de","tribe_events_cat-auffuhrung","tribe_events_cat-frankreich","tribe_events_cat-lebende-auffuhrung","cat_tout-public-de","cat_auffuhrung","cat_frankreich","cat_lebende-auffuhrung"],"acf":[],"yoast_head":"<!-- This site is optimized with the Yoast SEO Premium plugin v24.7 (Yoast SEO v27.3) - https:\/\/yoast.com\/product\/yoast-seo-premium-wordpress\/ -->\n<title>Siesta begleitet mit Musik und Theater - Seniors en Sc\u00e8ne - Projet GRACE<\/title>\n<meta name=\"robots\" content=\"index, follow, max-snippet:-1, max-image-preview:large, max-video-preview:-1\" \/>\n<link rel=\"canonical\" href=\"https:\/\/interreg-grace.eu\/de\/event\/siesta-begleitet-mit-musik-und-theater-seniors-en-scene\/\" \/>\n<meta property=\"og:locale\" content=\"de_DE\" \/>\n<meta property=\"og:type\" content=\"article\" \/>\n<meta property=\"og:title\" content=\"Siesta begleitet mit Musik und Theater - Seniors en Sc\u00e8ne\" \/>\n<meta property=\"og:description\" content=\"Die Stadt Metz und die Theaterkompanie MAVRA laden Sie herzlich zu einer musikalisch-theatralischen Siesta ein. Die Siesta basiert auf Anekdoten von Einwohnerinnen und Einwohnern von Metz und setzt sich mit dem Thema des \u00c4lterwerdens auseinander. Im Rahmen der Semaine Bleue 2025 wird diese am Dienstag, dem 7. Oktober, von 14:30 bis 15:30 Uhr im Veranstaltungssaal der Mediathek \u201eL&#039;Agora\u201d pr\u00e4sentiert.\" \/>\n<meta property=\"og:url\" content=\"https:\/\/interreg-grace.eu\/de\/event\/siesta-begleitet-mit-musik-und-theater-seniors-en-scene\/\" \/>\n<meta property=\"og:site_name\" content=\"Projet GRACE\" \/>\n<meta property=\"article:modified_time\" content=\"2025-09-17T14:41:31+00:00\" \/>\n<meta property=\"og:image\" content=\"https:\/\/interreg-grace.eu\/wp-content\/uploads\/2025\/09\/Flyer-Seniors-en-scene-restitution_071025.png\" \/>\n\t<meta property=\"og:image:width\" content=\"1414\" \/>\n\t<meta property=\"og:image:height\" content=\"2000\" \/>\n\t<meta property=\"og:image:type\" content=\"image\/png\" \/>\n<meta name=\"twitter:card\" content=\"summary_large_image\" \/>\n<meta name=\"twitter:label1\" content=\"Gesch\u00e4tzte Lesezeit\" \/>\n\t<meta name=\"twitter:data1\" content=\"1\u00a0Minute\" \/>\n<script type=\"application\/ld+json\" class=\"yoast-schema-graph\">{\"@context\":\"https:\\\/\\\/schema.org\",\"@graph\":[{\"@type\":\"WebPage\",\"@id\":\"https:\\\/\\\/interreg-grace.eu\\\/de\\\/event\\\/siesta-begleitet-mit-musik-und-theater-seniors-en-scene\\\/\",\"url\":\"https:\\\/\\\/interreg-grace.eu\\\/de\\\/event\\\/siesta-begleitet-mit-musik-und-theater-seniors-en-scene\\\/\",\"name\":\"Siesta begleitet mit Musik und Theater - Seniors en Sc\u00e8ne - Projet GRACE\",\"isPartOf\":{\"@id\":\"https:\\\/\\\/interreg-grace.eu\\\/de\\\/#website\"},\"primaryImageOfPage\":{\"@id\":\"https:\\\/\\\/interreg-grace.eu\\\/de\\\/event\\\/siesta-begleitet-mit-musik-und-theater-seniors-en-scene\\\/#primaryimage\"},\"image\":{\"@id\":\"https:\\\/\\\/interreg-grace.eu\\\/de\\\/event\\\/siesta-begleitet-mit-musik-und-theater-seniors-en-scene\\\/#primaryimage\"},\"thumbnailUrl\":\"https:\\\/\\\/interreg-grace.eu\\\/wp-content\\\/uploads\\\/2025\\\/09\\\/Flyer-Seniors-en-scene-restitution_071025.png\",\"datePublished\":\"2025-09-17T13:01:45+00:00\",\"dateModified\":\"2025-09-17T14:41:31+00:00\",\"breadcrumb\":{\"@id\":\"https:\\\/\\\/interreg-grace.eu\\\/de\\\/event\\\/siesta-begleitet-mit-musik-und-theater-seniors-en-scene\\\/#breadcrumb\"},\"inLanguage\":\"de\",\"potentialAction\":[{\"@type\":\"ReadAction\",\"target\":[\"https:\\\/\\\/interreg-grace.eu\\\/de\\\/event\\\/siesta-begleitet-mit-musik-und-theater-seniors-en-scene\\\/\"]}]},{\"@type\":\"ImageObject\",\"inLanguage\":\"de\",\"@id\":\"https:\\\/\\\/interreg-grace.eu\\\/de\\\/event\\\/siesta-begleitet-mit-musik-und-theater-seniors-en-scene\\\/#primaryimage\",\"url\":\"https:\\\/\\\/interreg-grace.eu\\\/wp-content\\\/uploads\\\/2025\\\/09\\\/Flyer-Seniors-en-scene-restitution_071025.png\",\"contentUrl\":\"https:\\\/\\\/interreg-grace.eu\\\/wp-content\\\/uploads\\\/2025\\\/09\\\/Flyer-Seniors-en-scene-restitution_071025.png\",\"width\":1414,\"height\":2000},{\"@type\":\"BreadcrumbList\",\"@id\":\"https:\\\/\\\/interreg-grace.eu\\\/de\\\/event\\\/siesta-begleitet-mit-musik-und-theater-seniors-en-scene\\\/#breadcrumb\",\"itemListElement\":[{\"@type\":\"ListItem\",\"position\":1,\"name\":\"Accueil\",\"item\":\"https:\\\/\\\/interreg-grace.eu\\\/de\\\/\"},{\"@type\":\"ListItem\",\"position\":2,\"name\":\"Veranstaltungen\",\"item\":\"https:\\\/\\\/interreg-grace.eu\\\/de\\\/events\\\/\"},{\"@type\":\"ListItem\",\"position\":3,\"name\":\"Siesta begleitet mit Musik und Theater &#8211; Seniors en Sc\u00e8ne\"}]},{\"@type\":\"WebSite\",\"@id\":\"https:\\\/\\\/interreg-grace.eu\\\/de\\\/#website\",\"url\":\"https:\\\/\\\/interreg-grace.eu\\\/de\\\/\",\"name\":\"Projet GRACE\",\"description\":\"Greater Region Artistic and Cultural Education\",\"publisher\":{\"@id\":\"https:\\\/\\\/interreg-grace.eu\\\/de\\\/#organization\"},\"potentialAction\":[{\"@type\":\"SearchAction\",\"target\":{\"@type\":\"EntryPoint\",\"urlTemplate\":\"https:\\\/\\\/interreg-grace.eu\\\/de\\\/?s={search_term_string}\"},\"query-input\":{\"@type\":\"PropertyValueSpecification\",\"valueRequired\":true,\"valueName\":\"search_term_string\"}}],\"inLanguage\":\"de\"},{\"@type\":\"Organization\",\"@id\":\"https:\\\/\\\/interreg-grace.eu\\\/de\\\/#organization\",\"name\":\"Interreg Grace\",\"alternateName\":\"Greater Region Artistic and Cultural Education\",\"url\":\"https:\\\/\\\/interreg-grace.eu\\\/de\\\/\",\"logo\":{\"@type\":\"ImageObject\",\"inLanguage\":\"de\",\"@id\":\"https:\\\/\\\/interreg-grace.eu\\\/de\\\/#\\\/schema\\\/logo\\\/image\\\/\",\"url\":\"https:\\\/\\\/interreg-grace.eu\\\/wp-content\\\/uploads\\\/2024\\\/08\\\/cropped-favicon-grace.webp\",\"contentUrl\":\"https:\\\/\\\/interreg-grace.eu\\\/wp-content\\\/uploads\\\/2024\\\/08\\\/cropped-favicon-grace.webp\",\"width\":512,\"height\":512,\"caption\":\"Interreg Grace\"},\"image\":{\"@id\":\"https:\\\/\\\/interreg-grace.eu\\\/de\\\/#\\\/schema\\\/logo\\\/image\\\/\"},\"sameAs\":[\"https:\\\/\\\/www.linkedin.com\\\/company\\\/interreg-grace\\\/\"]}]}<\/script>\n<!-- \/ Yoast SEO Premium plugin. -->","yoast_head_json":{"title":"Siesta begleitet mit Musik und Theater - Seniors en Sc\u00e8ne - Projet GRACE","robots":{"index":"index","follow":"follow","max-snippet":"max-snippet:-1","max-image-preview":"max-image-preview:large","max-video-preview":"max-video-preview:-1"},"canonical":"https:\/\/interreg-grace.eu\/de\/event\/siesta-begleitet-mit-musik-und-theater-seniors-en-scene\/","og_locale":"de_DE","og_type":"article","og_title":"Siesta begleitet mit Musik und Theater - Seniors en Sc\u00e8ne","og_description":"Die Stadt Metz und die Theaterkompanie MAVRA laden Sie herzlich zu einer musikalisch-theatralischen Siesta ein. Die Siesta basiert auf Anekdoten von Einwohnerinnen und Einwohnern von Metz und setzt sich mit dem Thema des \u00c4lterwerdens auseinander. Im Rahmen der Semaine Bleue 2025 wird diese am Dienstag, dem 7. Oktober, von 14:30 bis 15:30 Uhr im Veranstaltungssaal der Mediathek \u201eL'Agora\u201d pr\u00e4sentiert.","og_url":"https:\/\/interreg-grace.eu\/de\/event\/siesta-begleitet-mit-musik-und-theater-seniors-en-scene\/","og_site_name":"Projet GRACE","article_modified_time":"2025-09-17T14:41:31+00:00","og_image":[{"width":1414,"height":2000,"url":"https:\/\/interreg-grace.eu\/wp-content\/uploads\/2025\/09\/Flyer-Seniors-en-scene-restitution_071025.png","type":"image\/png"}],"twitter_card":"summary_large_image","twitter_misc":{"Gesch\u00e4tzte Lesezeit":"1\u00a0Minute"},"schema":{"@context":"https:\/\/schema.org","@graph":[{"@type":"WebPage","@id":"https:\/\/interreg-grace.eu\/de\/event\/siesta-begleitet-mit-musik-und-theater-seniors-en-scene\/","url":"https:\/\/interreg-grace.eu\/de\/event\/siesta-begleitet-mit-musik-und-theater-seniors-en-scene\/","name":"Siesta begleitet mit Musik und Theater - Seniors en Sc\u00e8ne - Projet GRACE","isPartOf":{"@id":"https:\/\/interreg-grace.eu\/de\/#website"},"primaryImageOfPage":{"@id":"https:\/\/interreg-grace.eu\/de\/event\/siesta-begleitet-mit-musik-und-theater-seniors-en-scene\/#primaryimage"},"image":{"@id":"https:\/\/interreg-grace.eu\/de\/event\/siesta-begleitet-mit-musik-und-theater-seniors-en-scene\/#primaryimage"},"thumbnailUrl":"https:\/\/interreg-grace.eu\/wp-content\/uploads\/2025\/09\/Flyer-Seniors-en-scene-restitution_071025.png","datePublished":"2025-09-17T13:01:45+00:00","dateModified":"2025-09-17T14:41:31+00:00","breadcrumb":{"@id":"https:\/\/interreg-grace.eu\/de\/event\/siesta-begleitet-mit-musik-und-theater-seniors-en-scene\/#breadcrumb"},"inLanguage":"de","potentialAction":[{"@type":"ReadAction","target":["https:\/\/interreg-grace.eu\/de\/event\/siesta-begleitet-mit-musik-und-theater-seniors-en-scene\/"]}]},{"@type":"ImageObject","inLanguage":"de","@id":"https:\/\/interreg-grace.eu\/de\/event\/siesta-begleitet-mit-musik-und-theater-seniors-en-scene\/#primaryimage","url":"https:\/\/interreg-grace.eu\/wp-content\/uploads\/2025\/09\/Flyer-Seniors-en-scene-restitution_071025.png","contentUrl":"https:\/\/interreg-grace.eu\/wp-content\/uploads\/2025\/09\/Flyer-Seniors-en-scene-restitution_071025.png","width":1414,"height":2000},{"@type":"BreadcrumbList","@id":"https:\/\/interreg-grace.eu\/de\/event\/siesta-begleitet-mit-musik-und-theater-seniors-en-scene\/#breadcrumb","itemListElement":[{"@type":"ListItem","position":1,"name":"Accueil","item":"https:\/\/interreg-grace.eu\/de\/"},{"@type":"ListItem","position":2,"name":"Veranstaltungen","item":"https:\/\/interreg-grace.eu\/de\/events\/"},{"@type":"ListItem","position":3,"name":"Siesta begleitet mit Musik und Theater &#8211; Seniors en Sc\u00e8ne"}]},{"@type":"WebSite","@id":"https:\/\/interreg-grace.eu\/de\/#website","url":"https:\/\/interreg-grace.eu\/de\/","name":"Projet GRACE","description":"Greater Region Artistic and Cultural Education","publisher":{"@id":"https:\/\/interreg-grace.eu\/de\/#organization"},"potentialAction":[{"@type":"SearchAction","target":{"@type":"EntryPoint","urlTemplate":"https:\/\/interreg-grace.eu\/de\/?s={search_term_string}"},"query-input":{"@type":"PropertyValueSpecification","valueRequired":true,"valueName":"search_term_string"}}],"inLanguage":"de"},{"@type":"Organization","@id":"https:\/\/interreg-grace.eu\/de\/#organization","name":"Interreg Grace","alternateName":"Greater Region Artistic and Cultural Education","url":"https:\/\/interreg-grace.eu\/de\/","logo":{"@type":"ImageObject","inLanguage":"de","@id":"https:\/\/interreg-grace.eu\/de\/#\/schema\/logo\/image\/","url":"https:\/\/interreg-grace.eu\/wp-content\/uploads\/2024\/08\/cropped-favicon-grace.webp","contentUrl":"https:\/\/interreg-grace.eu\/wp-content\/uploads\/2024\/08\/cropped-favicon-grace.webp","width":512,"height":512,"caption":"Interreg Grace"},"image":{"@id":"https:\/\/interreg-grace.eu\/de\/#\/schema\/logo\/image\/"},"sameAs":["https:\/\/www.linkedin.com\/company\/interreg-grace\/"]}]}},"_links":{"self":[{"href":"https:\/\/interreg-grace.eu\/de\/wp-json\/wp\/v2\/tribe_events\/6757","targetHints":{"allow":["GET"]}}],"collection":[{"href":"https:\/\/interreg-grace.eu\/de\/wp-json\/wp\/v2\/tribe_events"}],"about":[{"href":"https:\/\/interreg-grace.eu\/de\/wp-json\/wp\/v2\/types\/tribe_events"}],"author":[{"embeddable":true,"href":"https:\/\/interreg-grace.eu\/de\/wp-json\/wp\/v2\/users\/3"}],"version-history":[{"count":1,"href":"https:\/\/interreg-grace.eu\/de\/wp-json\/wp\/v2\/tribe_events\/6757\/revisions"}],"predecessor-version":[{"id":6758,"href":"https:\/\/interreg-grace.eu\/de\/wp-json\/wp\/v2\/tribe_events\/6757\/revisions\/6758"}],"wp:featuredmedia":[{"embeddable":true,"href":"https:\/\/interreg-grace.eu\/de\/wp-json\/wp\/v2\/media\/6753"}],"wp:attachment":[{"href":"https:\/\/interreg-grace.eu\/de\/wp-json\/wp\/v2\/media?parent=6757"}],"wp:term":[{"taxonomy":"post_tag","embeddable":true,"href":"https:\/\/interreg-grace.eu\/de\/wp-json\/wp\/v2\/tags?post=6757"},{"taxonomy":"tribe_events_cat","embeddable":true,"href":"https:\/\/interreg-grace.eu\/de\/wp-json\/wp\/v2\/tribe_events_cat?post=6757"}],"curies":[{"name":"wp","href":"https:\/\/api.w.org\/{rel}","templated":true}]}}