{"id":6472,"date":"2025-08-29T10:29:52","date_gmt":"2025-08-29T08:29:52","guid":{"rendered":"https:\/\/interreg-grace.eu\/?post_type=tribe_events&#038;p=6472"},"modified":"2025-08-29T10:29:52","modified_gmt":"2025-08-29T08:29:52","slug":"willkommenskultur-gastfreundschaft-und-nachbarschaft-gegenseitigkeit-uberdenken","status":"publish","type":"tribe_events","link":"https:\/\/interreg-grace.eu\/de\/event\/willkommenskultur-gastfreundschaft-und-nachbarschaft-gegenseitigkeit-uberdenken\/","title":{"rendered":"Willkommenskultur, Gastfreundschaft und Nachbarschaft: Gegenseitigkeit \u00fcberdenken"},"content":{"rendered":"<h3>LABORATOIRE SANS TRANSITION X TH\u00c9\u00c2TRE(S) EN CHANTIER<br \/>\nWillkommenskultur, Gastfreundschaft und Nachbarschaft: Gegenseitigkeit \u00fcberdenken<br \/>\n25 + 26.09.2025 Berufliche Begegnungen, Auff\u00fchrungen, Ausstellungen<\/h3>\n<h4>Wie k\u00f6nnen wir uns gelebte Willkommenskultur in kulturellen Einrichtungen vorstellen? Wie k\u00f6nnen wir Willkommenskultur anders denken? Nicht als einmalige Begr\u00fc\u00dfung, sondern als nachhaltige und vielf\u00e4ltige Inklusion, mit Begegnungen im Alltag, manifestiert durch Worte, Stimmen, K\u00f6rper, Geschichten, Identit\u00e4ten! <\/h4>\n<p>Im Rahmen der Erstellung von <em>BARBER SHOP CHRONICLES<\/em>, Diese beiden Tagesveranstaltungen laden dazu ein, gemeinsam dar\u00fcber nachzudenken, was Nachbarschaft in der k\u00fcnstlerischen und kulturellen Praxis bedeutet. Denn Nachbarschaft bedeutet mehr als nur nebeneinander zu leben. Es geht darum, gemeinsam Beziehungen aufzubauen und zu pflegen, sich kennenzulernen, sich auszutauschen, zusammenzuleben und gemeinsam eine gemeinsame Welt zu gestalten. Es geht also nicht nur darum, \u201eeine Stimme zu geben\u201c oder \u201eT\u00fcren zu \u00f6ffnen\u201c, sondern zu hinterfragen, was es wirklich bedeutet, gemeinsam Orte und R\u00e4ume zu teilen: mit unterschiedlichen Zeitvorstellungen, manchmal unbekannten Geschichten und vielf\u00e4ltigen Bed\u00fcrfnissen.   <\/p>\n<p>Willkommenskultur ist in diesem Zusammenhang nicht nur eine anf\u00e4ngliche Offenheit, sondern eine Beziehung, die sich im Laufe der Zeit durch Gesten, Worte und Zuh\u00f6ren entwickelt. Sie ist keine Einbahnstra\u00dfe: Sie erfordert Gegenseitigkeit, Respekt und Achtsamkeit.<br \/>\nZwei Tage lang werden wir uns Zeit nehmen, um einfache, aber wesentliche Fragen zu stellen: <\/p>\n<ul>\n<li>Wie kann man jemanden willkommen hei\u00dfen, ohne ihn zu bevormunden oder ihm eine Rolle zuzuweisen?<\/li>\n<li>Wie l\u00e4sst sich das Gemeinsame herausarbeiten?<\/li>\n<li>Wie lassen sich Formen des Austauschs zwischen K\u00fcnstler:innen, Institutionen und B\u00fcrger:innen entwickeln?<\/li>\n<li>Welche Gesten, welche Orte, welche Praktiken k\u00f6nnen eine echte Dynamik der Willkommenskultur in unseren kulturellen und sozialen Praktiken f\u00f6rdern?<\/li>\n<\/ul>\n<p>Mit Begegnungen, Diskussionen, k\u00fcnstlerischen Pr\u00e4sentationen, partizipativen Workshops und gemeinsamen Mahlzeiten l\u00e4dt dieses Programm dazu ein, gemeinsam zu \u00fcberlegen und zu erleben, was es heute bedeuten kann, andere willkommen zu hei\u00dfen, sich selbst willkommen zu f\u00fchlen und etwas Gemeinsames aufzubauen.<\/p>\n<h3>Programm<\/h3>\n<p><strong>25.09. \u2013 Th\u00e9\u00e2tre en Chantier<\/strong><br \/>\n(Wieder-)Entdeckung der K\u00fcnstler:innen und Projekte der kommenden Spielzeiten (noch zu best\u00e4tigen): Lucile Charnier, L\u00e9a Drouet, Julia Huet Alberola, Ilyas Mettioui, Anne-C\u00e9cile Vandalem, Yasmine Yahiat\u00e8ne, im Anschluss erfolgt die Auff\u00fchrung von<\/p>\n<p><em>BARBER SHOP CHRONICLES<\/em><br \/>\nInua Ellams \/ Junior Mthombeni und Michael De Cock<br \/>\nTheaterst\u00fcck (Auff\u00fchrung auf Franz\u00f6sisch, englische Untertitel)<\/p>\n<p><strong>26.09. \u2013 Laboratoire sans transition (dt. Labor ohne Wandel)<\/strong><br \/>\nFachtreffen zu den Themen Willkommenskultur, Gastfreundschaft und Nachbarschaft, im Anschluss erfolgt die Auff\u00fchrung von<\/p>\n<p><em>BARBER SHOP CHRONICLES<\/em><br \/>\nInua Ellams \/ Junior Mthombeni und Michael De Cock<br \/>\nTheaterst\u00fcck (Auff\u00fchrung auf Franz\u00f6sisch, niederl\u00e4ndische Untertitel)<\/p>\n","protected":false},"excerpt":{"rendered":"<p>Wie k\u00f6nnen wir uns gelebte Willkommenskultur in kulturellen Einrichtungen vorstellen? Wie k\u00f6nnen wir Willkommenskultur anders denken? Nicht als einmalige Begr\u00fc\u00dfung, sondern als nachhaltige und vielf\u00e4ltige Inklusion, mit Begegnungen im Alltag, manifestiert durch Worte, Stimmen, K\u00f6rper, Geschichten, Identit\u00e4ten! <\/p>\n","protected":false},"author":2,"featured_media":6693,"template":"","meta":{"_acf_changed":false,"_tribe_events_status":"","_tribe_events_status_reason":"","footnotes":""},"tags":[153,101],"tribe_events_cat":[97,121,112,128,99,125,122],"class_list":["post-6472","tribe_events","type-tribe_events","status-publish","has-post-thumbnail","hentry","tag-austausch-von-wissen-und-erfahrungen","tag-darstellende-kunst","tribe_events_cat-tout-public-de","tribe_events_cat-austausch-von-wissen-und-erfahrungen","tribe_events_cat-belgien","tribe_events_cat-besuch","tribe_events_cat-exposition-de","tribe_events_cat-konferenz","tribe_events_cat-lebende-auffuhrung","cat_tout-public-de","cat_austausch-von-wissen-und-erfahrungen","cat_belgien","cat_besuch","cat_exposition-de","cat_konferenz","cat_lebende-auffuhrung"],"acf":[],"yoast_head":"<!-- This site is optimized with the Yoast SEO Premium plugin v24.7 (Yoast SEO v27.3) - https:\/\/yoast.com\/product\/yoast-seo-premium-wordpress\/ -->\n<title>Willkommenskultur, Gastfreundschaft und Nachbarschaft: Gegenseitigkeit \u00fcberdenken - Projet GRACE<\/title>\n<meta name=\"description\" content=\"Diese beiden Tagesveranstaltungen laden dazu ein, gemeinsam dar\u00fcber nachzudenken, was Nachbarschaft in der k\u00fcnstlerischen und kulturellen Praxis bedeutet.\" \/>\n<meta name=\"robots\" content=\"index, follow, max-snippet:-1, max-image-preview:large, max-video-preview:-1\" \/>\n<link rel=\"canonical\" href=\"https:\/\/interreg-grace.eu\/de\/event\/willkommenskultur-gastfreundschaft-und-nachbarschaft-gegenseitigkeit-uberdenken\/\" \/>\n<meta property=\"og:locale\" content=\"de_DE\" \/>\n<meta property=\"og:type\" content=\"article\" \/>\n<meta property=\"og:title\" content=\"Willkommenskultur, Gastfreundschaft und Nachbarschaft: Gegenseitigkeit \u00fcberdenken\" \/>\n<meta property=\"og:description\" content=\"Diese beiden Tagesveranstaltungen laden dazu ein, gemeinsam dar\u00fcber nachzudenken, was Nachbarschaft in der k\u00fcnstlerischen und kulturellen Praxis bedeutet.\" \/>\n<meta property=\"og:url\" content=\"https:\/\/interreg-grace.eu\/de\/event\/willkommenskultur-gastfreundschaft-und-nachbarschaft-gegenseitigkeit-uberdenken\/\" \/>\n<meta property=\"og:site_name\" content=\"Projet GRACE\" \/>\n<meta property=\"og:image\" content=\"https:\/\/interreg-grace.eu\/wp-content\/uploads\/2025\/07\/Capture-decran-2025-08-29-102602.png\" \/>\n\t<meta property=\"og:image:width\" content=\"846\" \/>\n\t<meta property=\"og:image:height\" content=\"598\" \/>\n\t<meta property=\"og:image:type\" content=\"image\/png\" \/>\n<meta name=\"twitter:card\" content=\"summary_large_image\" \/>\n<meta name=\"twitter:label1\" content=\"Gesch\u00e4tzte Lesezeit\" \/>\n\t<meta name=\"twitter:data1\" content=\"2\u00a0Minuten\" \/>\n<script type=\"application\/ld+json\" class=\"yoast-schema-graph\">{\"@context\":\"https:\\\/\\\/schema.org\",\"@graph\":[{\"@type\":\"WebPage\",\"@id\":\"https:\\\/\\\/interreg-grace.eu\\\/de\\\/event\\\/willkommenskultur-gastfreundschaft-und-nachbarschaft-gegenseitigkeit-uberdenken\\\/\",\"url\":\"https:\\\/\\\/interreg-grace.eu\\\/de\\\/event\\\/willkommenskultur-gastfreundschaft-und-nachbarschaft-gegenseitigkeit-uberdenken\\\/\",\"name\":\"Willkommenskultur, Gastfreundschaft und Nachbarschaft: Gegenseitigkeit \u00fcberdenken - Projet GRACE\",\"isPartOf\":{\"@id\":\"https:\\\/\\\/interreg-grace.eu\\\/de\\\/#website\"},\"primaryImageOfPage\":{\"@id\":\"https:\\\/\\\/interreg-grace.eu\\\/de\\\/event\\\/willkommenskultur-gastfreundschaft-und-nachbarschaft-gegenseitigkeit-uberdenken\\\/#primaryimage\"},\"image\":{\"@id\":\"https:\\\/\\\/interreg-grace.eu\\\/de\\\/event\\\/willkommenskultur-gastfreundschaft-und-nachbarschaft-gegenseitigkeit-uberdenken\\\/#primaryimage\"},\"thumbnailUrl\":\"https:\\\/\\\/interreg-grace.eu\\\/wp-content\\\/uploads\\\/2025\\\/07\\\/Capture-decran-2025-08-29-102602.png\",\"datePublished\":\"2025-08-29T08:29:52+00:00\",\"description\":\"Diese beiden Tagesveranstaltungen laden dazu ein, gemeinsam dar\u00fcber nachzudenken, was Nachbarschaft in der k\u00fcnstlerischen und kulturellen Praxis bedeutet.\",\"breadcrumb\":{\"@id\":\"https:\\\/\\\/interreg-grace.eu\\\/de\\\/event\\\/willkommenskultur-gastfreundschaft-und-nachbarschaft-gegenseitigkeit-uberdenken\\\/#breadcrumb\"},\"inLanguage\":\"de\",\"potentialAction\":[{\"@type\":\"ReadAction\",\"target\":[\"https:\\\/\\\/interreg-grace.eu\\\/de\\\/event\\\/willkommenskultur-gastfreundschaft-und-nachbarschaft-gegenseitigkeit-uberdenken\\\/\"]}]},{\"@type\":\"ImageObject\",\"inLanguage\":\"de\",\"@id\":\"https:\\\/\\\/interreg-grace.eu\\\/de\\\/event\\\/willkommenskultur-gastfreundschaft-und-nachbarschaft-gegenseitigkeit-uberdenken\\\/#primaryimage\",\"url\":\"https:\\\/\\\/interreg-grace.eu\\\/wp-content\\\/uploads\\\/2025\\\/07\\\/Capture-decran-2025-08-29-102602.png\",\"contentUrl\":\"https:\\\/\\\/interreg-grace.eu\\\/wp-content\\\/uploads\\\/2025\\\/07\\\/Capture-decran-2025-08-29-102602.png\",\"width\":846,\"height\":598},{\"@type\":\"BreadcrumbList\",\"@id\":\"https:\\\/\\\/interreg-grace.eu\\\/de\\\/event\\\/willkommenskultur-gastfreundschaft-und-nachbarschaft-gegenseitigkeit-uberdenken\\\/#breadcrumb\",\"itemListElement\":[{\"@type\":\"ListItem\",\"position\":1,\"name\":\"Accueil\",\"item\":\"https:\\\/\\\/interreg-grace.eu\\\/de\\\/\"},{\"@type\":\"ListItem\",\"position\":2,\"name\":\"Veranstaltungen\",\"item\":\"https:\\\/\\\/interreg-grace.eu\\\/de\\\/events\\\/\"},{\"@type\":\"ListItem\",\"position\":3,\"name\":\"Willkommenskultur, Gastfreundschaft und Nachbarschaft: Gegenseitigkeit \u00fcberdenken\"}]},{\"@type\":\"WebSite\",\"@id\":\"https:\\\/\\\/interreg-grace.eu\\\/de\\\/#website\",\"url\":\"https:\\\/\\\/interreg-grace.eu\\\/de\\\/\",\"name\":\"Projet GRACE\",\"description\":\"Greater Region Artistic and Cultural Education\",\"publisher\":{\"@id\":\"https:\\\/\\\/interreg-grace.eu\\\/de\\\/#organization\"},\"potentialAction\":[{\"@type\":\"SearchAction\",\"target\":{\"@type\":\"EntryPoint\",\"urlTemplate\":\"https:\\\/\\\/interreg-grace.eu\\\/de\\\/?s={search_term_string}\"},\"query-input\":{\"@type\":\"PropertyValueSpecification\",\"valueRequired\":true,\"valueName\":\"search_term_string\"}}],\"inLanguage\":\"de\"},{\"@type\":\"Organization\",\"@id\":\"https:\\\/\\\/interreg-grace.eu\\\/de\\\/#organization\",\"name\":\"Interreg Grace\",\"alternateName\":\"Greater Region Artistic and Cultural Education\",\"url\":\"https:\\\/\\\/interreg-grace.eu\\\/de\\\/\",\"logo\":{\"@type\":\"ImageObject\",\"inLanguage\":\"de\",\"@id\":\"https:\\\/\\\/interreg-grace.eu\\\/de\\\/#\\\/schema\\\/logo\\\/image\\\/\",\"url\":\"https:\\\/\\\/interreg-grace.eu\\\/wp-content\\\/uploads\\\/2024\\\/08\\\/cropped-favicon-grace.webp\",\"contentUrl\":\"https:\\\/\\\/interreg-grace.eu\\\/wp-content\\\/uploads\\\/2024\\\/08\\\/cropped-favicon-grace.webp\",\"width\":512,\"height\":512,\"caption\":\"Interreg Grace\"},\"image\":{\"@id\":\"https:\\\/\\\/interreg-grace.eu\\\/de\\\/#\\\/schema\\\/logo\\\/image\\\/\"},\"sameAs\":[\"https:\\\/\\\/www.linkedin.com\\\/company\\\/interreg-grace\\\/\"]}]}<\/script>\n<!-- \/ Yoast SEO Premium plugin. -->","yoast_head_json":{"title":"Willkommenskultur, Gastfreundschaft und Nachbarschaft: Gegenseitigkeit \u00fcberdenken - Projet GRACE","description":"Diese beiden Tagesveranstaltungen laden dazu ein, gemeinsam dar\u00fcber nachzudenken, was Nachbarschaft in der k\u00fcnstlerischen und kulturellen Praxis bedeutet.","robots":{"index":"index","follow":"follow","max-snippet":"max-snippet:-1","max-image-preview":"max-image-preview:large","max-video-preview":"max-video-preview:-1"},"canonical":"https:\/\/interreg-grace.eu\/de\/event\/willkommenskultur-gastfreundschaft-und-nachbarschaft-gegenseitigkeit-uberdenken\/","og_locale":"de_DE","og_type":"article","og_title":"Willkommenskultur, Gastfreundschaft und Nachbarschaft: Gegenseitigkeit \u00fcberdenken","og_description":"Diese beiden Tagesveranstaltungen laden dazu ein, gemeinsam dar\u00fcber nachzudenken, was Nachbarschaft in der k\u00fcnstlerischen und kulturellen Praxis bedeutet.","og_url":"https:\/\/interreg-grace.eu\/de\/event\/willkommenskultur-gastfreundschaft-und-nachbarschaft-gegenseitigkeit-uberdenken\/","og_site_name":"Projet GRACE","og_image":[{"width":846,"height":598,"url":"https:\/\/interreg-grace.eu\/wp-content\/uploads\/2025\/07\/Capture-decran-2025-08-29-102602.png","type":"image\/png"}],"twitter_card":"summary_large_image","twitter_misc":{"Gesch\u00e4tzte Lesezeit":"2\u00a0Minuten"},"schema":{"@context":"https:\/\/schema.org","@graph":[{"@type":"WebPage","@id":"https:\/\/interreg-grace.eu\/de\/event\/willkommenskultur-gastfreundschaft-und-nachbarschaft-gegenseitigkeit-uberdenken\/","url":"https:\/\/interreg-grace.eu\/de\/event\/willkommenskultur-gastfreundschaft-und-nachbarschaft-gegenseitigkeit-uberdenken\/","name":"Willkommenskultur, Gastfreundschaft und Nachbarschaft: Gegenseitigkeit \u00fcberdenken - Projet GRACE","isPartOf":{"@id":"https:\/\/interreg-grace.eu\/de\/#website"},"primaryImageOfPage":{"@id":"https:\/\/interreg-grace.eu\/de\/event\/willkommenskultur-gastfreundschaft-und-nachbarschaft-gegenseitigkeit-uberdenken\/#primaryimage"},"image":{"@id":"https:\/\/interreg-grace.eu\/de\/event\/willkommenskultur-gastfreundschaft-und-nachbarschaft-gegenseitigkeit-uberdenken\/#primaryimage"},"thumbnailUrl":"https:\/\/interreg-grace.eu\/wp-content\/uploads\/2025\/07\/Capture-decran-2025-08-29-102602.png","datePublished":"2025-08-29T08:29:52+00:00","description":"Diese beiden Tagesveranstaltungen laden dazu ein, gemeinsam dar\u00fcber nachzudenken, was Nachbarschaft in der k\u00fcnstlerischen und kulturellen Praxis bedeutet.","breadcrumb":{"@id":"https:\/\/interreg-grace.eu\/de\/event\/willkommenskultur-gastfreundschaft-und-nachbarschaft-gegenseitigkeit-uberdenken\/#breadcrumb"},"inLanguage":"de","potentialAction":[{"@type":"ReadAction","target":["https:\/\/interreg-grace.eu\/de\/event\/willkommenskultur-gastfreundschaft-und-nachbarschaft-gegenseitigkeit-uberdenken\/"]}]},{"@type":"ImageObject","inLanguage":"de","@id":"https:\/\/interreg-grace.eu\/de\/event\/willkommenskultur-gastfreundschaft-und-nachbarschaft-gegenseitigkeit-uberdenken\/#primaryimage","url":"https:\/\/interreg-grace.eu\/wp-content\/uploads\/2025\/07\/Capture-decran-2025-08-29-102602.png","contentUrl":"https:\/\/interreg-grace.eu\/wp-content\/uploads\/2025\/07\/Capture-decran-2025-08-29-102602.png","width":846,"height":598},{"@type":"BreadcrumbList","@id":"https:\/\/interreg-grace.eu\/de\/event\/willkommenskultur-gastfreundschaft-und-nachbarschaft-gegenseitigkeit-uberdenken\/#breadcrumb","itemListElement":[{"@type":"ListItem","position":1,"name":"Accueil","item":"https:\/\/interreg-grace.eu\/de\/"},{"@type":"ListItem","position":2,"name":"Veranstaltungen","item":"https:\/\/interreg-grace.eu\/de\/events\/"},{"@type":"ListItem","position":3,"name":"Willkommenskultur, Gastfreundschaft und Nachbarschaft: Gegenseitigkeit \u00fcberdenken"}]},{"@type":"WebSite","@id":"https:\/\/interreg-grace.eu\/de\/#website","url":"https:\/\/interreg-grace.eu\/de\/","name":"Projet GRACE","description":"Greater Region Artistic and Cultural Education","publisher":{"@id":"https:\/\/interreg-grace.eu\/de\/#organization"},"potentialAction":[{"@type":"SearchAction","target":{"@type":"EntryPoint","urlTemplate":"https:\/\/interreg-grace.eu\/de\/?s={search_term_string}"},"query-input":{"@type":"PropertyValueSpecification","valueRequired":true,"valueName":"search_term_string"}}],"inLanguage":"de"},{"@type":"Organization","@id":"https:\/\/interreg-grace.eu\/de\/#organization","name":"Interreg Grace","alternateName":"Greater Region Artistic and Cultural Education","url":"https:\/\/interreg-grace.eu\/de\/","logo":{"@type":"ImageObject","inLanguage":"de","@id":"https:\/\/interreg-grace.eu\/de\/#\/schema\/logo\/image\/","url":"https:\/\/interreg-grace.eu\/wp-content\/uploads\/2024\/08\/cropped-favicon-grace.webp","contentUrl":"https:\/\/interreg-grace.eu\/wp-content\/uploads\/2024\/08\/cropped-favicon-grace.webp","width":512,"height":512,"caption":"Interreg Grace"},"image":{"@id":"https:\/\/interreg-grace.eu\/de\/#\/schema\/logo\/image\/"},"sameAs":["https:\/\/www.linkedin.com\/company\/interreg-grace\/"]}]}},"_links":{"self":[{"href":"https:\/\/interreg-grace.eu\/de\/wp-json\/wp\/v2\/tribe_events\/6472","targetHints":{"allow":["GET"]}}],"collection":[{"href":"https:\/\/interreg-grace.eu\/de\/wp-json\/wp\/v2\/tribe_events"}],"about":[{"href":"https:\/\/interreg-grace.eu\/de\/wp-json\/wp\/v2\/types\/tribe_events"}],"author":[{"embeddable":true,"href":"https:\/\/interreg-grace.eu\/de\/wp-json\/wp\/v2\/users\/2"}],"version-history":[{"count":1,"href":"https:\/\/interreg-grace.eu\/de\/wp-json\/wp\/v2\/tribe_events\/6472\/revisions"}],"predecessor-version":[{"id":6697,"href":"https:\/\/interreg-grace.eu\/de\/wp-json\/wp\/v2\/tribe_events\/6472\/revisions\/6697"}],"wp:featuredmedia":[{"embeddable":true,"href":"https:\/\/interreg-grace.eu\/de\/wp-json\/wp\/v2\/media\/6693"}],"wp:attachment":[{"href":"https:\/\/interreg-grace.eu\/de\/wp-json\/wp\/v2\/media?parent=6472"}],"wp:term":[{"taxonomy":"post_tag","embeddable":true,"href":"https:\/\/interreg-grace.eu\/de\/wp-json\/wp\/v2\/tags?post=6472"},{"taxonomy":"tribe_events_cat","embeddable":true,"href":"https:\/\/interreg-grace.eu\/de\/wp-json\/wp\/v2\/tribe_events_cat?post=6472"}],"curies":[{"name":"wp","href":"https:\/\/api.w.org\/{rel}","templated":true}]}}