{"id":6397,"date":"2025-06-03T12:12:58","date_gmt":"2025-06-03T10:12:58","guid":{"rendered":"https:\/\/interreg-grace.eu\/?post_type=tribe_events&#038;p=6397"},"modified":"2025-06-03T12:12:58","modified_gmt":"2025-06-03T10:12:58","slug":"ctrl-art-educ-fachtreffen-zu-digitaler-kunst-und-kultureller-bildung","status":"publish","type":"tribe_events","link":"https:\/\/interreg-grace.eu\/de\/event\/ctrl-art-educ-fachtreffen-zu-digitaler-kunst-und-kultureller-bildung\/","title":{"rendered":"CTRL + ART + \u00c9DUC \u2014 Fachtreffen zu digitaler Kunst und kultureller Bildung"},"content":{"rendered":"<div class=\"elementor-element elementor-element-0164494 h5 elementor-widget elementor-widget-text-editor --animated\" data-id=\"0164494\" data-element_type=\"widget\" data-widget_type=\"text-editor.default\">\n<p data-pm-slice=\"1 1 []\">Die ganzt\u00e4gige Veranstaltung ist kostenfrei und richtet sich an ein breites Publikum \u2013 Fachleute, Studierende und Interessierte gleicherma\u00dfen. Sie bietet die Gelegenheit, die Arbeiten der luxemburgischen K\u00fcnstler*innen Damiano Picci und Zohra Mrad sowie des Kollektivs Eddi van Tsui kennenzulernen, die im Rahmen einer Residenz entstanden sind. Dar\u00fcber hinaus gibt es vielf\u00e4ltige Begegnungen mit k\u00fcnstlerischen Akteur*innen der Gro\u00dfregion. Vortr\u00e4ge, interaktive Pr\u00e4sentationen und Projekt-Pitches greifen zentrale Themen wie k\u00fcnstliche Intelligenz sowie Kulturelle Bildung auf.  <\/p>\n<\/div>\n<div data-id=\"6e5bb07\" data-element_type=\"widget\" data-widget_type=\"button.default\">\n<p>Ein besonderer Programmpunkt ist der Vorstellung der neuen Ausschreibung f\u00fcr die grenz\u00fcberschreitende Residenz gewidmet, die von den Rotondes (Luxemburg), der Stadt Metz und Bliiida gemeinsam getragen wird. Das 2024 initiierte Programm f\u00f6rdert zwei wechselseitige Residenzen zwischen Metz und Luxemburg, bei denen k\u00fcnstlerische Produktion und Bildungsarbeit miteinander verkn\u00fcpft werden. <\/p>\n<p>Die Teilnahme ist kostenlos, eine Anmeldung \u00fcber das Online-Formular ist erforderlich: <a href=\"https:\/\/forms.office.com\/e\/W2ieDiYbW7?origin=lprLink\">https:\/\/forms.office.com\/e\/W2ieDiYbW7?origin=lprLink<\/a><\/p>\n<\/div>\n","protected":false},"excerpt":{"rendered":"<p>Die ganzt\u00e4gige Veranstaltung ist kostenfrei und richtet sich an ein  [&#8230;]<\/p>\n","protected":false},"author":3,"featured_media":6394,"template":"","meta":{"_acf_changed":false,"_tribe_events_status":"","_tribe_events_status_reason":"","footnotes":""},"tags":[100],"tribe_events_cat":[97,119,113,125],"class_list":["post-6397","tribe_events","type-tribe_events","status-publish","has-post-thumbnail","hentry","tag-digitale-kunste","tribe_events_cat-tout-public-de","tribe_events_cat-digitale-kunste","tribe_events_cat-frankreich","tribe_events_cat-konferenz","cat_tout-public-de","cat_digitale-kunste","cat_frankreich","cat_konferenz"],"acf":[],"yoast_head":"<!-- This site is optimized with the Yoast SEO Premium plugin v24.7 (Yoast SEO v27.3) - https:\/\/yoast.com\/product\/yoast-seo-premium-wordpress\/ -->\n<title>CTRL + ART + \u00c9DUC \u2014 Fachtreffen zu digitaler Kunst und kultureller Bildung - Projet GRACE<\/title>\n<meta name=\"robots\" content=\"index, follow, max-snippet:-1, max-image-preview:large, max-video-preview:-1\" \/>\n<link rel=\"canonical\" href=\"https:\/\/interreg-grace.eu\/de\/event\/ctrl-art-educ-fachtreffen-zu-digitaler-kunst-und-kultureller-bildung\/\" \/>\n<meta property=\"og:locale\" content=\"de_DE\" \/>\n<meta property=\"og:type\" content=\"article\" \/>\n<meta property=\"og:title\" content=\"CTRL + ART + \u00c9DUC \u2014 Fachtreffen zu digitaler Kunst und kultureller Bildung\" \/>\n<meta property=\"og:description\" content=\"Die ganzt\u00e4gige Veranstaltung ist kostenfrei und richtet sich an ein [...]\" \/>\n<meta property=\"og:url\" content=\"https:\/\/interreg-grace.eu\/de\/event\/ctrl-art-educ-fachtreffen-zu-digitaler-kunst-und-kultureller-bildung\/\" \/>\n<meta property=\"og:site_name\" content=\"Projet GRACE\" \/>\n<meta property=\"og:image\" content=\"https:\/\/interreg-grace.eu\/wp-content\/uploads\/2025\/06\/rencontres-pro.jpg\" \/>\n\t<meta property=\"og:image:width\" content=\"828\" \/>\n\t<meta property=\"og:image:height\" content=\"1031\" \/>\n\t<meta property=\"og:image:type\" content=\"image\/jpeg\" \/>\n<meta name=\"twitter:card\" content=\"summary_large_image\" \/>\n<meta name=\"twitter:label1\" content=\"Gesch\u00e4tzte Lesezeit\" \/>\n\t<meta name=\"twitter:data1\" content=\"1\u00a0Minute\" \/>\n<script type=\"application\/ld+json\" class=\"yoast-schema-graph\">{\"@context\":\"https:\\\/\\\/schema.org\",\"@graph\":[{\"@type\":\"WebPage\",\"@id\":\"https:\\\/\\\/interreg-grace.eu\\\/de\\\/event\\\/ctrl-art-educ-fachtreffen-zu-digitaler-kunst-und-kultureller-bildung\\\/\",\"url\":\"https:\\\/\\\/interreg-grace.eu\\\/de\\\/event\\\/ctrl-art-educ-fachtreffen-zu-digitaler-kunst-und-kultureller-bildung\\\/\",\"name\":\"CTRL + ART + \u00c9DUC \u2014 Fachtreffen zu digitaler Kunst und kultureller Bildung - Projet GRACE\",\"isPartOf\":{\"@id\":\"https:\\\/\\\/interreg-grace.eu\\\/de\\\/#website\"},\"primaryImageOfPage\":{\"@id\":\"https:\\\/\\\/interreg-grace.eu\\\/de\\\/event\\\/ctrl-art-educ-fachtreffen-zu-digitaler-kunst-und-kultureller-bildung\\\/#primaryimage\"},\"image\":{\"@id\":\"https:\\\/\\\/interreg-grace.eu\\\/de\\\/event\\\/ctrl-art-educ-fachtreffen-zu-digitaler-kunst-und-kultureller-bildung\\\/#primaryimage\"},\"thumbnailUrl\":\"https:\\\/\\\/interreg-grace.eu\\\/wp-content\\\/uploads\\\/2025\\\/06\\\/rencontres-pro.jpg\",\"datePublished\":\"2025-06-03T10:12:58+00:00\",\"breadcrumb\":{\"@id\":\"https:\\\/\\\/interreg-grace.eu\\\/de\\\/event\\\/ctrl-art-educ-fachtreffen-zu-digitaler-kunst-und-kultureller-bildung\\\/#breadcrumb\"},\"inLanguage\":\"de\",\"potentialAction\":[{\"@type\":\"ReadAction\",\"target\":[\"https:\\\/\\\/interreg-grace.eu\\\/de\\\/event\\\/ctrl-art-educ-fachtreffen-zu-digitaler-kunst-und-kultureller-bildung\\\/\"]}]},{\"@type\":\"ImageObject\",\"inLanguage\":\"de\",\"@id\":\"https:\\\/\\\/interreg-grace.eu\\\/de\\\/event\\\/ctrl-art-educ-fachtreffen-zu-digitaler-kunst-und-kultureller-bildung\\\/#primaryimage\",\"url\":\"https:\\\/\\\/interreg-grace.eu\\\/wp-content\\\/uploads\\\/2025\\\/06\\\/rencontres-pro.jpg\",\"contentUrl\":\"https:\\\/\\\/interreg-grace.eu\\\/wp-content\\\/uploads\\\/2025\\\/06\\\/rencontres-pro.jpg\",\"width\":828,\"height\":1031},{\"@type\":\"BreadcrumbList\",\"@id\":\"https:\\\/\\\/interreg-grace.eu\\\/de\\\/event\\\/ctrl-art-educ-fachtreffen-zu-digitaler-kunst-und-kultureller-bildung\\\/#breadcrumb\",\"itemListElement\":[{\"@type\":\"ListItem\",\"position\":1,\"name\":\"Accueil\",\"item\":\"https:\\\/\\\/interreg-grace.eu\\\/de\\\/\"},{\"@type\":\"ListItem\",\"position\":2,\"name\":\"Veranstaltungen\",\"item\":\"https:\\\/\\\/interreg-grace.eu\\\/de\\\/events\\\/\"},{\"@type\":\"ListItem\",\"position\":3,\"name\":\"CTRL + ART + \u00c9DUC \u2014 Fachtreffen zu digitaler Kunst und kultureller Bildung\"}]},{\"@type\":\"WebSite\",\"@id\":\"https:\\\/\\\/interreg-grace.eu\\\/de\\\/#website\",\"url\":\"https:\\\/\\\/interreg-grace.eu\\\/de\\\/\",\"name\":\"Projet GRACE\",\"description\":\"Greater Region Artistic and Cultural Education\",\"publisher\":{\"@id\":\"https:\\\/\\\/interreg-grace.eu\\\/de\\\/#organization\"},\"potentialAction\":[{\"@type\":\"SearchAction\",\"target\":{\"@type\":\"EntryPoint\",\"urlTemplate\":\"https:\\\/\\\/interreg-grace.eu\\\/de\\\/?s={search_term_string}\"},\"query-input\":{\"@type\":\"PropertyValueSpecification\",\"valueRequired\":true,\"valueName\":\"search_term_string\"}}],\"inLanguage\":\"de\"},{\"@type\":\"Organization\",\"@id\":\"https:\\\/\\\/interreg-grace.eu\\\/de\\\/#organization\",\"name\":\"Interreg Grace\",\"alternateName\":\"Greater Region Artistic and Cultural Education\",\"url\":\"https:\\\/\\\/interreg-grace.eu\\\/de\\\/\",\"logo\":{\"@type\":\"ImageObject\",\"inLanguage\":\"de\",\"@id\":\"https:\\\/\\\/interreg-grace.eu\\\/de\\\/#\\\/schema\\\/logo\\\/image\\\/\",\"url\":\"https:\\\/\\\/interreg-grace.eu\\\/wp-content\\\/uploads\\\/2024\\\/08\\\/cropped-favicon-grace.webp\",\"contentUrl\":\"https:\\\/\\\/interreg-grace.eu\\\/wp-content\\\/uploads\\\/2024\\\/08\\\/cropped-favicon-grace.webp\",\"width\":512,\"height\":512,\"caption\":\"Interreg Grace\"},\"image\":{\"@id\":\"https:\\\/\\\/interreg-grace.eu\\\/de\\\/#\\\/schema\\\/logo\\\/image\\\/\"},\"sameAs\":[\"https:\\\/\\\/www.linkedin.com\\\/company\\\/interreg-grace\\\/\"]}]}<\/script>\n<!-- \/ Yoast SEO Premium plugin. -->","yoast_head_json":{"title":"CTRL + ART + \u00c9DUC \u2014 Fachtreffen zu digitaler Kunst und kultureller Bildung - Projet GRACE","robots":{"index":"index","follow":"follow","max-snippet":"max-snippet:-1","max-image-preview":"max-image-preview:large","max-video-preview":"max-video-preview:-1"},"canonical":"https:\/\/interreg-grace.eu\/de\/event\/ctrl-art-educ-fachtreffen-zu-digitaler-kunst-und-kultureller-bildung\/","og_locale":"de_DE","og_type":"article","og_title":"CTRL + ART + \u00c9DUC \u2014 Fachtreffen zu digitaler Kunst und kultureller Bildung","og_description":"Die ganzt\u00e4gige Veranstaltung ist kostenfrei und richtet sich an ein [...]","og_url":"https:\/\/interreg-grace.eu\/de\/event\/ctrl-art-educ-fachtreffen-zu-digitaler-kunst-und-kultureller-bildung\/","og_site_name":"Projet GRACE","og_image":[{"width":828,"height":1031,"url":"https:\/\/interreg-grace.eu\/wp-content\/uploads\/2025\/06\/rencontres-pro.jpg","type":"image\/jpeg"}],"twitter_card":"summary_large_image","twitter_misc":{"Gesch\u00e4tzte Lesezeit":"1\u00a0Minute"},"schema":{"@context":"https:\/\/schema.org","@graph":[{"@type":"WebPage","@id":"https:\/\/interreg-grace.eu\/de\/event\/ctrl-art-educ-fachtreffen-zu-digitaler-kunst-und-kultureller-bildung\/","url":"https:\/\/interreg-grace.eu\/de\/event\/ctrl-art-educ-fachtreffen-zu-digitaler-kunst-und-kultureller-bildung\/","name":"CTRL + ART + \u00c9DUC \u2014 Fachtreffen zu digitaler Kunst und kultureller Bildung - Projet GRACE","isPartOf":{"@id":"https:\/\/interreg-grace.eu\/de\/#website"},"primaryImageOfPage":{"@id":"https:\/\/interreg-grace.eu\/de\/event\/ctrl-art-educ-fachtreffen-zu-digitaler-kunst-und-kultureller-bildung\/#primaryimage"},"image":{"@id":"https:\/\/interreg-grace.eu\/de\/event\/ctrl-art-educ-fachtreffen-zu-digitaler-kunst-und-kultureller-bildung\/#primaryimage"},"thumbnailUrl":"https:\/\/interreg-grace.eu\/wp-content\/uploads\/2025\/06\/rencontres-pro.jpg","datePublished":"2025-06-03T10:12:58+00:00","breadcrumb":{"@id":"https:\/\/interreg-grace.eu\/de\/event\/ctrl-art-educ-fachtreffen-zu-digitaler-kunst-und-kultureller-bildung\/#breadcrumb"},"inLanguage":"de","potentialAction":[{"@type":"ReadAction","target":["https:\/\/interreg-grace.eu\/de\/event\/ctrl-art-educ-fachtreffen-zu-digitaler-kunst-und-kultureller-bildung\/"]}]},{"@type":"ImageObject","inLanguage":"de","@id":"https:\/\/interreg-grace.eu\/de\/event\/ctrl-art-educ-fachtreffen-zu-digitaler-kunst-und-kultureller-bildung\/#primaryimage","url":"https:\/\/interreg-grace.eu\/wp-content\/uploads\/2025\/06\/rencontres-pro.jpg","contentUrl":"https:\/\/interreg-grace.eu\/wp-content\/uploads\/2025\/06\/rencontres-pro.jpg","width":828,"height":1031},{"@type":"BreadcrumbList","@id":"https:\/\/interreg-grace.eu\/de\/event\/ctrl-art-educ-fachtreffen-zu-digitaler-kunst-und-kultureller-bildung\/#breadcrumb","itemListElement":[{"@type":"ListItem","position":1,"name":"Accueil","item":"https:\/\/interreg-grace.eu\/de\/"},{"@type":"ListItem","position":2,"name":"Veranstaltungen","item":"https:\/\/interreg-grace.eu\/de\/events\/"},{"@type":"ListItem","position":3,"name":"CTRL + ART + \u00c9DUC \u2014 Fachtreffen zu digitaler Kunst und kultureller Bildung"}]},{"@type":"WebSite","@id":"https:\/\/interreg-grace.eu\/de\/#website","url":"https:\/\/interreg-grace.eu\/de\/","name":"Projet GRACE","description":"Greater Region Artistic and Cultural Education","publisher":{"@id":"https:\/\/interreg-grace.eu\/de\/#organization"},"potentialAction":[{"@type":"SearchAction","target":{"@type":"EntryPoint","urlTemplate":"https:\/\/interreg-grace.eu\/de\/?s={search_term_string}"},"query-input":{"@type":"PropertyValueSpecification","valueRequired":true,"valueName":"search_term_string"}}],"inLanguage":"de"},{"@type":"Organization","@id":"https:\/\/interreg-grace.eu\/de\/#organization","name":"Interreg Grace","alternateName":"Greater Region Artistic and Cultural Education","url":"https:\/\/interreg-grace.eu\/de\/","logo":{"@type":"ImageObject","inLanguage":"de","@id":"https:\/\/interreg-grace.eu\/de\/#\/schema\/logo\/image\/","url":"https:\/\/interreg-grace.eu\/wp-content\/uploads\/2024\/08\/cropped-favicon-grace.webp","contentUrl":"https:\/\/interreg-grace.eu\/wp-content\/uploads\/2024\/08\/cropped-favicon-grace.webp","width":512,"height":512,"caption":"Interreg Grace"},"image":{"@id":"https:\/\/interreg-grace.eu\/de\/#\/schema\/logo\/image\/"},"sameAs":["https:\/\/www.linkedin.com\/company\/interreg-grace\/"]}]}},"_links":{"self":[{"href":"https:\/\/interreg-grace.eu\/de\/wp-json\/wp\/v2\/tribe_events\/6397","targetHints":{"allow":["GET"]}}],"collection":[{"href":"https:\/\/interreg-grace.eu\/de\/wp-json\/wp\/v2\/tribe_events"}],"about":[{"href":"https:\/\/interreg-grace.eu\/de\/wp-json\/wp\/v2\/types\/tribe_events"}],"author":[{"embeddable":true,"href":"https:\/\/interreg-grace.eu\/de\/wp-json\/wp\/v2\/users\/3"}],"version-history":[{"count":1,"href":"https:\/\/interreg-grace.eu\/de\/wp-json\/wp\/v2\/tribe_events\/6397\/revisions"}],"predecessor-version":[{"id":6398,"href":"https:\/\/interreg-grace.eu\/de\/wp-json\/wp\/v2\/tribe_events\/6397\/revisions\/6398"}],"wp:featuredmedia":[{"embeddable":true,"href":"https:\/\/interreg-grace.eu\/de\/wp-json\/wp\/v2\/media\/6394"}],"wp:attachment":[{"href":"https:\/\/interreg-grace.eu\/de\/wp-json\/wp\/v2\/media?parent=6397"}],"wp:term":[{"taxonomy":"post_tag","embeddable":true,"href":"https:\/\/interreg-grace.eu\/de\/wp-json\/wp\/v2\/tags?post=6397"},{"taxonomy":"tribe_events_cat","embeddable":true,"href":"https:\/\/interreg-grace.eu\/de\/wp-json\/wp\/v2\/tribe_events_cat?post=6397"}],"curies":[{"name":"wp","href":"https:\/\/api.w.org\/{rel}","templated":true}]}}