{"id":6286,"date":"2025-05-13T10:13:48","date_gmt":"2025-05-13T08:13:48","guid":{"rendered":"https:\/\/interreg-grace.eu\/event\/gekreuzte-residenz-treffen-mit-dem-luxemburgischen-autor-jerome-quiqueret\/"},"modified":"2025-05-13T10:13:48","modified_gmt":"2025-05-13T08:13:48","slug":"gekreuzte-residenz-treffen-mit-dem-luxemburgischen-autor-jerome-quiqueret","status":"publish","type":"tribe_events","link":"https:\/\/interreg-grace.eu\/de\/event\/gekreuzte-residenz-treffen-mit-dem-luxemburgischen-autor-jerome-quiqueret\/","title":{"rendered":"Gekreuzte Residenz: Treffen mit dem luxemburgischen Autor J\u00e9r\u00f4me Quiqueret"},"content":{"rendered":"<p>Treffen mit dem Schriftsteller J\u00e9r\u00f4me Quiqueret (Preistr\u00e4ger des Prix Servais 2023 f\u00fcr seinen Roman Tout doit dispara\u00eetre) im Rahmen der franz\u00f6sisch-luxemburgischen Residenz, die vom Centre de recherche sur les m\u00e9diations (Universit\u00e9 de Lorraine) und dem Maison de la litt\u00e9rature (Mersch, Luxemburg) mit Unterst\u00fctzung des Interreg-Projekts GRACE und den assoziierten Partnern (Franz\u00f6sische Botschaft in Luxemburg\/ Institut fran\u00e7ais de Luxembourg, Drac Grand Est, Kulturministerium des Gro\u00dfherzogtums Luxemburg, Stadt Metz) getragen wird.<\/p>\n<p>Begegnung unter der Leitung von Anne-Marie Carlier von der Buchhandlung Autour du Monde.<br \/>\nIn Partnerschaft mit dem Centre de recherche sur les m\u00e9diations (CREM) der Universit\u00e9 de Lorraine.<\/p>\n<p>Montag, 19. Mai, 18.00 bis 20.00 Uhr<br \/>\nL&#8217;Agora &#8211; Mediathek-Sozialzentrum<br \/>\nKostenlos<br \/>\nJedermann, freier Eintritt<\/p>\n","protected":false},"excerpt":{"rendered":"<p>Treffen mit dem Schriftsteller J\u00e9r\u00f4me Quiqueret (Preistr\u00e4ger des Prix Servais 2023 f\u00fcr seinen Roman Tout doit dispara\u00eetre) im Rahmen der franz\u00f6sisch-luxemburgischen Residenz, die vom Centre de recherche sur les m\u00e9diations (Universit\u00e9 de Lorraine) und dem Maison de la litt\u00e9rature (Mersch, Luxemburg) mit Unterst\u00fctzung des Interreg-Projekts GRACE und den assoziierten Partnern (Franz\u00f6sische Botschaft in Luxemburg\/ Institut fran\u00e7ais de Luxembourg, Drac Grand Est, Kulturministerium des Gro\u00dfherzogtums Luxemburg, Stadt Metz) getragen wird.<\/p>\n","protected":false},"author":3,"featured_media":6265,"template":"","meta":{"_acf_changed":false,"_tribe_events_status":"","_tribe_events_status_reason":"","footnotes":""},"tags":[110,154],"tribe_events_cat":[97,113,125],"class_list":["post-6286","tribe_events","type-tribe_events","status-publish","has-post-thumbnail","hentry","tag-erbe","tag-literatur","tribe_events_cat-tout-public-de","tribe_events_cat-frankreich","tribe_events_cat-konferenz","cat_tout-public-de","cat_frankreich","cat_konferenz"],"acf":[],"yoast_head":"<!-- This site is optimized with the Yoast SEO Premium plugin v24.7 (Yoast SEO v27.3) - https:\/\/yoast.com\/product\/yoast-seo-premium-wordpress\/ -->\n<title>Gekreuzte Residenz: Treffen mit dem luxemburgischen Autor J\u00e9r\u00f4me Quiqueret - Projet GRACE<\/title>\n<meta name=\"robots\" content=\"index, follow, max-snippet:-1, max-image-preview:large, max-video-preview:-1\" \/>\n<link rel=\"canonical\" href=\"https:\/\/interreg-grace.eu\/de\/event\/gekreuzte-residenz-treffen-mit-dem-luxemburgischen-autor-jerome-quiqueret\/\" \/>\n<meta property=\"og:locale\" content=\"de_DE\" \/>\n<meta property=\"og:type\" content=\"article\" \/>\n<meta property=\"og:title\" content=\"Gekreuzte Residenz: Treffen mit dem luxemburgischen Autor J\u00e9r\u00f4me Quiqueret\" \/>\n<meta property=\"og:description\" content=\"Treffen mit dem Schriftsteller J\u00e9r\u00f4me Quiqueret (Preistr\u00e4ger des Prix Servais 2023 f\u00fcr seinen Roman Tout doit dispara\u00eetre) im Rahmen der franz\u00f6sisch-luxemburgischen Residenz, die vom Centre de recherche sur les m\u00e9diations (Universit\u00e9 de Lorraine) und dem Maison de la litt\u00e9rature (Mersch, Luxemburg) mit Unterst\u00fctzung des Interreg-Projekts GRACE und den assoziierten Partnern (Franz\u00f6sische Botschaft in Luxemburg\/ Institut fran\u00e7ais de Luxembourg, Drac Grand Est, Kulturministerium des Gro\u00dfherzogtums Luxemburg, Stadt Metz) getragen wird.\" \/>\n<meta property=\"og:url\" content=\"https:\/\/interreg-grace.eu\/de\/event\/gekreuzte-residenz-treffen-mit-dem-luxemburgischen-autor-jerome-quiqueret\/\" \/>\n<meta property=\"og:site_name\" content=\"Projet GRACE\" \/>\n<meta property=\"og:image\" content=\"https:\/\/interreg-grace.eu\/wp-content\/uploads\/2025\/05\/Image1.jpg\" \/>\n\t<meta property=\"og:image:width\" content=\"953\" \/>\n\t<meta property=\"og:image:height\" content=\"634\" \/>\n\t<meta property=\"og:image:type\" content=\"image\/jpeg\" \/>\n<meta name=\"twitter:card\" content=\"summary_large_image\" \/>\n<meta name=\"twitter:label1\" content=\"Gesch\u00e4tzte Lesezeit\" \/>\n\t<meta name=\"twitter:data1\" content=\"1\u00a0Minute\" \/>\n<script type=\"application\/ld+json\" class=\"yoast-schema-graph\">{\"@context\":\"https:\\\/\\\/schema.org\",\"@graph\":[{\"@type\":\"WebPage\",\"@id\":\"https:\\\/\\\/interreg-grace.eu\\\/de\\\/event\\\/gekreuzte-residenz-treffen-mit-dem-luxemburgischen-autor-jerome-quiqueret\\\/\",\"url\":\"https:\\\/\\\/interreg-grace.eu\\\/de\\\/event\\\/gekreuzte-residenz-treffen-mit-dem-luxemburgischen-autor-jerome-quiqueret\\\/\",\"name\":\"Gekreuzte Residenz: Treffen mit dem luxemburgischen Autor J\u00e9r\u00f4me Quiqueret - Projet GRACE\",\"isPartOf\":{\"@id\":\"https:\\\/\\\/interreg-grace.eu\\\/de\\\/#website\"},\"primaryImageOfPage\":{\"@id\":\"https:\\\/\\\/interreg-grace.eu\\\/de\\\/event\\\/gekreuzte-residenz-treffen-mit-dem-luxemburgischen-autor-jerome-quiqueret\\\/#primaryimage\"},\"image\":{\"@id\":\"https:\\\/\\\/interreg-grace.eu\\\/de\\\/event\\\/gekreuzte-residenz-treffen-mit-dem-luxemburgischen-autor-jerome-quiqueret\\\/#primaryimage\"},\"thumbnailUrl\":\"https:\\\/\\\/interreg-grace.eu\\\/wp-content\\\/uploads\\\/2025\\\/05\\\/Image1.jpg\",\"datePublished\":\"2025-05-13T08:13:48+00:00\",\"breadcrumb\":{\"@id\":\"https:\\\/\\\/interreg-grace.eu\\\/de\\\/event\\\/gekreuzte-residenz-treffen-mit-dem-luxemburgischen-autor-jerome-quiqueret\\\/#breadcrumb\"},\"inLanguage\":\"de\",\"potentialAction\":[{\"@type\":\"ReadAction\",\"target\":[\"https:\\\/\\\/interreg-grace.eu\\\/de\\\/event\\\/gekreuzte-residenz-treffen-mit-dem-luxemburgischen-autor-jerome-quiqueret\\\/\"]}]},{\"@type\":\"ImageObject\",\"inLanguage\":\"de\",\"@id\":\"https:\\\/\\\/interreg-grace.eu\\\/de\\\/event\\\/gekreuzte-residenz-treffen-mit-dem-luxemburgischen-autor-jerome-quiqueret\\\/#primaryimage\",\"url\":\"https:\\\/\\\/interreg-grace.eu\\\/wp-content\\\/uploads\\\/2025\\\/05\\\/Image1.jpg\",\"contentUrl\":\"https:\\\/\\\/interreg-grace.eu\\\/wp-content\\\/uploads\\\/2025\\\/05\\\/Image1.jpg\",\"width\":953,\"height\":634},{\"@type\":\"BreadcrumbList\",\"@id\":\"https:\\\/\\\/interreg-grace.eu\\\/de\\\/event\\\/gekreuzte-residenz-treffen-mit-dem-luxemburgischen-autor-jerome-quiqueret\\\/#breadcrumb\",\"itemListElement\":[{\"@type\":\"ListItem\",\"position\":1,\"name\":\"Accueil\",\"item\":\"https:\\\/\\\/interreg-grace.eu\\\/de\\\/\"},{\"@type\":\"ListItem\",\"position\":2,\"name\":\"Veranstaltungen\",\"item\":\"https:\\\/\\\/interreg-grace.eu\\\/de\\\/events\\\/\"},{\"@type\":\"ListItem\",\"position\":3,\"name\":\"Gekreuzte Residenz: Treffen mit dem luxemburgischen Autor J\u00e9r\u00f4me Quiqueret\"}]},{\"@type\":\"WebSite\",\"@id\":\"https:\\\/\\\/interreg-grace.eu\\\/de\\\/#website\",\"url\":\"https:\\\/\\\/interreg-grace.eu\\\/de\\\/\",\"name\":\"Projet GRACE\",\"description\":\"Greater Region Artistic and Cultural Education\",\"publisher\":{\"@id\":\"https:\\\/\\\/interreg-grace.eu\\\/de\\\/#organization\"},\"potentialAction\":[{\"@type\":\"SearchAction\",\"target\":{\"@type\":\"EntryPoint\",\"urlTemplate\":\"https:\\\/\\\/interreg-grace.eu\\\/de\\\/?s={search_term_string}\"},\"query-input\":{\"@type\":\"PropertyValueSpecification\",\"valueRequired\":true,\"valueName\":\"search_term_string\"}}],\"inLanguage\":\"de\"},{\"@type\":\"Organization\",\"@id\":\"https:\\\/\\\/interreg-grace.eu\\\/de\\\/#organization\",\"name\":\"Interreg Grace\",\"alternateName\":\"Greater Region Artistic and Cultural Education\",\"url\":\"https:\\\/\\\/interreg-grace.eu\\\/de\\\/\",\"logo\":{\"@type\":\"ImageObject\",\"inLanguage\":\"de\",\"@id\":\"https:\\\/\\\/interreg-grace.eu\\\/de\\\/#\\\/schema\\\/logo\\\/image\\\/\",\"url\":\"https:\\\/\\\/interreg-grace.eu\\\/wp-content\\\/uploads\\\/2024\\\/08\\\/cropped-favicon-grace.webp\",\"contentUrl\":\"https:\\\/\\\/interreg-grace.eu\\\/wp-content\\\/uploads\\\/2024\\\/08\\\/cropped-favicon-grace.webp\",\"width\":512,\"height\":512,\"caption\":\"Interreg Grace\"},\"image\":{\"@id\":\"https:\\\/\\\/interreg-grace.eu\\\/de\\\/#\\\/schema\\\/logo\\\/image\\\/\"},\"sameAs\":[\"https:\\\/\\\/www.linkedin.com\\\/company\\\/interreg-grace\\\/\"]}]}<\/script>\n<!-- \/ Yoast SEO Premium plugin. -->","yoast_head_json":{"title":"Gekreuzte Residenz: Treffen mit dem luxemburgischen Autor J\u00e9r\u00f4me Quiqueret - Projet GRACE","robots":{"index":"index","follow":"follow","max-snippet":"max-snippet:-1","max-image-preview":"max-image-preview:large","max-video-preview":"max-video-preview:-1"},"canonical":"https:\/\/interreg-grace.eu\/de\/event\/gekreuzte-residenz-treffen-mit-dem-luxemburgischen-autor-jerome-quiqueret\/","og_locale":"de_DE","og_type":"article","og_title":"Gekreuzte Residenz: Treffen mit dem luxemburgischen Autor J\u00e9r\u00f4me Quiqueret","og_description":"Treffen mit dem Schriftsteller J\u00e9r\u00f4me Quiqueret (Preistr\u00e4ger des Prix Servais 2023 f\u00fcr seinen Roman Tout doit dispara\u00eetre) im Rahmen der franz\u00f6sisch-luxemburgischen Residenz, die vom Centre de recherche sur les m\u00e9diations (Universit\u00e9 de Lorraine) und dem Maison de la litt\u00e9rature (Mersch, Luxemburg) mit Unterst\u00fctzung des Interreg-Projekts GRACE und den assoziierten Partnern (Franz\u00f6sische Botschaft in Luxemburg\/ Institut fran\u00e7ais de Luxembourg, Drac Grand Est, Kulturministerium des Gro\u00dfherzogtums Luxemburg, Stadt Metz) getragen wird.","og_url":"https:\/\/interreg-grace.eu\/de\/event\/gekreuzte-residenz-treffen-mit-dem-luxemburgischen-autor-jerome-quiqueret\/","og_site_name":"Projet GRACE","og_image":[{"width":953,"height":634,"url":"https:\/\/interreg-grace.eu\/wp-content\/uploads\/2025\/05\/Image1.jpg","type":"image\/jpeg"}],"twitter_card":"summary_large_image","twitter_misc":{"Gesch\u00e4tzte Lesezeit":"1\u00a0Minute"},"schema":{"@context":"https:\/\/schema.org","@graph":[{"@type":"WebPage","@id":"https:\/\/interreg-grace.eu\/de\/event\/gekreuzte-residenz-treffen-mit-dem-luxemburgischen-autor-jerome-quiqueret\/","url":"https:\/\/interreg-grace.eu\/de\/event\/gekreuzte-residenz-treffen-mit-dem-luxemburgischen-autor-jerome-quiqueret\/","name":"Gekreuzte Residenz: Treffen mit dem luxemburgischen Autor J\u00e9r\u00f4me Quiqueret - Projet GRACE","isPartOf":{"@id":"https:\/\/interreg-grace.eu\/de\/#website"},"primaryImageOfPage":{"@id":"https:\/\/interreg-grace.eu\/de\/event\/gekreuzte-residenz-treffen-mit-dem-luxemburgischen-autor-jerome-quiqueret\/#primaryimage"},"image":{"@id":"https:\/\/interreg-grace.eu\/de\/event\/gekreuzte-residenz-treffen-mit-dem-luxemburgischen-autor-jerome-quiqueret\/#primaryimage"},"thumbnailUrl":"https:\/\/interreg-grace.eu\/wp-content\/uploads\/2025\/05\/Image1.jpg","datePublished":"2025-05-13T08:13:48+00:00","breadcrumb":{"@id":"https:\/\/interreg-grace.eu\/de\/event\/gekreuzte-residenz-treffen-mit-dem-luxemburgischen-autor-jerome-quiqueret\/#breadcrumb"},"inLanguage":"de","potentialAction":[{"@type":"ReadAction","target":["https:\/\/interreg-grace.eu\/de\/event\/gekreuzte-residenz-treffen-mit-dem-luxemburgischen-autor-jerome-quiqueret\/"]}]},{"@type":"ImageObject","inLanguage":"de","@id":"https:\/\/interreg-grace.eu\/de\/event\/gekreuzte-residenz-treffen-mit-dem-luxemburgischen-autor-jerome-quiqueret\/#primaryimage","url":"https:\/\/interreg-grace.eu\/wp-content\/uploads\/2025\/05\/Image1.jpg","contentUrl":"https:\/\/interreg-grace.eu\/wp-content\/uploads\/2025\/05\/Image1.jpg","width":953,"height":634},{"@type":"BreadcrumbList","@id":"https:\/\/interreg-grace.eu\/de\/event\/gekreuzte-residenz-treffen-mit-dem-luxemburgischen-autor-jerome-quiqueret\/#breadcrumb","itemListElement":[{"@type":"ListItem","position":1,"name":"Accueil","item":"https:\/\/interreg-grace.eu\/de\/"},{"@type":"ListItem","position":2,"name":"Veranstaltungen","item":"https:\/\/interreg-grace.eu\/de\/events\/"},{"@type":"ListItem","position":3,"name":"Gekreuzte Residenz: Treffen mit dem luxemburgischen Autor J\u00e9r\u00f4me Quiqueret"}]},{"@type":"WebSite","@id":"https:\/\/interreg-grace.eu\/de\/#website","url":"https:\/\/interreg-grace.eu\/de\/","name":"Projet GRACE","description":"Greater Region Artistic and Cultural Education","publisher":{"@id":"https:\/\/interreg-grace.eu\/de\/#organization"},"potentialAction":[{"@type":"SearchAction","target":{"@type":"EntryPoint","urlTemplate":"https:\/\/interreg-grace.eu\/de\/?s={search_term_string}"},"query-input":{"@type":"PropertyValueSpecification","valueRequired":true,"valueName":"search_term_string"}}],"inLanguage":"de"},{"@type":"Organization","@id":"https:\/\/interreg-grace.eu\/de\/#organization","name":"Interreg Grace","alternateName":"Greater Region Artistic and Cultural Education","url":"https:\/\/interreg-grace.eu\/de\/","logo":{"@type":"ImageObject","inLanguage":"de","@id":"https:\/\/interreg-grace.eu\/de\/#\/schema\/logo\/image\/","url":"https:\/\/interreg-grace.eu\/wp-content\/uploads\/2024\/08\/cropped-favicon-grace.webp","contentUrl":"https:\/\/interreg-grace.eu\/wp-content\/uploads\/2024\/08\/cropped-favicon-grace.webp","width":512,"height":512,"caption":"Interreg Grace"},"image":{"@id":"https:\/\/interreg-grace.eu\/de\/#\/schema\/logo\/image\/"},"sameAs":["https:\/\/www.linkedin.com\/company\/interreg-grace\/"]}]}},"_links":{"self":[{"href":"https:\/\/interreg-grace.eu\/de\/wp-json\/wp\/v2\/tribe_events\/6286","targetHints":{"allow":["GET"]}}],"collection":[{"href":"https:\/\/interreg-grace.eu\/de\/wp-json\/wp\/v2\/tribe_events"}],"about":[{"href":"https:\/\/interreg-grace.eu\/de\/wp-json\/wp\/v2\/types\/tribe_events"}],"author":[{"embeddable":true,"href":"https:\/\/interreg-grace.eu\/de\/wp-json\/wp\/v2\/users\/3"}],"version-history":[{"count":0,"href":"https:\/\/interreg-grace.eu\/de\/wp-json\/wp\/v2\/tribe_events\/6286\/revisions"}],"wp:featuredmedia":[{"embeddable":true,"href":"https:\/\/interreg-grace.eu\/de\/wp-json\/wp\/v2\/media\/6265"}],"wp:attachment":[{"href":"https:\/\/interreg-grace.eu\/de\/wp-json\/wp\/v2\/media?parent=6286"}],"wp:term":[{"taxonomy":"post_tag","embeddable":true,"href":"https:\/\/interreg-grace.eu\/de\/wp-json\/wp\/v2\/tags?post=6286"},{"taxonomy":"tribe_events_cat","embeddable":true,"href":"https:\/\/interreg-grace.eu\/de\/wp-json\/wp\/v2\/tribe_events_cat?post=6286"}],"curies":[{"name":"wp","href":"https:\/\/api.w.org\/{rel}","templated":true}]}}