{"id":6285,"date":"2025-05-13T14:37:05","date_gmt":"2025-05-13T12:37:05","guid":{"rendered":"https:\/\/interreg-grace.eu\/event\/partizipatives-atelier-mit-dem-kuenstler-ox-riesige-gummibaerchen\/"},"modified":"2025-05-13T14:37:05","modified_gmt":"2025-05-13T12:37:05","slug":"partizipatives-atelier-mit-dem-kuenstler-ox-riesige-gummibaerchen","status":"publish","type":"tribe_events","link":"https:\/\/interreg-grace.eu\/de\/event\/partizipatives-atelier-mit-dem-kuenstler-ox-riesige-gummibaerchen\/","title":{"rendered":"Partizipatives Atelier mit dem K\u00fcnstler OX &#8211; Riesige Gummib\u00e4rchen"},"content":{"rendered":"<p><span style=\"font-size: 11.0pt; font-family: 'Aptos',sans-serif;\">Tauchen Sie mit dem K\u00fcnstler OX in die kreative Welt der \u201e<b>Riesengummib\u00e4rchen<\/b>\u201c ein.<\/span><\/p>\n<p><span style=\"font-size: 11.0pt; font-family: 'Aptos',sans-serif;\">Nachdem OX in Kapstadt mit Plakatecken und in der Agora mit Papierstreifen experimentiert hat, bietet er nun ein v\u00f6llig neues und spielerisches Experiment rund um riesige Gummib\u00e4rchen an! <\/span><\/p>\n<p><span style=\"font-size: 11.0pt; font-family: 'Aptos',sans-serif;\">OX wird vor dem zuk\u00fcnftigen Eingang der Mediathek auf Sie warten und alle einladen, ein gemeinsames Papierkunstwerk zu schaffen. Lassen Sie Ihrer Fantasie freien Lauf und nehmen Sie an diesem Workshop teil, bei dem Gro\u00df und Klein mit Gummib\u00e4rchen in allen Formen und Farben spielen k\u00f6nnen. <\/span><\/p>\n<p><span style=\"font-size: 11.0pt; font-family: 'Aptos',sans-serif;\">Am Ende des Workshops werden eine Fotografie und ein Stop-Motion-Film des Gemeinschaftswerks erstellt, die in der Ausstellung <i>D\u00e9tournements <\/i>am Deutschen Tor in diesem Sommer vom 19. Juni bis 31. August zu sehen sein werden.<\/span><\/p>\n<p><i><span style=\"font-size: 11.0pt; font-family: 'Aptos',sans-serif;\">Dieser Workshop wird vom P\u00f4le Culture de la Ville de Metz im Rahmen des Kunstvermittlungsprojekts D\u00e9tournements mit Unterst\u00fctzung des Programms Interreg Gro\u00dfregion &#8211; GRACE organisiert.<\/span><\/i><\/p>\n<p>&nbsp;<\/p>\n","protected":false},"excerpt":{"rendered":"<p>Am Mittwoch, den 21. Mai, k\u00f6nnen Sie zwischen 14 und 18 Uhr in der Mediathek Verlaine &#8211; Pontiffroy in Metz in die kreative Welt der \u201eRiesengummib\u00e4rchen\u201c eintauchen. OX wird Sie vor dem zuk\u00fcnftigen Eingang der Mediathek erwarten und alle einladen, gemeinsam ein kollektives Papierkunstwerk zu schaffen. Lassen Sie Ihrer Fantasie freien Lauf und nehmen Sie an diesem Workshop teil, bei dem Gro\u00df und Klein mit Gummib\u00e4rchen in allen Formen und Farben spielen k\u00f6nnen.  <\/p>\n","protected":false},"author":3,"featured_media":6278,"template":"","meta":{"_acf_changed":false,"_tribe_events_status":"","_tribe_events_status_reason":"","footnotes":""},"tags":[110,130],"tribe_events_cat":[97,113,96,124],"class_list":["post-6285","tribe_events","type-tribe_events","status-publish","has-post-thumbnail","hentry","tag-erbe","tag-urbane-kunst","tribe_events_cat-tout-public-de","tribe_events_cat-frankreich","tribe_events_cat-patrimoine-culturel-de","tribe_events_cat-werkstatt","cat_tout-public-de","cat_frankreich","cat_patrimoine-culturel-de","cat_werkstatt"],"acf":[],"yoast_head":"<!-- This site is optimized with the Yoast SEO Premium plugin v24.7 (Yoast SEO v27.3) - https:\/\/yoast.com\/product\/yoast-seo-premium-wordpress\/ -->\n<title>Partizipatives Atelier mit dem K\u00fcnstler OX - Riesige Gummib\u00e4rchen - Projet GRACE<\/title>\n<meta name=\"robots\" content=\"index, follow, max-snippet:-1, max-image-preview:large, max-video-preview:-1\" \/>\n<link rel=\"canonical\" href=\"https:\/\/interreg-grace.eu\/de\/event\/partizipatives-atelier-mit-dem-kuenstler-ox-riesige-gummibaerchen\/\" \/>\n<meta property=\"og:locale\" content=\"de_DE\" \/>\n<meta property=\"og:type\" content=\"article\" \/>\n<meta property=\"og:title\" content=\"Partizipatives Atelier mit dem K\u00fcnstler OX - Riesige Gummib\u00e4rchen\" \/>\n<meta property=\"og:description\" content=\"Am Mittwoch, den 21. Mai, k\u00f6nnen Sie zwischen 14 und 18 Uhr in der Mediathek Verlaine - Pontiffroy in Metz in die kreative Welt der \u201eRiesengummib\u00e4rchen\u201c eintauchen. OX wird Sie vor dem zuk\u00fcnftigen Eingang der Mediathek erwarten und alle einladen, gemeinsam ein kollektives Papierkunstwerk zu schaffen. Lassen Sie Ihrer Fantasie freien Lauf und nehmen Sie an diesem Workshop teil, bei dem Gro\u00df und Klein mit Gummib\u00e4rchen in allen Formen und Farben spielen k\u00f6nnen.\" \/>\n<meta property=\"og:url\" content=\"https:\/\/interreg-grace.eu\/de\/event\/partizipatives-atelier-mit-dem-kuenstler-ox-riesige-gummibaerchen\/\" \/>\n<meta property=\"og:site_name\" content=\"Projet GRACE\" \/>\n<meta property=\"og:image\" content=\"https:\/\/interreg-grace.eu\/wp-content\/uploads\/2025\/05\/Flyer-Verlaine-adresse-entree-provisoire_pages-to-jpg-0001.jpg\" \/>\n\t<meta property=\"og:image:width\" content=\"2100\" \/>\n\t<meta property=\"og:image:height\" content=\"1575\" \/>\n\t<meta property=\"og:image:type\" content=\"image\/jpeg\" \/>\n<meta name=\"twitter:card\" content=\"summary_large_image\" \/>\n<meta name=\"twitter:label1\" content=\"Gesch\u00e4tzte Lesezeit\" \/>\n\t<meta name=\"twitter:data1\" content=\"1\u00a0Minute\" \/>\n<script type=\"application\/ld+json\" class=\"yoast-schema-graph\">{\"@context\":\"https:\\\/\\\/schema.org\",\"@graph\":[{\"@type\":\"WebPage\",\"@id\":\"https:\\\/\\\/interreg-grace.eu\\\/de\\\/event\\\/partizipatives-atelier-mit-dem-kuenstler-ox-riesige-gummibaerchen\\\/\",\"url\":\"https:\\\/\\\/interreg-grace.eu\\\/de\\\/event\\\/partizipatives-atelier-mit-dem-kuenstler-ox-riesige-gummibaerchen\\\/\",\"name\":\"Partizipatives Atelier mit dem K\u00fcnstler OX - Riesige Gummib\u00e4rchen - Projet GRACE\",\"isPartOf\":{\"@id\":\"https:\\\/\\\/interreg-grace.eu\\\/de\\\/#website\"},\"primaryImageOfPage\":{\"@id\":\"https:\\\/\\\/interreg-grace.eu\\\/de\\\/event\\\/partizipatives-atelier-mit-dem-kuenstler-ox-riesige-gummibaerchen\\\/#primaryimage\"},\"image\":{\"@id\":\"https:\\\/\\\/interreg-grace.eu\\\/de\\\/event\\\/partizipatives-atelier-mit-dem-kuenstler-ox-riesige-gummibaerchen\\\/#primaryimage\"},\"thumbnailUrl\":\"https:\\\/\\\/interreg-grace.eu\\\/wp-content\\\/uploads\\\/2025\\\/05\\\/Flyer-Verlaine-adresse-entree-provisoire_pages-to-jpg-0001.jpg\",\"datePublished\":\"2025-05-13T12:37:05+00:00\",\"breadcrumb\":{\"@id\":\"https:\\\/\\\/interreg-grace.eu\\\/de\\\/event\\\/partizipatives-atelier-mit-dem-kuenstler-ox-riesige-gummibaerchen\\\/#breadcrumb\"},\"inLanguage\":\"de\",\"potentialAction\":[{\"@type\":\"ReadAction\",\"target\":[\"https:\\\/\\\/interreg-grace.eu\\\/de\\\/event\\\/partizipatives-atelier-mit-dem-kuenstler-ox-riesige-gummibaerchen\\\/\"]}]},{\"@type\":\"ImageObject\",\"inLanguage\":\"de\",\"@id\":\"https:\\\/\\\/interreg-grace.eu\\\/de\\\/event\\\/partizipatives-atelier-mit-dem-kuenstler-ox-riesige-gummibaerchen\\\/#primaryimage\",\"url\":\"https:\\\/\\\/interreg-grace.eu\\\/wp-content\\\/uploads\\\/2025\\\/05\\\/Flyer-Verlaine-adresse-entree-provisoire_pages-to-jpg-0001.jpg\",\"contentUrl\":\"https:\\\/\\\/interreg-grace.eu\\\/wp-content\\\/uploads\\\/2025\\\/05\\\/Flyer-Verlaine-adresse-entree-provisoire_pages-to-jpg-0001.jpg\",\"width\":2100,\"height\":1575},{\"@type\":\"BreadcrumbList\",\"@id\":\"https:\\\/\\\/interreg-grace.eu\\\/de\\\/event\\\/partizipatives-atelier-mit-dem-kuenstler-ox-riesige-gummibaerchen\\\/#breadcrumb\",\"itemListElement\":[{\"@type\":\"ListItem\",\"position\":1,\"name\":\"Accueil\",\"item\":\"https:\\\/\\\/interreg-grace.eu\\\/de\\\/\"},{\"@type\":\"ListItem\",\"position\":2,\"name\":\"Veranstaltungen\",\"item\":\"https:\\\/\\\/interreg-grace.eu\\\/de\\\/events\\\/\"},{\"@type\":\"ListItem\",\"position\":3,\"name\":\"Partizipatives Atelier mit dem K\u00fcnstler OX &#8211; Riesige Gummib\u00e4rchen\"}]},{\"@type\":\"WebSite\",\"@id\":\"https:\\\/\\\/interreg-grace.eu\\\/de\\\/#website\",\"url\":\"https:\\\/\\\/interreg-grace.eu\\\/de\\\/\",\"name\":\"Projet GRACE\",\"description\":\"Greater Region Artistic and Cultural Education\",\"publisher\":{\"@id\":\"https:\\\/\\\/interreg-grace.eu\\\/de\\\/#organization\"},\"potentialAction\":[{\"@type\":\"SearchAction\",\"target\":{\"@type\":\"EntryPoint\",\"urlTemplate\":\"https:\\\/\\\/interreg-grace.eu\\\/de\\\/?s={search_term_string}\"},\"query-input\":{\"@type\":\"PropertyValueSpecification\",\"valueRequired\":true,\"valueName\":\"search_term_string\"}}],\"inLanguage\":\"de\"},{\"@type\":\"Organization\",\"@id\":\"https:\\\/\\\/interreg-grace.eu\\\/de\\\/#organization\",\"name\":\"Interreg Grace\",\"alternateName\":\"Greater Region Artistic and Cultural Education\",\"url\":\"https:\\\/\\\/interreg-grace.eu\\\/de\\\/\",\"logo\":{\"@type\":\"ImageObject\",\"inLanguage\":\"de\",\"@id\":\"https:\\\/\\\/interreg-grace.eu\\\/de\\\/#\\\/schema\\\/logo\\\/image\\\/\",\"url\":\"https:\\\/\\\/interreg-grace.eu\\\/wp-content\\\/uploads\\\/2024\\\/08\\\/cropped-favicon-grace.webp\",\"contentUrl\":\"https:\\\/\\\/interreg-grace.eu\\\/wp-content\\\/uploads\\\/2024\\\/08\\\/cropped-favicon-grace.webp\",\"width\":512,\"height\":512,\"caption\":\"Interreg Grace\"},\"image\":{\"@id\":\"https:\\\/\\\/interreg-grace.eu\\\/de\\\/#\\\/schema\\\/logo\\\/image\\\/\"},\"sameAs\":[\"https:\\\/\\\/www.linkedin.com\\\/company\\\/interreg-grace\\\/\"]}]}<\/script>\n<!-- \/ Yoast SEO Premium plugin. -->","yoast_head_json":{"title":"Partizipatives Atelier mit dem K\u00fcnstler OX - Riesige Gummib\u00e4rchen - Projet GRACE","robots":{"index":"index","follow":"follow","max-snippet":"max-snippet:-1","max-image-preview":"max-image-preview:large","max-video-preview":"max-video-preview:-1"},"canonical":"https:\/\/interreg-grace.eu\/de\/event\/partizipatives-atelier-mit-dem-kuenstler-ox-riesige-gummibaerchen\/","og_locale":"de_DE","og_type":"article","og_title":"Partizipatives Atelier mit dem K\u00fcnstler OX - Riesige Gummib\u00e4rchen","og_description":"Am Mittwoch, den 21. Mai, k\u00f6nnen Sie zwischen 14 und 18 Uhr in der Mediathek Verlaine - Pontiffroy in Metz in die kreative Welt der \u201eRiesengummib\u00e4rchen\u201c eintauchen. OX wird Sie vor dem zuk\u00fcnftigen Eingang der Mediathek erwarten und alle einladen, gemeinsam ein kollektives Papierkunstwerk zu schaffen. Lassen Sie Ihrer Fantasie freien Lauf und nehmen Sie an diesem Workshop teil, bei dem Gro\u00df und Klein mit Gummib\u00e4rchen in allen Formen und Farben spielen k\u00f6nnen.","og_url":"https:\/\/interreg-grace.eu\/de\/event\/partizipatives-atelier-mit-dem-kuenstler-ox-riesige-gummibaerchen\/","og_site_name":"Projet GRACE","og_image":[{"width":2100,"height":1575,"url":"https:\/\/interreg-grace.eu\/wp-content\/uploads\/2025\/05\/Flyer-Verlaine-adresse-entree-provisoire_pages-to-jpg-0001.jpg","type":"image\/jpeg"}],"twitter_card":"summary_large_image","twitter_misc":{"Gesch\u00e4tzte Lesezeit":"1\u00a0Minute"},"schema":{"@context":"https:\/\/schema.org","@graph":[{"@type":"WebPage","@id":"https:\/\/interreg-grace.eu\/de\/event\/partizipatives-atelier-mit-dem-kuenstler-ox-riesige-gummibaerchen\/","url":"https:\/\/interreg-grace.eu\/de\/event\/partizipatives-atelier-mit-dem-kuenstler-ox-riesige-gummibaerchen\/","name":"Partizipatives Atelier mit dem K\u00fcnstler OX - Riesige Gummib\u00e4rchen - Projet GRACE","isPartOf":{"@id":"https:\/\/interreg-grace.eu\/de\/#website"},"primaryImageOfPage":{"@id":"https:\/\/interreg-grace.eu\/de\/event\/partizipatives-atelier-mit-dem-kuenstler-ox-riesige-gummibaerchen\/#primaryimage"},"image":{"@id":"https:\/\/interreg-grace.eu\/de\/event\/partizipatives-atelier-mit-dem-kuenstler-ox-riesige-gummibaerchen\/#primaryimage"},"thumbnailUrl":"https:\/\/interreg-grace.eu\/wp-content\/uploads\/2025\/05\/Flyer-Verlaine-adresse-entree-provisoire_pages-to-jpg-0001.jpg","datePublished":"2025-05-13T12:37:05+00:00","breadcrumb":{"@id":"https:\/\/interreg-grace.eu\/de\/event\/partizipatives-atelier-mit-dem-kuenstler-ox-riesige-gummibaerchen\/#breadcrumb"},"inLanguage":"de","potentialAction":[{"@type":"ReadAction","target":["https:\/\/interreg-grace.eu\/de\/event\/partizipatives-atelier-mit-dem-kuenstler-ox-riesige-gummibaerchen\/"]}]},{"@type":"ImageObject","inLanguage":"de","@id":"https:\/\/interreg-grace.eu\/de\/event\/partizipatives-atelier-mit-dem-kuenstler-ox-riesige-gummibaerchen\/#primaryimage","url":"https:\/\/interreg-grace.eu\/wp-content\/uploads\/2025\/05\/Flyer-Verlaine-adresse-entree-provisoire_pages-to-jpg-0001.jpg","contentUrl":"https:\/\/interreg-grace.eu\/wp-content\/uploads\/2025\/05\/Flyer-Verlaine-adresse-entree-provisoire_pages-to-jpg-0001.jpg","width":2100,"height":1575},{"@type":"BreadcrumbList","@id":"https:\/\/interreg-grace.eu\/de\/event\/partizipatives-atelier-mit-dem-kuenstler-ox-riesige-gummibaerchen\/#breadcrumb","itemListElement":[{"@type":"ListItem","position":1,"name":"Accueil","item":"https:\/\/interreg-grace.eu\/de\/"},{"@type":"ListItem","position":2,"name":"Veranstaltungen","item":"https:\/\/interreg-grace.eu\/de\/events\/"},{"@type":"ListItem","position":3,"name":"Partizipatives Atelier mit dem K\u00fcnstler OX &#8211; Riesige Gummib\u00e4rchen"}]},{"@type":"WebSite","@id":"https:\/\/interreg-grace.eu\/de\/#website","url":"https:\/\/interreg-grace.eu\/de\/","name":"Projet GRACE","description":"Greater Region Artistic and Cultural Education","publisher":{"@id":"https:\/\/interreg-grace.eu\/de\/#organization"},"potentialAction":[{"@type":"SearchAction","target":{"@type":"EntryPoint","urlTemplate":"https:\/\/interreg-grace.eu\/de\/?s={search_term_string}"},"query-input":{"@type":"PropertyValueSpecification","valueRequired":true,"valueName":"search_term_string"}}],"inLanguage":"de"},{"@type":"Organization","@id":"https:\/\/interreg-grace.eu\/de\/#organization","name":"Interreg Grace","alternateName":"Greater Region Artistic and Cultural Education","url":"https:\/\/interreg-grace.eu\/de\/","logo":{"@type":"ImageObject","inLanguage":"de","@id":"https:\/\/interreg-grace.eu\/de\/#\/schema\/logo\/image\/","url":"https:\/\/interreg-grace.eu\/wp-content\/uploads\/2024\/08\/cropped-favicon-grace.webp","contentUrl":"https:\/\/interreg-grace.eu\/wp-content\/uploads\/2024\/08\/cropped-favicon-grace.webp","width":512,"height":512,"caption":"Interreg Grace"},"image":{"@id":"https:\/\/interreg-grace.eu\/de\/#\/schema\/logo\/image\/"},"sameAs":["https:\/\/www.linkedin.com\/company\/interreg-grace\/"]}]}},"_links":{"self":[{"href":"https:\/\/interreg-grace.eu\/de\/wp-json\/wp\/v2\/tribe_events\/6285","targetHints":{"allow":["GET"]}}],"collection":[{"href":"https:\/\/interreg-grace.eu\/de\/wp-json\/wp\/v2\/tribe_events"}],"about":[{"href":"https:\/\/interreg-grace.eu\/de\/wp-json\/wp\/v2\/types\/tribe_events"}],"author":[{"embeddable":true,"href":"https:\/\/interreg-grace.eu\/de\/wp-json\/wp\/v2\/users\/3"}],"version-history":[{"count":0,"href":"https:\/\/interreg-grace.eu\/de\/wp-json\/wp\/v2\/tribe_events\/6285\/revisions"}],"wp:featuredmedia":[{"embeddable":true,"href":"https:\/\/interreg-grace.eu\/de\/wp-json\/wp\/v2\/media\/6278"}],"wp:attachment":[{"href":"https:\/\/interreg-grace.eu\/de\/wp-json\/wp\/v2\/media?parent=6285"}],"wp:term":[{"taxonomy":"post_tag","embeddable":true,"href":"https:\/\/interreg-grace.eu\/de\/wp-json\/wp\/v2\/tags?post=6285"},{"taxonomy":"tribe_events_cat","embeddable":true,"href":"https:\/\/interreg-grace.eu\/de\/wp-json\/wp\/v2\/tribe_events_cat?post=6285"}],"curies":[{"name":"wp","href":"https:\/\/api.w.org\/{rel}","templated":true}]}}