{"id":6284,"date":"2025-05-06T09:33:45","date_gmt":"2025-05-06T07:33:45","guid":{"rendered":"https:\/\/interreg-grace.eu\/event\/filmvorfuehrung-und-konferenz-hinter-den-kulissen-der-kuenstlichen-intelligenz\/"},"modified":"2025-05-06T09:33:45","modified_gmt":"2025-05-06T07:33:45","slug":"filmvorfuehrung-und-konferenz-hinter-den-kulissen-der-kuenstlichen-intelligenz","status":"publish","type":"tribe_events","link":"https:\/\/interreg-grace.eu\/de\/event\/filmvorfuehrung-und-konferenz-hinter-den-kulissen-der-kuenstlichen-intelligenz\/","title":{"rendered":"Filmvorf\u00fchrung und Konferenz &#8211; Hinter den Kulissen der k\u00fcnstlichen Intelligenz"},"content":{"rendered":"<p>Der Einfluss der Medien und Desinformation geh\u00f6ren zu den lebendigen Fragen unserer modernen Gesellschaften. Die Neukonfigurationen der Medienr\u00e4ume, insbesondere online, f\u00fchren zu neuen Informationsangeboten und -nutzungen. Der in der Gro\u00dfregion organisierte \u201eZyklus von Begegnungen \u00fcber Medieneinfluss und Desinformation\u201c ist eine kulturelle Aktion, die den kritischen Blick der B\u00fcrger auf das aktuelle Geschehen anregen m\u00f6chte.2024 bis 2026 bieten die Universit\u00e4t Lothringen (CREM &#8211; C\u00e9line S\u00e9gur und Laurence Corroy) und die Universit\u00e4t Luxemburg (C\u00b2DH &#8211; Val\u00e9rie Schafer) in der Gro\u00dfregion 6 Konferenzen mit einem\/einer Forscher\/in aus dem Bereich der Sozialwissenschaften und einem\/einer Journalisten\/in an. Jede Konferenz behandelt aus einem anderen Blickwinkel den Einfluss der Medien. Die Reihe \u201eMedieneinfluss und Desinformation\u201c verfolgt ein doppeltes Ziel:<br \/>\n&#8211; die Entwicklung der Praktiken der Verbreitung und des Umlaufs von Informationen im Internet besser verstehen ;<br \/>\n&#8211; Sensibilisierung f\u00fcr die Mechanismen der \u00f6ffentlichen Meinungsbildung in und auf digitalen Medien.<\/p>\n<p><strong>In dieser vierten Sitzung wird Antonio A. Casilli, Professor am Institut Polytechnique de Paris.<\/strong><\/p>\n<p>Die Pr\u00e4sentation und der Austausch mit Antonio A. Casilli wird den von ihm mitverfassten Dokumentarfilm Les Sacrifi\u00e9s de l&#8217;AI (Die Opfer der KI) vorf\u00fchren.<br \/>\nDer Dokumentarfilm, der in Zusammenarbeit mit seinem Forschungsprogramm DiPLab, France T\u00e9l\u00e9visions und StoryCircus entstanden ist, zeigt eine andere Seite der KI und enth\u00fcllt die Geschichten von Gefangenen in Finnland, ukrainischen Fl\u00fcchtlingen, k\u00e4mpfenden Arbeitern in Kenia und dem Abbau von Lithium in S\u00fcdamerika (Regie: Henri Poulain. Schriftsteller: Antonio A. Casilli, Julien Goetz und Henri Poulain).<\/p>\n<p><a href=\"http:\/\/ulsurvey.uni.lu\/index.php\/847916?lang=en\" target=\"_blank\" rel=\"noopener\">Kostenlose Anmeldung<\/a><\/p>\n<p>Die Veranstaltungsreihe zum Thema Medieneinfluss und Desinformation wird mit der Unterst\u00fctzung der Stadt Metz und der Europ\u00e4ischen Union im Rahmen des Interreg-Programms 2021-2027 organisiert. Das Projekt GRACE widmet sich der allgemeinen Verbreitung der Kulturelle Bildung f\u00fcr alle B\u00fcrger der Gro\u00dfregion und richtet seine Aufmerksamkeit auf die Vermittlung von Medienkompetenz und digitalen Werkzeugen als Bestandteil der Kunsterziehung. <\/p>\n<p>&nbsp;<\/p>\n","protected":false},"excerpt":{"rendered":"<p>In dieser vierten Sitzung der Konferenzreihe \u00fcber Medienbeeinflussung und Desinformation wird Antonio A. Casilli, Professor am Polytechnischen Institut in Paris. Die Pr\u00e4sentation und der Austausch mit Antonio A. Casilli wird der Dokumentarfilm, dessen Koautor er ist, vorgef\u00fchrt: Les Sacrifi\u00e9s de l&#8217;AI.  <\/p>\n","protected":false},"author":3,"featured_media":6250,"template":"","meta":{"_acf_changed":false,"_tribe_events_status":"","_tribe_events_status_reason":"","footnotes":""},"tags":[100],"tribe_events_cat":[97,119,125,114],"class_list":["post-6284","tribe_events","type-tribe_events","status-publish","has-post-thumbnail","hentry","tag-digitale-kunste","tribe_events_cat-tout-public-de","tribe_events_cat-digitale-kunste","tribe_events_cat-konferenz","tribe_events_cat-luxemburg","cat_tout-public-de","cat_digitale-kunste","cat_konferenz","cat_luxemburg"],"acf":[],"yoast_head":"<!-- This site is optimized with the Yoast SEO Premium plugin v24.7 (Yoast SEO v27.3) - https:\/\/yoast.com\/product\/yoast-seo-premium-wordpress\/ -->\n<title>Filmvorf\u00fchrung und Konferenz - Hinter den Kulissen der k\u00fcnstlichen Intelligenz - Projet GRACE<\/title>\n<meta name=\"robots\" content=\"index, follow, max-snippet:-1, max-image-preview:large, max-video-preview:-1\" \/>\n<link rel=\"canonical\" href=\"https:\/\/interreg-grace.eu\/de\/event\/filmvorfuehrung-und-konferenz-hinter-den-kulissen-der-kuenstlichen-intelligenz\/\" \/>\n<meta property=\"og:locale\" content=\"de_DE\" \/>\n<meta property=\"og:type\" content=\"article\" \/>\n<meta property=\"og:title\" content=\"Filmvorf\u00fchrung und Konferenz - Hinter den Kulissen der k\u00fcnstlichen Intelligenz\" \/>\n<meta property=\"og:description\" content=\"In dieser vierten Sitzung der Konferenzreihe \u00fcber Medienbeeinflussung und Desinformation wird Antonio A. Casilli, Professor am Polytechnischen Institut in Paris. Die Pr\u00e4sentation und der Austausch mit Antonio A. Casilli wird der Dokumentarfilm, dessen Koautor er ist, vorgef\u00fchrt: Les Sacrifi\u00e9s de l&#039;AI.\" \/>\n<meta property=\"og:url\" content=\"https:\/\/interreg-grace.eu\/de\/event\/filmvorfuehrung-und-konferenz-hinter-den-kulissen-der-kuenstlichen-intelligenz\/\" \/>\n<meta property=\"og:site_name\" content=\"Projet GRACE\" \/>\n<meta property=\"og:image\" content=\"https:\/\/interreg-grace.eu\/wp-content\/uploads\/2025\/05\/Dans-les-coulisses-de-IA-poster_page-0001-scaled.jpg\" \/>\n\t<meta property=\"og:image:width\" content=\"1811\" \/>\n\t<meta property=\"og:image:height\" content=\"2560\" \/>\n\t<meta property=\"og:image:type\" content=\"image\/jpeg\" \/>\n<meta name=\"twitter:card\" content=\"summary_large_image\" \/>\n<meta name=\"twitter:label1\" content=\"Gesch\u00e4tzte Lesezeit\" \/>\n\t<meta name=\"twitter:data1\" content=\"2\u00a0Minuten\" \/>\n<script type=\"application\/ld+json\" class=\"yoast-schema-graph\">{\"@context\":\"https:\\\/\\\/schema.org\",\"@graph\":[{\"@type\":\"WebPage\",\"@id\":\"https:\\\/\\\/interreg-grace.eu\\\/de\\\/event\\\/filmvorfuehrung-und-konferenz-hinter-den-kulissen-der-kuenstlichen-intelligenz\\\/\",\"url\":\"https:\\\/\\\/interreg-grace.eu\\\/de\\\/event\\\/filmvorfuehrung-und-konferenz-hinter-den-kulissen-der-kuenstlichen-intelligenz\\\/\",\"name\":\"Filmvorf\u00fchrung und Konferenz - Hinter den Kulissen der k\u00fcnstlichen Intelligenz - Projet GRACE\",\"isPartOf\":{\"@id\":\"https:\\\/\\\/interreg-grace.eu\\\/de\\\/#website\"},\"primaryImageOfPage\":{\"@id\":\"https:\\\/\\\/interreg-grace.eu\\\/de\\\/event\\\/filmvorfuehrung-und-konferenz-hinter-den-kulissen-der-kuenstlichen-intelligenz\\\/#primaryimage\"},\"image\":{\"@id\":\"https:\\\/\\\/interreg-grace.eu\\\/de\\\/event\\\/filmvorfuehrung-und-konferenz-hinter-den-kulissen-der-kuenstlichen-intelligenz\\\/#primaryimage\"},\"thumbnailUrl\":\"https:\\\/\\\/interreg-grace.eu\\\/wp-content\\\/uploads\\\/2025\\\/05\\\/Dans-les-coulisses-de-IA-poster_page-0001-scaled.jpg\",\"datePublished\":\"2025-05-06T07:33:45+00:00\",\"breadcrumb\":{\"@id\":\"https:\\\/\\\/interreg-grace.eu\\\/de\\\/event\\\/filmvorfuehrung-und-konferenz-hinter-den-kulissen-der-kuenstlichen-intelligenz\\\/#breadcrumb\"},\"inLanguage\":\"de\",\"potentialAction\":[{\"@type\":\"ReadAction\",\"target\":[\"https:\\\/\\\/interreg-grace.eu\\\/de\\\/event\\\/filmvorfuehrung-und-konferenz-hinter-den-kulissen-der-kuenstlichen-intelligenz\\\/\"]}]},{\"@type\":\"ImageObject\",\"inLanguage\":\"de\",\"@id\":\"https:\\\/\\\/interreg-grace.eu\\\/de\\\/event\\\/filmvorfuehrung-und-konferenz-hinter-den-kulissen-der-kuenstlichen-intelligenz\\\/#primaryimage\",\"url\":\"https:\\\/\\\/interreg-grace.eu\\\/wp-content\\\/uploads\\\/2025\\\/05\\\/Dans-les-coulisses-de-IA-poster_page-0001-scaled.jpg\",\"contentUrl\":\"https:\\\/\\\/interreg-grace.eu\\\/wp-content\\\/uploads\\\/2025\\\/05\\\/Dans-les-coulisses-de-IA-poster_page-0001-scaled.jpg\",\"width\":1811,\"height\":2560},{\"@type\":\"BreadcrumbList\",\"@id\":\"https:\\\/\\\/interreg-grace.eu\\\/de\\\/event\\\/filmvorfuehrung-und-konferenz-hinter-den-kulissen-der-kuenstlichen-intelligenz\\\/#breadcrumb\",\"itemListElement\":[{\"@type\":\"ListItem\",\"position\":1,\"name\":\"Accueil\",\"item\":\"https:\\\/\\\/interreg-grace.eu\\\/de\\\/\"},{\"@type\":\"ListItem\",\"position\":2,\"name\":\"Veranstaltungen\",\"item\":\"https:\\\/\\\/interreg-grace.eu\\\/de\\\/events\\\/\"},{\"@type\":\"ListItem\",\"position\":3,\"name\":\"Filmvorf\u00fchrung und Konferenz &#8211; Hinter den Kulissen der k\u00fcnstlichen Intelligenz\"}]},{\"@type\":\"WebSite\",\"@id\":\"https:\\\/\\\/interreg-grace.eu\\\/de\\\/#website\",\"url\":\"https:\\\/\\\/interreg-grace.eu\\\/de\\\/\",\"name\":\"Projet GRACE\",\"description\":\"Greater Region Artistic and Cultural Education\",\"publisher\":{\"@id\":\"https:\\\/\\\/interreg-grace.eu\\\/de\\\/#organization\"},\"potentialAction\":[{\"@type\":\"SearchAction\",\"target\":{\"@type\":\"EntryPoint\",\"urlTemplate\":\"https:\\\/\\\/interreg-grace.eu\\\/de\\\/?s={search_term_string}\"},\"query-input\":{\"@type\":\"PropertyValueSpecification\",\"valueRequired\":true,\"valueName\":\"search_term_string\"}}],\"inLanguage\":\"de\"},{\"@type\":\"Organization\",\"@id\":\"https:\\\/\\\/interreg-grace.eu\\\/de\\\/#organization\",\"name\":\"Interreg Grace\",\"alternateName\":\"Greater Region Artistic and Cultural Education\",\"url\":\"https:\\\/\\\/interreg-grace.eu\\\/de\\\/\",\"logo\":{\"@type\":\"ImageObject\",\"inLanguage\":\"de\",\"@id\":\"https:\\\/\\\/interreg-grace.eu\\\/de\\\/#\\\/schema\\\/logo\\\/image\\\/\",\"url\":\"https:\\\/\\\/interreg-grace.eu\\\/wp-content\\\/uploads\\\/2024\\\/08\\\/cropped-favicon-grace.webp\",\"contentUrl\":\"https:\\\/\\\/interreg-grace.eu\\\/wp-content\\\/uploads\\\/2024\\\/08\\\/cropped-favicon-grace.webp\",\"width\":512,\"height\":512,\"caption\":\"Interreg Grace\"},\"image\":{\"@id\":\"https:\\\/\\\/interreg-grace.eu\\\/de\\\/#\\\/schema\\\/logo\\\/image\\\/\"},\"sameAs\":[\"https:\\\/\\\/www.linkedin.com\\\/company\\\/interreg-grace\\\/\"]}]}<\/script>\n<!-- \/ Yoast SEO Premium plugin. -->","yoast_head_json":{"title":"Filmvorf\u00fchrung und Konferenz - Hinter den Kulissen der k\u00fcnstlichen Intelligenz - Projet GRACE","robots":{"index":"index","follow":"follow","max-snippet":"max-snippet:-1","max-image-preview":"max-image-preview:large","max-video-preview":"max-video-preview:-1"},"canonical":"https:\/\/interreg-grace.eu\/de\/event\/filmvorfuehrung-und-konferenz-hinter-den-kulissen-der-kuenstlichen-intelligenz\/","og_locale":"de_DE","og_type":"article","og_title":"Filmvorf\u00fchrung und Konferenz - Hinter den Kulissen der k\u00fcnstlichen Intelligenz","og_description":"In dieser vierten Sitzung der Konferenzreihe \u00fcber Medienbeeinflussung und Desinformation wird Antonio A. Casilli, Professor am Polytechnischen Institut in Paris. Die Pr\u00e4sentation und der Austausch mit Antonio A. Casilli wird der Dokumentarfilm, dessen Koautor er ist, vorgef\u00fchrt: Les Sacrifi\u00e9s de l'AI.","og_url":"https:\/\/interreg-grace.eu\/de\/event\/filmvorfuehrung-und-konferenz-hinter-den-kulissen-der-kuenstlichen-intelligenz\/","og_site_name":"Projet GRACE","og_image":[{"width":1811,"height":2560,"url":"https:\/\/interreg-grace.eu\/wp-content\/uploads\/2025\/05\/Dans-les-coulisses-de-IA-poster_page-0001-scaled.jpg","type":"image\/jpeg"}],"twitter_card":"summary_large_image","twitter_misc":{"Gesch\u00e4tzte Lesezeit":"2\u00a0Minuten"},"schema":{"@context":"https:\/\/schema.org","@graph":[{"@type":"WebPage","@id":"https:\/\/interreg-grace.eu\/de\/event\/filmvorfuehrung-und-konferenz-hinter-den-kulissen-der-kuenstlichen-intelligenz\/","url":"https:\/\/interreg-grace.eu\/de\/event\/filmvorfuehrung-und-konferenz-hinter-den-kulissen-der-kuenstlichen-intelligenz\/","name":"Filmvorf\u00fchrung und Konferenz - Hinter den Kulissen der k\u00fcnstlichen Intelligenz - Projet GRACE","isPartOf":{"@id":"https:\/\/interreg-grace.eu\/de\/#website"},"primaryImageOfPage":{"@id":"https:\/\/interreg-grace.eu\/de\/event\/filmvorfuehrung-und-konferenz-hinter-den-kulissen-der-kuenstlichen-intelligenz\/#primaryimage"},"image":{"@id":"https:\/\/interreg-grace.eu\/de\/event\/filmvorfuehrung-und-konferenz-hinter-den-kulissen-der-kuenstlichen-intelligenz\/#primaryimage"},"thumbnailUrl":"https:\/\/interreg-grace.eu\/wp-content\/uploads\/2025\/05\/Dans-les-coulisses-de-IA-poster_page-0001-scaled.jpg","datePublished":"2025-05-06T07:33:45+00:00","breadcrumb":{"@id":"https:\/\/interreg-grace.eu\/de\/event\/filmvorfuehrung-und-konferenz-hinter-den-kulissen-der-kuenstlichen-intelligenz\/#breadcrumb"},"inLanguage":"de","potentialAction":[{"@type":"ReadAction","target":["https:\/\/interreg-grace.eu\/de\/event\/filmvorfuehrung-und-konferenz-hinter-den-kulissen-der-kuenstlichen-intelligenz\/"]}]},{"@type":"ImageObject","inLanguage":"de","@id":"https:\/\/interreg-grace.eu\/de\/event\/filmvorfuehrung-und-konferenz-hinter-den-kulissen-der-kuenstlichen-intelligenz\/#primaryimage","url":"https:\/\/interreg-grace.eu\/wp-content\/uploads\/2025\/05\/Dans-les-coulisses-de-IA-poster_page-0001-scaled.jpg","contentUrl":"https:\/\/interreg-grace.eu\/wp-content\/uploads\/2025\/05\/Dans-les-coulisses-de-IA-poster_page-0001-scaled.jpg","width":1811,"height":2560},{"@type":"BreadcrumbList","@id":"https:\/\/interreg-grace.eu\/de\/event\/filmvorfuehrung-und-konferenz-hinter-den-kulissen-der-kuenstlichen-intelligenz\/#breadcrumb","itemListElement":[{"@type":"ListItem","position":1,"name":"Accueil","item":"https:\/\/interreg-grace.eu\/de\/"},{"@type":"ListItem","position":2,"name":"Veranstaltungen","item":"https:\/\/interreg-grace.eu\/de\/events\/"},{"@type":"ListItem","position":3,"name":"Filmvorf\u00fchrung und Konferenz &#8211; Hinter den Kulissen der k\u00fcnstlichen Intelligenz"}]},{"@type":"WebSite","@id":"https:\/\/interreg-grace.eu\/de\/#website","url":"https:\/\/interreg-grace.eu\/de\/","name":"Projet GRACE","description":"Greater Region Artistic and Cultural Education","publisher":{"@id":"https:\/\/interreg-grace.eu\/de\/#organization"},"potentialAction":[{"@type":"SearchAction","target":{"@type":"EntryPoint","urlTemplate":"https:\/\/interreg-grace.eu\/de\/?s={search_term_string}"},"query-input":{"@type":"PropertyValueSpecification","valueRequired":true,"valueName":"search_term_string"}}],"inLanguage":"de"},{"@type":"Organization","@id":"https:\/\/interreg-grace.eu\/de\/#organization","name":"Interreg Grace","alternateName":"Greater Region Artistic and Cultural Education","url":"https:\/\/interreg-grace.eu\/de\/","logo":{"@type":"ImageObject","inLanguage":"de","@id":"https:\/\/interreg-grace.eu\/de\/#\/schema\/logo\/image\/","url":"https:\/\/interreg-grace.eu\/wp-content\/uploads\/2024\/08\/cropped-favicon-grace.webp","contentUrl":"https:\/\/interreg-grace.eu\/wp-content\/uploads\/2024\/08\/cropped-favicon-grace.webp","width":512,"height":512,"caption":"Interreg Grace"},"image":{"@id":"https:\/\/interreg-grace.eu\/de\/#\/schema\/logo\/image\/"},"sameAs":["https:\/\/www.linkedin.com\/company\/interreg-grace\/"]}]}},"_links":{"self":[{"href":"https:\/\/interreg-grace.eu\/de\/wp-json\/wp\/v2\/tribe_events\/6284","targetHints":{"allow":["GET"]}}],"collection":[{"href":"https:\/\/interreg-grace.eu\/de\/wp-json\/wp\/v2\/tribe_events"}],"about":[{"href":"https:\/\/interreg-grace.eu\/de\/wp-json\/wp\/v2\/types\/tribe_events"}],"author":[{"embeddable":true,"href":"https:\/\/interreg-grace.eu\/de\/wp-json\/wp\/v2\/users\/3"}],"version-history":[{"count":0,"href":"https:\/\/interreg-grace.eu\/de\/wp-json\/wp\/v2\/tribe_events\/6284\/revisions"}],"wp:featuredmedia":[{"embeddable":true,"href":"https:\/\/interreg-grace.eu\/de\/wp-json\/wp\/v2\/media\/6250"}],"wp:attachment":[{"href":"https:\/\/interreg-grace.eu\/de\/wp-json\/wp\/v2\/media?parent=6284"}],"wp:term":[{"taxonomy":"post_tag","embeddable":true,"href":"https:\/\/interreg-grace.eu\/de\/wp-json\/wp\/v2\/tags?post=6284"},{"taxonomy":"tribe_events_cat","embeddable":true,"href":"https:\/\/interreg-grace.eu\/de\/wp-json\/wp\/v2\/tribe_events_cat?post=6284"}],"curies":[{"name":"wp","href":"https:\/\/api.w.org\/{rel}","templated":true}]}}