{"id":6260,"date":"2025-05-12T10:20:24","date_gmt":"2025-05-12T08:20:24","guid":{"rendered":"https:\/\/interreg-grace.eu\/?post_type=tribe_events&#038;p=6260"},"modified":"2025-05-12T10:20:24","modified_gmt":"2025-05-12T08:20:24","slug":"rondes","status":"publish","type":"tribe_events","link":"https:\/\/interreg-grace.eu\/de\/event\/rondes\/","title":{"rendered":"R\u2022ONDE\u2022S"},"content":{"rendered":"<p><strong>Kommen Sie in die Runde<\/strong><\/p>\n<p>Die Runde beruht auf dem einfachen Prinzip des Kreises. Sie erm\u00f6glicht den Teilnehmern, durch st\u00e4ndige Blicke oder K\u00f6rperkontakt direkt miteinander zu kommunizieren, meist, indem man sich bei der Hand nimmt. Jeder nimmt spontan diese famili\u00e4re und zyklische Figur ein und bewegt sich im gemeinsamen Rhythmus. Die berauschende Wiederholung kann gar zu einem Trancezustand oder mehr oder minder sichtbarer, kollektiver Akrobatik f\u00fchren. Der immer sehr einfallsreiche Choreograf Pierre Rigal hat sich diese Runde, die er ein universelles und zeitloses Ritual nennt, als Inspirationsquelle ausgesucht. Er geht es mit seiner Neugier und \u00fcblichen Schl\u00e4ue in einem neuen Projekt an, bei dem er sich auch au\u00dferhalb der Theater, auf Dorfpl\u00e4tzen, an bemerkenswerten Orten neu erfindet\u2026 Nach dem Pantheon in Paris stellt er seine Koffer im Weltkultuerbe V\u00f6lklinger H\u00fctte ab und erm\u00f6glicht uns, diesen Ort auf ziemlich originelle Art neu zu entdecken.     <\/p>\n<p>Aber um die Erfahrung noch verbl\u00fcffender zu machen, wird das Publikum aufgefordert sein, spontan diese Weise an der gemeinsamen Bewegung mitzumachen. Er wird f\u00fcr einen Augenblick die Grenze zwischen routinierten und Gelegenheitst\u00e4nzern aufbrechen: was w\u00e4re nat\u00fcrlicher, wo es doch um die volkst\u00fcmlichste aller Choreografien geht. <\/p>\n","protected":false},"excerpt":{"rendered":"<p>Der Runde Tanz bietet seinen Anh\u00e4ngern die M\u00f6glichkeit, direkt miteinander zu kommunizieren, indem sie sich st\u00e4ndig anschauen und\/oder K\u00f6rperkontakt haben, wobei sie sich meist an den H\u00e4nden fassen. Jeder \u00fcbernimmt spontan diese vertraute, zyklische Figur und bewegt sich so in einem gemeinsamen Rhythmus. <\/p>\n","protected":false},"author":2,"featured_media":6220,"template":"","meta":{"_acf_changed":false,"_tribe_events_status":"","_tribe_events_status_reason":"","footnotes":""},"tags":[101],"tribe_events_cat":[97,127,98,122],"class_list":["post-6260","tribe_events","type-tribe_events","status-publish","has-post-thumbnail","hentry","tag-darstellende-kunst","tribe_events_cat-tout-public-de","tribe_events_cat-auffuhrung","tribe_events_cat-allemagne-de","tribe_events_cat-lebende-auffuhrung","cat_tout-public-de","cat_auffuhrung","cat_allemagne-de","cat_lebende-auffuhrung"],"acf":[],"yoast_head":"<!-- This site is optimized with the Yoast SEO Premium plugin v24.7 (Yoast SEO v27.3) - https:\/\/yoast.com\/product\/yoast-seo-premium-wordpress\/ -->\n<title>R\u2022ONDE\u2022S - Projet GRACE<\/title>\n<meta name=\"description\" content=\"In R.onde.s erkundet der Choreograf Pierre Rigal mit seinen T\u00e4nzern das einfache und wesentliche Prinzip der Zirkularit\u00e4t.\" \/>\n<meta name=\"robots\" content=\"index, follow, max-snippet:-1, max-image-preview:large, max-video-preview:-1\" \/>\n<link rel=\"canonical\" href=\"https:\/\/interreg-grace.eu\/de\/event\/rondes\/\" \/>\n<meta property=\"og:locale\" content=\"de_DE\" \/>\n<meta property=\"og:type\" content=\"article\" \/>\n<meta property=\"og:title\" content=\"R\u2022ONDE\u2022S\" \/>\n<meta property=\"og:description\" content=\"In R.onde.s erkundet der Choreograf Pierre Rigal mit seinen T\u00e4nzern das einfache und wesentliche Prinzip der Zirkularit\u00e4t.\" \/>\n<meta property=\"og:url\" content=\"https:\/\/interreg-grace.eu\/de\/event\/rondes\/\" \/>\n<meta property=\"og:site_name\" content=\"Projet GRACE\" \/>\n<meta property=\"og:image\" content=\"https:\/\/interreg-grace.eu\/wp-content\/uploads\/2025\/04\/AGENDA-LE-CARREAU-RONDES-c-Cyril-Zannettacci-Agence-VU-scaled.jpg\" \/>\n\t<meta property=\"og:image:width\" content=\"2048\" \/>\n\t<meta property=\"og:image:height\" content=\"2560\" \/>\n\t<meta property=\"og:image:type\" content=\"image\/jpeg\" \/>\n<meta name=\"twitter:card\" content=\"summary_large_image\" \/>\n<meta name=\"twitter:label1\" content=\"Gesch\u00e4tzte Lesezeit\" \/>\n\t<meta name=\"twitter:data1\" content=\"1\u00a0Minute\" \/>\n<script type=\"application\/ld+json\" class=\"yoast-schema-graph\">{\"@context\":\"https:\\\/\\\/schema.org\",\"@graph\":[{\"@type\":\"WebPage\",\"@id\":\"https:\\\/\\\/interreg-grace.eu\\\/de\\\/event\\\/rondes\\\/\",\"url\":\"https:\\\/\\\/interreg-grace.eu\\\/de\\\/event\\\/rondes\\\/\",\"name\":\"R\u2022ONDE\u2022S - Projet GRACE\",\"isPartOf\":{\"@id\":\"https:\\\/\\\/interreg-grace.eu\\\/de\\\/#website\"},\"primaryImageOfPage\":{\"@id\":\"https:\\\/\\\/interreg-grace.eu\\\/de\\\/event\\\/rondes\\\/#primaryimage\"},\"image\":{\"@id\":\"https:\\\/\\\/interreg-grace.eu\\\/de\\\/event\\\/rondes\\\/#primaryimage\"},\"thumbnailUrl\":\"https:\\\/\\\/interreg-grace.eu\\\/wp-content\\\/uploads\\\/2025\\\/04\\\/AGENDA-LE-CARREAU-RONDES-c-Cyril-Zannettacci-Agence-VU-scaled.jpg\",\"datePublished\":\"2025-05-12T08:20:24+00:00\",\"description\":\"In R.onde.s erkundet der Choreograf Pierre Rigal mit seinen T\u00e4nzern das einfache und wesentliche Prinzip der Zirkularit\u00e4t.\",\"breadcrumb\":{\"@id\":\"https:\\\/\\\/interreg-grace.eu\\\/de\\\/event\\\/rondes\\\/#breadcrumb\"},\"inLanguage\":\"de\",\"potentialAction\":[{\"@type\":\"ReadAction\",\"target\":[\"https:\\\/\\\/interreg-grace.eu\\\/de\\\/event\\\/rondes\\\/\"]}]},{\"@type\":\"ImageObject\",\"inLanguage\":\"de\",\"@id\":\"https:\\\/\\\/interreg-grace.eu\\\/de\\\/event\\\/rondes\\\/#primaryimage\",\"url\":\"https:\\\/\\\/interreg-grace.eu\\\/wp-content\\\/uploads\\\/2025\\\/04\\\/AGENDA-LE-CARREAU-RONDES-c-Cyril-Zannettacci-Agence-VU-scaled.jpg\",\"contentUrl\":\"https:\\\/\\\/interreg-grace.eu\\\/wp-content\\\/uploads\\\/2025\\\/04\\\/AGENDA-LE-CARREAU-RONDES-c-Cyril-Zannettacci-Agence-VU-scaled.jpg\",\"width\":2048,\"height\":2560,\"caption\":\"Paris, le 11 octobre 2024 \\\/ Pierre Rigal, compagnie Derni\u00e8re Minute, cr\u00e9ation 2024 R.ONDE.S, repr\u00e9sentation au Panth\u00e9on\"},{\"@type\":\"BreadcrumbList\",\"@id\":\"https:\\\/\\\/interreg-grace.eu\\\/de\\\/event\\\/rondes\\\/#breadcrumb\",\"itemListElement\":[{\"@type\":\"ListItem\",\"position\":1,\"name\":\"Accueil\",\"item\":\"https:\\\/\\\/interreg-grace.eu\\\/de\\\/\"},{\"@type\":\"ListItem\",\"position\":2,\"name\":\"Veranstaltungen\",\"item\":\"https:\\\/\\\/interreg-grace.eu\\\/de\\\/events\\\/\"},{\"@type\":\"ListItem\",\"position\":3,\"name\":\"R\u2022ONDE\u2022S\"}]},{\"@type\":\"WebSite\",\"@id\":\"https:\\\/\\\/interreg-grace.eu\\\/de\\\/#website\",\"url\":\"https:\\\/\\\/interreg-grace.eu\\\/de\\\/\",\"name\":\"Projet GRACE\",\"description\":\"Greater Region Artistic and Cultural Education\",\"publisher\":{\"@id\":\"https:\\\/\\\/interreg-grace.eu\\\/de\\\/#organization\"},\"potentialAction\":[{\"@type\":\"SearchAction\",\"target\":{\"@type\":\"EntryPoint\",\"urlTemplate\":\"https:\\\/\\\/interreg-grace.eu\\\/de\\\/?s={search_term_string}\"},\"query-input\":{\"@type\":\"PropertyValueSpecification\",\"valueRequired\":true,\"valueName\":\"search_term_string\"}}],\"inLanguage\":\"de\"},{\"@type\":\"Organization\",\"@id\":\"https:\\\/\\\/interreg-grace.eu\\\/de\\\/#organization\",\"name\":\"Interreg Grace\",\"alternateName\":\"Greater Region Artistic and Cultural Education\",\"url\":\"https:\\\/\\\/interreg-grace.eu\\\/de\\\/\",\"logo\":{\"@type\":\"ImageObject\",\"inLanguage\":\"de\",\"@id\":\"https:\\\/\\\/interreg-grace.eu\\\/de\\\/#\\\/schema\\\/logo\\\/image\\\/\",\"url\":\"https:\\\/\\\/interreg-grace.eu\\\/wp-content\\\/uploads\\\/2024\\\/08\\\/cropped-favicon-grace.webp\",\"contentUrl\":\"https:\\\/\\\/interreg-grace.eu\\\/wp-content\\\/uploads\\\/2024\\\/08\\\/cropped-favicon-grace.webp\",\"width\":512,\"height\":512,\"caption\":\"Interreg Grace\"},\"image\":{\"@id\":\"https:\\\/\\\/interreg-grace.eu\\\/de\\\/#\\\/schema\\\/logo\\\/image\\\/\"},\"sameAs\":[\"https:\\\/\\\/www.linkedin.com\\\/company\\\/interreg-grace\\\/\"]}]}<\/script>\n<!-- \/ Yoast SEO Premium plugin. -->","yoast_head_json":{"title":"R\u2022ONDE\u2022S - Projet GRACE","description":"In R.onde.s erkundet der Choreograf Pierre Rigal mit seinen T\u00e4nzern das einfache und wesentliche Prinzip der Zirkularit\u00e4t.","robots":{"index":"index","follow":"follow","max-snippet":"max-snippet:-1","max-image-preview":"max-image-preview:large","max-video-preview":"max-video-preview:-1"},"canonical":"https:\/\/interreg-grace.eu\/de\/event\/rondes\/","og_locale":"de_DE","og_type":"article","og_title":"R\u2022ONDE\u2022S","og_description":"In R.onde.s erkundet der Choreograf Pierre Rigal mit seinen T\u00e4nzern das einfache und wesentliche Prinzip der Zirkularit\u00e4t.","og_url":"https:\/\/interreg-grace.eu\/de\/event\/rondes\/","og_site_name":"Projet GRACE","og_image":[{"width":2048,"height":2560,"url":"https:\/\/interreg-grace.eu\/wp-content\/uploads\/2025\/04\/AGENDA-LE-CARREAU-RONDES-c-Cyril-Zannettacci-Agence-VU-scaled.jpg","type":"image\/jpeg"}],"twitter_card":"summary_large_image","twitter_misc":{"Gesch\u00e4tzte Lesezeit":"1\u00a0Minute"},"schema":{"@context":"https:\/\/schema.org","@graph":[{"@type":"WebPage","@id":"https:\/\/interreg-grace.eu\/de\/event\/rondes\/","url":"https:\/\/interreg-grace.eu\/de\/event\/rondes\/","name":"R\u2022ONDE\u2022S - Projet GRACE","isPartOf":{"@id":"https:\/\/interreg-grace.eu\/de\/#website"},"primaryImageOfPage":{"@id":"https:\/\/interreg-grace.eu\/de\/event\/rondes\/#primaryimage"},"image":{"@id":"https:\/\/interreg-grace.eu\/de\/event\/rondes\/#primaryimage"},"thumbnailUrl":"https:\/\/interreg-grace.eu\/wp-content\/uploads\/2025\/04\/AGENDA-LE-CARREAU-RONDES-c-Cyril-Zannettacci-Agence-VU-scaled.jpg","datePublished":"2025-05-12T08:20:24+00:00","description":"In R.onde.s erkundet der Choreograf Pierre Rigal mit seinen T\u00e4nzern das einfache und wesentliche Prinzip der Zirkularit\u00e4t.","breadcrumb":{"@id":"https:\/\/interreg-grace.eu\/de\/event\/rondes\/#breadcrumb"},"inLanguage":"de","potentialAction":[{"@type":"ReadAction","target":["https:\/\/interreg-grace.eu\/de\/event\/rondes\/"]}]},{"@type":"ImageObject","inLanguage":"de","@id":"https:\/\/interreg-grace.eu\/de\/event\/rondes\/#primaryimage","url":"https:\/\/interreg-grace.eu\/wp-content\/uploads\/2025\/04\/AGENDA-LE-CARREAU-RONDES-c-Cyril-Zannettacci-Agence-VU-scaled.jpg","contentUrl":"https:\/\/interreg-grace.eu\/wp-content\/uploads\/2025\/04\/AGENDA-LE-CARREAU-RONDES-c-Cyril-Zannettacci-Agence-VU-scaled.jpg","width":2048,"height":2560,"caption":"Paris, le 11 octobre 2024 \/ Pierre Rigal, compagnie Derni\u00e8re Minute, cr\u00e9ation 2024 R.ONDE.S, repr\u00e9sentation au Panth\u00e9on"},{"@type":"BreadcrumbList","@id":"https:\/\/interreg-grace.eu\/de\/event\/rondes\/#breadcrumb","itemListElement":[{"@type":"ListItem","position":1,"name":"Accueil","item":"https:\/\/interreg-grace.eu\/de\/"},{"@type":"ListItem","position":2,"name":"Veranstaltungen","item":"https:\/\/interreg-grace.eu\/de\/events\/"},{"@type":"ListItem","position":3,"name":"R\u2022ONDE\u2022S"}]},{"@type":"WebSite","@id":"https:\/\/interreg-grace.eu\/de\/#website","url":"https:\/\/interreg-grace.eu\/de\/","name":"Projet GRACE","description":"Greater Region Artistic and Cultural Education","publisher":{"@id":"https:\/\/interreg-grace.eu\/de\/#organization"},"potentialAction":[{"@type":"SearchAction","target":{"@type":"EntryPoint","urlTemplate":"https:\/\/interreg-grace.eu\/de\/?s={search_term_string}"},"query-input":{"@type":"PropertyValueSpecification","valueRequired":true,"valueName":"search_term_string"}}],"inLanguage":"de"},{"@type":"Organization","@id":"https:\/\/interreg-grace.eu\/de\/#organization","name":"Interreg Grace","alternateName":"Greater Region Artistic and Cultural Education","url":"https:\/\/interreg-grace.eu\/de\/","logo":{"@type":"ImageObject","inLanguage":"de","@id":"https:\/\/interreg-grace.eu\/de\/#\/schema\/logo\/image\/","url":"https:\/\/interreg-grace.eu\/wp-content\/uploads\/2024\/08\/cropped-favicon-grace.webp","contentUrl":"https:\/\/interreg-grace.eu\/wp-content\/uploads\/2024\/08\/cropped-favicon-grace.webp","width":512,"height":512,"caption":"Interreg Grace"},"image":{"@id":"https:\/\/interreg-grace.eu\/de\/#\/schema\/logo\/image\/"},"sameAs":["https:\/\/www.linkedin.com\/company\/interreg-grace\/"]}]}},"_links":{"self":[{"href":"https:\/\/interreg-grace.eu\/de\/wp-json\/wp\/v2\/tribe_events\/6260","targetHints":{"allow":["GET"]}}],"collection":[{"href":"https:\/\/interreg-grace.eu\/de\/wp-json\/wp\/v2\/tribe_events"}],"about":[{"href":"https:\/\/interreg-grace.eu\/de\/wp-json\/wp\/v2\/types\/tribe_events"}],"author":[{"embeddable":true,"href":"https:\/\/interreg-grace.eu\/de\/wp-json\/wp\/v2\/users\/2"}],"version-history":[{"count":1,"href":"https:\/\/interreg-grace.eu\/de\/wp-json\/wp\/v2\/tribe_events\/6260\/revisions"}],"predecessor-version":[{"id":6262,"href":"https:\/\/interreg-grace.eu\/de\/wp-json\/wp\/v2\/tribe_events\/6260\/revisions\/6262"}],"wp:featuredmedia":[{"embeddable":true,"href":"https:\/\/interreg-grace.eu\/de\/wp-json\/wp\/v2\/media\/6220"}],"wp:attachment":[{"href":"https:\/\/interreg-grace.eu\/de\/wp-json\/wp\/v2\/media?parent=6260"}],"wp:term":[{"taxonomy":"post_tag","embeddable":true,"href":"https:\/\/interreg-grace.eu\/de\/wp-json\/wp\/v2\/tags?post=6260"},{"taxonomy":"tribe_events_cat","embeddable":true,"href":"https:\/\/interreg-grace.eu\/de\/wp-json\/wp\/v2\/tribe_events_cat?post=6260"}],"curies":[{"name":"wp","href":"https:\/\/api.w.org\/{rel}","templated":true}]}}