{"id":6256,"date":"2025-04-16T09:00:02","date_gmt":"2025-04-16T07:00:02","guid":{"rendered":"https:\/\/interreg-grace.eu\/event\/am-scheideweg-wenn-das-unternehmen-auf-die-kultur-trifft\/"},"modified":"2025-04-16T09:00:02","modified_gmt":"2025-04-16T07:00:02","slug":"am-scheideweg-wenn-das-unternehmen-auf-die-kultur-trifft","status":"publish","type":"tribe_events","link":"https:\/\/interreg-grace.eu\/de\/event\/am-scheideweg-wenn-das-unternehmen-auf-die-kultur-trifft\/","title":{"rendered":"Am Scheideweg: wenn das Unternehmen auf die Kultur trifft"},"content":{"rendered":"<p class=\"x_MsoNormal\" data-olk-copy-source=\"MessageBody\">Kultur und Wirtschaft m\u00fcssen keine Gegens\u00e4tze sein. Durch konstruktive <strong>Zusammenarbeit<\/strong> k\u00f6nnen <strong>gemeinsame Projekte<\/strong> realisiert und neue Synergien geschaffen werden. <\/p>\n<p class=\"x_MsoNormal\">In welcher Form kann eine solche <strong>Zusammenarbeit<\/strong> stattfinden? Welche <strong>Vorteile<\/strong> bietet sie? Wie sieht die Praxis in der <strong>Gro\u00dfregion<\/strong>?  <\/p>\n<p class=\"x_MsoNormal\">Bei diesem Vortrag werden gleich zwei Projekte einer erfolgreichen Zusammenarbeit zwischen Kultur und Wirtschaft pr\u00e4sentiert. Zum einen das Th\u00e9\u00e2tre de Li\u00e8ge (L\u00fcttich, Belgien), das dank der <strong>Flex Production-L\u00f6sung von EVS\/Orange <\/strong>in der Lage war, ein Theaterst\u00fcck live in mehr als 100 Schulen der Franz\u00f6sischen Gemeinschaft zu streamen, sodass mehr als 10.000 Sch\u00fcler:innen erreicht werden konnten. Zum anderen die <strong>Cit\u00e9 Musicale-Metz<\/strong> (Frankreich), die schon seit drei Jahren die Mitarbeitenden von Veolia zu einer Auff\u00fchrung des Orchestre National de Metz Grand Est einl\u00e4dt.  <\/p>\n<h3>Die Referenten:<\/h3>\n<ul>\n<li>Bernard Surlemont &#8211; Professor of Entrepreneurship (HEC-ULi\u00e8ge)<\/li>\n<li>Sophie Thill &#8211; Leiterin F\u00f6rderung und Entwicklung (Cit\u00e9 musicale-Metz)<\/li>\n<li>Renaud Falise &#8211; 5G &amp; IoT Strategic Manager (Orange)<\/li>\n<li>Serge Rangoni &#8211; Generaldirektor und k\u00fcnstlerischer Leiter (Th\u00e9\u00e2tre de Li\u00e8ge)<\/li>\n<\/ul>\n<h3>Das Format:<\/h3>\n<p>Diese Veranstaltung ist eine Kooperation der <strong>Stadt Verviers<\/strong>, der <strong>Cellule Arts et Sciences<\/strong> der Universit\u00e4t L\u00fcttich (ULi\u00e8ge) und von <strong>Li\u00e8ge Cr\u00e9ative<\/strong>, einem Forum f\u00fcr Innovation, Kreativit\u00e4t und Entrepreneurship, in der Tr\u00e4gerschaft von RISE (Recherche, Innovation, Support et Entreprises \u2013 ULi\u00e8ge). In Form eines offenen Erfahrungsaustauschs sollen die Vortr\u00e4ge mit anschlie\u00dfender Diskussionsrunde zum Mitdenken anregen, inspirieren und bereichern. Referent:innen aus unterschiedlichen Bereichen sind eingeladen, ihre Perspektiven einzubringen und den Dialog zu f\u00f6rdern. <\/p>\n<p><strong>Eintritt ist kostenlos, <a href=\"https:\/\/www.liegecreative.be\/evenements\/la-croisee-des-chemins-quand-lentreprise-rencontre-la-culture\">Anmeldung<\/a> erforderlich. <\/strong><\/p>\n<p><strong>Mittagessen wird angeboten.<\/strong><\/p>\n","protected":false},"excerpt":{"rendered":"<p>Bei diesem Vortrag werden gleich zwei Projekte einer erfolgreichen Zusammenarbeit zwischen Kultur und Wirtschaft pr\u00e4sentiert. In welcher Form kann eine solche Zusammenarbeit stattfinden? Welche Vorteile bietet sie?  <\/p>\n","protected":false},"author":2,"featured_media":6152,"template":"","meta":{"_acf_changed":false,"_tribe_events_status":"","_tribe_events_status_reason":"","footnotes":""},"tags":[153,151],"tribe_events_cat":[97,121,112,125],"class_list":["post-6256","tribe_events","type-tribe_events","status-publish","has-post-thumbnail","hentry","tag-austausch-von-wissen-und-erfahrungen","tag-konferenz","tribe_events_cat-tout-public-de","tribe_events_cat-austausch-von-wissen-und-erfahrungen","tribe_events_cat-belgien","tribe_events_cat-konferenz","cat_tout-public-de","cat_austausch-von-wissen-und-erfahrungen","cat_belgien","cat_konferenz"],"acf":[],"yoast_head":"<!-- This site is optimized with the Yoast SEO Premium plugin v24.7 (Yoast SEO v27.3) - https:\/\/yoast.com\/product\/yoast-seo-premium-wordpress\/ -->\n<title>Am Scheideweg: wenn das Unternehmen auf die Kultur trifft - Projet GRACE<\/title>\n<meta name=\"description\" content=\"Drei Referent:innen werden \u00fcber ihre Erfahrungen mit Kooperationen zwischen Kultur und Wirtschaft berichten.\" \/>\n<meta name=\"robots\" content=\"index, follow, max-snippet:-1, max-image-preview:large, max-video-preview:-1\" \/>\n<link rel=\"canonical\" href=\"https:\/\/interreg-grace.eu\/de\/event\/am-scheideweg-wenn-das-unternehmen-auf-die-kultur-trifft\/\" \/>\n<meta property=\"og:locale\" content=\"de_DE\" \/>\n<meta property=\"og:type\" content=\"article\" \/>\n<meta property=\"og:title\" content=\"Am Scheideweg: wenn das Unternehmen auf die Kultur trifft\" \/>\n<meta property=\"og:description\" content=\"Drei Referent:innen werden \u00fcber ihre Erfahrungen mit Kooperationen zwischen Kultur und Wirtschaft berichten.\" \/>\n<meta property=\"og:url\" content=\"https:\/\/interreg-grace.eu\/de\/event\/am-scheideweg-wenn-das-unternehmen-auf-die-kultur-trifft\/\" \/>\n<meta property=\"og:site_name\" content=\"Projet GRACE\" \/>\n<meta property=\"og:image\" content=\"https:\/\/interreg-grace.eu\/wp-content\/uploads\/2025\/04\/Dire-Nous-1024x572.png\" \/>\n\t<meta property=\"og:image:width\" content=\"1024\" \/>\n\t<meta property=\"og:image:height\" content=\"572\" \/>\n\t<meta property=\"og:image:type\" content=\"image\/png\" \/>\n<meta name=\"twitter:card\" content=\"summary_large_image\" \/>\n<meta name=\"twitter:label1\" content=\"Gesch\u00e4tzte Lesezeit\" \/>\n\t<meta name=\"twitter:data1\" content=\"1\u00a0Minute\" \/>\n<script type=\"application\/ld+json\" class=\"yoast-schema-graph\">{\"@context\":\"https:\\\/\\\/schema.org\",\"@graph\":[{\"@type\":\"WebPage\",\"@id\":\"https:\\\/\\\/interreg-grace.eu\\\/de\\\/event\\\/am-scheideweg-wenn-das-unternehmen-auf-die-kultur-trifft\\\/\",\"url\":\"https:\\\/\\\/interreg-grace.eu\\\/de\\\/event\\\/am-scheideweg-wenn-das-unternehmen-auf-die-kultur-trifft\\\/\",\"name\":\"Am Scheideweg: wenn das Unternehmen auf die Kultur trifft - Projet GRACE\",\"isPartOf\":{\"@id\":\"https:\\\/\\\/interreg-grace.eu\\\/de\\\/#website\"},\"primaryImageOfPage\":{\"@id\":\"https:\\\/\\\/interreg-grace.eu\\\/de\\\/event\\\/am-scheideweg-wenn-das-unternehmen-auf-die-kultur-trifft\\\/#primaryimage\"},\"image\":{\"@id\":\"https:\\\/\\\/interreg-grace.eu\\\/de\\\/event\\\/am-scheideweg-wenn-das-unternehmen-auf-die-kultur-trifft\\\/#primaryimage\"},\"thumbnailUrl\":\"https:\\\/\\\/interreg-grace.eu\\\/wp-content\\\/uploads\\\/2025\\\/04\\\/Dire-Nous.png\",\"datePublished\":\"2025-04-16T07:00:02+00:00\",\"description\":\"Drei Referent:innen werden \u00fcber ihre Erfahrungen mit Kooperationen zwischen Kultur und Wirtschaft berichten.\",\"breadcrumb\":{\"@id\":\"https:\\\/\\\/interreg-grace.eu\\\/de\\\/event\\\/am-scheideweg-wenn-das-unternehmen-auf-die-kultur-trifft\\\/#breadcrumb\"},\"inLanguage\":\"de\",\"potentialAction\":[{\"@type\":\"ReadAction\",\"target\":[\"https:\\\/\\\/interreg-grace.eu\\\/de\\\/event\\\/am-scheideweg-wenn-das-unternehmen-auf-die-kultur-trifft\\\/\"]}]},{\"@type\":\"ImageObject\",\"inLanguage\":\"de\",\"@id\":\"https:\\\/\\\/interreg-grace.eu\\\/de\\\/event\\\/am-scheideweg-wenn-das-unternehmen-auf-die-kultur-trifft\\\/#primaryimage\",\"url\":\"https:\\\/\\\/interreg-grace.eu\\\/wp-content\\\/uploads\\\/2025\\\/04\\\/Dire-Nous.png\",\"contentUrl\":\"https:\\\/\\\/interreg-grace.eu\\\/wp-content\\\/uploads\\\/2025\\\/04\\\/Dire-Nous.png\",\"width\":2465,\"height\":1377,\"caption\":\"Fresque Dire Nous @Ville de Verviers\"},{\"@type\":\"BreadcrumbList\",\"@id\":\"https:\\\/\\\/interreg-grace.eu\\\/de\\\/event\\\/am-scheideweg-wenn-das-unternehmen-auf-die-kultur-trifft\\\/#breadcrumb\",\"itemListElement\":[{\"@type\":\"ListItem\",\"position\":1,\"name\":\"Accueil\",\"item\":\"https:\\\/\\\/interreg-grace.eu\\\/de\\\/\"},{\"@type\":\"ListItem\",\"position\":2,\"name\":\"Veranstaltungen\",\"item\":\"https:\\\/\\\/interreg-grace.eu\\\/de\\\/events\\\/\"},{\"@type\":\"ListItem\",\"position\":3,\"name\":\"Am Scheideweg: wenn das Unternehmen auf die Kultur trifft\"}]},{\"@type\":\"WebSite\",\"@id\":\"https:\\\/\\\/interreg-grace.eu\\\/de\\\/#website\",\"url\":\"https:\\\/\\\/interreg-grace.eu\\\/de\\\/\",\"name\":\"Projet GRACE\",\"description\":\"Greater Region Artistic and Cultural Education\",\"publisher\":{\"@id\":\"https:\\\/\\\/interreg-grace.eu\\\/de\\\/#organization\"},\"potentialAction\":[{\"@type\":\"SearchAction\",\"target\":{\"@type\":\"EntryPoint\",\"urlTemplate\":\"https:\\\/\\\/interreg-grace.eu\\\/de\\\/?s={search_term_string}\"},\"query-input\":{\"@type\":\"PropertyValueSpecification\",\"valueRequired\":true,\"valueName\":\"search_term_string\"}}],\"inLanguage\":\"de\"},{\"@type\":\"Organization\",\"@id\":\"https:\\\/\\\/interreg-grace.eu\\\/de\\\/#organization\",\"name\":\"Interreg Grace\",\"alternateName\":\"Greater Region Artistic and Cultural Education\",\"url\":\"https:\\\/\\\/interreg-grace.eu\\\/de\\\/\",\"logo\":{\"@type\":\"ImageObject\",\"inLanguage\":\"de\",\"@id\":\"https:\\\/\\\/interreg-grace.eu\\\/de\\\/#\\\/schema\\\/logo\\\/image\\\/\",\"url\":\"https:\\\/\\\/interreg-grace.eu\\\/wp-content\\\/uploads\\\/2024\\\/08\\\/cropped-favicon-grace.webp\",\"contentUrl\":\"https:\\\/\\\/interreg-grace.eu\\\/wp-content\\\/uploads\\\/2024\\\/08\\\/cropped-favicon-grace.webp\",\"width\":512,\"height\":512,\"caption\":\"Interreg Grace\"},\"image\":{\"@id\":\"https:\\\/\\\/interreg-grace.eu\\\/de\\\/#\\\/schema\\\/logo\\\/image\\\/\"},\"sameAs\":[\"https:\\\/\\\/www.linkedin.com\\\/company\\\/interreg-grace\\\/\"]}]}<\/script>\n<!-- \/ Yoast SEO Premium plugin. -->","yoast_head_json":{"title":"Am Scheideweg: wenn das Unternehmen auf die Kultur trifft - Projet GRACE","description":"Drei Referent:innen werden \u00fcber ihre Erfahrungen mit Kooperationen zwischen Kultur und Wirtschaft berichten.","robots":{"index":"index","follow":"follow","max-snippet":"max-snippet:-1","max-image-preview":"max-image-preview:large","max-video-preview":"max-video-preview:-1"},"canonical":"https:\/\/interreg-grace.eu\/de\/event\/am-scheideweg-wenn-das-unternehmen-auf-die-kultur-trifft\/","og_locale":"de_DE","og_type":"article","og_title":"Am Scheideweg: wenn das Unternehmen auf die Kultur trifft","og_description":"Drei Referent:innen werden \u00fcber ihre Erfahrungen mit Kooperationen zwischen Kultur und Wirtschaft berichten.","og_url":"https:\/\/interreg-grace.eu\/de\/event\/am-scheideweg-wenn-das-unternehmen-auf-die-kultur-trifft\/","og_site_name":"Projet GRACE","og_image":[{"width":1024,"height":572,"url":"https:\/\/interreg-grace.eu\/wp-content\/uploads\/2025\/04\/Dire-Nous-1024x572.png","type":"image\/png"}],"twitter_card":"summary_large_image","twitter_misc":{"Gesch\u00e4tzte Lesezeit":"1\u00a0Minute"},"schema":{"@context":"https:\/\/schema.org","@graph":[{"@type":"WebPage","@id":"https:\/\/interreg-grace.eu\/de\/event\/am-scheideweg-wenn-das-unternehmen-auf-die-kultur-trifft\/","url":"https:\/\/interreg-grace.eu\/de\/event\/am-scheideweg-wenn-das-unternehmen-auf-die-kultur-trifft\/","name":"Am Scheideweg: wenn das Unternehmen auf die Kultur trifft - Projet GRACE","isPartOf":{"@id":"https:\/\/interreg-grace.eu\/de\/#website"},"primaryImageOfPage":{"@id":"https:\/\/interreg-grace.eu\/de\/event\/am-scheideweg-wenn-das-unternehmen-auf-die-kultur-trifft\/#primaryimage"},"image":{"@id":"https:\/\/interreg-grace.eu\/de\/event\/am-scheideweg-wenn-das-unternehmen-auf-die-kultur-trifft\/#primaryimage"},"thumbnailUrl":"https:\/\/interreg-grace.eu\/wp-content\/uploads\/2025\/04\/Dire-Nous.png","datePublished":"2025-04-16T07:00:02+00:00","description":"Drei Referent:innen werden \u00fcber ihre Erfahrungen mit Kooperationen zwischen Kultur und Wirtschaft berichten.","breadcrumb":{"@id":"https:\/\/interreg-grace.eu\/de\/event\/am-scheideweg-wenn-das-unternehmen-auf-die-kultur-trifft\/#breadcrumb"},"inLanguage":"de","potentialAction":[{"@type":"ReadAction","target":["https:\/\/interreg-grace.eu\/de\/event\/am-scheideweg-wenn-das-unternehmen-auf-die-kultur-trifft\/"]}]},{"@type":"ImageObject","inLanguage":"de","@id":"https:\/\/interreg-grace.eu\/de\/event\/am-scheideweg-wenn-das-unternehmen-auf-die-kultur-trifft\/#primaryimage","url":"https:\/\/interreg-grace.eu\/wp-content\/uploads\/2025\/04\/Dire-Nous.png","contentUrl":"https:\/\/interreg-grace.eu\/wp-content\/uploads\/2025\/04\/Dire-Nous.png","width":2465,"height":1377,"caption":"Fresque Dire Nous @Ville de Verviers"},{"@type":"BreadcrumbList","@id":"https:\/\/interreg-grace.eu\/de\/event\/am-scheideweg-wenn-das-unternehmen-auf-die-kultur-trifft\/#breadcrumb","itemListElement":[{"@type":"ListItem","position":1,"name":"Accueil","item":"https:\/\/interreg-grace.eu\/de\/"},{"@type":"ListItem","position":2,"name":"Veranstaltungen","item":"https:\/\/interreg-grace.eu\/de\/events\/"},{"@type":"ListItem","position":3,"name":"Am Scheideweg: wenn das Unternehmen auf die Kultur trifft"}]},{"@type":"WebSite","@id":"https:\/\/interreg-grace.eu\/de\/#website","url":"https:\/\/interreg-grace.eu\/de\/","name":"Projet GRACE","description":"Greater Region Artistic and Cultural Education","publisher":{"@id":"https:\/\/interreg-grace.eu\/de\/#organization"},"potentialAction":[{"@type":"SearchAction","target":{"@type":"EntryPoint","urlTemplate":"https:\/\/interreg-grace.eu\/de\/?s={search_term_string}"},"query-input":{"@type":"PropertyValueSpecification","valueRequired":true,"valueName":"search_term_string"}}],"inLanguage":"de"},{"@type":"Organization","@id":"https:\/\/interreg-grace.eu\/de\/#organization","name":"Interreg Grace","alternateName":"Greater Region Artistic and Cultural Education","url":"https:\/\/interreg-grace.eu\/de\/","logo":{"@type":"ImageObject","inLanguage":"de","@id":"https:\/\/interreg-grace.eu\/de\/#\/schema\/logo\/image\/","url":"https:\/\/interreg-grace.eu\/wp-content\/uploads\/2024\/08\/cropped-favicon-grace.webp","contentUrl":"https:\/\/interreg-grace.eu\/wp-content\/uploads\/2024\/08\/cropped-favicon-grace.webp","width":512,"height":512,"caption":"Interreg Grace"},"image":{"@id":"https:\/\/interreg-grace.eu\/de\/#\/schema\/logo\/image\/"},"sameAs":["https:\/\/www.linkedin.com\/company\/interreg-grace\/"]}]}},"_links":{"self":[{"href":"https:\/\/interreg-grace.eu\/de\/wp-json\/wp\/v2\/tribe_events\/6256","targetHints":{"allow":["GET"]}}],"collection":[{"href":"https:\/\/interreg-grace.eu\/de\/wp-json\/wp\/v2\/tribe_events"}],"about":[{"href":"https:\/\/interreg-grace.eu\/de\/wp-json\/wp\/v2\/types\/tribe_events"}],"author":[{"embeddable":true,"href":"https:\/\/interreg-grace.eu\/de\/wp-json\/wp\/v2\/users\/2"}],"version-history":[{"count":0,"href":"https:\/\/interreg-grace.eu\/de\/wp-json\/wp\/v2\/tribe_events\/6256\/revisions"}],"wp:featuredmedia":[{"embeddable":true,"href":"https:\/\/interreg-grace.eu\/de\/wp-json\/wp\/v2\/media\/6152"}],"wp:attachment":[{"href":"https:\/\/interreg-grace.eu\/de\/wp-json\/wp\/v2\/media?parent=6256"}],"wp:term":[{"taxonomy":"post_tag","embeddable":true,"href":"https:\/\/interreg-grace.eu\/de\/wp-json\/wp\/v2\/tags?post=6256"},{"taxonomy":"tribe_events_cat","embeddable":true,"href":"https:\/\/interreg-grace.eu\/de\/wp-json\/wp\/v2\/tribe_events_cat?post=6256"}],"curies":[{"name":"wp","href":"https:\/\/api.w.org\/{rel}","templated":true}]}}