{"id":6172,"date":"2025-04-11T16:04:02","date_gmt":"2025-04-11T14:04:02","guid":{"rendered":"https:\/\/interreg-grace.eu\/?post_type=tribe_events&#038;p=6172"},"modified":"2025-04-11T16:04:03","modified_gmt":"2025-04-11T14:04:03","slug":"monga-von-jessica-teixeira","status":"publish","type":"tribe_events","link":"https:\/\/interreg-grace.eu\/de\/event\/monga-von-jessica-teixeira\/","title":{"rendered":"Monga von J\u00e9ssica Teixeira"},"content":{"rendered":"<h2>Dramaturgie du corps, Treffen mit Jessica Teixeira<\/h2>\n<blockquote><p><strong>\u201eIch habe keine Angst vor meinem K\u00f6rper. Wenn dies der Fall w\u00e4re, w\u00fcrden Sie sich dann wohler f\u00fchlen?\u201c<\/strong><\/p><\/blockquote>\n<p><strong>Die brasilianische K\u00fcnstlerin J\u00e9ssica Teixeira f\u00fchrt Sie spielerisch in die Erforschung des Selbstbewusstseins und der Natur der Angst \u2013 insbesondere der Angst vor dem Anderen.<br \/>\n<\/strong>J\u00e9ssica Teixeira lie\u00df sich von der Geschichte der Mexikanerin Julia Pastrana inspirieren, die als \u201eAffenfrau\u201c bekannt ist und in den Freakshows des 19. Jahrhunderts zur Schau gestellt wurde. Sie betrachtet diese Geschichte aus einem eher k\u00fcnstlerischen und intimen Blickwinkel, indem sie Klischees \u00fcberwindet und die Art und Weise, wie Mythen um marginalisierte Figuren konstruiert werden, in Frage stellt. Die Arbeit von J\u00e9ssica Teixeira ist zutiefst von ihrem eigenen K\u00f6rper gepr\u00e4gt, den sie als Werkzeug f\u00fcr Reflexion und Sozialkritik verwendet. Monga l\u00e4dt das Publikum zum Nachdenken ein, Nachdenken \u00fcber Machtverh\u00e4ltnisse, Entmenschlichung und die Kunst, Leiden in Sch\u00f6pfung zu verwandeln.   <\/p>\n<p>Diese Auff\u00fchrung wurde im Rahmen der Veranstaltungsreihe des Office National de Diffusion Artistique (ONDA, Frankreich) organisiert.<\/p>\n<p>Die Veranstaltung findet in der Kirche Saint-Pierre-aux-Nonnains statt und ist f\u00fcr H\u00f6rgesch\u00e4digte zug\u00e4nglich (franz\u00f6sische Geb\u00e4rdensprache LSF und franz\u00f6sische Untertitel).<\/p>\n","protected":false},"excerpt":{"rendered":"<p>Die brasilianische K\u00fcnstlerin J\u00e9ssica Teixeira f\u00fchrt Sie spielerisch in die Erforschung des Selbstbewusstseins und der Natur der Angst \u2013 insbesondere der Angst vor dem Anderen.<\/p>\n","protected":false},"author":2,"featured_media":5978,"template":"","meta":{"_acf_changed":false,"_tribe_events_status":"","_tribe_events_status_reason":"","footnotes":""},"tags":[101],"tribe_events_cat":[127,117,113,122],"class_list":["post-6172","tribe_events","type-tribe_events","status-publish","has-post-thumbnail","hentry","tag-darstellende-kunst","tribe_events_cat-auffuhrung","tribe_events_cat-barrierefreie-veranstaltungen-mit-behinderung","tribe_events_cat-frankreich","tribe_events_cat-lebende-auffuhrung","cat_auffuhrung","cat_barrierefreie-veranstaltungen-mit-behinderung","cat_frankreich","cat_lebende-auffuhrung"],"acf":[],"yoast_head":"<!-- This site is optimized with the Yoast SEO Premium plugin v24.7 (Yoast SEO v27.3) - https:\/\/yoast.com\/product\/yoast-seo-premium-wordpress\/ -->\n<title>Monga von J\u00e9ssica Teixeira - Projet GRACE<\/title>\n<meta name=\"description\" content=\"Die brasilianische K\u00fcnstlerin J\u00e9ssica Teixeira f\u00fchrt Sie in die Erforschung des Selbstbewusstseins und der Natur der Angst.\" \/>\n<meta name=\"robots\" content=\"index, follow, max-snippet:-1, max-image-preview:large, max-video-preview:-1\" \/>\n<link rel=\"canonical\" href=\"https:\/\/interreg-grace.eu\/de\/event\/monga-von-jessica-teixeira\/\" \/>\n<meta property=\"og:locale\" content=\"de_DE\" \/>\n<meta property=\"og:type\" content=\"article\" \/>\n<meta property=\"og:title\" content=\"Monga von J\u00e9ssica Teixeira\" \/>\n<meta property=\"og:description\" content=\"Die brasilianische K\u00fcnstlerin J\u00e9ssica Teixeira f\u00fchrt Sie in die Erforschung des Selbstbewusstseins und der Natur der Angst.\" \/>\n<meta property=\"og:url\" content=\"https:\/\/interreg-grace.eu\/de\/event\/monga-von-jessica-teixeira\/\" \/>\n<meta property=\"og:site_name\" content=\"Projet GRACE\" \/>\n<meta property=\"article:modified_time\" content=\"2025-04-11T14:04:03+00:00\" \/>\n<meta property=\"og:image\" content=\"https:\/\/interreg-grace.eu\/wp-content\/uploads\/2025\/04\/MONGA\u00a9_Patricia-Almeida.jpg\" \/>\n\t<meta property=\"og:image:width\" content=\"1200\" \/>\n\t<meta property=\"og:image:height\" content=\"800\" \/>\n\t<meta property=\"og:image:type\" content=\"image\/jpeg\" \/>\n<meta name=\"twitter:card\" content=\"summary_large_image\" \/>\n<meta name=\"twitter:label1\" content=\"Gesch\u00e4tzte Lesezeit\" \/>\n\t<meta name=\"twitter:data1\" content=\"1\u00a0Minute\" \/>\n<script type=\"application\/ld+json\" class=\"yoast-schema-graph\">{\"@context\":\"https:\\\/\\\/schema.org\",\"@graph\":[{\"@type\":\"WebPage\",\"@id\":\"https:\\\/\\\/interreg-grace.eu\\\/de\\\/event\\\/monga-von-jessica-teixeira\\\/\",\"url\":\"https:\\\/\\\/interreg-grace.eu\\\/de\\\/event\\\/monga-von-jessica-teixeira\\\/\",\"name\":\"Monga von J\u00e9ssica Teixeira - Projet GRACE\",\"isPartOf\":{\"@id\":\"https:\\\/\\\/interreg-grace.eu\\\/de\\\/#website\"},\"primaryImageOfPage\":{\"@id\":\"https:\\\/\\\/interreg-grace.eu\\\/de\\\/event\\\/monga-von-jessica-teixeira\\\/#primaryimage\"},\"image\":{\"@id\":\"https:\\\/\\\/interreg-grace.eu\\\/de\\\/event\\\/monga-von-jessica-teixeira\\\/#primaryimage\"},\"thumbnailUrl\":\"https:\\\/\\\/interreg-grace.eu\\\/wp-content\\\/uploads\\\/2025\\\/04\\\/MONGA\u00a9_Patricia-Almeida.jpg\",\"datePublished\":\"2025-04-11T14:04:02+00:00\",\"dateModified\":\"2025-04-11T14:04:03+00:00\",\"description\":\"Die brasilianische K\u00fcnstlerin J\u00e9ssica Teixeira f\u00fchrt Sie in die Erforschung des Selbstbewusstseins und der Natur der Angst.\",\"breadcrumb\":{\"@id\":\"https:\\\/\\\/interreg-grace.eu\\\/de\\\/event\\\/monga-von-jessica-teixeira\\\/#breadcrumb\"},\"inLanguage\":\"de\",\"potentialAction\":[{\"@type\":\"ReadAction\",\"target\":[\"https:\\\/\\\/interreg-grace.eu\\\/de\\\/event\\\/monga-von-jessica-teixeira\\\/\"]}]},{\"@type\":\"ImageObject\",\"inLanguage\":\"de\",\"@id\":\"https:\\\/\\\/interreg-grace.eu\\\/de\\\/event\\\/monga-von-jessica-teixeira\\\/#primaryimage\",\"url\":\"https:\\\/\\\/interreg-grace.eu\\\/wp-content\\\/uploads\\\/2025\\\/04\\\/MONGA\u00a9_Patricia-Almeida.jpg\",\"contentUrl\":\"https:\\\/\\\/interreg-grace.eu\\\/wp-content\\\/uploads\\\/2025\\\/04\\\/MONGA\u00a9_Patricia-Almeida.jpg\",\"width\":1200,\"height\":800,\"caption\":\"\u00a9Patricia Almeida\"},{\"@type\":\"BreadcrumbList\",\"@id\":\"https:\\\/\\\/interreg-grace.eu\\\/de\\\/event\\\/monga-von-jessica-teixeira\\\/#breadcrumb\",\"itemListElement\":[{\"@type\":\"ListItem\",\"position\":1,\"name\":\"Accueil\",\"item\":\"https:\\\/\\\/interreg-grace.eu\\\/de\\\/\"},{\"@type\":\"ListItem\",\"position\":2,\"name\":\"Veranstaltungen\",\"item\":\"https:\\\/\\\/interreg-grace.eu\\\/de\\\/events\\\/\"},{\"@type\":\"ListItem\",\"position\":3,\"name\":\"Monga von J\u00e9ssica Teixeira\"}]},{\"@type\":\"WebSite\",\"@id\":\"https:\\\/\\\/interreg-grace.eu\\\/de\\\/#website\",\"url\":\"https:\\\/\\\/interreg-grace.eu\\\/de\\\/\",\"name\":\"Projet GRACE\",\"description\":\"Greater Region Artistic and Cultural Education\",\"publisher\":{\"@id\":\"https:\\\/\\\/interreg-grace.eu\\\/de\\\/#organization\"},\"potentialAction\":[{\"@type\":\"SearchAction\",\"target\":{\"@type\":\"EntryPoint\",\"urlTemplate\":\"https:\\\/\\\/interreg-grace.eu\\\/de\\\/?s={search_term_string}\"},\"query-input\":{\"@type\":\"PropertyValueSpecification\",\"valueRequired\":true,\"valueName\":\"search_term_string\"}}],\"inLanguage\":\"de\"},{\"@type\":\"Organization\",\"@id\":\"https:\\\/\\\/interreg-grace.eu\\\/de\\\/#organization\",\"name\":\"Interreg Grace\",\"alternateName\":\"Greater Region Artistic and Cultural Education\",\"url\":\"https:\\\/\\\/interreg-grace.eu\\\/de\\\/\",\"logo\":{\"@type\":\"ImageObject\",\"inLanguage\":\"de\",\"@id\":\"https:\\\/\\\/interreg-grace.eu\\\/de\\\/#\\\/schema\\\/logo\\\/image\\\/\",\"url\":\"https:\\\/\\\/interreg-grace.eu\\\/wp-content\\\/uploads\\\/2024\\\/08\\\/cropped-favicon-grace.webp\",\"contentUrl\":\"https:\\\/\\\/interreg-grace.eu\\\/wp-content\\\/uploads\\\/2024\\\/08\\\/cropped-favicon-grace.webp\",\"width\":512,\"height\":512,\"caption\":\"Interreg Grace\"},\"image\":{\"@id\":\"https:\\\/\\\/interreg-grace.eu\\\/de\\\/#\\\/schema\\\/logo\\\/image\\\/\"},\"sameAs\":[\"https:\\\/\\\/www.linkedin.com\\\/company\\\/interreg-grace\\\/\"]}]}<\/script>\n<!-- \/ Yoast SEO Premium plugin. -->","yoast_head_json":{"title":"Monga von J\u00e9ssica Teixeira - Projet GRACE","description":"Die brasilianische K\u00fcnstlerin J\u00e9ssica Teixeira f\u00fchrt Sie in die Erforschung des Selbstbewusstseins und der Natur der Angst.","robots":{"index":"index","follow":"follow","max-snippet":"max-snippet:-1","max-image-preview":"max-image-preview:large","max-video-preview":"max-video-preview:-1"},"canonical":"https:\/\/interreg-grace.eu\/de\/event\/monga-von-jessica-teixeira\/","og_locale":"de_DE","og_type":"article","og_title":"Monga von J\u00e9ssica Teixeira","og_description":"Die brasilianische K\u00fcnstlerin J\u00e9ssica Teixeira f\u00fchrt Sie in die Erforschung des Selbstbewusstseins und der Natur der Angst.","og_url":"https:\/\/interreg-grace.eu\/de\/event\/monga-von-jessica-teixeira\/","og_site_name":"Projet GRACE","article_modified_time":"2025-04-11T14:04:03+00:00","og_image":[{"width":1200,"height":800,"url":"https:\/\/interreg-grace.eu\/wp-content\/uploads\/2025\/04\/MONGA\u00a9_Patricia-Almeida.jpg","type":"image\/jpeg"}],"twitter_card":"summary_large_image","twitter_misc":{"Gesch\u00e4tzte Lesezeit":"1\u00a0Minute"},"schema":{"@context":"https:\/\/schema.org","@graph":[{"@type":"WebPage","@id":"https:\/\/interreg-grace.eu\/de\/event\/monga-von-jessica-teixeira\/","url":"https:\/\/interreg-grace.eu\/de\/event\/monga-von-jessica-teixeira\/","name":"Monga von J\u00e9ssica Teixeira - Projet GRACE","isPartOf":{"@id":"https:\/\/interreg-grace.eu\/de\/#website"},"primaryImageOfPage":{"@id":"https:\/\/interreg-grace.eu\/de\/event\/monga-von-jessica-teixeira\/#primaryimage"},"image":{"@id":"https:\/\/interreg-grace.eu\/de\/event\/monga-von-jessica-teixeira\/#primaryimage"},"thumbnailUrl":"https:\/\/interreg-grace.eu\/wp-content\/uploads\/2025\/04\/MONGA\u00a9_Patricia-Almeida.jpg","datePublished":"2025-04-11T14:04:02+00:00","dateModified":"2025-04-11T14:04:03+00:00","description":"Die brasilianische K\u00fcnstlerin J\u00e9ssica Teixeira f\u00fchrt Sie in die Erforschung des Selbstbewusstseins und der Natur der Angst.","breadcrumb":{"@id":"https:\/\/interreg-grace.eu\/de\/event\/monga-von-jessica-teixeira\/#breadcrumb"},"inLanguage":"de","potentialAction":[{"@type":"ReadAction","target":["https:\/\/interreg-grace.eu\/de\/event\/monga-von-jessica-teixeira\/"]}]},{"@type":"ImageObject","inLanguage":"de","@id":"https:\/\/interreg-grace.eu\/de\/event\/monga-von-jessica-teixeira\/#primaryimage","url":"https:\/\/interreg-grace.eu\/wp-content\/uploads\/2025\/04\/MONGA\u00a9_Patricia-Almeida.jpg","contentUrl":"https:\/\/interreg-grace.eu\/wp-content\/uploads\/2025\/04\/MONGA\u00a9_Patricia-Almeida.jpg","width":1200,"height":800,"caption":"\u00a9Patricia Almeida"},{"@type":"BreadcrumbList","@id":"https:\/\/interreg-grace.eu\/de\/event\/monga-von-jessica-teixeira\/#breadcrumb","itemListElement":[{"@type":"ListItem","position":1,"name":"Accueil","item":"https:\/\/interreg-grace.eu\/de\/"},{"@type":"ListItem","position":2,"name":"Veranstaltungen","item":"https:\/\/interreg-grace.eu\/de\/events\/"},{"@type":"ListItem","position":3,"name":"Monga von J\u00e9ssica Teixeira"}]},{"@type":"WebSite","@id":"https:\/\/interreg-grace.eu\/de\/#website","url":"https:\/\/interreg-grace.eu\/de\/","name":"Projet GRACE","description":"Greater Region Artistic and Cultural Education","publisher":{"@id":"https:\/\/interreg-grace.eu\/de\/#organization"},"potentialAction":[{"@type":"SearchAction","target":{"@type":"EntryPoint","urlTemplate":"https:\/\/interreg-grace.eu\/de\/?s={search_term_string}"},"query-input":{"@type":"PropertyValueSpecification","valueRequired":true,"valueName":"search_term_string"}}],"inLanguage":"de"},{"@type":"Organization","@id":"https:\/\/interreg-grace.eu\/de\/#organization","name":"Interreg Grace","alternateName":"Greater Region Artistic and Cultural Education","url":"https:\/\/interreg-grace.eu\/de\/","logo":{"@type":"ImageObject","inLanguage":"de","@id":"https:\/\/interreg-grace.eu\/de\/#\/schema\/logo\/image\/","url":"https:\/\/interreg-grace.eu\/wp-content\/uploads\/2024\/08\/cropped-favicon-grace.webp","contentUrl":"https:\/\/interreg-grace.eu\/wp-content\/uploads\/2024\/08\/cropped-favicon-grace.webp","width":512,"height":512,"caption":"Interreg Grace"},"image":{"@id":"https:\/\/interreg-grace.eu\/de\/#\/schema\/logo\/image\/"},"sameAs":["https:\/\/www.linkedin.com\/company\/interreg-grace\/"]}]}},"_links":{"self":[{"href":"https:\/\/interreg-grace.eu\/de\/wp-json\/wp\/v2\/tribe_events\/6172","targetHints":{"allow":["GET"]}}],"collection":[{"href":"https:\/\/interreg-grace.eu\/de\/wp-json\/wp\/v2\/tribe_events"}],"about":[{"href":"https:\/\/interreg-grace.eu\/de\/wp-json\/wp\/v2\/types\/tribe_events"}],"author":[{"embeddable":true,"href":"https:\/\/interreg-grace.eu\/de\/wp-json\/wp\/v2\/users\/2"}],"version-history":[{"count":1,"href":"https:\/\/interreg-grace.eu\/de\/wp-json\/wp\/v2\/tribe_events\/6172\/revisions"}],"predecessor-version":[{"id":6173,"href":"https:\/\/interreg-grace.eu\/de\/wp-json\/wp\/v2\/tribe_events\/6172\/revisions\/6173"}],"wp:featuredmedia":[{"embeddable":true,"href":"https:\/\/interreg-grace.eu\/de\/wp-json\/wp\/v2\/media\/5978"}],"wp:attachment":[{"href":"https:\/\/interreg-grace.eu\/de\/wp-json\/wp\/v2\/media?parent=6172"}],"wp:term":[{"taxonomy":"post_tag","embeddable":true,"href":"https:\/\/interreg-grace.eu\/de\/wp-json\/wp\/v2\/tags?post=6172"},{"taxonomy":"tribe_events_cat","embeddable":true,"href":"https:\/\/interreg-grace.eu\/de\/wp-json\/wp\/v2\/tribe_events_cat?post=6172"}],"curies":[{"name":"wp","href":"https:\/\/api.w.org\/{rel}","templated":true}]}}