{"id":6167,"date":"2025-04-11T15:42:25","date_gmt":"2025-04-11T13:42:25","guid":{"rendered":"https:\/\/interreg-grace.eu\/?post_type=tribe_events&#038;p=6167"},"modified":"2025-04-11T15:42:26","modified_gmt":"2025-04-11T13:42:26","slug":"hollanda-teil-1-von-avildseen-bheekhoo","status":"publish","type":"tribe_events","link":"https:\/\/interreg-grace.eu\/de\/event\/hollanda-teil-1-von-avildseen-bheekhoo\/","title":{"rendered":"Hollanda [Teil 1] von Avildseen Bheekhoo"},"content":{"rendered":"<p><strong>Was w\u00e4re, wenn eine Naturkatastrophe zum Katalysator f\u00fcr ein tiefgreifendes Nachdenken \u00fcber Identit\u00e4t, Diaspora und Resilienz wird? Autofiktion oder Realit\u00e4tsfehler? Finden Sie es heraus!<br \/>\n<\/strong>Ein Megazyklon fegt \u00fcber Mauritius hinweg und l\u00f6scht die physische Existenz der Insel aus. Nirvan, der entwurzelt ist und von seiner Herkunft verfolgt wird, beginnt eine experimentelle Therapie mit einer KI. Zwischen kitschigen indischen Sitcoms, bizarren Wetterberichten und einer Begegnung mit Touni Minwi \u2013 einem Werwolf, der aus kollektiven \u00c4ngsten und Tabus entstanden ist \u2013 erkundet Nirvan einen Ort, der zum Phantom geworden ist. Der mauritische K\u00fcnstler Avildseen Bheekhoo pr\u00e4sentiert uns mit seinem neuesten Werk <em>Hollanda <\/em>ein immersives Einpersonenst\u00fcck, in dem das Absurde und eine fragmentierte Erz\u00e4hlung sich zu einer Autofiktion verflechten, in der alles zwischen Unbehagen und Instabilit\u00e4t, Realit\u00e4t und Fantasie aus dem Gleichgewicht ger\u00e4t.   <\/p>\n<p>Im Anschluss an die Auff\u00fchrung findet ein Gespr\u00e4ch mit dem K\u00fcnstler statt.<\/p>\n<p><em>Hollanda <\/em>wird in Partnerschaft mit Bliiida pr\u00e4sentiert.<\/p>\n","protected":false},"excerpt":{"rendered":"<p>In Hollanda des mauritischen K\u00fcnstlers Avildseel Bheekhoo wird eine Naturkatastrophe zum Katalysator einer tiefgreifenden Reflexion \u00fcber Identit\u00e4t, Diaspora und Resilienz.<\/p>\n","protected":false},"author":2,"featured_media":5982,"template":"","meta":{"_acf_changed":false,"_tribe_events_status":"","_tribe_events_status_reason":"","footnotes":""},"tags":[101],"tribe_events_cat":[97,127,113,122],"class_list":["post-6167","tribe_events","type-tribe_events","status-publish","has-post-thumbnail","hentry","tag-darstellende-kunst","tribe_events_cat-tout-public-de","tribe_events_cat-auffuhrung","tribe_events_cat-frankreich","tribe_events_cat-lebende-auffuhrung","cat_tout-public-de","cat_auffuhrung","cat_frankreich","cat_lebende-auffuhrung"],"acf":[],"yoast_head":"<!-- This site is optimized with the Yoast SEO Premium plugin v24.7 (Yoast SEO v27.3) - https:\/\/yoast.com\/product\/yoast-seo-premium-wordpress\/ -->\n<title>Hollanda [Teil 1] von Avildseen Bheekhoo - Projet GRACE<\/title>\n<meta name=\"description\" content=\"In Hollanda des mauritischen K\u00fcnstlers Avildseel Bheekhoo wird eine Naturkatastrophe zum Katalysator einer tiefgreifenden Reflexion \u00fcber Identit\u00e4t, Diaspora und Resilienz.\" \/>\n<meta name=\"robots\" content=\"index, follow, max-snippet:-1, max-image-preview:large, max-video-preview:-1\" \/>\n<link rel=\"canonical\" href=\"https:\/\/interreg-grace.eu\/de\/event\/hollanda-teil-1-von-avildseen-bheekhoo\/\" \/>\n<meta property=\"og:locale\" content=\"de_DE\" \/>\n<meta property=\"og:type\" content=\"article\" \/>\n<meta property=\"og:title\" content=\"Hollanda [Teil 1] von Avildseen Bheekhoo\" \/>\n<meta property=\"og:description\" content=\"In Hollanda des mauritischen K\u00fcnstlers Avildseel Bheekhoo wird eine Naturkatastrophe zum Katalysator einer tiefgreifenden Reflexion \u00fcber Identit\u00e4t, Diaspora und Resilienz.\" \/>\n<meta property=\"og:url\" content=\"https:\/\/interreg-grace.eu\/de\/event\/hollanda-teil-1-von-avildseen-bheekhoo\/\" \/>\n<meta property=\"og:site_name\" content=\"Projet GRACE\" \/>\n<meta property=\"article:modified_time\" content=\"2025-04-11T13:42:26+00:00\" \/>\n<meta property=\"og:image\" content=\"https:\/\/interreg-grace.eu\/wp-content\/uploads\/2025\/04\/HOLLANDA-c-Bohumil_KOSTOHRYZ.jpg\" \/>\n\t<meta property=\"og:image:width\" content=\"1200\" \/>\n\t<meta property=\"og:image:height\" content=\"800\" \/>\n\t<meta property=\"og:image:type\" content=\"image\/jpeg\" \/>\n<meta name=\"twitter:card\" content=\"summary_large_image\" \/>\n<meta name=\"twitter:label1\" content=\"Gesch\u00e4tzte Lesezeit\" \/>\n\t<meta name=\"twitter:data1\" content=\"1\u00a0Minute\" \/>\n<script type=\"application\/ld+json\" class=\"yoast-schema-graph\">{\"@context\":\"https:\\\/\\\/schema.org\",\"@graph\":[{\"@type\":\"WebPage\",\"@id\":\"https:\\\/\\\/interreg-grace.eu\\\/de\\\/event\\\/hollanda-teil-1-von-avildseen-bheekhoo\\\/\",\"url\":\"https:\\\/\\\/interreg-grace.eu\\\/de\\\/event\\\/hollanda-teil-1-von-avildseen-bheekhoo\\\/\",\"name\":\"Hollanda [Teil 1] von Avildseen Bheekhoo - Projet GRACE\",\"isPartOf\":{\"@id\":\"https:\\\/\\\/interreg-grace.eu\\\/de\\\/#website\"},\"primaryImageOfPage\":{\"@id\":\"https:\\\/\\\/interreg-grace.eu\\\/de\\\/event\\\/hollanda-teil-1-von-avildseen-bheekhoo\\\/#primaryimage\"},\"image\":{\"@id\":\"https:\\\/\\\/interreg-grace.eu\\\/de\\\/event\\\/hollanda-teil-1-von-avildseen-bheekhoo\\\/#primaryimage\"},\"thumbnailUrl\":\"https:\\\/\\\/interreg-grace.eu\\\/wp-content\\\/uploads\\\/2025\\\/04\\\/HOLLANDA-c-Bohumil_KOSTOHRYZ.jpg\",\"datePublished\":\"2025-04-11T13:42:25+00:00\",\"dateModified\":\"2025-04-11T13:42:26+00:00\",\"description\":\"In Hollanda des mauritischen K\u00fcnstlers Avildseel Bheekhoo wird eine Naturkatastrophe zum Katalysator einer tiefgreifenden Reflexion \u00fcber Identit\u00e4t, Diaspora und Resilienz.\",\"breadcrumb\":{\"@id\":\"https:\\\/\\\/interreg-grace.eu\\\/de\\\/event\\\/hollanda-teil-1-von-avildseen-bheekhoo\\\/#breadcrumb\"},\"inLanguage\":\"de\",\"potentialAction\":[{\"@type\":\"ReadAction\",\"target\":[\"https:\\\/\\\/interreg-grace.eu\\\/de\\\/event\\\/hollanda-teil-1-von-avildseen-bheekhoo\\\/\"]}]},{\"@type\":\"ImageObject\",\"inLanguage\":\"de\",\"@id\":\"https:\\\/\\\/interreg-grace.eu\\\/de\\\/event\\\/hollanda-teil-1-von-avildseen-bheekhoo\\\/#primaryimage\",\"url\":\"https:\\\/\\\/interreg-grace.eu\\\/wp-content\\\/uploads\\\/2025\\\/04\\\/HOLLANDA-c-Bohumil_KOSTOHRYZ.jpg\",\"contentUrl\":\"https:\\\/\\\/interreg-grace.eu\\\/wp-content\\\/uploads\\\/2025\\\/04\\\/HOLLANDA-c-Bohumil_KOSTOHRYZ.jpg\",\"width\":1200,\"height\":800,\"caption\":\"\u00a9Bohumil\"},{\"@type\":\"BreadcrumbList\",\"@id\":\"https:\\\/\\\/interreg-grace.eu\\\/de\\\/event\\\/hollanda-teil-1-von-avildseen-bheekhoo\\\/#breadcrumb\",\"itemListElement\":[{\"@type\":\"ListItem\",\"position\":1,\"name\":\"Accueil\",\"item\":\"https:\\\/\\\/interreg-grace.eu\\\/de\\\/\"},{\"@type\":\"ListItem\",\"position\":2,\"name\":\"Veranstaltungen\",\"item\":\"https:\\\/\\\/interreg-grace.eu\\\/de\\\/events\\\/\"},{\"@type\":\"ListItem\",\"position\":3,\"name\":\"Hollanda [Teil 1] von Avildseen Bheekhoo\"}]},{\"@type\":\"WebSite\",\"@id\":\"https:\\\/\\\/interreg-grace.eu\\\/de\\\/#website\",\"url\":\"https:\\\/\\\/interreg-grace.eu\\\/de\\\/\",\"name\":\"Projet GRACE\",\"description\":\"Greater Region Artistic and Cultural Education\",\"publisher\":{\"@id\":\"https:\\\/\\\/interreg-grace.eu\\\/de\\\/#organization\"},\"potentialAction\":[{\"@type\":\"SearchAction\",\"target\":{\"@type\":\"EntryPoint\",\"urlTemplate\":\"https:\\\/\\\/interreg-grace.eu\\\/de\\\/?s={search_term_string}\"},\"query-input\":{\"@type\":\"PropertyValueSpecification\",\"valueRequired\":true,\"valueName\":\"search_term_string\"}}],\"inLanguage\":\"de\"},{\"@type\":\"Organization\",\"@id\":\"https:\\\/\\\/interreg-grace.eu\\\/de\\\/#organization\",\"name\":\"Interreg Grace\",\"alternateName\":\"Greater Region Artistic and Cultural Education\",\"url\":\"https:\\\/\\\/interreg-grace.eu\\\/de\\\/\",\"logo\":{\"@type\":\"ImageObject\",\"inLanguage\":\"de\",\"@id\":\"https:\\\/\\\/interreg-grace.eu\\\/de\\\/#\\\/schema\\\/logo\\\/image\\\/\",\"url\":\"https:\\\/\\\/interreg-grace.eu\\\/wp-content\\\/uploads\\\/2024\\\/08\\\/cropped-favicon-grace.webp\",\"contentUrl\":\"https:\\\/\\\/interreg-grace.eu\\\/wp-content\\\/uploads\\\/2024\\\/08\\\/cropped-favicon-grace.webp\",\"width\":512,\"height\":512,\"caption\":\"Interreg Grace\"},\"image\":{\"@id\":\"https:\\\/\\\/interreg-grace.eu\\\/de\\\/#\\\/schema\\\/logo\\\/image\\\/\"},\"sameAs\":[\"https:\\\/\\\/www.linkedin.com\\\/company\\\/interreg-grace\\\/\"]}]}<\/script>\n<!-- \/ Yoast SEO Premium plugin. -->","yoast_head_json":{"title":"Hollanda [Teil 1] von Avildseen Bheekhoo - Projet GRACE","description":"In Hollanda des mauritischen K\u00fcnstlers Avildseel Bheekhoo wird eine Naturkatastrophe zum Katalysator einer tiefgreifenden Reflexion \u00fcber Identit\u00e4t, Diaspora und Resilienz.","robots":{"index":"index","follow":"follow","max-snippet":"max-snippet:-1","max-image-preview":"max-image-preview:large","max-video-preview":"max-video-preview:-1"},"canonical":"https:\/\/interreg-grace.eu\/de\/event\/hollanda-teil-1-von-avildseen-bheekhoo\/","og_locale":"de_DE","og_type":"article","og_title":"Hollanda [Teil 1] von Avildseen Bheekhoo","og_description":"In Hollanda des mauritischen K\u00fcnstlers Avildseel Bheekhoo wird eine Naturkatastrophe zum Katalysator einer tiefgreifenden Reflexion \u00fcber Identit\u00e4t, Diaspora und Resilienz.","og_url":"https:\/\/interreg-grace.eu\/de\/event\/hollanda-teil-1-von-avildseen-bheekhoo\/","og_site_name":"Projet GRACE","article_modified_time":"2025-04-11T13:42:26+00:00","og_image":[{"width":1200,"height":800,"url":"https:\/\/interreg-grace.eu\/wp-content\/uploads\/2025\/04\/HOLLANDA-c-Bohumil_KOSTOHRYZ.jpg","type":"image\/jpeg"}],"twitter_card":"summary_large_image","twitter_misc":{"Gesch\u00e4tzte Lesezeit":"1\u00a0Minute"},"schema":{"@context":"https:\/\/schema.org","@graph":[{"@type":"WebPage","@id":"https:\/\/interreg-grace.eu\/de\/event\/hollanda-teil-1-von-avildseen-bheekhoo\/","url":"https:\/\/interreg-grace.eu\/de\/event\/hollanda-teil-1-von-avildseen-bheekhoo\/","name":"Hollanda [Teil 1] von Avildseen Bheekhoo - Projet GRACE","isPartOf":{"@id":"https:\/\/interreg-grace.eu\/de\/#website"},"primaryImageOfPage":{"@id":"https:\/\/interreg-grace.eu\/de\/event\/hollanda-teil-1-von-avildseen-bheekhoo\/#primaryimage"},"image":{"@id":"https:\/\/interreg-grace.eu\/de\/event\/hollanda-teil-1-von-avildseen-bheekhoo\/#primaryimage"},"thumbnailUrl":"https:\/\/interreg-grace.eu\/wp-content\/uploads\/2025\/04\/HOLLANDA-c-Bohumil_KOSTOHRYZ.jpg","datePublished":"2025-04-11T13:42:25+00:00","dateModified":"2025-04-11T13:42:26+00:00","description":"In Hollanda des mauritischen K\u00fcnstlers Avildseel Bheekhoo wird eine Naturkatastrophe zum Katalysator einer tiefgreifenden Reflexion \u00fcber Identit\u00e4t, Diaspora und Resilienz.","breadcrumb":{"@id":"https:\/\/interreg-grace.eu\/de\/event\/hollanda-teil-1-von-avildseen-bheekhoo\/#breadcrumb"},"inLanguage":"de","potentialAction":[{"@type":"ReadAction","target":["https:\/\/interreg-grace.eu\/de\/event\/hollanda-teil-1-von-avildseen-bheekhoo\/"]}]},{"@type":"ImageObject","inLanguage":"de","@id":"https:\/\/interreg-grace.eu\/de\/event\/hollanda-teil-1-von-avildseen-bheekhoo\/#primaryimage","url":"https:\/\/interreg-grace.eu\/wp-content\/uploads\/2025\/04\/HOLLANDA-c-Bohumil_KOSTOHRYZ.jpg","contentUrl":"https:\/\/interreg-grace.eu\/wp-content\/uploads\/2025\/04\/HOLLANDA-c-Bohumil_KOSTOHRYZ.jpg","width":1200,"height":800,"caption":"\u00a9Bohumil"},{"@type":"BreadcrumbList","@id":"https:\/\/interreg-grace.eu\/de\/event\/hollanda-teil-1-von-avildseen-bheekhoo\/#breadcrumb","itemListElement":[{"@type":"ListItem","position":1,"name":"Accueil","item":"https:\/\/interreg-grace.eu\/de\/"},{"@type":"ListItem","position":2,"name":"Veranstaltungen","item":"https:\/\/interreg-grace.eu\/de\/events\/"},{"@type":"ListItem","position":3,"name":"Hollanda [Teil 1] von Avildseen Bheekhoo"}]},{"@type":"WebSite","@id":"https:\/\/interreg-grace.eu\/de\/#website","url":"https:\/\/interreg-grace.eu\/de\/","name":"Projet GRACE","description":"Greater Region Artistic and Cultural Education","publisher":{"@id":"https:\/\/interreg-grace.eu\/de\/#organization"},"potentialAction":[{"@type":"SearchAction","target":{"@type":"EntryPoint","urlTemplate":"https:\/\/interreg-grace.eu\/de\/?s={search_term_string}"},"query-input":{"@type":"PropertyValueSpecification","valueRequired":true,"valueName":"search_term_string"}}],"inLanguage":"de"},{"@type":"Organization","@id":"https:\/\/interreg-grace.eu\/de\/#organization","name":"Interreg Grace","alternateName":"Greater Region Artistic and Cultural Education","url":"https:\/\/interreg-grace.eu\/de\/","logo":{"@type":"ImageObject","inLanguage":"de","@id":"https:\/\/interreg-grace.eu\/de\/#\/schema\/logo\/image\/","url":"https:\/\/interreg-grace.eu\/wp-content\/uploads\/2024\/08\/cropped-favicon-grace.webp","contentUrl":"https:\/\/interreg-grace.eu\/wp-content\/uploads\/2024\/08\/cropped-favicon-grace.webp","width":512,"height":512,"caption":"Interreg Grace"},"image":{"@id":"https:\/\/interreg-grace.eu\/de\/#\/schema\/logo\/image\/"},"sameAs":["https:\/\/www.linkedin.com\/company\/interreg-grace\/"]}]}},"_links":{"self":[{"href":"https:\/\/interreg-grace.eu\/de\/wp-json\/wp\/v2\/tribe_events\/6167","targetHints":{"allow":["GET"]}}],"collection":[{"href":"https:\/\/interreg-grace.eu\/de\/wp-json\/wp\/v2\/tribe_events"}],"about":[{"href":"https:\/\/interreg-grace.eu\/de\/wp-json\/wp\/v2\/types\/tribe_events"}],"author":[{"embeddable":true,"href":"https:\/\/interreg-grace.eu\/de\/wp-json\/wp\/v2\/users\/2"}],"version-history":[{"count":1,"href":"https:\/\/interreg-grace.eu\/de\/wp-json\/wp\/v2\/tribe_events\/6167\/revisions"}],"predecessor-version":[{"id":6168,"href":"https:\/\/interreg-grace.eu\/de\/wp-json\/wp\/v2\/tribe_events\/6167\/revisions\/6168"}],"wp:featuredmedia":[{"embeddable":true,"href":"https:\/\/interreg-grace.eu\/de\/wp-json\/wp\/v2\/media\/5982"}],"wp:attachment":[{"href":"https:\/\/interreg-grace.eu\/de\/wp-json\/wp\/v2\/media?parent=6167"}],"wp:term":[{"taxonomy":"post_tag","embeddable":true,"href":"https:\/\/interreg-grace.eu\/de\/wp-json\/wp\/v2\/tags?post=6167"},{"taxonomy":"tribe_events_cat","embeddable":true,"href":"https:\/\/interreg-grace.eu\/de\/wp-json\/wp\/v2\/tribe_events_cat?post=6167"}],"curies":[{"name":"wp","href":"https:\/\/api.w.org\/{rel}","templated":true}]}}