{"id":6164,"date":"2025-04-11T15:32:39","date_gmt":"2025-04-11T13:32:39","guid":{"rendered":"https:\/\/interreg-grace.eu\/?post_type=tribe_events&#038;p=6164"},"modified":"2025-04-11T15:32:39","modified_gmt":"2025-04-11T13:32:39","slug":"donne-moi-la-main-happy-manif","status":"publish","type":"tribe_events","link":"https:\/\/interreg-grace.eu\/de\/event\/donne-moi-la-main-happy-manif\/","title":{"rendered":"Donne-moi la main (Happy Manif)"},"content":{"rendered":"<p>EWie w\u00e4re es, wenn wir uns die Hand reichen w\u00fcrden, um den Weg zu mehr Verst\u00e4ndnis und Toleranz gemeinsam zu beschreiten? In <em>Donne-moi la main (Happy Manif)<\/em>, einer partizipativen, choreografischen Auff\u00fchrung mit Audioguide, nehmen uns die Choreograf:innen mit, um uns mit der \u201eAngst vor dem Anderen\u201c zu besch\u00e4ftigen, indem sie die Beziehungen innerhalb der Sch\u00fclerschaft auf dem Pausenhof hinterfragen. Beziehungen zwischen M\u00e4dchen und Jungen, Stereotypen, Vorurteile, Machtverh\u00e4ltnisse &#8230; Diese und noch viele weitere Fragen stehen im Mittelpunkt dieser Auff\u00fchrung, die eine Debatte \u00fcber Unterschiede, Vorurteile und Diskriminierung auf dem Schulhof ansto\u00dfen soll.  <\/p>\n<p>Am 16. Mai 2025 um 19.00 Uhr haben Sie die Gelegenheit, an dieser Auff\u00fchrung teilzunehmen, zu der Kinder (ab 8 Jahren) und Erwachsene herzlich eingeladen sind. Veranstaltungsort ist die \u00c9cole Bonnevoie-Gell\u00e9 (B\u00e2timent BOARD, 23A rue des Ardennes, L\u20111133 Luxemburg)! <\/p>\n<p>Vom 13. bis 16. Mai 2025 werden auf den Schulh\u00f6fen verschiedener Schulen Schulvorstellungen organisiert, die ausschlie\u00dflich f\u00fcr Schulklassen der Stadt Luxemburg reserviert sind. Die Auff\u00fchrung wird auch in deutscher Sprache angeboten. Vor Beginn der Auff\u00fchrung erfolgt eine Einf\u00fchrung im Unterricht und im Anschluss findet eine Gespr\u00e4chsrunde mit den K\u00fcnstler:innen statt. F\u00fcr Lehrkr\u00e4fte steht entsprechendes <a class=\"text-underline\" href=\"https:\/\/www.rotondes.lu\/fr\/profiles\/supports-pedagogiques\" target=\"_blank\" rel=\"noreferrer noopener\">Lehrmaterial <\/a>zur Verf\u00fcgung.   <\/p>\n<div id=\"attachment_5994\" style=\"width: 310px\" class=\"wp-caption alignnone\"><img decoding=\"async\" aria-describedby=\"caption-attachment-5994\" class=\"lazyload size-medium wp-image-5994\" src=\"data:image\/svg+xml,%3Csvg%20xmlns%3D%27http%3A%2F%2Fwww.w3.org%2F2000%2Fsvg%27%20width%3D%27300%27%20height%3D%27200%27%20viewBox%3D%270%200%20300%20200%27%3E%3Crect%20width%3D%27300%27%20height%3D%27200%27%20fill-opacity%3D%220%22%2F%3E%3C%2Fsvg%3E\" data-orig-src=\"https:\/\/interreg-grace.eu\/wp-content\/uploads\/2025\/04\/Donne-Moi-la-Main-2_David-Rolland-Choregrafies-%C2%A9Kalimba-300x200.jpg\" alt=\"Ein partizipatives Erlebnis mit Audioguide, das die \u201eAngst vor dem Anderen\u201c auf dem Schulhof thematisiert.\" width=\"300\" height=\"200\"><p id=\"caption-attachment-5994\" class=\"wp-caption-text\">\u00a9Kalimba<\/p><\/div>\n","protected":false},"excerpt":{"rendered":"<p>In Donne-moi la main (Happy Manif), einer partizipativen choreographischen Auff\u00fchrung mit Audioguide, regen David Rolland und Elise Lerat dazu an, sich mit der \u201eAngst vor dem Anderen\u201c zu besch\u00e4ftigen, indem sie die Beziehungen innerhalb der Sch\u00fclerschaft auf dem Pausenhof hinterfragen.<\/p>\n","protected":false},"author":2,"featured_media":5993,"template":"","meta":{"_acf_changed":false,"_tribe_events_status":"","_tribe_events_status_reason":"","footnotes":""},"tags":[101],"tribe_events_cat":[97,127,116,122,114],"class_list":["post-6164","tribe_events","type-tribe_events","status-publish","has-post-thumbnail","hentry","tag-darstellende-kunst","tribe_events_cat-tout-public-de","tribe_events_cat-auffuhrung","tribe_events_cat-junges-publikum","tribe_events_cat-lebende-auffuhrung","tribe_events_cat-luxemburg","cat_tout-public-de","cat_auffuhrung","cat_junges-publikum","cat_lebende-auffuhrung","cat_luxemburg"],"acf":[],"yoast_head":"<!-- This site is optimized with the Yoast SEO Premium plugin v24.7 (Yoast SEO v27.3) - https:\/\/yoast.com\/product\/yoast-seo-premium-wordpress\/ -->\n<title>Donne-moi la main (Happy Manif) - Projet GRACE<\/title>\n<meta name=\"description\" content=\"Ein partizipatives Erlebnis mit Audioguide, das die \u201eAngst vor dem Anderen\u201c auf dem Schulhof thematisiert.\" \/>\n<meta name=\"robots\" content=\"index, follow, max-snippet:-1, max-image-preview:large, max-video-preview:-1\" \/>\n<link rel=\"canonical\" href=\"https:\/\/interreg-grace.eu\/de\/event\/donne-moi-la-main-happy-manif\/\" \/>\n<meta property=\"og:locale\" content=\"de_DE\" \/>\n<meta property=\"og:type\" content=\"article\" \/>\n<meta property=\"og:title\" content=\"Donne-moi la main (Happy Manif)\" \/>\n<meta property=\"og:description\" content=\"Ein partizipatives Erlebnis mit Audioguide, das die \u201eAngst vor dem Anderen\u201c auf dem Schulhof thematisiert.\" \/>\n<meta property=\"og:url\" content=\"https:\/\/interreg-grace.eu\/de\/event\/donne-moi-la-main-happy-manif\/\" \/>\n<meta property=\"og:site_name\" content=\"Projet GRACE\" \/>\n<meta property=\"og:image\" content=\"https:\/\/interreg-grace.eu\/wp-content\/uploads\/2025\/04\/Donne-Moi-la-Main-3_David-Rolland-Choregrafies-\u00a9Kalimba.jpg\" \/>\n\t<meta property=\"og:image:width\" content=\"1000\" \/>\n\t<meta property=\"og:image:height\" content=\"667\" \/>\n\t<meta property=\"og:image:type\" content=\"image\/jpeg\" \/>\n<meta name=\"twitter:card\" content=\"summary_large_image\" \/>\n<meta name=\"twitter:label1\" content=\"Gesch\u00e4tzte Lesezeit\" \/>\n\t<meta name=\"twitter:data1\" content=\"1\u00a0Minute\" \/>\n<script type=\"application\/ld+json\" class=\"yoast-schema-graph\">{\"@context\":\"https:\\\/\\\/schema.org\",\"@graph\":[{\"@type\":\"WebPage\",\"@id\":\"https:\\\/\\\/interreg-grace.eu\\\/de\\\/event\\\/donne-moi-la-main-happy-manif\\\/\",\"url\":\"https:\\\/\\\/interreg-grace.eu\\\/de\\\/event\\\/donne-moi-la-main-happy-manif\\\/\",\"name\":\"Donne-moi la main (Happy Manif) - Projet GRACE\",\"isPartOf\":{\"@id\":\"https:\\\/\\\/interreg-grace.eu\\\/de\\\/#website\"},\"primaryImageOfPage\":{\"@id\":\"https:\\\/\\\/interreg-grace.eu\\\/de\\\/event\\\/donne-moi-la-main-happy-manif\\\/#primaryimage\"},\"image\":{\"@id\":\"https:\\\/\\\/interreg-grace.eu\\\/de\\\/event\\\/donne-moi-la-main-happy-manif\\\/#primaryimage\"},\"thumbnailUrl\":\"https:\\\/\\\/interreg-grace.eu\\\/wp-content\\\/uploads\\\/2025\\\/04\\\/Donne-Moi-la-Main-3_David-Rolland-Choregrafies-\u00a9Kalimba.jpg\",\"datePublished\":\"2025-04-11T13:32:39+00:00\",\"description\":\"Ein partizipatives Erlebnis mit Audioguide, das die \u201eAngst vor dem Anderen\u201c auf dem Schulhof thematisiert.\",\"breadcrumb\":{\"@id\":\"https:\\\/\\\/interreg-grace.eu\\\/de\\\/event\\\/donne-moi-la-main-happy-manif\\\/#breadcrumb\"},\"inLanguage\":\"de\",\"potentialAction\":[{\"@type\":\"ReadAction\",\"target\":[\"https:\\\/\\\/interreg-grace.eu\\\/de\\\/event\\\/donne-moi-la-main-happy-manif\\\/\"]}]},{\"@type\":\"ImageObject\",\"inLanguage\":\"de\",\"@id\":\"https:\\\/\\\/interreg-grace.eu\\\/de\\\/event\\\/donne-moi-la-main-happy-manif\\\/#primaryimage\",\"url\":\"https:\\\/\\\/interreg-grace.eu\\\/wp-content\\\/uploads\\\/2025\\\/04\\\/Donne-Moi-la-Main-3_David-Rolland-Choregrafies-\u00a9Kalimba.jpg\",\"contentUrl\":\"https:\\\/\\\/interreg-grace.eu\\\/wp-content\\\/uploads\\\/2025\\\/04\\\/Donne-Moi-la-Main-3_David-Rolland-Choregrafies-\u00a9Kalimba.jpg\",\"width\":1000,\"height\":667,\"caption\":\"\u00a9\"},{\"@type\":\"BreadcrumbList\",\"@id\":\"https:\\\/\\\/interreg-grace.eu\\\/de\\\/event\\\/donne-moi-la-main-happy-manif\\\/#breadcrumb\",\"itemListElement\":[{\"@type\":\"ListItem\",\"position\":1,\"name\":\"Accueil\",\"item\":\"https:\\\/\\\/interreg-grace.eu\\\/de\\\/\"},{\"@type\":\"ListItem\",\"position\":2,\"name\":\"Veranstaltungen\",\"item\":\"https:\\\/\\\/interreg-grace.eu\\\/de\\\/events\\\/\"},{\"@type\":\"ListItem\",\"position\":3,\"name\":\"Donne-moi la main (Happy Manif)\"}]},{\"@type\":\"WebSite\",\"@id\":\"https:\\\/\\\/interreg-grace.eu\\\/de\\\/#website\",\"url\":\"https:\\\/\\\/interreg-grace.eu\\\/de\\\/\",\"name\":\"Projet GRACE\",\"description\":\"Greater Region Artistic and Cultural Education\",\"publisher\":{\"@id\":\"https:\\\/\\\/interreg-grace.eu\\\/de\\\/#organization\"},\"potentialAction\":[{\"@type\":\"SearchAction\",\"target\":{\"@type\":\"EntryPoint\",\"urlTemplate\":\"https:\\\/\\\/interreg-grace.eu\\\/de\\\/?s={search_term_string}\"},\"query-input\":{\"@type\":\"PropertyValueSpecification\",\"valueRequired\":true,\"valueName\":\"search_term_string\"}}],\"inLanguage\":\"de\"},{\"@type\":\"Organization\",\"@id\":\"https:\\\/\\\/interreg-grace.eu\\\/de\\\/#organization\",\"name\":\"Interreg Grace\",\"alternateName\":\"Greater Region Artistic and Cultural Education\",\"url\":\"https:\\\/\\\/interreg-grace.eu\\\/de\\\/\",\"logo\":{\"@type\":\"ImageObject\",\"inLanguage\":\"de\",\"@id\":\"https:\\\/\\\/interreg-grace.eu\\\/de\\\/#\\\/schema\\\/logo\\\/image\\\/\",\"url\":\"https:\\\/\\\/interreg-grace.eu\\\/wp-content\\\/uploads\\\/2024\\\/08\\\/cropped-favicon-grace.webp\",\"contentUrl\":\"https:\\\/\\\/interreg-grace.eu\\\/wp-content\\\/uploads\\\/2024\\\/08\\\/cropped-favicon-grace.webp\",\"width\":512,\"height\":512,\"caption\":\"Interreg Grace\"},\"image\":{\"@id\":\"https:\\\/\\\/interreg-grace.eu\\\/de\\\/#\\\/schema\\\/logo\\\/image\\\/\"},\"sameAs\":[\"https:\\\/\\\/www.linkedin.com\\\/company\\\/interreg-grace\\\/\"]}]}<\/script>\n<!-- \/ Yoast SEO Premium plugin. -->","yoast_head_json":{"title":"Donne-moi la main (Happy Manif) - Projet GRACE","description":"Ein partizipatives Erlebnis mit Audioguide, das die \u201eAngst vor dem Anderen\u201c auf dem Schulhof thematisiert.","robots":{"index":"index","follow":"follow","max-snippet":"max-snippet:-1","max-image-preview":"max-image-preview:large","max-video-preview":"max-video-preview:-1"},"canonical":"https:\/\/interreg-grace.eu\/de\/event\/donne-moi-la-main-happy-manif\/","og_locale":"de_DE","og_type":"article","og_title":"Donne-moi la main (Happy Manif)","og_description":"Ein partizipatives Erlebnis mit Audioguide, das die \u201eAngst vor dem Anderen\u201c auf dem Schulhof thematisiert.","og_url":"https:\/\/interreg-grace.eu\/de\/event\/donne-moi-la-main-happy-manif\/","og_site_name":"Projet GRACE","og_image":[{"width":1000,"height":667,"url":"https:\/\/interreg-grace.eu\/wp-content\/uploads\/2025\/04\/Donne-Moi-la-Main-3_David-Rolland-Choregrafies-\u00a9Kalimba.jpg","type":"image\/jpeg"}],"twitter_card":"summary_large_image","twitter_misc":{"Gesch\u00e4tzte Lesezeit":"1\u00a0Minute"},"schema":{"@context":"https:\/\/schema.org","@graph":[{"@type":"WebPage","@id":"https:\/\/interreg-grace.eu\/de\/event\/donne-moi-la-main-happy-manif\/","url":"https:\/\/interreg-grace.eu\/de\/event\/donne-moi-la-main-happy-manif\/","name":"Donne-moi la main (Happy Manif) - Projet GRACE","isPartOf":{"@id":"https:\/\/interreg-grace.eu\/de\/#website"},"primaryImageOfPage":{"@id":"https:\/\/interreg-grace.eu\/de\/event\/donne-moi-la-main-happy-manif\/#primaryimage"},"image":{"@id":"https:\/\/interreg-grace.eu\/de\/event\/donne-moi-la-main-happy-manif\/#primaryimage"},"thumbnailUrl":"https:\/\/interreg-grace.eu\/wp-content\/uploads\/2025\/04\/Donne-Moi-la-Main-3_David-Rolland-Choregrafies-\u00a9Kalimba.jpg","datePublished":"2025-04-11T13:32:39+00:00","description":"Ein partizipatives Erlebnis mit Audioguide, das die \u201eAngst vor dem Anderen\u201c auf dem Schulhof thematisiert.","breadcrumb":{"@id":"https:\/\/interreg-grace.eu\/de\/event\/donne-moi-la-main-happy-manif\/#breadcrumb"},"inLanguage":"de","potentialAction":[{"@type":"ReadAction","target":["https:\/\/interreg-grace.eu\/de\/event\/donne-moi-la-main-happy-manif\/"]}]},{"@type":"ImageObject","inLanguage":"de","@id":"https:\/\/interreg-grace.eu\/de\/event\/donne-moi-la-main-happy-manif\/#primaryimage","url":"https:\/\/interreg-grace.eu\/wp-content\/uploads\/2025\/04\/Donne-Moi-la-Main-3_David-Rolland-Choregrafies-\u00a9Kalimba.jpg","contentUrl":"https:\/\/interreg-grace.eu\/wp-content\/uploads\/2025\/04\/Donne-Moi-la-Main-3_David-Rolland-Choregrafies-\u00a9Kalimba.jpg","width":1000,"height":667,"caption":"\u00a9"},{"@type":"BreadcrumbList","@id":"https:\/\/interreg-grace.eu\/de\/event\/donne-moi-la-main-happy-manif\/#breadcrumb","itemListElement":[{"@type":"ListItem","position":1,"name":"Accueil","item":"https:\/\/interreg-grace.eu\/de\/"},{"@type":"ListItem","position":2,"name":"Veranstaltungen","item":"https:\/\/interreg-grace.eu\/de\/events\/"},{"@type":"ListItem","position":3,"name":"Donne-moi la main (Happy Manif)"}]},{"@type":"WebSite","@id":"https:\/\/interreg-grace.eu\/de\/#website","url":"https:\/\/interreg-grace.eu\/de\/","name":"Projet GRACE","description":"Greater Region Artistic and Cultural Education","publisher":{"@id":"https:\/\/interreg-grace.eu\/de\/#organization"},"potentialAction":[{"@type":"SearchAction","target":{"@type":"EntryPoint","urlTemplate":"https:\/\/interreg-grace.eu\/de\/?s={search_term_string}"},"query-input":{"@type":"PropertyValueSpecification","valueRequired":true,"valueName":"search_term_string"}}],"inLanguage":"de"},{"@type":"Organization","@id":"https:\/\/interreg-grace.eu\/de\/#organization","name":"Interreg Grace","alternateName":"Greater Region Artistic and Cultural Education","url":"https:\/\/interreg-grace.eu\/de\/","logo":{"@type":"ImageObject","inLanguage":"de","@id":"https:\/\/interreg-grace.eu\/de\/#\/schema\/logo\/image\/","url":"https:\/\/interreg-grace.eu\/wp-content\/uploads\/2024\/08\/cropped-favicon-grace.webp","contentUrl":"https:\/\/interreg-grace.eu\/wp-content\/uploads\/2024\/08\/cropped-favicon-grace.webp","width":512,"height":512,"caption":"Interreg Grace"},"image":{"@id":"https:\/\/interreg-grace.eu\/de\/#\/schema\/logo\/image\/"},"sameAs":["https:\/\/www.linkedin.com\/company\/interreg-grace\/"]}]}},"_links":{"self":[{"href":"https:\/\/interreg-grace.eu\/de\/wp-json\/wp\/v2\/tribe_events\/6164","targetHints":{"allow":["GET"]}}],"collection":[{"href":"https:\/\/interreg-grace.eu\/de\/wp-json\/wp\/v2\/tribe_events"}],"about":[{"href":"https:\/\/interreg-grace.eu\/de\/wp-json\/wp\/v2\/types\/tribe_events"}],"author":[{"embeddable":true,"href":"https:\/\/interreg-grace.eu\/de\/wp-json\/wp\/v2\/users\/2"}],"version-history":[{"count":1,"href":"https:\/\/interreg-grace.eu\/de\/wp-json\/wp\/v2\/tribe_events\/6164\/revisions"}],"predecessor-version":[{"id":6166,"href":"https:\/\/interreg-grace.eu\/de\/wp-json\/wp\/v2\/tribe_events\/6164\/revisions\/6166"}],"wp:featuredmedia":[{"embeddable":true,"href":"https:\/\/interreg-grace.eu\/de\/wp-json\/wp\/v2\/media\/5993"}],"wp:attachment":[{"href":"https:\/\/interreg-grace.eu\/de\/wp-json\/wp\/v2\/media?parent=6164"}],"wp:term":[{"taxonomy":"post_tag","embeddable":true,"href":"https:\/\/interreg-grace.eu\/de\/wp-json\/wp\/v2\/tags?post=6164"},{"taxonomy":"tribe_events_cat","embeddable":true,"href":"https:\/\/interreg-grace.eu\/de\/wp-json\/wp\/v2\/tribe_events_cat?post=6164"}],"curies":[{"name":"wp","href":"https:\/\/api.w.org\/{rel}","templated":true}]}}