{"id":6163,"date":"2025-04-02T12:27:59","date_gmt":"2025-04-02T10:27:59","guid":{"rendered":"https:\/\/interreg-grace.eu\/event\/la-grande-nymphe-schauspiel-und-dialoge-in-der-cite-musicale-metz\/"},"modified":"2025-04-02T12:27:59","modified_gmt":"2025-04-02T10:27:59","slug":"la-grande-nymphe-schauspiel-und-dialoge-in-der-cite-musicale-metz","status":"publish","type":"tribe_events","link":"https:\/\/interreg-grace.eu\/de\/event\/la-grande-nymphe-schauspiel-und-dialoge-in-der-cite-musicale-metz\/","title":{"rendered":"La Grande Nymphe: Schauspiel und Dialoge in der Cit\u00e9 musicale-Metz"},"content":{"rendered":"<p>Lara Barsacq hinterfragt die Kunstgeschichte aus feministischer Perspektive. Aus der poetischen Vorlage <em>L\u2019Apr\u00e8s-midi d\u2019un faune <\/em>von Mallarm\u00e9 und der sinfonischen Interpretation <em>Le Pr\u00e9lude <\/em>von Debussy kreierte Nijinski ein d\u00e4monisches Ballett von dunkler, verf\u00fchrerischer Kraft und entwirft dabei eine Vision der Nymphe als Sinnbild fleischlicher Begierde. Die Fauna tritt dabei in den Hintergrund. Cate Hortl verzerrt Debussy mit ihrem dunklen elektronischen Pop, der die Choreografin aus L\u00fcttich und Marta Capaccioli umgibt, und dekonstruiert die Gewalt, um die Perspektive der T\u00e4nzerinnen besser zu verdeutlichen.   <\/p>\n<p>Im Laufe des Abends in der Cit\u00e9 Musicale-Metz haben Sie auch die Gelegenheit, mehr \u00fcber den musikalischen Hintergrund des Werkes zu erfahren, im Rahmen eines Vortrags von Roland Huesca \u00fcber das <em>Pr\u00e9lude<\/em> \u00e0 L&#8217;Apr\u00e8s-midi d&#8217;un faune von Claude Debussy. Am sp\u00e4ten Abend, nach der Vorstellung, werden sich Lara Barsacq und Roland Huesca zu einer Gespr\u00e4chsrunde \u00fcber das Werk treffen. <\/p>\n<p>18:30 Uhr: Vortrag von Roland Huesca \u00fcber das <em>Pr\u00e9lude<\/em> \u00e0 L&#8217;Apr\u00e8s-midi d&#8217;un faune von Debussy<\/p>\n<p>20:00 Uhr: Auff\u00fchrung<em> La Grande Nymphe<\/em> von Lara Barsacq (von 8 bis 31 \u20ac)<\/p>\n<p>21:00 Uhr: Gespr\u00e4chsrunde mit Lara Barsacq und Roland Huesca (freier Eintritt)<\/p>\n","protected":false},"excerpt":{"rendered":"<p>Lara Barsacq hinterfragt die Kunstgeschichte aus feministischer Perspektive und geht dabei auf Mallarm\u00e9, Debussy und Nijinski ein.<\/p>\n","protected":false},"author":2,"featured_media":5947,"template":"","meta":{"_acf_changed":false,"_tribe_events_status":"","_tribe_events_status_reason":"","footnotes":""},"tags":[101],"tribe_events_cat":[127,117,113,125,122],"class_list":["post-6163","tribe_events","type-tribe_events","status-publish","has-post-thumbnail","hentry","tag-darstellende-kunst","tribe_events_cat-auffuhrung","tribe_events_cat-barrierefreie-veranstaltungen-mit-behinderung","tribe_events_cat-frankreich","tribe_events_cat-konferenz","tribe_events_cat-lebende-auffuhrung","cat_auffuhrung","cat_barrierefreie-veranstaltungen-mit-behinderung","cat_frankreich","cat_konferenz","cat_lebende-auffuhrung"],"acf":[],"yoast_head":"<!-- This site is optimized with the Yoast SEO Premium plugin v24.7 (Yoast SEO v27.3) - https:\/\/yoast.com\/product\/yoast-seo-premium-wordpress\/ -->\n<title>La Grande Nymphe: Schauspiel und Dialoge in der Cit\u00e9 musicale-Metz - Projet GRACE<\/title>\n<meta name=\"description\" content=\"Lara Barsacq hinterfragt die Kunstgeschichte aus feministischer Perspektive und geht dabei auf Mallarm\u00e9, Debussy und Nijinski ein.\" \/>\n<meta name=\"robots\" content=\"index, follow, max-snippet:-1, max-image-preview:large, max-video-preview:-1\" \/>\n<link rel=\"canonical\" href=\"https:\/\/interreg-grace.eu\/de\/event\/la-grande-nymphe-schauspiel-und-dialoge-in-der-cite-musicale-metz\/\" \/>\n<meta property=\"og:locale\" content=\"de_DE\" \/>\n<meta property=\"og:type\" content=\"article\" \/>\n<meta property=\"og:title\" content=\"La Grande Nymphe: Schauspiel und Dialoge in der Cit\u00e9 musicale-Metz\" \/>\n<meta property=\"og:description\" content=\"Lara Barsacq hinterfragt die Kunstgeschichte aus feministischer Perspektive und geht dabei auf Mallarm\u00e9, Debussy und Nijinski ein.\" \/>\n<meta property=\"og:url\" content=\"https:\/\/interreg-grace.eu\/de\/event\/la-grande-nymphe-schauspiel-und-dialoge-in-der-cite-musicale-metz\/\" \/>\n<meta property=\"og:site_name\" content=\"Projet GRACE\" \/>\n<meta property=\"og:image\" content=\"https:\/\/interreg-grace.eu\/wp-content\/uploads\/2025\/04\/La-Grande-Nymphe_.png\" \/>\n\t<meta property=\"og:image:width\" content=\"956\" \/>\n\t<meta property=\"og:image:height\" content=\"657\" \/>\n\t<meta property=\"og:image:type\" content=\"image\/png\" \/>\n<meta name=\"twitter:card\" content=\"summary_large_image\" \/>\n<meta name=\"twitter:label1\" content=\"Gesch\u00e4tzte Lesezeit\" \/>\n\t<meta name=\"twitter:data1\" content=\"1\u00a0Minute\" \/>\n<script type=\"application\/ld+json\" class=\"yoast-schema-graph\">{\"@context\":\"https:\\\/\\\/schema.org\",\"@graph\":[{\"@type\":\"WebPage\",\"@id\":\"https:\\\/\\\/interreg-grace.eu\\\/de\\\/event\\\/la-grande-nymphe-schauspiel-und-dialoge-in-der-cite-musicale-metz\\\/\",\"url\":\"https:\\\/\\\/interreg-grace.eu\\\/de\\\/event\\\/la-grande-nymphe-schauspiel-und-dialoge-in-der-cite-musicale-metz\\\/\",\"name\":\"La Grande Nymphe: Schauspiel und Dialoge in der Cit\u00e9 musicale-Metz - Projet GRACE\",\"isPartOf\":{\"@id\":\"https:\\\/\\\/interreg-grace.eu\\\/de\\\/#website\"},\"primaryImageOfPage\":{\"@id\":\"https:\\\/\\\/interreg-grace.eu\\\/de\\\/event\\\/la-grande-nymphe-schauspiel-und-dialoge-in-der-cite-musicale-metz\\\/#primaryimage\"},\"image\":{\"@id\":\"https:\\\/\\\/interreg-grace.eu\\\/de\\\/event\\\/la-grande-nymphe-schauspiel-und-dialoge-in-der-cite-musicale-metz\\\/#primaryimage\"},\"thumbnailUrl\":\"https:\\\/\\\/interreg-grace.eu\\\/wp-content\\\/uploads\\\/2025\\\/04\\\/La-Grande-Nymphe_.png\",\"datePublished\":\"2025-04-02T10:27:59+00:00\",\"description\":\"Lara Barsacq hinterfragt die Kunstgeschichte aus feministischer Perspektive und geht dabei auf Mallarm\u00e9, Debussy und Nijinski ein.\",\"breadcrumb\":{\"@id\":\"https:\\\/\\\/interreg-grace.eu\\\/de\\\/event\\\/la-grande-nymphe-schauspiel-und-dialoge-in-der-cite-musicale-metz\\\/#breadcrumb\"},\"inLanguage\":\"de\",\"potentialAction\":[{\"@type\":\"ReadAction\",\"target\":[\"https:\\\/\\\/interreg-grace.eu\\\/de\\\/event\\\/la-grande-nymphe-schauspiel-und-dialoge-in-der-cite-musicale-metz\\\/\"]}]},{\"@type\":\"ImageObject\",\"inLanguage\":\"de\",\"@id\":\"https:\\\/\\\/interreg-grace.eu\\\/de\\\/event\\\/la-grande-nymphe-schauspiel-und-dialoge-in-der-cite-musicale-metz\\\/#primaryimage\",\"url\":\"https:\\\/\\\/interreg-grace.eu\\\/wp-content\\\/uploads\\\/2025\\\/04\\\/La-Grande-Nymphe_.png\",\"contentUrl\":\"https:\\\/\\\/interreg-grace.eu\\\/wp-content\\\/uploads\\\/2025\\\/04\\\/La-Grande-Nymphe_.png\",\"width\":956,\"height\":657,\"caption\":\"La Grande Nymphe, Lara Barsacq \u00a9Sybille Cornet\"},{\"@type\":\"BreadcrumbList\",\"@id\":\"https:\\\/\\\/interreg-grace.eu\\\/de\\\/event\\\/la-grande-nymphe-schauspiel-und-dialoge-in-der-cite-musicale-metz\\\/#breadcrumb\",\"itemListElement\":[{\"@type\":\"ListItem\",\"position\":1,\"name\":\"Accueil\",\"item\":\"https:\\\/\\\/interreg-grace.eu\\\/de\\\/\"},{\"@type\":\"ListItem\",\"position\":2,\"name\":\"Veranstaltungen\",\"item\":\"https:\\\/\\\/interreg-grace.eu\\\/de\\\/events\\\/\"},{\"@type\":\"ListItem\",\"position\":3,\"name\":\"La Grande Nymphe: Schauspiel und Dialoge in der Cit\u00e9 musicale-Metz\"}]},{\"@type\":\"WebSite\",\"@id\":\"https:\\\/\\\/interreg-grace.eu\\\/de\\\/#website\",\"url\":\"https:\\\/\\\/interreg-grace.eu\\\/de\\\/\",\"name\":\"Projet GRACE\",\"description\":\"Greater Region Artistic and Cultural Education\",\"publisher\":{\"@id\":\"https:\\\/\\\/interreg-grace.eu\\\/de\\\/#organization\"},\"potentialAction\":[{\"@type\":\"SearchAction\",\"target\":{\"@type\":\"EntryPoint\",\"urlTemplate\":\"https:\\\/\\\/interreg-grace.eu\\\/de\\\/?s={search_term_string}\"},\"query-input\":{\"@type\":\"PropertyValueSpecification\",\"valueRequired\":true,\"valueName\":\"search_term_string\"}}],\"inLanguage\":\"de\"},{\"@type\":\"Organization\",\"@id\":\"https:\\\/\\\/interreg-grace.eu\\\/de\\\/#organization\",\"name\":\"Interreg Grace\",\"alternateName\":\"Greater Region Artistic and Cultural Education\",\"url\":\"https:\\\/\\\/interreg-grace.eu\\\/de\\\/\",\"logo\":{\"@type\":\"ImageObject\",\"inLanguage\":\"de\",\"@id\":\"https:\\\/\\\/interreg-grace.eu\\\/de\\\/#\\\/schema\\\/logo\\\/image\\\/\",\"url\":\"https:\\\/\\\/interreg-grace.eu\\\/wp-content\\\/uploads\\\/2024\\\/08\\\/cropped-favicon-grace.webp\",\"contentUrl\":\"https:\\\/\\\/interreg-grace.eu\\\/wp-content\\\/uploads\\\/2024\\\/08\\\/cropped-favicon-grace.webp\",\"width\":512,\"height\":512,\"caption\":\"Interreg Grace\"},\"image\":{\"@id\":\"https:\\\/\\\/interreg-grace.eu\\\/de\\\/#\\\/schema\\\/logo\\\/image\\\/\"},\"sameAs\":[\"https:\\\/\\\/www.linkedin.com\\\/company\\\/interreg-grace\\\/\"]}]}<\/script>\n<!-- \/ Yoast SEO Premium plugin. -->","yoast_head_json":{"title":"La Grande Nymphe: Schauspiel und Dialoge in der Cit\u00e9 musicale-Metz - Projet GRACE","description":"Lara Barsacq hinterfragt die Kunstgeschichte aus feministischer Perspektive und geht dabei auf Mallarm\u00e9, Debussy und Nijinski ein.","robots":{"index":"index","follow":"follow","max-snippet":"max-snippet:-1","max-image-preview":"max-image-preview:large","max-video-preview":"max-video-preview:-1"},"canonical":"https:\/\/interreg-grace.eu\/de\/event\/la-grande-nymphe-schauspiel-und-dialoge-in-der-cite-musicale-metz\/","og_locale":"de_DE","og_type":"article","og_title":"La Grande Nymphe: Schauspiel und Dialoge in der Cit\u00e9 musicale-Metz","og_description":"Lara Barsacq hinterfragt die Kunstgeschichte aus feministischer Perspektive und geht dabei auf Mallarm\u00e9, Debussy und Nijinski ein.","og_url":"https:\/\/interreg-grace.eu\/de\/event\/la-grande-nymphe-schauspiel-und-dialoge-in-der-cite-musicale-metz\/","og_site_name":"Projet GRACE","og_image":[{"width":956,"height":657,"url":"https:\/\/interreg-grace.eu\/wp-content\/uploads\/2025\/04\/La-Grande-Nymphe_.png","type":"image\/png"}],"twitter_card":"summary_large_image","twitter_misc":{"Gesch\u00e4tzte Lesezeit":"1\u00a0Minute"},"schema":{"@context":"https:\/\/schema.org","@graph":[{"@type":"WebPage","@id":"https:\/\/interreg-grace.eu\/de\/event\/la-grande-nymphe-schauspiel-und-dialoge-in-der-cite-musicale-metz\/","url":"https:\/\/interreg-grace.eu\/de\/event\/la-grande-nymphe-schauspiel-und-dialoge-in-der-cite-musicale-metz\/","name":"La Grande Nymphe: Schauspiel und Dialoge in der Cit\u00e9 musicale-Metz - Projet GRACE","isPartOf":{"@id":"https:\/\/interreg-grace.eu\/de\/#website"},"primaryImageOfPage":{"@id":"https:\/\/interreg-grace.eu\/de\/event\/la-grande-nymphe-schauspiel-und-dialoge-in-der-cite-musicale-metz\/#primaryimage"},"image":{"@id":"https:\/\/interreg-grace.eu\/de\/event\/la-grande-nymphe-schauspiel-und-dialoge-in-der-cite-musicale-metz\/#primaryimage"},"thumbnailUrl":"https:\/\/interreg-grace.eu\/wp-content\/uploads\/2025\/04\/La-Grande-Nymphe_.png","datePublished":"2025-04-02T10:27:59+00:00","description":"Lara Barsacq hinterfragt die Kunstgeschichte aus feministischer Perspektive und geht dabei auf Mallarm\u00e9, Debussy und Nijinski ein.","breadcrumb":{"@id":"https:\/\/interreg-grace.eu\/de\/event\/la-grande-nymphe-schauspiel-und-dialoge-in-der-cite-musicale-metz\/#breadcrumb"},"inLanguage":"de","potentialAction":[{"@type":"ReadAction","target":["https:\/\/interreg-grace.eu\/de\/event\/la-grande-nymphe-schauspiel-und-dialoge-in-der-cite-musicale-metz\/"]}]},{"@type":"ImageObject","inLanguage":"de","@id":"https:\/\/interreg-grace.eu\/de\/event\/la-grande-nymphe-schauspiel-und-dialoge-in-der-cite-musicale-metz\/#primaryimage","url":"https:\/\/interreg-grace.eu\/wp-content\/uploads\/2025\/04\/La-Grande-Nymphe_.png","contentUrl":"https:\/\/interreg-grace.eu\/wp-content\/uploads\/2025\/04\/La-Grande-Nymphe_.png","width":956,"height":657,"caption":"La Grande Nymphe, Lara Barsacq \u00a9Sybille Cornet"},{"@type":"BreadcrumbList","@id":"https:\/\/interreg-grace.eu\/de\/event\/la-grande-nymphe-schauspiel-und-dialoge-in-der-cite-musicale-metz\/#breadcrumb","itemListElement":[{"@type":"ListItem","position":1,"name":"Accueil","item":"https:\/\/interreg-grace.eu\/de\/"},{"@type":"ListItem","position":2,"name":"Veranstaltungen","item":"https:\/\/interreg-grace.eu\/de\/events\/"},{"@type":"ListItem","position":3,"name":"La Grande Nymphe: Schauspiel und Dialoge in der Cit\u00e9 musicale-Metz"}]},{"@type":"WebSite","@id":"https:\/\/interreg-grace.eu\/de\/#website","url":"https:\/\/interreg-grace.eu\/de\/","name":"Projet GRACE","description":"Greater Region Artistic and Cultural Education","publisher":{"@id":"https:\/\/interreg-grace.eu\/de\/#organization"},"potentialAction":[{"@type":"SearchAction","target":{"@type":"EntryPoint","urlTemplate":"https:\/\/interreg-grace.eu\/de\/?s={search_term_string}"},"query-input":{"@type":"PropertyValueSpecification","valueRequired":true,"valueName":"search_term_string"}}],"inLanguage":"de"},{"@type":"Organization","@id":"https:\/\/interreg-grace.eu\/de\/#organization","name":"Interreg Grace","alternateName":"Greater Region Artistic and Cultural Education","url":"https:\/\/interreg-grace.eu\/de\/","logo":{"@type":"ImageObject","inLanguage":"de","@id":"https:\/\/interreg-grace.eu\/de\/#\/schema\/logo\/image\/","url":"https:\/\/interreg-grace.eu\/wp-content\/uploads\/2024\/08\/cropped-favicon-grace.webp","contentUrl":"https:\/\/interreg-grace.eu\/wp-content\/uploads\/2024\/08\/cropped-favicon-grace.webp","width":512,"height":512,"caption":"Interreg Grace"},"image":{"@id":"https:\/\/interreg-grace.eu\/de\/#\/schema\/logo\/image\/"},"sameAs":["https:\/\/www.linkedin.com\/company\/interreg-grace\/"]}]}},"_links":{"self":[{"href":"https:\/\/interreg-grace.eu\/de\/wp-json\/wp\/v2\/tribe_events\/6163","targetHints":{"allow":["GET"]}}],"collection":[{"href":"https:\/\/interreg-grace.eu\/de\/wp-json\/wp\/v2\/tribe_events"}],"about":[{"href":"https:\/\/interreg-grace.eu\/de\/wp-json\/wp\/v2\/types\/tribe_events"}],"author":[{"embeddable":true,"href":"https:\/\/interreg-grace.eu\/de\/wp-json\/wp\/v2\/users\/2"}],"version-history":[{"count":0,"href":"https:\/\/interreg-grace.eu\/de\/wp-json\/wp\/v2\/tribe_events\/6163\/revisions"}],"wp:featuredmedia":[{"embeddable":true,"href":"https:\/\/interreg-grace.eu\/de\/wp-json\/wp\/v2\/media\/5947"}],"wp:attachment":[{"href":"https:\/\/interreg-grace.eu\/de\/wp-json\/wp\/v2\/media?parent=6163"}],"wp:term":[{"taxonomy":"post_tag","embeddable":true,"href":"https:\/\/interreg-grace.eu\/de\/wp-json\/wp\/v2\/tags?post=6163"},{"taxonomy":"tribe_events_cat","embeddable":true,"href":"https:\/\/interreg-grace.eu\/de\/wp-json\/wp\/v2\/tribe_events_cat?post=6163"}],"curies":[{"name":"wp","href":"https:\/\/api.w.org\/{rel}","templated":true}]}}