{"id":6155,"date":"2025-04-11T14:31:50","date_gmt":"2025-04-11T12:31:50","guid":{"rendered":"https:\/\/interreg-grace.eu\/?post_type=tribe_events&#038;p=6155"},"modified":"2025-04-11T14:31:50","modified_gmt":"2025-04-11T12:31:50","slug":"la-scene-aux-citoyen-ne-s","status":"publish","type":"tribe_events","link":"https:\/\/interreg-grace.eu\/de\/event\/la-scene-aux-citoyen-ne-s\/","title":{"rendered":"La Sc\u00e8ne aux Citoyen.ne.s"},"content":{"rendered":"<p>Am Samstag, den 24., Montag, den 26. und Dienstag, den 27. Mai pr\u00e4sentiert das Th\u00e9\u00e2tre de Li\u00e8ge die Ergebnisse seines Projekts \u201e<strong>La Sc\u00e8ne aux Citoyen.ne.s<\/strong>\u201c (B\u00fchne frei f\u00fcr unsere B\u00fcrger:innen), ein integratives und partizipatives Projekt, das Menschen mit unterschiedlichen Hintergr\u00fcnden (Sch\u00fcler:innen aus allgemein- und berufsbildenden Schulen, Menschen mit Behinderungen, Jugendzentren usw.) in den Mittelpunkt der k\u00fcnstlerischen Praxis stellt.<\/p>\n<p>Auf dem Programm:<\/p>\n<p><strong>SAMSTAG 24 MAI<\/strong><\/p>\n<table style=\"height: 403px;\" width=\"612\">\n<tbody>\n<tr>\n<td width=\"81\"><\/td>\n<td width=\"127\"><\/td>\n<td width=\"123\">GRANDE MAIN<\/td>\n<td width=\"132\">SALLE VIVE<\/td>\n<td width=\"151\">PIEDS LEGERS<\/td>\n<\/tr>\n<tr>\n<td width=\"81\">10Uhr<\/td>\n<td width=\"127\"><\/td>\n<td width=\"123\"><\/td>\n<td width=\"132\">Partnertreffen GRACE <\/td>\n<td width=\"151\"><\/td>\n<\/tr>\n<tr>\n<td width=\"81\">13:30<\/td>\n<td width=\"127\">Abfahrt des Umzugs<\/td>\n<td width=\"123\"><\/td>\n<td width=\"132\"><\/td>\n<td width=\"151\"><\/td>\n<\/tr>\n<tr>\n<td width=\"81\">16Uhr<\/td>\n<td width=\"127\"><\/td>\n<td width=\"123\"><\/td>\n<td width=\"132\"><\/td>\n<td width=\"151\">VERNISSAGE EXPO<\/td>\n<p> von Kunstwerken der K\u00fcnstler des CREAHM<br \/>\n<\/tr>\n<tr>\n<td width=\"81\">16:30<\/p>\n<p>16:50<\/p>\n<p>17:10<\/td>\n<td width=\"127\">A VOIX HAUTE: <\/td>\n<p>gef\u00fchrte, erz\u00e4hlte Besichtigung des Theaters und seiner Kulissen, angereichert mit Ausz\u00fcgen aus den &#8222;Petites mythologies li\u00e9geoises&#8220; von Laurent Demoulin und Jean-Marie Klinkenberg, gelesen von Sch\u00fclern des Ath\u00e9n\u00e9e de Ch\u00ean\u00e9e.<\/p>\n<td width=\"123\"><\/td>\n<td width=\"132\"><\/td>\n<td width=\"151\"><\/td>\n<\/tr>\n<tr>\n<td width=\"81\">18Uhr<\/td>\n<td width=\"127\"><\/td>\n<td width=\"123\">SHOW<\/td>\n<p>&#8211; VOM CPAS: Projekt rund um das Maskenspiel von etwa zehn CPAS-Beg\u00fcnstigten mit Studenten der ESACT (Schauspielschule L\u00fcttich)<br \/>\n&#8211; VOM CREAHM + ROTES KREUZ: Theaterinitiationsprojekt mit einer gemischten Gruppe (Menschen mit Behinderung und Kinder des Roten Kreuzes) rund um &#8222;gro\u00dfe Kunstwerke&#8220; aus der Malerei, geleitet von L\u00fctticher Schauspielern unter der Leitung von Eva Zingaro-Meyer <br \/>GRANDE MAIN, Th\u00e9\u00e2tre de Li\u00e8ge<\/p>\n<td width=\"132\"><\/td>\n<td width=\"151\"><\/td>\n<\/tr>\n<tr>\n<td width=\"81\">19Uhr<\/td>\n<td width=\"127\"><\/td>\n<td width=\"123\">STAND UP<\/td>\n<p>-PROJEKT: Stand-up-Einf\u00fchrungsworkshops in zwei L\u00fctticher Jugendh\u00e4usern \u2013 Workshops betreut von Smile Comedy <br \/>GRANDE MAIN, Th\u00e9\u00e2tre de Li\u00e8ge<\/p>\n<td width=\"132\"><\/td>\n<td width=\"151\"><\/td>\n<\/tr>\n<\/tbody>\n<\/table>\n<p><strong>MONTAG, 26. MAI<\/strong><\/p>\n<table style=\"height: 548px;\" width=\"494\">\n<tbody>\n<tr>\n<td width=\"121\"><\/td>\n<td width=\"121\"><\/td>\n<td width=\"121\">GRANDE MAIN<\/td>\n<td width=\"121\">SALLE VIVE<\/td>\n<\/tr>\n<tr>\n<td width=\"121\">11Uhr<\/td>\n<td width=\"121\"><\/td>\n<td width=\"121\">SHOW DES<\/p>\n<p>INSTITUT MARIE-THERESE<\/td>\n<td width=\"121\">SPECTACLE DU T.A.H ASBL<\/td>\n<\/tr>\n<tr>\n<td width=\"121\">11:45<\/td>\n<td width=\"121\"><\/td>\n<td width=\"121\"><\/td>\n<td width=\"121\"><\/td>\n<\/tr>\n<tr>\n<td width=\"121\">13:30-15:30<\/td>\n<td width=\"121\">ENTDECKUNGSWORKSHOPS\n<\/td>\n<td width=\"121\">ENTDECKUNGSWORKSHOPS\n<\/td>\n<td width=\"121\">ENTDECKUNGSWORKSHOPS<\/td>\n<\/tr>\n<tr>\n<td width=\"121\">19uHR<\/td>\n<td width=\"121\"><\/td>\n<td width=\"121\">SHOW DES CREAHM + DES ATHENEE DE SOUMAGNE<\/td>\n<td width=\"121\">SHOW<\/p>\n<p>DES MJ LA BIBI + DES IRHOV<\/td>\n<\/tr>\n<tr>\n<td width=\"121\">19Uhr<\/p>\n<p>19:20<\/p>\n<p>19:30<\/td>\n<td width=\"121\">\u00c0 VOIX HAUTE : gef\u00fchrte Besichtigung<\/p>\n<p>Klasse 2<\/td>\n<td width=\"121\"><\/td>\n<td width=\"121\"><\/td>\n<\/tr>\n<\/tbody>\n<\/table>\n<p><strong>DIENSTAG, 27. MAI<\/strong><\/p>\n<table style=\"height: 587px;\" width=\"482\">\n<tbody>\n<tr>\n<td width=\"121\"><\/td>\n<td width=\"121\"><\/td>\n<td width=\"121\">GRANDE MAIN<\/td>\n<td width=\"121\">SALLE VIVE<\/td>\n<\/tr>\n<tr>\n<td width=\"121\">11Uhr<\/td>\n<td width=\"121\"><\/td>\n<td width=\"121\">SHOW<\/p>\n<p>ATHENEE DE SOUMAGNE<\/td>\n<td width=\"121\"><\/td>\n<\/tr>\n<tr>\n<td width=\"121\">11:45<\/td>\n<td width=\"121\"><\/td>\n<td width=\"121\"><\/td>\n<td width=\"121\">SHOW DES IRHOV<\/td>\n<\/tr>\n<tr>\n<td width=\"121\">13:30-15:30<\/td>\n<td width=\"121\">ENTDECKUNGSWORKSHOPS\n<\/td>\n<td width=\"121\">ENTDECKUNGSWORKSHOPS\n<\/td>\n<td width=\"121\">ENTDECKUNGSWORKSHOPS<\/td>\n<\/tr>\n<tr>\n<td width=\"121\">19H<\/td>\n<td width=\"121\"><\/td>\n<td width=\"121\">SHOW CPAS + IMT<\/td>\n<td width=\"121\">SHOW DES<\/p>\n<p>T.A.H. ASBL + MJ BIBI<\/td>\n<\/tr>\n<tr>\n<td width=\"121\">19Uhr<\/p>\n<\/td>\n<p>19:20<\/p>\n<p>19:30<\/p>\n<td width=\"121\">\u00c0 VOIX HAUTE : gef\u00fchrte Besichtigung<br \/>\n<\/td>\n<p>Klasse 3<\/p>\n<td width=\"121\"><\/td>\n<td width=\"121\"><\/td>\n<\/tr>\n<\/tbody>\n<\/table>\n<p><!--more--><\/p>\n<p><strong>Theaterp\u00e4dagogik UND Kulturvermittlung<\/strong> <strong>DES TH\u00c9\u00c2TRE DE LI\u00c8GE<\/strong><\/p>\n<p><strong>Die Abteilung f\u00fcr Theaterp\u00e4dagogik und Kulturvermittlung des Th\u00e9\u00e2tre de Li\u00e8ge<\/strong> entwickelt Projekte zur kulturellen und k\u00fcnstlerischen Einf\u00fchrung bzw. Vertiefung mit B\u00fcrger:innen, Vereinen, Jugendzentren und Schulen in der Provinz L\u00fcttich. Sie alle haben ein gemeinsames Ziel: allen Menschen die T\u00fcren des Theaters zu \u00f6ffnen, um die darstellenden K\u00fcnste und alle damit verbundenen Berufe zu pr\u00e4sentieren. Dabei wird angestrebt, die soziokulturelle Vielfalt des Publikums in den S\u00e4len mit der soziologischen Struktur der Stadt und der Provinz L\u00fcttich in Einklang zu bringen.  <\/p>\n<p><strong>Das Projekt \u201eLa Sc\u00e8ne aux Citoyen.ne.s\u201c<\/strong> wurde ins Leben gerufen, um Synergien und eine inhaltliche Abstimmung mit den vielf\u00e4ltigen Projekten zur Theaterp\u00e4dagogik und Kulturvermittlung des Th\u00e9\u00e2tre de Li\u00e8ge zu f\u00f6rdern, die dort bereits seit vielen Jahren organisiert werden. Dabei soll ein lebendiger Treffpunkt geschaffen werden, wo sich Menschen aller Kulturen austauschen k\u00f6nnen, ein Ort, an dem Vielfalt gelebt, geteilt und gefeiert wird. Eine Woche lang werden die B\u00fcrgerinnen und B\u00fcrger Gelegenheit haben, ihre Meinung zum Ausdruck zu bringen. Jedes Projekt ist Teil des Ganzen, was den einzelnen Projekten noch mehr Bedeutung und Sichtbarkeit verleiht. Die Projekte sind wie ein kleines Festival konzipiert und profitieren von einer umfassenden und professionellen technischen und logistischen Unterst\u00fctzung. Die pers\u00f6nliche Begegnung soll dazu beitragen, etwaige Barrieren zwischen Institution \u2013 Publikum \u2013 Kulturvermittlung \u2013 Werk abzubauen und bietet allen die Gelegenheit, aktiv am kulturellen Leben teilzunehmen.     <\/p>\n<p><strong>DAS KONZEPT <\/strong><\/p>\n<p>Das Konzept besteht darin, dass alle thematischen Workshops, die in den Schulen und Vereinen entwickelt wurden, eine Woche lang unter dem Titel <strong>\u201eLa Sc\u00e8ne aux Citoyen.ne.s\u201c<\/strong> \u00f6ffentlich pr\u00e4sentiert werden. In der Spielzeit 2024-2025 werden rund 200 engagierte junge Leute aus der Region L\u00fcttich auf der Theaterb\u00fchne stehen. <\/p>\n<p>Die Projekte werden in Zusammenarbeit mit den betreuenden K\u00fcnstler:innen und den Lehrer:innen individuell gestaltet und bestehen aus mehreren Phasen:<\/p>\n<ol>\n<li>Ein Einstieg in die Welt der darstellenden Kunst mit folgenden Schwerpunkten: Entdeckung des Th\u00e9\u00e2tre de Li\u00e8ge als geschichtstr\u00e4chtiger Ort, der Produktionsst\u00e4tten der darstellenden Kunst in all ihrer Vielfalt, Begegnung mit den K\u00fcnstler:innen und den Mitgliedern des Teams, Vertrautmachen mit dem B\u00fchnenvokabular sowie Einf\u00fchrungen in die Auff\u00fchrungen. Im Einzelnen werden angeboten: <\/li>\n<\/ol>\n<ol>\n<li style=\"list-style-type: none;\">\n<ul>\n<li>1 Treffen zu Beginn des Jahres mit den Jugendlichen, um das Projekt vorzustellen, wobei wir auf ihre Erwartungen, W\u00fcnsche usw. eingehen;<\/li>\n<li>1 gef\u00fchrte Tour durch das Theater;<\/li>\n<li>Besuch von 3 Auff\u00fchrungen im Theater;<\/li>\n<li>Vorbereitung er einzelnen Auff\u00fchrungen im Unterricht durch das p\u00e4dagogische Team;<\/li>\n<li>2 Treffen mit K\u00fcnstler:innen oder Techniker:innen vor oder nach einer Vorstellung.<\/li>\n<\/ul>\n<\/li>\n<li>Ein Schauspielkurs, der aus etwa 15 Workshops besteht, um die k\u00fcnstlerische Praxis zu entdecken (Stand-up, Vorlesen, Einf\u00fchrung in das Schauspiel, Bildhauerei, Holzarbeiten, Kost\u00fcmherstellung usw.), begleitet von Reflexionen \u00fcber gesellschaftliche Themen und Begegnungen mit K\u00fcnstler:innen.<\/li>\n<\/ol>\n<p><strong>Der H\u00f6hepunkt dieses Experiments findet im Mai 2025 statt: Drei Tage lang treffen sich all diese B\u00fcrgerinnen und B\u00fcrger aus verschiedenen Kulturen und Altersgruppen im Th\u00e9\u00e2tre de Li\u00e8ge.<\/strong> Eine einzigartige Gelegenheit, das Publikum zu treffen, k\u00fcnstlerische Sensibilit\u00e4t und Selbstvertrauen zu entwickeln, kulturelle Erfahrungen auszutauschen, die Arbeitsweise eines professionellen Theaters zu erleben und die verschiedenen Teams zu treffen.<\/p>\n<p><strong>EIN VERBINDENDES EREIGNIS<\/strong><\/p>\n<p>In jeder Spielzeit diversifiziert und schafft das Theater neue Kooperationen, immer mit dem Ziel, seine Politik der <strong>Diversit\u00e4t und Inklusion<\/strong> weiter voranzutreiben. Seit der Spielzeit 2022-23 f\u00fchrt das Team Projekte mit Menschen mit Behinderungen (Petite \u00c9cole \u2013 IRHOV \u2013 TAH asbl \u2013 CR\u00c9AHM) und mit Schulen mit positiver Diskriminierung (in den Stadtteilen Sainte-Marguerite und Outremeuse in L\u00fcttich sowie in Seraing) durch. Dabei wird ganz besonderer Wert auf eine ausgewogene <strong>Mischung von Zielgruppen und Projekten<\/strong> (\u00d6SHZ, Rotes Kreuz usw.) gelegt, <strong>um die soziale und einzigartige Dimension des Projekts zu verst\u00e4rken.<\/strong> <\/p>\n<div id=\"attachment_5920\" style=\"width: 310px\" class=\"wp-caption alignnone\"><img decoding=\"async\" aria-describedby=\"caption-attachment-5920\" class=\"lazyload size-medium wp-image-5920\" src=\"https:\/\/interreg-grace.eu\/wp-content\/uploads\/2025\/03\/Scene-aux-citpyens2-300x177.jpg\" data-orig-src=\"https:\/\/interreg-grace.eu\/wp-content\/uploads\/2025\/03\/Scene-aux-citpyens2-300x177.jpg\" alt=\"Sc\u00e8ne aux Citoyen.ne.s\" width=\"300\" height=\"177\" srcset=\"data:image\/svg+xml,%3Csvg%20xmlns%3D%27http%3A%2F%2Fwww.w3.org%2F2000%2Fsvg%27%20width%3D%27300%27%20height%3D%27177%27%20viewBox%3D%270%200%20300%20177%27%3E%3Crect%20width%3D%27300%27%20height%3D%27177%27%20fill-opacity%3D%220%22%2F%3E%3C%2Fsvg%3E\" data-srcset=\"https:\/\/interreg-grace.eu\/wp-content\/uploads\/2025\/03\/Scene-aux-citpyens2-177x105.jpg 177w, https:\/\/interreg-grace.eu\/wp-content\/uploads\/2025\/03\/Scene-aux-citpyens2-200x118.jpg 200w, https:\/\/interreg-grace.eu\/wp-content\/uploads\/2025\/03\/Scene-aux-citpyens2-300x177.jpg 300w, https:\/\/interreg-grace.eu\/wp-content\/uploads\/2025\/03\/Scene-aux-citpyens2-400x236.jpg 400w, https:\/\/interreg-grace.eu\/wp-content\/uploads\/2025\/03\/Scene-aux-citpyens2-460x272.jpg 460w, https:\/\/interreg-grace.eu\/wp-content\/uploads\/2025\/03\/Scene-aux-citpyens2.jpg 472w\" data-sizes=\"auto\" data-orig-sizes=\"(max-width: 300px) 100vw, 300px\" \/><p id=\"caption-attachment-5920\" class=\"wp-caption-text\">Sc\u00e8ne aux Citoyen.ne.s &#8211; Th\u00e9\u00e2tre de Li\u00e8ge<\/p><\/div>\n<p><strong>AUSGABE 2025<\/strong><\/p>\n<p><strong>Schulklassen und Schulen<\/strong><\/p>\n<ul>\n<li><strong>Institut Marie-Th\u00e9r\u00e8se<\/strong> : 1 Klasse Techniker:innen mit der Option \u201eB\u00fcrotechniker:innen\u201c<\/li>\n<\/ul>\n<ul>\n<li><strong>\u00c9cole De Beauvoir<\/strong> : 1 Sch\u00fclergruppe Schneidern und N\u00e4hen<\/li>\n<\/ul>\n<ul>\n<li><strong>Ath\u00e9n\u00e9e Royal de Soumagne<\/strong> : 2 Sch\u00fclerklassen &#8211; Option Tischlerei (Bau einer Marionette) und Option Ausdruckskunst (Theaterworkshops)<\/li>\n<li><strong>Studierende der Acad\u00e9mie Royale des Beaux-Arts <\/strong>\u2013 Entwurf eines Riesenobjekts (Studierende der Bildhauerei)<\/li>\n<li><strong>Eine Klasse Fotosch\u00fcler:innen <\/strong>\u2013 Ath\u00e9n\u00e9e de Fl\u00e9malle \u2013 Fotoberichterstattung \u00fcber die Veranstaltung \u201eLa Sc\u00e8ne aux Citoyen.ne.s\u201c + Entdeckung der Fotografie von Auff\u00fchrungen<\/li>\n<li><strong>I.R.H.O.V. <\/strong>\u2013 Workshops zur Einf\u00fchrung in das Theaterspiel mit geh\u00f6rlosen und schwerh\u00f6rigen Jugendlichen<\/li>\n<li><strong>La Petite Ecole \u2013<\/strong> Herstellung von gro\u00dfen K\u00f6pfen f\u00fcr den Umzug mit einer K\u00fcnstlerin (Zielgruppe: geh\u00f6rlose und h\u00f6rgesch\u00e4digte Kinder)<\/li>\n<li><strong>3 Klassen der Sekundarstufe <\/strong>&#8211; Workshops zur Einf\u00fchrung in das Vorlesen<\/li>\n<\/ul>\n<p>&nbsp;<\/p>\n<p><strong>Vereine<\/strong><\/p>\n<ul>\n<li><strong>Das CR\u00c9AHM und die Kinder des Roten Kreuzes<\/strong>: 1 gemischte Gruppe<\/li>\n<\/ul>\n<ul>\n<li><strong>CPAS<\/strong> : 1 Projekt mit einer Gruppe vom CPAS (\u00d6SHZ)<\/li>\n<li><strong>Die T.A.H. asbl <\/strong>(erwachsene Behinderte) \u2013 Workshops zu Fragen der Erziehung zum Beziehungs-, Gef\u00fchls- und Sexualleben (EVRAS) im Rahmen von Tanzworkshops.<\/li>\n<li><strong>Jugendzentrum \u201eLa Bibi\u201c<\/strong> \u2013 Workshops zur Einf\u00fchrung in das Theater (f\u00fcr Kinder)<\/li>\n<li><strong>2 Jugendzentren <\/strong>arbeiten mit Smile Comedy zusammen \u2013 Workshops zur Einf\u00fchrung in die Stand-up-Comedy<\/li>\n<\/ul>\n","protected":false},"excerpt":{"rendered":"<p>Projekte an der Schnittstelle zwischen staatsb\u00fcrgerlicher und k\u00fcnstlerischer Bildung.<\/p>\n","protected":false},"author":2,"featured_media":5925,"template":"","meta":{"_acf_changed":false,"_tribe_events_status":"","_tribe_events_status_reason":"","footnotes":""},"tags":[101],"tribe_events_cat":[97,127,112,126,122],"class_list":["post-6155","tribe_events","type-tribe_events","status-publish","has-post-thumbnail","hentry","tag-darstellende-kunst","tribe_events_cat-tout-public-de","tribe_events_cat-auffuhrung","tribe_events_cat-belgien","tribe_events_cat-festival-de","tribe_events_cat-lebende-auffuhrung","cat_tout-public-de","cat_auffuhrung","cat_belgien","cat_festival-de","cat_lebende-auffuhrung"],"acf":[],"yoast_head":"<!-- This site is optimized with the Yoast SEO Premium plugin v24.7 (Yoast SEO v27.3) - https:\/\/yoast.com\/product\/yoast-seo-premium-wordpress\/ -->\n<title>La Sc\u00e8ne aux Citoyen.ne.s - Projet GRACE<\/title>\n<meta name=\"description\" content=\"Die Teilnehmer der Sc\u00e8ne aux Citoyen.ne.s pr\u00e4sentieren das Ergebnis der Ma\u00dfnahme im Th\u00e9\u00e2tre de Li\u00e8ge.\" \/>\n<meta name=\"robots\" content=\"index, follow, max-snippet:-1, max-image-preview:large, max-video-preview:-1\" \/>\n<link rel=\"canonical\" href=\"https:\/\/interreg-grace.eu\/de\/event\/la-scene-aux-citoyen-ne-s\/\" \/>\n<meta property=\"og:locale\" content=\"de_DE\" \/>\n<meta property=\"og:type\" content=\"article\" \/>\n<meta property=\"og:title\" content=\"La Sc\u00e8ne aux Citoyen.ne.s\" \/>\n<meta property=\"og:description\" content=\"Die Teilnehmer der Sc\u00e8ne aux Citoyen.ne.s pr\u00e4sentieren das Ergebnis der Ma\u00dfnahme im Th\u00e9\u00e2tre de Li\u00e8ge.\" \/>\n<meta property=\"og:url\" content=\"https:\/\/interreg-grace.eu\/de\/event\/la-scene-aux-citoyen-ne-s\/\" \/>\n<meta property=\"og:site_name\" content=\"Projet GRACE\" \/>\n<meta property=\"og:image\" content=\"https:\/\/interreg-grace.eu\/wp-content\/uploads\/2025\/03\/scene-aux-citoyens-1.jpg\" \/>\n\t<meta property=\"og:image:width\" content=\"605\" \/>\n\t<meta property=\"og:image:height\" content=\"392\" \/>\n\t<meta property=\"og:image:type\" content=\"image\/jpeg\" \/>\n<meta name=\"twitter:card\" content=\"summary_large_image\" \/>\n<meta name=\"twitter:label1\" content=\"Gesch\u00e4tzte Lesezeit\" \/>\n\t<meta name=\"twitter:data1\" content=\"6\u00a0Minuten\" \/>\n<script type=\"application\/ld+json\" class=\"yoast-schema-graph\">{\"@context\":\"https:\\\/\\\/schema.org\",\"@graph\":[{\"@type\":\"WebPage\",\"@id\":\"https:\\\/\\\/interreg-grace.eu\\\/de\\\/event\\\/la-scene-aux-citoyen-ne-s\\\/\",\"url\":\"https:\\\/\\\/interreg-grace.eu\\\/de\\\/event\\\/la-scene-aux-citoyen-ne-s\\\/\",\"name\":\"La Sc\u00e8ne aux Citoyen.ne.s - Projet GRACE\",\"isPartOf\":{\"@id\":\"https:\\\/\\\/interreg-grace.eu\\\/de\\\/#website\"},\"primaryImageOfPage\":{\"@id\":\"https:\\\/\\\/interreg-grace.eu\\\/de\\\/event\\\/la-scene-aux-citoyen-ne-s\\\/#primaryimage\"},\"image\":{\"@id\":\"https:\\\/\\\/interreg-grace.eu\\\/de\\\/event\\\/la-scene-aux-citoyen-ne-s\\\/#primaryimage\"},\"thumbnailUrl\":\"https:\\\/\\\/interreg-grace.eu\\\/wp-content\\\/uploads\\\/2025\\\/03\\\/scene-aux-citoyens-1.jpg\",\"datePublished\":\"2025-04-11T12:31:50+00:00\",\"description\":\"Die Teilnehmer der Sc\u00e8ne aux Citoyen.ne.s pr\u00e4sentieren das Ergebnis der Ma\u00dfnahme im Th\u00e9\u00e2tre de Li\u00e8ge.\",\"breadcrumb\":{\"@id\":\"https:\\\/\\\/interreg-grace.eu\\\/de\\\/event\\\/la-scene-aux-citoyen-ne-s\\\/#breadcrumb\"},\"inLanguage\":\"de\",\"potentialAction\":[{\"@type\":\"ReadAction\",\"target\":[\"https:\\\/\\\/interreg-grace.eu\\\/de\\\/event\\\/la-scene-aux-citoyen-ne-s\\\/\"]}]},{\"@type\":\"ImageObject\",\"inLanguage\":\"de\",\"@id\":\"https:\\\/\\\/interreg-grace.eu\\\/de\\\/event\\\/la-scene-aux-citoyen-ne-s\\\/#primaryimage\",\"url\":\"https:\\\/\\\/interreg-grace.eu\\\/wp-content\\\/uploads\\\/2025\\\/03\\\/scene-aux-citoyens-1.jpg\",\"contentUrl\":\"https:\\\/\\\/interreg-grace.eu\\\/wp-content\\\/uploads\\\/2025\\\/03\\\/scene-aux-citoyens-1.jpg\",\"width\":605,\"height\":392,\"caption\":\"Sc\u00e8ne aux Citoyen.ne.s - \u00a9Th\u00e9\u00e2tre de Li!ge\"},{\"@type\":\"BreadcrumbList\",\"@id\":\"https:\\\/\\\/interreg-grace.eu\\\/de\\\/event\\\/la-scene-aux-citoyen-ne-s\\\/#breadcrumb\",\"itemListElement\":[{\"@type\":\"ListItem\",\"position\":1,\"name\":\"Accueil\",\"item\":\"https:\\\/\\\/interreg-grace.eu\\\/de\\\/\"},{\"@type\":\"ListItem\",\"position\":2,\"name\":\"Veranstaltungen\",\"item\":\"https:\\\/\\\/interreg-grace.eu\\\/de\\\/events\\\/\"},{\"@type\":\"ListItem\",\"position\":3,\"name\":\"La Sc\u00e8ne aux Citoyen.ne.s\"}]},{\"@type\":\"WebSite\",\"@id\":\"https:\\\/\\\/interreg-grace.eu\\\/de\\\/#website\",\"url\":\"https:\\\/\\\/interreg-grace.eu\\\/de\\\/\",\"name\":\"Projet GRACE\",\"description\":\"Greater Region Artistic and Cultural Education\",\"publisher\":{\"@id\":\"https:\\\/\\\/interreg-grace.eu\\\/de\\\/#organization\"},\"potentialAction\":[{\"@type\":\"SearchAction\",\"target\":{\"@type\":\"EntryPoint\",\"urlTemplate\":\"https:\\\/\\\/interreg-grace.eu\\\/de\\\/?s={search_term_string}\"},\"query-input\":{\"@type\":\"PropertyValueSpecification\",\"valueRequired\":true,\"valueName\":\"search_term_string\"}}],\"inLanguage\":\"de\"},{\"@type\":\"Organization\",\"@id\":\"https:\\\/\\\/interreg-grace.eu\\\/de\\\/#organization\",\"name\":\"Interreg Grace\",\"alternateName\":\"Greater Region Artistic and Cultural Education\",\"url\":\"https:\\\/\\\/interreg-grace.eu\\\/de\\\/\",\"logo\":{\"@type\":\"ImageObject\",\"inLanguage\":\"de\",\"@id\":\"https:\\\/\\\/interreg-grace.eu\\\/de\\\/#\\\/schema\\\/logo\\\/image\\\/\",\"url\":\"https:\\\/\\\/interreg-grace.eu\\\/wp-content\\\/uploads\\\/2024\\\/08\\\/cropped-favicon-grace.webp\",\"contentUrl\":\"https:\\\/\\\/interreg-grace.eu\\\/wp-content\\\/uploads\\\/2024\\\/08\\\/cropped-favicon-grace.webp\",\"width\":512,\"height\":512,\"caption\":\"Interreg Grace\"},\"image\":{\"@id\":\"https:\\\/\\\/interreg-grace.eu\\\/de\\\/#\\\/schema\\\/logo\\\/image\\\/\"},\"sameAs\":[\"https:\\\/\\\/www.linkedin.com\\\/company\\\/interreg-grace\\\/\"]}]}<\/script>\n<!-- \/ Yoast SEO Premium plugin. -->","yoast_head_json":{"title":"La Sc\u00e8ne aux Citoyen.ne.s - Projet GRACE","description":"Die Teilnehmer der Sc\u00e8ne aux Citoyen.ne.s pr\u00e4sentieren das Ergebnis der Ma\u00dfnahme im Th\u00e9\u00e2tre de Li\u00e8ge.","robots":{"index":"index","follow":"follow","max-snippet":"max-snippet:-1","max-image-preview":"max-image-preview:large","max-video-preview":"max-video-preview:-1"},"canonical":"https:\/\/interreg-grace.eu\/de\/event\/la-scene-aux-citoyen-ne-s\/","og_locale":"de_DE","og_type":"article","og_title":"La Sc\u00e8ne aux Citoyen.ne.s","og_description":"Die Teilnehmer der Sc\u00e8ne aux Citoyen.ne.s pr\u00e4sentieren das Ergebnis der Ma\u00dfnahme im Th\u00e9\u00e2tre de Li\u00e8ge.","og_url":"https:\/\/interreg-grace.eu\/de\/event\/la-scene-aux-citoyen-ne-s\/","og_site_name":"Projet GRACE","og_image":[{"width":605,"height":392,"url":"https:\/\/interreg-grace.eu\/wp-content\/uploads\/2025\/03\/scene-aux-citoyens-1.jpg","type":"image\/jpeg"}],"twitter_card":"summary_large_image","twitter_misc":{"Gesch\u00e4tzte Lesezeit":"6\u00a0Minuten"},"schema":{"@context":"https:\/\/schema.org","@graph":[{"@type":"WebPage","@id":"https:\/\/interreg-grace.eu\/de\/event\/la-scene-aux-citoyen-ne-s\/","url":"https:\/\/interreg-grace.eu\/de\/event\/la-scene-aux-citoyen-ne-s\/","name":"La Sc\u00e8ne aux Citoyen.ne.s - Projet GRACE","isPartOf":{"@id":"https:\/\/interreg-grace.eu\/de\/#website"},"primaryImageOfPage":{"@id":"https:\/\/interreg-grace.eu\/de\/event\/la-scene-aux-citoyen-ne-s\/#primaryimage"},"image":{"@id":"https:\/\/interreg-grace.eu\/de\/event\/la-scene-aux-citoyen-ne-s\/#primaryimage"},"thumbnailUrl":"https:\/\/interreg-grace.eu\/wp-content\/uploads\/2025\/03\/scene-aux-citoyens-1.jpg","datePublished":"2025-04-11T12:31:50+00:00","description":"Die Teilnehmer der Sc\u00e8ne aux Citoyen.ne.s pr\u00e4sentieren das Ergebnis der Ma\u00dfnahme im Th\u00e9\u00e2tre de Li\u00e8ge.","breadcrumb":{"@id":"https:\/\/interreg-grace.eu\/de\/event\/la-scene-aux-citoyen-ne-s\/#breadcrumb"},"inLanguage":"de","potentialAction":[{"@type":"ReadAction","target":["https:\/\/interreg-grace.eu\/de\/event\/la-scene-aux-citoyen-ne-s\/"]}]},{"@type":"ImageObject","inLanguage":"de","@id":"https:\/\/interreg-grace.eu\/de\/event\/la-scene-aux-citoyen-ne-s\/#primaryimage","url":"https:\/\/interreg-grace.eu\/wp-content\/uploads\/2025\/03\/scene-aux-citoyens-1.jpg","contentUrl":"https:\/\/interreg-grace.eu\/wp-content\/uploads\/2025\/03\/scene-aux-citoyens-1.jpg","width":605,"height":392,"caption":"Sc\u00e8ne aux Citoyen.ne.s - \u00a9Th\u00e9\u00e2tre de Li!ge"},{"@type":"BreadcrumbList","@id":"https:\/\/interreg-grace.eu\/de\/event\/la-scene-aux-citoyen-ne-s\/#breadcrumb","itemListElement":[{"@type":"ListItem","position":1,"name":"Accueil","item":"https:\/\/interreg-grace.eu\/de\/"},{"@type":"ListItem","position":2,"name":"Veranstaltungen","item":"https:\/\/interreg-grace.eu\/de\/events\/"},{"@type":"ListItem","position":3,"name":"La Sc\u00e8ne aux Citoyen.ne.s"}]},{"@type":"WebSite","@id":"https:\/\/interreg-grace.eu\/de\/#website","url":"https:\/\/interreg-grace.eu\/de\/","name":"Projet GRACE","description":"Greater Region Artistic and Cultural Education","publisher":{"@id":"https:\/\/interreg-grace.eu\/de\/#organization"},"potentialAction":[{"@type":"SearchAction","target":{"@type":"EntryPoint","urlTemplate":"https:\/\/interreg-grace.eu\/de\/?s={search_term_string}"},"query-input":{"@type":"PropertyValueSpecification","valueRequired":true,"valueName":"search_term_string"}}],"inLanguage":"de"},{"@type":"Organization","@id":"https:\/\/interreg-grace.eu\/de\/#organization","name":"Interreg Grace","alternateName":"Greater Region Artistic and Cultural Education","url":"https:\/\/interreg-grace.eu\/de\/","logo":{"@type":"ImageObject","inLanguage":"de","@id":"https:\/\/interreg-grace.eu\/de\/#\/schema\/logo\/image\/","url":"https:\/\/interreg-grace.eu\/wp-content\/uploads\/2024\/08\/cropped-favicon-grace.webp","contentUrl":"https:\/\/interreg-grace.eu\/wp-content\/uploads\/2024\/08\/cropped-favicon-grace.webp","width":512,"height":512,"caption":"Interreg Grace"},"image":{"@id":"https:\/\/interreg-grace.eu\/de\/#\/schema\/logo\/image\/"},"sameAs":["https:\/\/www.linkedin.com\/company\/interreg-grace\/"]}]}},"_links":{"self":[{"href":"https:\/\/interreg-grace.eu\/de\/wp-json\/wp\/v2\/tribe_events\/6155","targetHints":{"allow":["GET"]}}],"collection":[{"href":"https:\/\/interreg-grace.eu\/de\/wp-json\/wp\/v2\/tribe_events"}],"about":[{"href":"https:\/\/interreg-grace.eu\/de\/wp-json\/wp\/v2\/types\/tribe_events"}],"author":[{"embeddable":true,"href":"https:\/\/interreg-grace.eu\/de\/wp-json\/wp\/v2\/users\/2"}],"version-history":[{"count":1,"href":"https:\/\/interreg-grace.eu\/de\/wp-json\/wp\/v2\/tribe_events\/6155\/revisions"}],"predecessor-version":[{"id":6157,"href":"https:\/\/interreg-grace.eu\/de\/wp-json\/wp\/v2\/tribe_events\/6155\/revisions\/6157"}],"wp:featuredmedia":[{"embeddable":true,"href":"https:\/\/interreg-grace.eu\/de\/wp-json\/wp\/v2\/media\/5925"}],"wp:attachment":[{"href":"https:\/\/interreg-grace.eu\/de\/wp-json\/wp\/v2\/media?parent=6155"}],"wp:term":[{"taxonomy":"post_tag","embeddable":true,"href":"https:\/\/interreg-grace.eu\/de\/wp-json\/wp\/v2\/tags?post=6155"},{"taxonomy":"tribe_events_cat","embeddable":true,"href":"https:\/\/interreg-grace.eu\/de\/wp-json\/wp\/v2\/tribe_events_cat?post=6155"}],"curies":[{"name":"wp","href":"https:\/\/api.w.org\/{rel}","templated":true}]}}