{"id":5928,"date":"2025-03-28T10:06:38","date_gmt":"2025-03-28T09:06:38","guid":{"rendered":"https:\/\/interreg-grace.eu\/event\/praesentation-von-passages-transfestival-edition-2025\/"},"modified":"2025-03-28T10:06:38","modified_gmt":"2025-03-28T09:06:38","slug":"praesentation-von-passages-transfestival-edition-2025","status":"publish","type":"tribe_events","link":"https:\/\/interreg-grace.eu\/de\/event\/praesentation-von-passages-transfestival-edition-2025\/","title":{"rendered":"Pr\u00e4sentation von Passages Transfestival Edition 2025"},"content":{"rendered":"<p>Passages Transfestival pr\u00e4sentiert Ihnen seine diesj\u00e4hrige Ausgabe 2025.<\/p>\n<p>19 Uhr &#8211; \u00d6ffentliche Pr\u00e4sentation der Festivalausgabe 2025 \/ freier Eintritt<\/p>\n<p>20:30 Uhr &#8211; Auff\u00fchrung <em>Vejo Anjos Que Atravessam o Sol Na Minha Sala<\/em> von Idio Chichava \/ Tickets<\/p>\n<p>&nbsp;<\/p>\n<p>An diesem Abend werden Beno\u00eet Bradel, Direktor von Passages Transfestival, und sein gesamtes Team Ihnen die Auff\u00fchrungen dieser neuen Ausgabe vorstellen, darunter die vom GRACE-Projekt gef\u00f6rderten Auff\u00fchrungen wie zum Beispiel <em>Monga<\/em>, <em>Soliloquio<\/em>, <em>Hollanda<\/em>, <em>Soledad<\/em>, <em>Beste Cantate<\/em> und <em>Au Jardin des Potiniers<\/em>.<\/p>\n<p>Ein einzigartiger Moment, neue Perspektiven zu entdecken, und eine tolle Gelegenheit, sich in gem\u00fctlicher Runde auszutauschen und sich jetzt schon Tickets f\u00fcr das Festival zu sichern.<\/p>\n<p>Im Anschluss an die \u00f6ffentliche Pr\u00e4sentation findet die Auff\u00fchrung <em>Vejo Anjos Que Atravessam o Sol Na Minha Sala<\/em> von Idio Chichava statt. Der mosambikanische Choreograf kehrt mit seiner neuesten Kreation zum Transfestival zur\u00fcck. Ein feinf\u00fchliger Blick auf die neue M\u00e4nnlichkeit, frei von allen Tabus. Ein GRACE-Projekt, das von der EU \u00fcber das Interreg-Programms Gro\u00dfregion 2021\/2027 kofinanziert wird. Mit freundlicher Unterst\u00fctzung von ONDA.    <\/p>\n","protected":false},"excerpt":{"rendered":"<p>Passages Transfestival pr\u00e4sentiert Ihnen seine diesj\u00e4hrige Ausgabe 2025 mit der Auff\u00fchrung \u201eVejo Anjos Que Atravessam o Sol Na Minha Sala\u201c von Idio Chichava.<\/p>\n","protected":false},"author":2,"featured_media":5800,"template":"","meta":{"_acf_changed":false,"_tribe_events_status":"","_tribe_events_status_reason":"","footnotes":""},"tags":[101,146],"tribe_events_cat":[97,136,113,122],"class_list":["post-5928","tribe_events","type-tribe_events","status-publish","has-post-thumbnail","hentry","tag-darstellende-kunst","tag-eroffnungsfeier","tribe_events_cat-tout-public-de","tribe_events_cat-eroffnungsfeier","tribe_events_cat-frankreich","tribe_events_cat-lebende-auffuhrung","cat_tout-public-de","cat_eroffnungsfeier","cat_frankreich","cat_lebende-auffuhrung"],"acf":[],"yoast_head":"<!-- This site is optimized with the Yoast SEO Premium plugin v24.7 (Yoast SEO v27.3) - https:\/\/yoast.com\/product\/yoast-seo-premium-wordpress\/ -->\n<title>Pr\u00e4sentation von Passages Transfestival Edition 2025 - Projet GRACE<\/title>\n<meta name=\"description\" content=\"Passages Transfestival pr\u00e4sentiert Ihnen seine diesj\u00e4hrige Ausgabe 2025. Als kr\u00f6nender Abschluss des Abends erwartet Sie die Auff\u00fchrung \u201eVejo Anjos Que Atravessam o Sol Na Minha Sala\u201c.\" \/>\n<meta name=\"robots\" content=\"index, follow, max-snippet:-1, max-image-preview:large, max-video-preview:-1\" \/>\n<link rel=\"canonical\" href=\"https:\/\/interreg-grace.eu\/de\/event\/praesentation-von-passages-transfestival-edition-2025\/\" \/>\n<meta property=\"og:locale\" content=\"de_DE\" \/>\n<meta property=\"og:type\" content=\"article\" \/>\n<meta property=\"og:title\" content=\"Pr\u00e4sentation von Passages Transfestival Edition 2025\" \/>\n<meta property=\"og:description\" content=\"Passages Transfestival pr\u00e4sentiert Ihnen seine diesj\u00e4hrige Ausgabe 2025. Als kr\u00f6nender Abschluss des Abends erwartet Sie die Auff\u00fchrung \u201eVejo Anjos Que Atravessam o Sol Na Minha Sala\u201c.\" \/>\n<meta property=\"og:url\" content=\"https:\/\/interreg-grace.eu\/de\/event\/praesentation-von-passages-transfestival-edition-2025\/\" \/>\n<meta property=\"og:site_name\" content=\"Projet GRACE\" \/>\n<meta property=\"og:image\" content=\"https:\/\/interreg-grace.eu\/wp-content\/uploads\/2025\/02\/VEJO_ANJOS_298_R6KB0072-1024x683.jpg\" \/>\n\t<meta property=\"og:image:width\" content=\"1024\" \/>\n\t<meta property=\"og:image:height\" content=\"683\" \/>\n\t<meta property=\"og:image:type\" content=\"image\/jpeg\" \/>\n<meta name=\"twitter:card\" content=\"summary_large_image\" \/>\n<meta name=\"twitter:label1\" content=\"Gesch\u00e4tzte Lesezeit\" \/>\n\t<meta name=\"twitter:data1\" content=\"1\u00a0Minute\" \/>\n<script type=\"application\/ld+json\" class=\"yoast-schema-graph\">{\"@context\":\"https:\\\/\\\/schema.org\",\"@graph\":[{\"@type\":\"WebPage\",\"@id\":\"https:\\\/\\\/interreg-grace.eu\\\/de\\\/event\\\/praesentation-von-passages-transfestival-edition-2025\\\/\",\"url\":\"https:\\\/\\\/interreg-grace.eu\\\/de\\\/event\\\/praesentation-von-passages-transfestival-edition-2025\\\/\",\"name\":\"Pr\u00e4sentation von Passages Transfestival Edition 2025 - Projet GRACE\",\"isPartOf\":{\"@id\":\"https:\\\/\\\/interreg-grace.eu\\\/de\\\/#website\"},\"primaryImageOfPage\":{\"@id\":\"https:\\\/\\\/interreg-grace.eu\\\/de\\\/event\\\/praesentation-von-passages-transfestival-edition-2025\\\/#primaryimage\"},\"image\":{\"@id\":\"https:\\\/\\\/interreg-grace.eu\\\/de\\\/event\\\/praesentation-von-passages-transfestival-edition-2025\\\/#primaryimage\"},\"thumbnailUrl\":\"https:\\\/\\\/interreg-grace.eu\\\/wp-content\\\/uploads\\\/2025\\\/02\\\/VEJO_ANJOS_298_R6KB0072-scaled.jpg\",\"datePublished\":\"2025-03-28T09:06:38+00:00\",\"description\":\"Passages Transfestival pr\u00e4sentiert Ihnen seine diesj\u00e4hrige Ausgabe 2025. Als kr\u00f6nender Abschluss des Abends erwartet Sie die Auff\u00fchrung \u201eVejo Anjos Que Atravessam o Sol Na Minha Sala\u201c.\",\"breadcrumb\":{\"@id\":\"https:\\\/\\\/interreg-grace.eu\\\/de\\\/event\\\/praesentation-von-passages-transfestival-edition-2025\\\/#breadcrumb\"},\"inLanguage\":\"de\",\"potentialAction\":[{\"@type\":\"ReadAction\",\"target\":[\"https:\\\/\\\/interreg-grace.eu\\\/de\\\/event\\\/praesentation-von-passages-transfestival-edition-2025\\\/\"]}]},{\"@type\":\"ImageObject\",\"inLanguage\":\"de\",\"@id\":\"https:\\\/\\\/interreg-grace.eu\\\/de\\\/event\\\/praesentation-von-passages-transfestival-edition-2025\\\/#primaryimage\",\"url\":\"https:\\\/\\\/interreg-grace.eu\\\/wp-content\\\/uploads\\\/2025\\\/02\\\/VEJO_ANJOS_298_R6KB0072-scaled.jpg\",\"contentUrl\":\"https:\\\/\\\/interreg-grace.eu\\\/wp-content\\\/uploads\\\/2025\\\/02\\\/VEJO_ANJOS_298_R6KB0072-scaled.jpg\",\"width\":2560,\"height\":1706,\"caption\":\"Vejo Anjos Que Atravessam o Sol Na Minha Sala\"},{\"@type\":\"BreadcrumbList\",\"@id\":\"https:\\\/\\\/interreg-grace.eu\\\/de\\\/event\\\/praesentation-von-passages-transfestival-edition-2025\\\/#breadcrumb\",\"itemListElement\":[{\"@type\":\"ListItem\",\"position\":1,\"name\":\"Accueil\",\"item\":\"https:\\\/\\\/interreg-grace.eu\\\/de\\\/\"},{\"@type\":\"ListItem\",\"position\":2,\"name\":\"Veranstaltungen\",\"item\":\"https:\\\/\\\/interreg-grace.eu\\\/de\\\/events\\\/\"},{\"@type\":\"ListItem\",\"position\":3,\"name\":\"Pr\u00e4sentation von Passages Transfestival Edition 2025\"}]},{\"@type\":\"WebSite\",\"@id\":\"https:\\\/\\\/interreg-grace.eu\\\/de\\\/#website\",\"url\":\"https:\\\/\\\/interreg-grace.eu\\\/de\\\/\",\"name\":\"Projet GRACE\",\"description\":\"Greater Region Artistic and Cultural Education\",\"publisher\":{\"@id\":\"https:\\\/\\\/interreg-grace.eu\\\/de\\\/#organization\"},\"potentialAction\":[{\"@type\":\"SearchAction\",\"target\":{\"@type\":\"EntryPoint\",\"urlTemplate\":\"https:\\\/\\\/interreg-grace.eu\\\/de\\\/?s={search_term_string}\"},\"query-input\":{\"@type\":\"PropertyValueSpecification\",\"valueRequired\":true,\"valueName\":\"search_term_string\"}}],\"inLanguage\":\"de\"},{\"@type\":\"Organization\",\"@id\":\"https:\\\/\\\/interreg-grace.eu\\\/de\\\/#organization\",\"name\":\"Interreg Grace\",\"alternateName\":\"Greater Region Artistic and Cultural Education\",\"url\":\"https:\\\/\\\/interreg-grace.eu\\\/de\\\/\",\"logo\":{\"@type\":\"ImageObject\",\"inLanguage\":\"de\",\"@id\":\"https:\\\/\\\/interreg-grace.eu\\\/de\\\/#\\\/schema\\\/logo\\\/image\\\/\",\"url\":\"https:\\\/\\\/interreg-grace.eu\\\/wp-content\\\/uploads\\\/2024\\\/08\\\/cropped-favicon-grace.webp\",\"contentUrl\":\"https:\\\/\\\/interreg-grace.eu\\\/wp-content\\\/uploads\\\/2024\\\/08\\\/cropped-favicon-grace.webp\",\"width\":512,\"height\":512,\"caption\":\"Interreg Grace\"},\"image\":{\"@id\":\"https:\\\/\\\/interreg-grace.eu\\\/de\\\/#\\\/schema\\\/logo\\\/image\\\/\"},\"sameAs\":[\"https:\\\/\\\/www.linkedin.com\\\/company\\\/interreg-grace\\\/\"]}]}<\/script>\n<!-- \/ Yoast SEO Premium plugin. -->","yoast_head_json":{"title":"Pr\u00e4sentation von Passages Transfestival Edition 2025 - Projet GRACE","description":"Passages Transfestival pr\u00e4sentiert Ihnen seine diesj\u00e4hrige Ausgabe 2025. Als kr\u00f6nender Abschluss des Abends erwartet Sie die Auff\u00fchrung \u201eVejo Anjos Que Atravessam o Sol Na Minha Sala\u201c.","robots":{"index":"index","follow":"follow","max-snippet":"max-snippet:-1","max-image-preview":"max-image-preview:large","max-video-preview":"max-video-preview:-1"},"canonical":"https:\/\/interreg-grace.eu\/de\/event\/praesentation-von-passages-transfestival-edition-2025\/","og_locale":"de_DE","og_type":"article","og_title":"Pr\u00e4sentation von Passages Transfestival Edition 2025","og_description":"Passages Transfestival pr\u00e4sentiert Ihnen seine diesj\u00e4hrige Ausgabe 2025. Als kr\u00f6nender Abschluss des Abends erwartet Sie die Auff\u00fchrung \u201eVejo Anjos Que Atravessam o Sol Na Minha Sala\u201c.","og_url":"https:\/\/interreg-grace.eu\/de\/event\/praesentation-von-passages-transfestival-edition-2025\/","og_site_name":"Projet GRACE","og_image":[{"width":1024,"height":683,"url":"https:\/\/interreg-grace.eu\/wp-content\/uploads\/2025\/02\/VEJO_ANJOS_298_R6KB0072-1024x683.jpg","type":"image\/jpeg"}],"twitter_card":"summary_large_image","twitter_misc":{"Gesch\u00e4tzte Lesezeit":"1\u00a0Minute"},"schema":{"@context":"https:\/\/schema.org","@graph":[{"@type":"WebPage","@id":"https:\/\/interreg-grace.eu\/de\/event\/praesentation-von-passages-transfestival-edition-2025\/","url":"https:\/\/interreg-grace.eu\/de\/event\/praesentation-von-passages-transfestival-edition-2025\/","name":"Pr\u00e4sentation von Passages Transfestival Edition 2025 - Projet GRACE","isPartOf":{"@id":"https:\/\/interreg-grace.eu\/de\/#website"},"primaryImageOfPage":{"@id":"https:\/\/interreg-grace.eu\/de\/event\/praesentation-von-passages-transfestival-edition-2025\/#primaryimage"},"image":{"@id":"https:\/\/interreg-grace.eu\/de\/event\/praesentation-von-passages-transfestival-edition-2025\/#primaryimage"},"thumbnailUrl":"https:\/\/interreg-grace.eu\/wp-content\/uploads\/2025\/02\/VEJO_ANJOS_298_R6KB0072-scaled.jpg","datePublished":"2025-03-28T09:06:38+00:00","description":"Passages Transfestival pr\u00e4sentiert Ihnen seine diesj\u00e4hrige Ausgabe 2025. Als kr\u00f6nender Abschluss des Abends erwartet Sie die Auff\u00fchrung \u201eVejo Anjos Que Atravessam o Sol Na Minha Sala\u201c.","breadcrumb":{"@id":"https:\/\/interreg-grace.eu\/de\/event\/praesentation-von-passages-transfestival-edition-2025\/#breadcrumb"},"inLanguage":"de","potentialAction":[{"@type":"ReadAction","target":["https:\/\/interreg-grace.eu\/de\/event\/praesentation-von-passages-transfestival-edition-2025\/"]}]},{"@type":"ImageObject","inLanguage":"de","@id":"https:\/\/interreg-grace.eu\/de\/event\/praesentation-von-passages-transfestival-edition-2025\/#primaryimage","url":"https:\/\/interreg-grace.eu\/wp-content\/uploads\/2025\/02\/VEJO_ANJOS_298_R6KB0072-scaled.jpg","contentUrl":"https:\/\/interreg-grace.eu\/wp-content\/uploads\/2025\/02\/VEJO_ANJOS_298_R6KB0072-scaled.jpg","width":2560,"height":1706,"caption":"Vejo Anjos Que Atravessam o Sol Na Minha Sala"},{"@type":"BreadcrumbList","@id":"https:\/\/interreg-grace.eu\/de\/event\/praesentation-von-passages-transfestival-edition-2025\/#breadcrumb","itemListElement":[{"@type":"ListItem","position":1,"name":"Accueil","item":"https:\/\/interreg-grace.eu\/de\/"},{"@type":"ListItem","position":2,"name":"Veranstaltungen","item":"https:\/\/interreg-grace.eu\/de\/events\/"},{"@type":"ListItem","position":3,"name":"Pr\u00e4sentation von Passages Transfestival Edition 2025"}]},{"@type":"WebSite","@id":"https:\/\/interreg-grace.eu\/de\/#website","url":"https:\/\/interreg-grace.eu\/de\/","name":"Projet GRACE","description":"Greater Region Artistic and Cultural Education","publisher":{"@id":"https:\/\/interreg-grace.eu\/de\/#organization"},"potentialAction":[{"@type":"SearchAction","target":{"@type":"EntryPoint","urlTemplate":"https:\/\/interreg-grace.eu\/de\/?s={search_term_string}"},"query-input":{"@type":"PropertyValueSpecification","valueRequired":true,"valueName":"search_term_string"}}],"inLanguage":"de"},{"@type":"Organization","@id":"https:\/\/interreg-grace.eu\/de\/#organization","name":"Interreg Grace","alternateName":"Greater Region Artistic and Cultural Education","url":"https:\/\/interreg-grace.eu\/de\/","logo":{"@type":"ImageObject","inLanguage":"de","@id":"https:\/\/interreg-grace.eu\/de\/#\/schema\/logo\/image\/","url":"https:\/\/interreg-grace.eu\/wp-content\/uploads\/2024\/08\/cropped-favicon-grace.webp","contentUrl":"https:\/\/interreg-grace.eu\/wp-content\/uploads\/2024\/08\/cropped-favicon-grace.webp","width":512,"height":512,"caption":"Interreg Grace"},"image":{"@id":"https:\/\/interreg-grace.eu\/de\/#\/schema\/logo\/image\/"},"sameAs":["https:\/\/www.linkedin.com\/company\/interreg-grace\/"]}]}},"_links":{"self":[{"href":"https:\/\/interreg-grace.eu\/de\/wp-json\/wp\/v2\/tribe_events\/5928","targetHints":{"allow":["GET"]}}],"collection":[{"href":"https:\/\/interreg-grace.eu\/de\/wp-json\/wp\/v2\/tribe_events"}],"about":[{"href":"https:\/\/interreg-grace.eu\/de\/wp-json\/wp\/v2\/types\/tribe_events"}],"author":[{"embeddable":true,"href":"https:\/\/interreg-grace.eu\/de\/wp-json\/wp\/v2\/users\/2"}],"version-history":[{"count":0,"href":"https:\/\/interreg-grace.eu\/de\/wp-json\/wp\/v2\/tribe_events\/5928\/revisions"}],"wp:featuredmedia":[{"embeddable":true,"href":"https:\/\/interreg-grace.eu\/de\/wp-json\/wp\/v2\/media\/5800"}],"wp:attachment":[{"href":"https:\/\/interreg-grace.eu\/de\/wp-json\/wp\/v2\/media?parent=5928"}],"wp:term":[{"taxonomy":"post_tag","embeddable":true,"href":"https:\/\/interreg-grace.eu\/de\/wp-json\/wp\/v2\/tags?post=5928"},{"taxonomy":"tribe_events_cat","embeddable":true,"href":"https:\/\/interreg-grace.eu\/de\/wp-json\/wp\/v2\/tribe_events_cat?post=5928"}],"curies":[{"name":"wp","href":"https:\/\/api.w.org\/{rel}","templated":true}]}}