{"id":5878,"date":"2025-03-05T12:10:30","date_gmt":"2025-03-05T11:10:30","guid":{"rendered":"https:\/\/interreg-grace.eu\/event\/mes-petites-graines-helene-koenig\/"},"modified":"2025-03-05T12:10:30","modified_gmt":"2025-03-05T11:10:30","slug":"mes-petites-graines-helene-koenig","status":"publish","type":"tribe_events","link":"https:\/\/interreg-grace.eu\/de\/event\/mes-petites-graines-helene-koenig\/","title":{"rendered":"Mes petites graines &#8211; H\u00e9l\u00e8ne Koenig"},"content":{"rendered":"<p>Im Tempo der Natur, vom Aufwachen bis zum Schlafengehen, folgen die Liedsamen dem Alltag kleiner Ohren, die spielen, tr\u00e4umen, spazieren gehen, Geschichten erz\u00e4hlen, tanzen, singen&#8230;<\/p>\n<p>Auf der B\u00fchne folgen vier Jahreszeiten aufeinander, in denen Musiker als G\u00e4rtner Noten, Instrumente, Perkussion und Klangstrukturen kultivieren.<\/p>\n<p><em>Mes Petites Graines<\/em> zu entdecken bedeutet, sich von der Poesie, der Unschuld, dem Engagement oder der Verspieltheit ihrer Worte tragen zu lassen, sich von Stimmen einh\u00fcllen zu lassen, die eigene Stimme zu tragen und im Einklang zu singen.<\/p>\n<p>An diesem Konzert teilzunehmen bedeutet, den ganzen K\u00f6rper in Bewegung zu setzen, zu pulsieren und zu vibrieren.<\/p>\n<p><a href=\"https:\/\/www.vostickets.net\/billet\/FR\/catalogue-AGORA_METZ.wb?REFID=FlQrAAAAAABVAA\" target=\"_blank\" rel=\"noopener\">Tickets nur online erh\u00e4ltlich<\/a>. \u00d6ffnung des Kartenverkaufs vor Ort am selben Tag von 14:30 bis 15:45 Uhr, solange Pl\u00e4tze verf\u00fcgbar sind. <\/p>\n","protected":false},"excerpt":{"rendered":"<p>Im Tempo der Natur, vom Aufwachen bis zum Schlafengehen, folgen  [&#8230;]<\/p>\n","protected":false},"author":3,"featured_media":5876,"template":"","meta":{"_acf_changed":false,"_tribe_events_status":"","_tribe_events_status_reason":"","footnotes":""},"tags":[101],"tribe_events_cat":[127,113,116,122],"class_list":["post-5878","tribe_events","type-tribe_events","status-publish","has-post-thumbnail","hentry","tag-darstellende-kunst","tribe_events_cat-auffuhrung","tribe_events_cat-frankreich","tribe_events_cat-junges-publikum","tribe_events_cat-lebende-auffuhrung","cat_auffuhrung","cat_frankreich","cat_junges-publikum","cat_lebende-auffuhrung"],"acf":[],"yoast_head":"<!-- This site is optimized with the Yoast SEO Premium plugin v24.7 (Yoast SEO v27.3) - https:\/\/yoast.com\/product\/yoast-seo-premium-wordpress\/ -->\n<title>Mes petites graines - H\u00e9l\u00e8ne Koenig - Projet GRACE<\/title>\n<meta name=\"robots\" content=\"index, follow, max-snippet:-1, max-image-preview:large, max-video-preview:-1\" \/>\n<link rel=\"canonical\" href=\"https:\/\/interreg-grace.eu\/de\/event\/mes-petites-graines-helene-koenig\/\" \/>\n<meta property=\"og:locale\" content=\"de_DE\" \/>\n<meta property=\"og:type\" content=\"article\" \/>\n<meta property=\"og:title\" content=\"Mes petites graines - H\u00e9l\u00e8ne Koenig\" \/>\n<meta property=\"og:description\" content=\"Im Tempo der Natur, vom Aufwachen bis zum Schlafengehen, folgen [...]\" \/>\n<meta property=\"og:url\" content=\"https:\/\/interreg-grace.eu\/de\/event\/mes-petites-graines-helene-koenig\/\" \/>\n<meta property=\"og:site_name\" content=\"Projet GRACE\" \/>\n<meta property=\"og:image\" content=\"https:\/\/interreg-grace.eu\/wp-content\/uploads\/2025\/03\/Mes-petites-graines-\u00a9Cantorama.jpg\" \/>\n\t<meta property=\"og:image:width\" content=\"1764\" \/>\n\t<meta property=\"og:image:height\" content=\"1176\" \/>\n\t<meta property=\"og:image:type\" content=\"image\/jpeg\" \/>\n<meta name=\"twitter:card\" content=\"summary_large_image\" \/>\n<meta name=\"twitter:label1\" content=\"Gesch\u00e4tzte Lesezeit\" \/>\n\t<meta name=\"twitter:data1\" content=\"1\u00a0Minute\" \/>\n<script type=\"application\/ld+json\" class=\"yoast-schema-graph\">{\"@context\":\"https:\\\/\\\/schema.org\",\"@graph\":[{\"@type\":\"WebPage\",\"@id\":\"https:\\\/\\\/interreg-grace.eu\\\/de\\\/event\\\/mes-petites-graines-helene-koenig\\\/\",\"url\":\"https:\\\/\\\/interreg-grace.eu\\\/de\\\/event\\\/mes-petites-graines-helene-koenig\\\/\",\"name\":\"Mes petites graines - H\u00e9l\u00e8ne Koenig - Projet GRACE\",\"isPartOf\":{\"@id\":\"https:\\\/\\\/interreg-grace.eu\\\/de\\\/#website\"},\"primaryImageOfPage\":{\"@id\":\"https:\\\/\\\/interreg-grace.eu\\\/de\\\/event\\\/mes-petites-graines-helene-koenig\\\/#primaryimage\"},\"image\":{\"@id\":\"https:\\\/\\\/interreg-grace.eu\\\/de\\\/event\\\/mes-petites-graines-helene-koenig\\\/#primaryimage\"},\"thumbnailUrl\":\"https:\\\/\\\/interreg-grace.eu\\\/wp-content\\\/uploads\\\/2025\\\/03\\\/Mes-petites-graines-\u00a9Cantorama.jpg\",\"datePublished\":\"2025-03-05T11:10:30+00:00\",\"breadcrumb\":{\"@id\":\"https:\\\/\\\/interreg-grace.eu\\\/de\\\/event\\\/mes-petites-graines-helene-koenig\\\/#breadcrumb\"},\"inLanguage\":\"de\",\"potentialAction\":[{\"@type\":\"ReadAction\",\"target\":[\"https:\\\/\\\/interreg-grace.eu\\\/de\\\/event\\\/mes-petites-graines-helene-koenig\\\/\"]}]},{\"@type\":\"ImageObject\",\"inLanguage\":\"de\",\"@id\":\"https:\\\/\\\/interreg-grace.eu\\\/de\\\/event\\\/mes-petites-graines-helene-koenig\\\/#primaryimage\",\"url\":\"https:\\\/\\\/interreg-grace.eu\\\/wp-content\\\/uploads\\\/2025\\\/03\\\/Mes-petites-graines-\u00a9Cantorama.jpg\",\"contentUrl\":\"https:\\\/\\\/interreg-grace.eu\\\/wp-content\\\/uploads\\\/2025\\\/03\\\/Mes-petites-graines-\u00a9Cantorama.jpg\",\"width\":1764,\"height\":1176},{\"@type\":\"BreadcrumbList\",\"@id\":\"https:\\\/\\\/interreg-grace.eu\\\/de\\\/event\\\/mes-petites-graines-helene-koenig\\\/#breadcrumb\",\"itemListElement\":[{\"@type\":\"ListItem\",\"position\":1,\"name\":\"Accueil\",\"item\":\"https:\\\/\\\/interreg-grace.eu\\\/de\\\/\"},{\"@type\":\"ListItem\",\"position\":2,\"name\":\"Veranstaltungen\",\"item\":\"https:\\\/\\\/interreg-grace.eu\\\/de\\\/events\\\/\"},{\"@type\":\"ListItem\",\"position\":3,\"name\":\"Mes petites graines &#8211; H\u00e9l\u00e8ne Koenig\"}]},{\"@type\":\"WebSite\",\"@id\":\"https:\\\/\\\/interreg-grace.eu\\\/de\\\/#website\",\"url\":\"https:\\\/\\\/interreg-grace.eu\\\/de\\\/\",\"name\":\"Projet GRACE\",\"description\":\"Greater Region Artistic and Cultural Education\",\"publisher\":{\"@id\":\"https:\\\/\\\/interreg-grace.eu\\\/de\\\/#organization\"},\"potentialAction\":[{\"@type\":\"SearchAction\",\"target\":{\"@type\":\"EntryPoint\",\"urlTemplate\":\"https:\\\/\\\/interreg-grace.eu\\\/de\\\/?s={search_term_string}\"},\"query-input\":{\"@type\":\"PropertyValueSpecification\",\"valueRequired\":true,\"valueName\":\"search_term_string\"}}],\"inLanguage\":\"de\"},{\"@type\":\"Organization\",\"@id\":\"https:\\\/\\\/interreg-grace.eu\\\/de\\\/#organization\",\"name\":\"Interreg Grace\",\"alternateName\":\"Greater Region Artistic and Cultural Education\",\"url\":\"https:\\\/\\\/interreg-grace.eu\\\/de\\\/\",\"logo\":{\"@type\":\"ImageObject\",\"inLanguage\":\"de\",\"@id\":\"https:\\\/\\\/interreg-grace.eu\\\/de\\\/#\\\/schema\\\/logo\\\/image\\\/\",\"url\":\"https:\\\/\\\/interreg-grace.eu\\\/wp-content\\\/uploads\\\/2024\\\/08\\\/cropped-favicon-grace.webp\",\"contentUrl\":\"https:\\\/\\\/interreg-grace.eu\\\/wp-content\\\/uploads\\\/2024\\\/08\\\/cropped-favicon-grace.webp\",\"width\":512,\"height\":512,\"caption\":\"Interreg Grace\"},\"image\":{\"@id\":\"https:\\\/\\\/interreg-grace.eu\\\/de\\\/#\\\/schema\\\/logo\\\/image\\\/\"},\"sameAs\":[\"https:\\\/\\\/www.linkedin.com\\\/company\\\/interreg-grace\\\/\"]}]}<\/script>\n<!-- \/ Yoast SEO Premium plugin. -->","yoast_head_json":{"title":"Mes petites graines - H\u00e9l\u00e8ne Koenig - Projet GRACE","robots":{"index":"index","follow":"follow","max-snippet":"max-snippet:-1","max-image-preview":"max-image-preview:large","max-video-preview":"max-video-preview:-1"},"canonical":"https:\/\/interreg-grace.eu\/de\/event\/mes-petites-graines-helene-koenig\/","og_locale":"de_DE","og_type":"article","og_title":"Mes petites graines - H\u00e9l\u00e8ne Koenig","og_description":"Im Tempo der Natur, vom Aufwachen bis zum Schlafengehen, folgen [...]","og_url":"https:\/\/interreg-grace.eu\/de\/event\/mes-petites-graines-helene-koenig\/","og_site_name":"Projet GRACE","og_image":[{"width":1764,"height":1176,"url":"https:\/\/interreg-grace.eu\/wp-content\/uploads\/2025\/03\/Mes-petites-graines-\u00a9Cantorama.jpg","type":"image\/jpeg"}],"twitter_card":"summary_large_image","twitter_misc":{"Gesch\u00e4tzte Lesezeit":"1\u00a0Minute"},"schema":{"@context":"https:\/\/schema.org","@graph":[{"@type":"WebPage","@id":"https:\/\/interreg-grace.eu\/de\/event\/mes-petites-graines-helene-koenig\/","url":"https:\/\/interreg-grace.eu\/de\/event\/mes-petites-graines-helene-koenig\/","name":"Mes petites graines - H\u00e9l\u00e8ne Koenig - Projet GRACE","isPartOf":{"@id":"https:\/\/interreg-grace.eu\/de\/#website"},"primaryImageOfPage":{"@id":"https:\/\/interreg-grace.eu\/de\/event\/mes-petites-graines-helene-koenig\/#primaryimage"},"image":{"@id":"https:\/\/interreg-grace.eu\/de\/event\/mes-petites-graines-helene-koenig\/#primaryimage"},"thumbnailUrl":"https:\/\/interreg-grace.eu\/wp-content\/uploads\/2025\/03\/Mes-petites-graines-\u00a9Cantorama.jpg","datePublished":"2025-03-05T11:10:30+00:00","breadcrumb":{"@id":"https:\/\/interreg-grace.eu\/de\/event\/mes-petites-graines-helene-koenig\/#breadcrumb"},"inLanguage":"de","potentialAction":[{"@type":"ReadAction","target":["https:\/\/interreg-grace.eu\/de\/event\/mes-petites-graines-helene-koenig\/"]}]},{"@type":"ImageObject","inLanguage":"de","@id":"https:\/\/interreg-grace.eu\/de\/event\/mes-petites-graines-helene-koenig\/#primaryimage","url":"https:\/\/interreg-grace.eu\/wp-content\/uploads\/2025\/03\/Mes-petites-graines-\u00a9Cantorama.jpg","contentUrl":"https:\/\/interreg-grace.eu\/wp-content\/uploads\/2025\/03\/Mes-petites-graines-\u00a9Cantorama.jpg","width":1764,"height":1176},{"@type":"BreadcrumbList","@id":"https:\/\/interreg-grace.eu\/de\/event\/mes-petites-graines-helene-koenig\/#breadcrumb","itemListElement":[{"@type":"ListItem","position":1,"name":"Accueil","item":"https:\/\/interreg-grace.eu\/de\/"},{"@type":"ListItem","position":2,"name":"Veranstaltungen","item":"https:\/\/interreg-grace.eu\/de\/events\/"},{"@type":"ListItem","position":3,"name":"Mes petites graines &#8211; H\u00e9l\u00e8ne Koenig"}]},{"@type":"WebSite","@id":"https:\/\/interreg-grace.eu\/de\/#website","url":"https:\/\/interreg-grace.eu\/de\/","name":"Projet GRACE","description":"Greater Region Artistic and Cultural Education","publisher":{"@id":"https:\/\/interreg-grace.eu\/de\/#organization"},"potentialAction":[{"@type":"SearchAction","target":{"@type":"EntryPoint","urlTemplate":"https:\/\/interreg-grace.eu\/de\/?s={search_term_string}"},"query-input":{"@type":"PropertyValueSpecification","valueRequired":true,"valueName":"search_term_string"}}],"inLanguage":"de"},{"@type":"Organization","@id":"https:\/\/interreg-grace.eu\/de\/#organization","name":"Interreg Grace","alternateName":"Greater Region Artistic and Cultural Education","url":"https:\/\/interreg-grace.eu\/de\/","logo":{"@type":"ImageObject","inLanguage":"de","@id":"https:\/\/interreg-grace.eu\/de\/#\/schema\/logo\/image\/","url":"https:\/\/interreg-grace.eu\/wp-content\/uploads\/2024\/08\/cropped-favicon-grace.webp","contentUrl":"https:\/\/interreg-grace.eu\/wp-content\/uploads\/2024\/08\/cropped-favicon-grace.webp","width":512,"height":512,"caption":"Interreg Grace"},"image":{"@id":"https:\/\/interreg-grace.eu\/de\/#\/schema\/logo\/image\/"},"sameAs":["https:\/\/www.linkedin.com\/company\/interreg-grace\/"]}]}},"_links":{"self":[{"href":"https:\/\/interreg-grace.eu\/de\/wp-json\/wp\/v2\/tribe_events\/5878","targetHints":{"allow":["GET"]}}],"collection":[{"href":"https:\/\/interreg-grace.eu\/de\/wp-json\/wp\/v2\/tribe_events"}],"about":[{"href":"https:\/\/interreg-grace.eu\/de\/wp-json\/wp\/v2\/types\/tribe_events"}],"author":[{"embeddable":true,"href":"https:\/\/interreg-grace.eu\/de\/wp-json\/wp\/v2\/users\/3"}],"version-history":[{"count":0,"href":"https:\/\/interreg-grace.eu\/de\/wp-json\/wp\/v2\/tribe_events\/5878\/revisions"}],"wp:featuredmedia":[{"embeddable":true,"href":"https:\/\/interreg-grace.eu\/de\/wp-json\/wp\/v2\/media\/5876"}],"wp:attachment":[{"href":"https:\/\/interreg-grace.eu\/de\/wp-json\/wp\/v2\/media?parent=5878"}],"wp:term":[{"taxonomy":"post_tag","embeddable":true,"href":"https:\/\/interreg-grace.eu\/de\/wp-json\/wp\/v2\/tags?post=5878"},{"taxonomy":"tribe_events_cat","embeddable":true,"href":"https:\/\/interreg-grace.eu\/de\/wp-json\/wp\/v2\/tribe_events_cat?post=5878"}],"curies":[{"name":"wp","href":"https:\/\/api.w.org\/{rel}","templated":true}]}}