{"id":5873,"date":"2025-03-05T11:53:45","date_gmt":"2025-03-05T10:53:45","guid":{"rendered":"https:\/\/interreg-grace.eu\/event\/nous-quartier-libre-compagnie-tout-va-bien\/"},"modified":"2025-03-05T11:53:45","modified_gmt":"2025-03-05T10:53:45","slug":"nous-quartier-libre-compagnie-tout-va-bien","status":"publish","type":"tribe_events","link":"https:\/\/interreg-grace.eu\/de\/event\/nous-quartier-libre-compagnie-tout-va-bien\/","title":{"rendered":"Nous quartier libre &#8211; Compagnie Tout va bien !"},"content":{"rendered":"<p>Sechs Charaktere haben gerade Karneval gefeiert. Sie haben alles fallen gelassen, umgesto\u00dfen, vertrieben, gewagt. Sie haben die Masken und Kost\u00fcme abgelegt und stehen m\u00fcde und leer vor uns. Trotz allem werden sie in den normalen, normierten Alltag zur\u00fcckkehren m\u00fcssen, der aus seinen Verpflichtungen und fehlenden M\u00f6glichkeiten besteht. Da taucht in der Versammlung eine Frage auf: Welchen anhaltenden Drang nach Freiheit weckt die Extravaganz dieses Festes in mir? Die B\u00fchne, die den Darstellern \u00fcberlassen wird, wird zum Ort der Untersuchung. Die Frage nach dem Sinn des Lebens &#8211; falls es \u00fcberhaupt einen gibt! &#8211; und \u00fcber die F\u00e4higkeit der Menschen, gl\u00fccklich oder ungl\u00fccklich zu sein. Die Compagnie Tout va bien! bietet mit der kreativen Geste dieser K\u00fcnstler eine theatralische Reise in Form einer fr\u00f6hlichen, festlichen Farandole an, um der ganzen Welt ihre Nase in Form eines Lachens zu zeigen.        <\/p>\n<p>&nbsp;<\/p>\n<p>Regie: Virginie Marouz\u00e9<br \/>\nDauer: 90 Min.<br \/>\nAb 12 Jahren<br \/>\nInformationen und Kartenverkauf auf der <a href=\"https:\/\/carreau-forbach.com\/programmation\/nous-quartier-libre\/\" target=\"_blank\" rel=\"noopener\">Website des Carreau.<\/a><\/p>\n<p>&nbsp;<\/p>\n","protected":false},"excerpt":{"rendered":"<p>Es ist der Tag nach dem Karneval. Was tun, wenn die Party vorbei ist? Nous quartier libre, eine Kreation der Compagnie Tout va bien, l\u00e4sst uns in die Freude am Spiel und den Wunsch, frei zu sein, eintauchen&#8230;  <\/p>\n","protected":false},"author":3,"featured_media":5871,"template":"","meta":{"_acf_changed":false,"_tribe_events_status":"","_tribe_events_status_reason":"","footnotes":""},"tags":[101],"tribe_events_cat":[97,127,113,122],"class_list":["post-5873","tribe_events","type-tribe_events","status-publish","has-post-thumbnail","hentry","tag-darstellende-kunst","tribe_events_cat-tout-public-de","tribe_events_cat-auffuhrung","tribe_events_cat-frankreich","tribe_events_cat-lebende-auffuhrung","cat_tout-public-de","cat_auffuhrung","cat_frankreich","cat_lebende-auffuhrung"],"acf":[],"yoast_head":"<!-- This site is optimized with the Yoast SEO Premium plugin v24.7 (Yoast SEO v27.3) - https:\/\/yoast.com\/product\/yoast-seo-premium-wordpress\/ -->\n<title>Nous quartier libre - Compagnie Tout va bien ! - Projet GRACE<\/title>\n<meta name=\"robots\" content=\"index, follow, max-snippet:-1, max-image-preview:large, max-video-preview:-1\" \/>\n<link rel=\"canonical\" href=\"https:\/\/interreg-grace.eu\/de\/event\/nous-quartier-libre-compagnie-tout-va-bien\/\" \/>\n<meta property=\"og:locale\" content=\"de_DE\" \/>\n<meta property=\"og:type\" content=\"article\" \/>\n<meta property=\"og:title\" content=\"Nous quartier libre - Compagnie Tout va bien !\" \/>\n<meta property=\"og:description\" content=\"Es ist der Tag nach dem Karneval. Was tun, wenn die Party vorbei ist? Nous quartier libre, eine Kreation der Compagnie Tout va bien, l\u00e4sst uns in die Freude am Spiel und den Wunsch, frei zu sein, eintauchen...\" \/>\n<meta property=\"og:url\" content=\"https:\/\/interreg-grace.eu\/de\/event\/nous-quartier-libre-compagnie-tout-va-bien\/\" \/>\n<meta property=\"og:site_name\" content=\"Projet GRACE\" \/>\n<meta property=\"og:image\" content=\"https:\/\/interreg-grace.eu\/wp-content\/uploads\/2025\/03\/Nous-quartier-libre-scaled.jpg\" \/>\n\t<meta property=\"og:image:width\" content=\"2560\" \/>\n\t<meta property=\"og:image:height\" content=\"1709\" \/>\n\t<meta property=\"og:image:type\" content=\"image\/jpeg\" \/>\n<meta name=\"twitter:card\" content=\"summary_large_image\" \/>\n<meta name=\"twitter:label1\" content=\"Gesch\u00e4tzte Lesezeit\" \/>\n\t<meta name=\"twitter:data1\" content=\"1\u00a0Minute\" \/>\n<script type=\"application\/ld+json\" class=\"yoast-schema-graph\">{\"@context\":\"https:\\\/\\\/schema.org\",\"@graph\":[{\"@type\":\"WebPage\",\"@id\":\"https:\\\/\\\/interreg-grace.eu\\\/de\\\/event\\\/nous-quartier-libre-compagnie-tout-va-bien\\\/\",\"url\":\"https:\\\/\\\/interreg-grace.eu\\\/de\\\/event\\\/nous-quartier-libre-compagnie-tout-va-bien\\\/\",\"name\":\"Nous quartier libre - Compagnie Tout va bien ! - Projet GRACE\",\"isPartOf\":{\"@id\":\"https:\\\/\\\/interreg-grace.eu\\\/de\\\/#website\"},\"primaryImageOfPage\":{\"@id\":\"https:\\\/\\\/interreg-grace.eu\\\/de\\\/event\\\/nous-quartier-libre-compagnie-tout-va-bien\\\/#primaryimage\"},\"image\":{\"@id\":\"https:\\\/\\\/interreg-grace.eu\\\/de\\\/event\\\/nous-quartier-libre-compagnie-tout-va-bien\\\/#primaryimage\"},\"thumbnailUrl\":\"https:\\\/\\\/interreg-grace.eu\\\/wp-content\\\/uploads\\\/2025\\\/03\\\/Nous-quartier-libre-scaled.jpg\",\"datePublished\":\"2025-03-05T10:53:45+00:00\",\"breadcrumb\":{\"@id\":\"https:\\\/\\\/interreg-grace.eu\\\/de\\\/event\\\/nous-quartier-libre-compagnie-tout-va-bien\\\/#breadcrumb\"},\"inLanguage\":\"de\",\"potentialAction\":[{\"@type\":\"ReadAction\",\"target\":[\"https:\\\/\\\/interreg-grace.eu\\\/de\\\/event\\\/nous-quartier-libre-compagnie-tout-va-bien\\\/\"]}]},{\"@type\":\"ImageObject\",\"inLanguage\":\"de\",\"@id\":\"https:\\\/\\\/interreg-grace.eu\\\/de\\\/event\\\/nous-quartier-libre-compagnie-tout-va-bien\\\/#primaryimage\",\"url\":\"https:\\\/\\\/interreg-grace.eu\\\/wp-content\\\/uploads\\\/2025\\\/03\\\/Nous-quartier-libre-scaled.jpg\",\"contentUrl\":\"https:\\\/\\\/interreg-grace.eu\\\/wp-content\\\/uploads\\\/2025\\\/03\\\/Nous-quartier-libre-scaled.jpg\",\"width\":2560,\"height\":1709},{\"@type\":\"BreadcrumbList\",\"@id\":\"https:\\\/\\\/interreg-grace.eu\\\/de\\\/event\\\/nous-quartier-libre-compagnie-tout-va-bien\\\/#breadcrumb\",\"itemListElement\":[{\"@type\":\"ListItem\",\"position\":1,\"name\":\"Accueil\",\"item\":\"https:\\\/\\\/interreg-grace.eu\\\/de\\\/\"},{\"@type\":\"ListItem\",\"position\":2,\"name\":\"Veranstaltungen\",\"item\":\"https:\\\/\\\/interreg-grace.eu\\\/de\\\/events\\\/\"},{\"@type\":\"ListItem\",\"position\":3,\"name\":\"Nous quartier libre &#8211; Compagnie Tout va bien !\"}]},{\"@type\":\"WebSite\",\"@id\":\"https:\\\/\\\/interreg-grace.eu\\\/de\\\/#website\",\"url\":\"https:\\\/\\\/interreg-grace.eu\\\/de\\\/\",\"name\":\"Projet GRACE\",\"description\":\"Greater Region Artistic and Cultural Education\",\"publisher\":{\"@id\":\"https:\\\/\\\/interreg-grace.eu\\\/de\\\/#organization\"},\"potentialAction\":[{\"@type\":\"SearchAction\",\"target\":{\"@type\":\"EntryPoint\",\"urlTemplate\":\"https:\\\/\\\/interreg-grace.eu\\\/de\\\/?s={search_term_string}\"},\"query-input\":{\"@type\":\"PropertyValueSpecification\",\"valueRequired\":true,\"valueName\":\"search_term_string\"}}],\"inLanguage\":\"de\"},{\"@type\":\"Organization\",\"@id\":\"https:\\\/\\\/interreg-grace.eu\\\/de\\\/#organization\",\"name\":\"Interreg Grace\",\"alternateName\":\"Greater Region Artistic and Cultural Education\",\"url\":\"https:\\\/\\\/interreg-grace.eu\\\/de\\\/\",\"logo\":{\"@type\":\"ImageObject\",\"inLanguage\":\"de\",\"@id\":\"https:\\\/\\\/interreg-grace.eu\\\/de\\\/#\\\/schema\\\/logo\\\/image\\\/\",\"url\":\"https:\\\/\\\/interreg-grace.eu\\\/wp-content\\\/uploads\\\/2024\\\/08\\\/cropped-favicon-grace.webp\",\"contentUrl\":\"https:\\\/\\\/interreg-grace.eu\\\/wp-content\\\/uploads\\\/2024\\\/08\\\/cropped-favicon-grace.webp\",\"width\":512,\"height\":512,\"caption\":\"Interreg Grace\"},\"image\":{\"@id\":\"https:\\\/\\\/interreg-grace.eu\\\/de\\\/#\\\/schema\\\/logo\\\/image\\\/\"},\"sameAs\":[\"https:\\\/\\\/www.linkedin.com\\\/company\\\/interreg-grace\\\/\"]}]}<\/script>\n<!-- \/ Yoast SEO Premium plugin. -->","yoast_head_json":{"title":"Nous quartier libre - Compagnie Tout va bien ! - Projet GRACE","robots":{"index":"index","follow":"follow","max-snippet":"max-snippet:-1","max-image-preview":"max-image-preview:large","max-video-preview":"max-video-preview:-1"},"canonical":"https:\/\/interreg-grace.eu\/de\/event\/nous-quartier-libre-compagnie-tout-va-bien\/","og_locale":"de_DE","og_type":"article","og_title":"Nous quartier libre - Compagnie Tout va bien !","og_description":"Es ist der Tag nach dem Karneval. Was tun, wenn die Party vorbei ist? Nous quartier libre, eine Kreation der Compagnie Tout va bien, l\u00e4sst uns in die Freude am Spiel und den Wunsch, frei zu sein, eintauchen...","og_url":"https:\/\/interreg-grace.eu\/de\/event\/nous-quartier-libre-compagnie-tout-va-bien\/","og_site_name":"Projet GRACE","og_image":[{"width":2560,"height":1709,"url":"https:\/\/interreg-grace.eu\/wp-content\/uploads\/2025\/03\/Nous-quartier-libre-scaled.jpg","type":"image\/jpeg"}],"twitter_card":"summary_large_image","twitter_misc":{"Gesch\u00e4tzte Lesezeit":"1\u00a0Minute"},"schema":{"@context":"https:\/\/schema.org","@graph":[{"@type":"WebPage","@id":"https:\/\/interreg-grace.eu\/de\/event\/nous-quartier-libre-compagnie-tout-va-bien\/","url":"https:\/\/interreg-grace.eu\/de\/event\/nous-quartier-libre-compagnie-tout-va-bien\/","name":"Nous quartier libre - Compagnie Tout va bien ! - Projet GRACE","isPartOf":{"@id":"https:\/\/interreg-grace.eu\/de\/#website"},"primaryImageOfPage":{"@id":"https:\/\/interreg-grace.eu\/de\/event\/nous-quartier-libre-compagnie-tout-va-bien\/#primaryimage"},"image":{"@id":"https:\/\/interreg-grace.eu\/de\/event\/nous-quartier-libre-compagnie-tout-va-bien\/#primaryimage"},"thumbnailUrl":"https:\/\/interreg-grace.eu\/wp-content\/uploads\/2025\/03\/Nous-quartier-libre-scaled.jpg","datePublished":"2025-03-05T10:53:45+00:00","breadcrumb":{"@id":"https:\/\/interreg-grace.eu\/de\/event\/nous-quartier-libre-compagnie-tout-va-bien\/#breadcrumb"},"inLanguage":"de","potentialAction":[{"@type":"ReadAction","target":["https:\/\/interreg-grace.eu\/de\/event\/nous-quartier-libre-compagnie-tout-va-bien\/"]}]},{"@type":"ImageObject","inLanguage":"de","@id":"https:\/\/interreg-grace.eu\/de\/event\/nous-quartier-libre-compagnie-tout-va-bien\/#primaryimage","url":"https:\/\/interreg-grace.eu\/wp-content\/uploads\/2025\/03\/Nous-quartier-libre-scaled.jpg","contentUrl":"https:\/\/interreg-grace.eu\/wp-content\/uploads\/2025\/03\/Nous-quartier-libre-scaled.jpg","width":2560,"height":1709},{"@type":"BreadcrumbList","@id":"https:\/\/interreg-grace.eu\/de\/event\/nous-quartier-libre-compagnie-tout-va-bien\/#breadcrumb","itemListElement":[{"@type":"ListItem","position":1,"name":"Accueil","item":"https:\/\/interreg-grace.eu\/de\/"},{"@type":"ListItem","position":2,"name":"Veranstaltungen","item":"https:\/\/interreg-grace.eu\/de\/events\/"},{"@type":"ListItem","position":3,"name":"Nous quartier libre &#8211; Compagnie Tout va bien !"}]},{"@type":"WebSite","@id":"https:\/\/interreg-grace.eu\/de\/#website","url":"https:\/\/interreg-grace.eu\/de\/","name":"Projet GRACE","description":"Greater Region Artistic and Cultural Education","publisher":{"@id":"https:\/\/interreg-grace.eu\/de\/#organization"},"potentialAction":[{"@type":"SearchAction","target":{"@type":"EntryPoint","urlTemplate":"https:\/\/interreg-grace.eu\/de\/?s={search_term_string}"},"query-input":{"@type":"PropertyValueSpecification","valueRequired":true,"valueName":"search_term_string"}}],"inLanguage":"de"},{"@type":"Organization","@id":"https:\/\/interreg-grace.eu\/de\/#organization","name":"Interreg Grace","alternateName":"Greater Region Artistic and Cultural Education","url":"https:\/\/interreg-grace.eu\/de\/","logo":{"@type":"ImageObject","inLanguage":"de","@id":"https:\/\/interreg-grace.eu\/de\/#\/schema\/logo\/image\/","url":"https:\/\/interreg-grace.eu\/wp-content\/uploads\/2024\/08\/cropped-favicon-grace.webp","contentUrl":"https:\/\/interreg-grace.eu\/wp-content\/uploads\/2024\/08\/cropped-favicon-grace.webp","width":512,"height":512,"caption":"Interreg Grace"},"image":{"@id":"https:\/\/interreg-grace.eu\/de\/#\/schema\/logo\/image\/"},"sameAs":["https:\/\/www.linkedin.com\/company\/interreg-grace\/"]}]}},"_links":{"self":[{"href":"https:\/\/interreg-grace.eu\/de\/wp-json\/wp\/v2\/tribe_events\/5873","targetHints":{"allow":["GET"]}}],"collection":[{"href":"https:\/\/interreg-grace.eu\/de\/wp-json\/wp\/v2\/tribe_events"}],"about":[{"href":"https:\/\/interreg-grace.eu\/de\/wp-json\/wp\/v2\/types\/tribe_events"}],"author":[{"embeddable":true,"href":"https:\/\/interreg-grace.eu\/de\/wp-json\/wp\/v2\/users\/3"}],"version-history":[{"count":0,"href":"https:\/\/interreg-grace.eu\/de\/wp-json\/wp\/v2\/tribe_events\/5873\/revisions"}],"wp:featuredmedia":[{"embeddable":true,"href":"https:\/\/interreg-grace.eu\/de\/wp-json\/wp\/v2\/media\/5871"}],"wp:attachment":[{"href":"https:\/\/interreg-grace.eu\/de\/wp-json\/wp\/v2\/media?parent=5873"}],"wp:term":[{"taxonomy":"post_tag","embeddable":true,"href":"https:\/\/interreg-grace.eu\/de\/wp-json\/wp\/v2\/tags?post=5873"},{"taxonomy":"tribe_events_cat","embeddable":true,"href":"https:\/\/interreg-grace.eu\/de\/wp-json\/wp\/v2\/tribe_events_cat?post=5873"}],"curies":[{"name":"wp","href":"https:\/\/api.w.org\/{rel}","templated":true}]}}