{"id":5865,"date":"2025-02-25T13:44:47","date_gmt":"2025-02-25T12:44:47","guid":{"rendered":"https:\/\/interreg-grace.eu\/?post_type=tribe_events&#038;p=5865"},"modified":"2025-02-25T13:44:47","modified_gmt":"2025-02-25T12:44:47","slug":"the-true-size-of-africa","status":"publish","type":"tribe_events","link":"https:\/\/interreg-grace.eu\/de\/event\/the-true-size-of-africa\/","title":{"rendered":"The True Size of Africa"},"content":{"rendered":"<div class=\"block block-wysiwyg block--blank element dnadesign__elemental__models__elementcontent\">\n<div class=\"container\">\n<div class=\"row\">\n<div class=\"col-12\">\n<p>\u201eHier ruht in Gott mein lieber N*** I Chim Bebe I gestorben 1912 im Alter von 26 Jahren\u201c. Die Grabinschrift f\u00fcr den in der westafrikanischen Kolonie Togo Geborenen auf dem Alten Friedhof von Saarlouis zeigt, wie nahe Afrika ist \u2013 auch im Saarland. <\/p>\n<p>Obwohl wir alle urspr\u00fcnglich Afrikaner:innen sind und die \u00e4gyptische Kultur uns pr\u00e4gt bis heute, obschon die Getreidekammern des R\u00f6mischen Reiches in Nordafrika zu finden waren und im Mittelalter m\u00e4chtige K\u00f6nigreiche in Afrika existierten, wird der Kontinent Afrika seit den Zeiten von Mercator auf Weltkarten kleiner als in der Realit\u00e4t dargestellt und bis heute in seiner geographischen Gr\u00f6\u00dfe sowie globalgeschichtlichen Bedeutung untersch\u00e4tzt \u2013 trotz seiner pr\u00e4historischen Rolle als Wiege der Menschheit.<strong> THE TRUE SIZE OF AFRICA<\/strong> meint all dies, und dar\u00fcber hinaus auch die immense geografische Spannweite der afrikanischen Diaspora durch die zumeist zwangsweise Verbreitung von Afrikaner:innen \u00fcber den ganzen Erdball in den Zeiten des Sklavenhandels, mit weitreichenden Folgen bis heute.     <\/p>\n<p>&nbsp;<\/p>\n<\/div>\n<\/div>\n<\/div>\n<\/div>\n<div class=\"block block-wysiwyg block--blank element dnadesign__elemental__models__elementcontent\">\n<div class=\"container\">\n<div class=\"row\">\n<div class=\"col-12\">\n<p><strong>THE TRUE SIZE OF AFRICA<\/strong> erprobt Ann\u00e4herungen, die Denktraditionen, Vorurteile und Stereotypen aufsp\u00fcren und neue Sichtweisen erm\u00f6glichen \u2013 mittels Kulturgeschichte und Gegenwartskunst, durch stetige Perspektivwechsel und k\u00fcnstlerische Vielstimmigkeit. <\/p>\n<p>Diese Ausstellung kann bis zum 17. August 2025 besucht werden.<br \/>\n<br \/>Weitere Informationen zur Ausstellung und zur Planung Ihres Besuchs finden Sie auf <a href=\"https:\/\/voelklinger-huette.org\/fr\/expositions\/the-true-size-of-africa\/\">der Seite der V\u00f6lklinger H\u00fctte<\/a>.<\/p>\n<p>&nbsp;<\/p>\n<\/div>\n<\/div>\n<\/div>\n<\/div>\n","protected":false},"excerpt":{"rendered":"<p>THE TRUE SIZE OF AFRICA erprobt Ann\u00e4herungen, die Denktraditionen, Vorurteile und Stereotypen aufsp\u00fcren und neue Sichtweisen erm\u00f6glichen \u2013 mittels Kulturgeschichte und Gegenwartskunst, durch stetige Perspektivwechsel und k\u00fcnstlerische Vielstimmigkeit. <\/p>\n","protected":false},"author":2,"featured_media":5834,"template":"","meta":{"_acf_changed":false,"_tribe_events_status":"","_tribe_events_status_reason":"","footnotes":""},"tags":[144,110],"tribe_events_cat":[97,98,99,96],"class_list":["post-5865","tribe_events","type-tribe_events","status-publish","has-post-thumbnail","hentry","tag-austellung","tag-erbe","tribe_events_cat-tout-public-de","tribe_events_cat-allemagne-de","tribe_events_cat-exposition-de","tribe_events_cat-patrimoine-culturel-de","cat_tout-public-de","cat_allemagne-de","cat_exposition-de","cat_patrimoine-culturel-de"],"acf":[],"yoast_head":"<!-- This site is optimized with the Yoast SEO Premium plugin v24.7 (Yoast SEO v27.3) - https:\/\/yoast.com\/product\/yoast-seo-premium-wordpress\/ -->\n<title>The True Size of Africa - Projet GRACE<\/title>\n<meta name=\"description\" content=\"Eine Ausstellung, die mit Ans\u00e4tzen experimentiert, die den Denktraditionen, Vorurteilen und Stereotypen in Bezug auf Afrika auf den Grund gehen.\" \/>\n<meta name=\"robots\" content=\"index, follow, max-snippet:-1, max-image-preview:large, max-video-preview:-1\" \/>\n<link rel=\"canonical\" href=\"https:\/\/interreg-grace.eu\/de\/event\/the-true-size-of-africa\/\" \/>\n<meta property=\"og:locale\" content=\"de_DE\" \/>\n<meta property=\"og:type\" content=\"article\" \/>\n<meta property=\"og:title\" content=\"The True Size of Africa\" \/>\n<meta property=\"og:description\" content=\"Eine Ausstellung, die mit Ans\u00e4tzen experimentiert, die den Denktraditionen, Vorurteilen und Stereotypen in Bezug auf Afrika auf den Grund gehen.\" \/>\n<meta property=\"og:url\" content=\"https:\/\/interreg-grace.eu\/de\/event\/the-true-size-of-africa\/\" \/>\n<meta property=\"og:site_name\" content=\"Projet GRACE\" \/>\n<meta property=\"og:image\" content=\"https:\/\/interreg-grace.eu\/wp-content\/uploads\/2025\/02\/Omar-Diop-3f_ob_2__FocusFillWzExMTAsNjI0LCJ4IiwxMzhd.jpg\" \/>\n\t<meta property=\"og:image:width\" content=\"1110\" \/>\n\t<meta property=\"og:image:height\" content=\"624\" \/>\n\t<meta property=\"og:image:type\" content=\"image\/jpeg\" \/>\n<meta name=\"twitter:card\" content=\"summary_large_image\" \/>\n<meta name=\"twitter:label1\" content=\"Gesch\u00e4tzte Lesezeit\" \/>\n\t<meta name=\"twitter:data1\" content=\"1\u00a0Minute\" \/>\n<script type=\"application\/ld+json\" class=\"yoast-schema-graph\">{\"@context\":\"https:\\\/\\\/schema.org\",\"@graph\":[{\"@type\":\"WebPage\",\"@id\":\"https:\\\/\\\/interreg-grace.eu\\\/de\\\/event\\\/the-true-size-of-africa\\\/\",\"url\":\"https:\\\/\\\/interreg-grace.eu\\\/de\\\/event\\\/the-true-size-of-africa\\\/\",\"name\":\"The True Size of Africa - Projet GRACE\",\"isPartOf\":{\"@id\":\"https:\\\/\\\/interreg-grace.eu\\\/de\\\/#website\"},\"primaryImageOfPage\":{\"@id\":\"https:\\\/\\\/interreg-grace.eu\\\/de\\\/event\\\/the-true-size-of-africa\\\/#primaryimage\"},\"image\":{\"@id\":\"https:\\\/\\\/interreg-grace.eu\\\/de\\\/event\\\/the-true-size-of-africa\\\/#primaryimage\"},\"thumbnailUrl\":\"https:\\\/\\\/interreg-grace.eu\\\/wp-content\\\/uploads\\\/2025\\\/02\\\/Omar-Diop-3f_ob_2__FocusFillWzExMTAsNjI0LCJ4IiwxMzhd.jpg\",\"datePublished\":\"2025-02-25T12:44:47+00:00\",\"description\":\"Eine Ausstellung, die mit Ans\u00e4tzen experimentiert, die den Denktraditionen, Vorurteilen und Stereotypen in Bezug auf Afrika auf den Grund gehen.\",\"breadcrumb\":{\"@id\":\"https:\\\/\\\/interreg-grace.eu\\\/de\\\/event\\\/the-true-size-of-africa\\\/#breadcrumb\"},\"inLanguage\":\"de\",\"potentialAction\":[{\"@type\":\"ReadAction\",\"target\":[\"https:\\\/\\\/interreg-grace.eu\\\/de\\\/event\\\/the-true-size-of-africa\\\/\"]}]},{\"@type\":\"ImageObject\",\"inLanguage\":\"de\",\"@id\":\"https:\\\/\\\/interreg-grace.eu\\\/de\\\/event\\\/the-true-size-of-africa\\\/#primaryimage\",\"url\":\"https:\\\/\\\/interreg-grace.eu\\\/wp-content\\\/uploads\\\/2025\\\/02\\\/Omar-Diop-3f_ob_2__FocusFillWzExMTAsNjI0LCJ4IiwxMzhd.jpg\",\"contentUrl\":\"https:\\\/\\\/interreg-grace.eu\\\/wp-content\\\/uploads\\\/2025\\\/02\\\/Omar-Diop-3f_ob_2__FocusFillWzExMTAsNjI0LCJ4IiwxMzhd.jpg\",\"width\":1110,\"height\":624,\"caption\":\"\u00a9Omar Diop. Illustration de l'exposition The True Size of Africa\"},{\"@type\":\"BreadcrumbList\",\"@id\":\"https:\\\/\\\/interreg-grace.eu\\\/de\\\/event\\\/the-true-size-of-africa\\\/#breadcrumb\",\"itemListElement\":[{\"@type\":\"ListItem\",\"position\":1,\"name\":\"Accueil\",\"item\":\"https:\\\/\\\/interreg-grace.eu\\\/de\\\/\"},{\"@type\":\"ListItem\",\"position\":2,\"name\":\"Veranstaltungen\",\"item\":\"https:\\\/\\\/interreg-grace.eu\\\/de\\\/events\\\/\"},{\"@type\":\"ListItem\",\"position\":3,\"name\":\"The True Size of Africa\"}]},{\"@type\":\"WebSite\",\"@id\":\"https:\\\/\\\/interreg-grace.eu\\\/de\\\/#website\",\"url\":\"https:\\\/\\\/interreg-grace.eu\\\/de\\\/\",\"name\":\"Projet GRACE\",\"description\":\"Greater Region Artistic and Cultural Education\",\"publisher\":{\"@id\":\"https:\\\/\\\/interreg-grace.eu\\\/de\\\/#organization\"},\"potentialAction\":[{\"@type\":\"SearchAction\",\"target\":{\"@type\":\"EntryPoint\",\"urlTemplate\":\"https:\\\/\\\/interreg-grace.eu\\\/de\\\/?s={search_term_string}\"},\"query-input\":{\"@type\":\"PropertyValueSpecification\",\"valueRequired\":true,\"valueName\":\"search_term_string\"}}],\"inLanguage\":\"de\"},{\"@type\":\"Organization\",\"@id\":\"https:\\\/\\\/interreg-grace.eu\\\/de\\\/#organization\",\"name\":\"Interreg Grace\",\"alternateName\":\"Greater Region Artistic and Cultural Education\",\"url\":\"https:\\\/\\\/interreg-grace.eu\\\/de\\\/\",\"logo\":{\"@type\":\"ImageObject\",\"inLanguage\":\"de\",\"@id\":\"https:\\\/\\\/interreg-grace.eu\\\/de\\\/#\\\/schema\\\/logo\\\/image\\\/\",\"url\":\"https:\\\/\\\/interreg-grace.eu\\\/wp-content\\\/uploads\\\/2024\\\/08\\\/cropped-favicon-grace.webp\",\"contentUrl\":\"https:\\\/\\\/interreg-grace.eu\\\/wp-content\\\/uploads\\\/2024\\\/08\\\/cropped-favicon-grace.webp\",\"width\":512,\"height\":512,\"caption\":\"Interreg Grace\"},\"image\":{\"@id\":\"https:\\\/\\\/interreg-grace.eu\\\/de\\\/#\\\/schema\\\/logo\\\/image\\\/\"},\"sameAs\":[\"https:\\\/\\\/www.linkedin.com\\\/company\\\/interreg-grace\\\/\"]}]}<\/script>\n<!-- \/ Yoast SEO Premium plugin. -->","yoast_head_json":{"title":"The True Size of Africa - Projet GRACE","description":"Eine Ausstellung, die mit Ans\u00e4tzen experimentiert, die den Denktraditionen, Vorurteilen und Stereotypen in Bezug auf Afrika auf den Grund gehen.","robots":{"index":"index","follow":"follow","max-snippet":"max-snippet:-1","max-image-preview":"max-image-preview:large","max-video-preview":"max-video-preview:-1"},"canonical":"https:\/\/interreg-grace.eu\/de\/event\/the-true-size-of-africa\/","og_locale":"de_DE","og_type":"article","og_title":"The True Size of Africa","og_description":"Eine Ausstellung, die mit Ans\u00e4tzen experimentiert, die den Denktraditionen, Vorurteilen und Stereotypen in Bezug auf Afrika auf den Grund gehen.","og_url":"https:\/\/interreg-grace.eu\/de\/event\/the-true-size-of-africa\/","og_site_name":"Projet GRACE","og_image":[{"width":1110,"height":624,"url":"https:\/\/interreg-grace.eu\/wp-content\/uploads\/2025\/02\/Omar-Diop-3f_ob_2__FocusFillWzExMTAsNjI0LCJ4IiwxMzhd.jpg","type":"image\/jpeg"}],"twitter_card":"summary_large_image","twitter_misc":{"Gesch\u00e4tzte Lesezeit":"1\u00a0Minute"},"schema":{"@context":"https:\/\/schema.org","@graph":[{"@type":"WebPage","@id":"https:\/\/interreg-grace.eu\/de\/event\/the-true-size-of-africa\/","url":"https:\/\/interreg-grace.eu\/de\/event\/the-true-size-of-africa\/","name":"The True Size of Africa - Projet GRACE","isPartOf":{"@id":"https:\/\/interreg-grace.eu\/de\/#website"},"primaryImageOfPage":{"@id":"https:\/\/interreg-grace.eu\/de\/event\/the-true-size-of-africa\/#primaryimage"},"image":{"@id":"https:\/\/interreg-grace.eu\/de\/event\/the-true-size-of-africa\/#primaryimage"},"thumbnailUrl":"https:\/\/interreg-grace.eu\/wp-content\/uploads\/2025\/02\/Omar-Diop-3f_ob_2__FocusFillWzExMTAsNjI0LCJ4IiwxMzhd.jpg","datePublished":"2025-02-25T12:44:47+00:00","description":"Eine Ausstellung, die mit Ans\u00e4tzen experimentiert, die den Denktraditionen, Vorurteilen und Stereotypen in Bezug auf Afrika auf den Grund gehen.","breadcrumb":{"@id":"https:\/\/interreg-grace.eu\/de\/event\/the-true-size-of-africa\/#breadcrumb"},"inLanguage":"de","potentialAction":[{"@type":"ReadAction","target":["https:\/\/interreg-grace.eu\/de\/event\/the-true-size-of-africa\/"]}]},{"@type":"ImageObject","inLanguage":"de","@id":"https:\/\/interreg-grace.eu\/de\/event\/the-true-size-of-africa\/#primaryimage","url":"https:\/\/interreg-grace.eu\/wp-content\/uploads\/2025\/02\/Omar-Diop-3f_ob_2__FocusFillWzExMTAsNjI0LCJ4IiwxMzhd.jpg","contentUrl":"https:\/\/interreg-grace.eu\/wp-content\/uploads\/2025\/02\/Omar-Diop-3f_ob_2__FocusFillWzExMTAsNjI0LCJ4IiwxMzhd.jpg","width":1110,"height":624,"caption":"\u00a9Omar Diop. Illustration de l'exposition The True Size of Africa"},{"@type":"BreadcrumbList","@id":"https:\/\/interreg-grace.eu\/de\/event\/the-true-size-of-africa\/#breadcrumb","itemListElement":[{"@type":"ListItem","position":1,"name":"Accueil","item":"https:\/\/interreg-grace.eu\/de\/"},{"@type":"ListItem","position":2,"name":"Veranstaltungen","item":"https:\/\/interreg-grace.eu\/de\/events\/"},{"@type":"ListItem","position":3,"name":"The True Size of Africa"}]},{"@type":"WebSite","@id":"https:\/\/interreg-grace.eu\/de\/#website","url":"https:\/\/interreg-grace.eu\/de\/","name":"Projet GRACE","description":"Greater Region Artistic and Cultural Education","publisher":{"@id":"https:\/\/interreg-grace.eu\/de\/#organization"},"potentialAction":[{"@type":"SearchAction","target":{"@type":"EntryPoint","urlTemplate":"https:\/\/interreg-grace.eu\/de\/?s={search_term_string}"},"query-input":{"@type":"PropertyValueSpecification","valueRequired":true,"valueName":"search_term_string"}}],"inLanguage":"de"},{"@type":"Organization","@id":"https:\/\/interreg-grace.eu\/de\/#organization","name":"Interreg Grace","alternateName":"Greater Region Artistic and Cultural Education","url":"https:\/\/interreg-grace.eu\/de\/","logo":{"@type":"ImageObject","inLanguage":"de","@id":"https:\/\/interreg-grace.eu\/de\/#\/schema\/logo\/image\/","url":"https:\/\/interreg-grace.eu\/wp-content\/uploads\/2024\/08\/cropped-favicon-grace.webp","contentUrl":"https:\/\/interreg-grace.eu\/wp-content\/uploads\/2024\/08\/cropped-favicon-grace.webp","width":512,"height":512,"caption":"Interreg Grace"},"image":{"@id":"https:\/\/interreg-grace.eu\/de\/#\/schema\/logo\/image\/"},"sameAs":["https:\/\/www.linkedin.com\/company\/interreg-grace\/"]}]}},"_links":{"self":[{"href":"https:\/\/interreg-grace.eu\/de\/wp-json\/wp\/v2\/tribe_events\/5865","targetHints":{"allow":["GET"]}}],"collection":[{"href":"https:\/\/interreg-grace.eu\/de\/wp-json\/wp\/v2\/tribe_events"}],"about":[{"href":"https:\/\/interreg-grace.eu\/de\/wp-json\/wp\/v2\/types\/tribe_events"}],"author":[{"embeddable":true,"href":"https:\/\/interreg-grace.eu\/de\/wp-json\/wp\/v2\/users\/2"}],"version-history":[{"count":1,"href":"https:\/\/interreg-grace.eu\/de\/wp-json\/wp\/v2\/tribe_events\/5865\/revisions"}],"predecessor-version":[{"id":5867,"href":"https:\/\/interreg-grace.eu\/de\/wp-json\/wp\/v2\/tribe_events\/5865\/revisions\/5867"}],"wp:featuredmedia":[{"embeddable":true,"href":"https:\/\/interreg-grace.eu\/de\/wp-json\/wp\/v2\/media\/5834"}],"wp:attachment":[{"href":"https:\/\/interreg-grace.eu\/de\/wp-json\/wp\/v2\/media?parent=5865"}],"wp:term":[{"taxonomy":"post_tag","embeddable":true,"href":"https:\/\/interreg-grace.eu\/de\/wp-json\/wp\/v2\/tags?post=5865"},{"taxonomy":"tribe_events_cat","embeddable":true,"href":"https:\/\/interreg-grace.eu\/de\/wp-json\/wp\/v2\/tribe_events_cat?post=5865"}],"curies":[{"name":"wp","href":"https:\/\/api.w.org\/{rel}","templated":true}]}}