{"id":5855,"date":"2025-02-25T11:50:43","date_gmt":"2025-02-25T10:50:43","guid":{"rendered":"https:\/\/interreg-grace.eu\/?post_type=tribe_events&#038;p=5855"},"modified":"2025-02-25T13:48:34","modified_gmt":"2025-02-25T12:48:34","slug":"multiplica-lab-works-in-progress-ruckblick-auf-die-residenz-der-digitalen-kunste","status":"publish","type":"tribe_events","link":"https:\/\/interreg-grace.eu\/de\/event\/multiplica-lab-works-in-progress-ruckblick-auf-die-residenz-der-digitalen-kunste\/","title":{"rendered":"Multiplica Lab. Works in Progress : R\u00fcckblick auf die Residenz der Digitalen K\u00fcnste"},"content":{"rendered":"<p>Ausgew\u00e4hlt f\u00fcr die Teilnahme an einer grenz\u00fcberschreitenden Residenz, die von den <a href=\"https:\/\/www.rotondes.lu\/\">Rotondes<\/a>, der <a class=\"text-black text-underline\" href=\"https:\/\/metz.fr\/\" target=\"_blank\" rel=\"noreferrer noopener\">Stadt Metz <\/a>und <a class=\"text-black text-underline\" href=\"https:\/\/www.bliiida.fr\/\" target=\"_blank\" rel=\"noreferrer noopener\">BLIIIDA<\/a> mit Unterst\u00fctzung von <a class=\"text-black text-underline\" href=\"https:\/\/interreg-gr.eu\/\" target=\"_blank\" rel=\"noreferrer noopener\">INTERREG IV Gro\u00dfregion<\/a> im Rahmen des Projekts GRACE angeboten wird, wurden das Kollektiv <strong>Eddi van Tsui<\/strong> und das Duo bestehend aus<strong> Zohra Mrad und Damiano Picci<\/strong>. Im Dezember bezogen sie zum ersten Mal Quartier in den Rotondes, um an ihren jeweiligen Projekten zu arbeiten. Am Ende ihrer zweiten Residenzwoche pr\u00e4sentieren die K\u00fcnstler:innen den Besucher:innen des <em>Multiplica Labs<\/em> eine erste Umsetzung ihrer Recherchen. <\/p>\n<p>Das Publikum ist also eingeladen, die immersive Video- und Klanginstallation <strong><em>Island 2.0<\/em><\/strong> des Kollektivs Eddi van Tsui, sowie die Einf\u00fchrung in die Kreation einer digitalen audiovisuellen Performance, <strong><em>_\u200bFirst AV<\/em><\/strong>, die von Zohra Mrad und Damiano Picci entwickelt wurde, zu erleben. Die Reaktionen, Fragen und Kommentare der Besucher:innen sollen dazu dienen, die \u00dcberlegungen der K\u00fcnstler:innen im Hinblick auf die Fortsetzung ihrer Residenz in Metz bis zur Pr\u00e4sentation der fortgeschrittenen Etappen der einzelnen Projekte in BLIIIDA im Juni 2025 anzuregen. <\/p>\n<h4><strong><em>Island 2.0<\/em> &#8211; Eddi van Tsui<\/strong><\/h4>\n<p>Das Kollektiv <a class=\"text-black text-underline\" href=\"https:\/\/www.eddivantsui.com\/\" target=\"_blank\" rel=\"noreferrer noopener\">Eddi van Tsui<\/a>, bestehend aus Sandy Flinto, Pierrick Grob\u00e9ty und Daniel Marinangeli, schlug der Jury <em>Island 2.0<\/em> vor, eine immersive Videoinstallation mit Live-Sound-Performance, die sich auf die Themen Umwelt, Klimawandel, Kulturerbe, Kultur und technologische Entwicklung konzentriert.<\/p>\n<p>Um sich mit diesen Themen auseinanderzusetzen, nehmen die drei K\u00fcnstler die Situation auf dem Inselstaat Tuvalu als Ausgangspunkt. Vor dem Hintergrund, dass dieser vom Anstieg des Meeresspiegels bedroht ist, hat er beschlossen, sich einen Doppelg\u00e4nger im Metaversum zu schaffen, um seine Kultur und seine Traditionen zu bewahren. Und das Kollektiv weist auf eine nicht unerhebliche Diskrepanz hin: \u201eGeplant als L\u00f6sung f\u00fcr ein \u00f6kologisches Problem, wirft dieses Metaversum-Projekt paradoxerweise Bedenken hinsichtlich der digitalen Umweltverschmutzung auf\u201c, die das Trio erforschen m\u00f6chte.  <\/p>\n<h4><strong><em>_First AV<\/em> &#8211; Zohra Mrad et Damiano Picci<\/strong><\/h4>\n<p><a class=\"text-black text-underline\" href=\"https:\/\/www.instagram.com\/mradzo\/?hl=en\" target=\"_blank\" rel=\"noreferrer noopener\">Zohra Mrad<\/a> und <a class=\"text-black text-underline\" href=\"https:\/\/www.instagram.com\/mudaze\">Damiano Picci<\/a> pr\u00e4sentieren ein p\u00e4dagogisches Projekt zur Einf\u00fchrung in die Erstellung von digitalen audiovisuellen Performances. Das Projekt <em>_\u200bFirst A\/V<\/em>, das gleichzeitig als Experiment, Installation und interaktives Werk beschrieben wird, zielt darauf ab, den Zugang zu digitalen K\u00fcnsten und Medien durch ein tragbares Ger\u00e4t namens BLURB zu vereinfachen, das aus recyceltem Holz, gebrauchter Computerhardware und kostenloser Software besteht. Die Teilnahme an diesem Erlebnis eignet sich f\u00fcr ein breites Publikum aller Altersgruppen, unabh\u00e4ngig von ihren Kenntnissen und F\u00e4higkeiten in diesem Bereich, da sie an unterschiedliche Lernstile und -geschwindigkeiten angepasst werden kann.  <\/p>\n","protected":false},"excerpt":{"rendered":"<p>Die K\u00fcnstler, die f\u00fcr die Residenz der Digitalen K\u00fcnste in den Rotondes ausgew\u00e4hlt wurden, werden ihre Arbeit beim Multiplica Lab vorstellen.<\/p>\n","protected":false},"author":2,"featured_media":5817,"template":"","meta":{"_acf_changed":false,"_tribe_events_status":"","_tribe_events_status_reason":"","footnotes":""},"tags":[100],"tribe_events_cat":[97,119,114],"class_list":["post-5855","tribe_events","type-tribe_events","status-publish","has-post-thumbnail","hentry","tag-digitale-kunste","tribe_events_cat-tout-public-de","tribe_events_cat-digitale-kunste","tribe_events_cat-luxemburg","cat_tout-public-de","cat_digitale-kunste","cat_luxemburg"],"acf":[],"yoast_head":"<!-- This site is optimized with the Yoast SEO Premium plugin v24.7 (Yoast SEO v27.3) - https:\/\/yoast.com\/product\/yoast-seo-premium-wordpress\/ -->\n<title>Multiplica Lab. Works in Progress : R\u00fcckblick auf die Residenz der Digitalen K\u00fcnste - Projet GRACE<\/title>\n<meta name=\"description\" content=\"Das Kollektiv Eddi van Tsui und das Duo Zohra Mrad und Damiano Picci werden beim Multiplica Lab ihre Arbeiten vorstellen, die sie w\u00e4hrend ihrer Residenz geschaffen haben.\" \/>\n<meta name=\"robots\" content=\"index, follow, max-snippet:-1, max-image-preview:large, max-video-preview:-1\" \/>\n<link rel=\"canonical\" href=\"https:\/\/interreg-grace.eu\/de\/event\/multiplica-lab-works-in-progress-ruckblick-auf-die-residenz-der-digitalen-kunste\/\" \/>\n<meta property=\"og:locale\" content=\"de_DE\" \/>\n<meta property=\"og:type\" content=\"article\" \/>\n<meta property=\"og:title\" content=\"Multiplica Lab. Works in Progress : R\u00fcckblick auf die Residenz der Digitalen K\u00fcnste\" \/>\n<meta property=\"og:description\" content=\"Das Kollektiv Eddi van Tsui und das Duo Zohra Mrad und Damiano Picci werden beim Multiplica Lab ihre Arbeiten vorstellen, die sie w\u00e4hrend ihrer Residenz geschaffen haben.\" \/>\n<meta property=\"og:url\" content=\"https:\/\/interreg-grace.eu\/de\/event\/multiplica-lab-works-in-progress-ruckblick-auf-die-residenz-der-digitalen-kunste\/\" \/>\n<meta property=\"og:site_name\" content=\"Projet GRACE\" \/>\n<meta property=\"article:modified_time\" content=\"2025-02-25T12:48:34+00:00\" \/>\n<meta property=\"og:image\" content=\"https:\/\/interreg-grace.eu\/wp-content\/uploads\/2025\/02\/Works-In-Progress_Island-2.0_Nathan-Roux-scaled.jpg\" \/>\n\t<meta property=\"og:image:width\" content=\"1707\" \/>\n\t<meta property=\"og:image:height\" content=\"2560\" \/>\n\t<meta property=\"og:image:type\" content=\"image\/jpeg\" \/>\n<meta name=\"twitter:card\" content=\"summary_large_image\" \/>\n<meta name=\"twitter:label1\" content=\"Gesch\u00e4tzte Lesezeit\" \/>\n\t<meta name=\"twitter:data1\" content=\"2\u00a0Minuten\" \/>\n<script type=\"application\/ld+json\" class=\"yoast-schema-graph\">{\"@context\":\"https:\\\/\\\/schema.org\",\"@graph\":[{\"@type\":\"WebPage\",\"@id\":\"https:\\\/\\\/interreg-grace.eu\\\/de\\\/event\\\/multiplica-lab-works-in-progress-ruckblick-auf-die-residenz-der-digitalen-kunste\\\/\",\"url\":\"https:\\\/\\\/interreg-grace.eu\\\/de\\\/event\\\/multiplica-lab-works-in-progress-ruckblick-auf-die-residenz-der-digitalen-kunste\\\/\",\"name\":\"Multiplica Lab. Works in Progress : R\u00fcckblick auf die Residenz der Digitalen K\u00fcnste - Projet GRACE\",\"isPartOf\":{\"@id\":\"https:\\\/\\\/interreg-grace.eu\\\/de\\\/#website\"},\"primaryImageOfPage\":{\"@id\":\"https:\\\/\\\/interreg-grace.eu\\\/de\\\/event\\\/multiplica-lab-works-in-progress-ruckblick-auf-die-residenz-der-digitalen-kunste\\\/#primaryimage\"},\"image\":{\"@id\":\"https:\\\/\\\/interreg-grace.eu\\\/de\\\/event\\\/multiplica-lab-works-in-progress-ruckblick-auf-die-residenz-der-digitalen-kunste\\\/#primaryimage\"},\"thumbnailUrl\":\"https:\\\/\\\/interreg-grace.eu\\\/wp-content\\\/uploads\\\/2025\\\/02\\\/Works-In-Progress_Island-2.0_Nathan-Roux-scaled.jpg\",\"datePublished\":\"2025-02-25T10:50:43+00:00\",\"dateModified\":\"2025-02-25T12:48:34+00:00\",\"description\":\"Das Kollektiv Eddi van Tsui und das Duo Zohra Mrad und Damiano Picci werden beim Multiplica Lab ihre Arbeiten vorstellen, die sie w\u00e4hrend ihrer Residenz geschaffen haben.\",\"breadcrumb\":{\"@id\":\"https:\\\/\\\/interreg-grace.eu\\\/de\\\/event\\\/multiplica-lab-works-in-progress-ruckblick-auf-die-residenz-der-digitalen-kunste\\\/#breadcrumb\"},\"inLanguage\":\"de\",\"potentialAction\":[{\"@type\":\"ReadAction\",\"target\":[\"https:\\\/\\\/interreg-grace.eu\\\/de\\\/event\\\/multiplica-lab-works-in-progress-ruckblick-auf-die-residenz-der-digitalen-kunste\\\/\"]}]},{\"@type\":\"ImageObject\",\"inLanguage\":\"de\",\"@id\":\"https:\\\/\\\/interreg-grace.eu\\\/de\\\/event\\\/multiplica-lab-works-in-progress-ruckblick-auf-die-residenz-der-digitalen-kunste\\\/#primaryimage\",\"url\":\"https:\\\/\\\/interreg-grace.eu\\\/wp-content\\\/uploads\\\/2025\\\/02\\\/Works-In-Progress_Island-2.0_Nathan-Roux-scaled.jpg\",\"contentUrl\":\"https:\\\/\\\/interreg-grace.eu\\\/wp-content\\\/uploads\\\/2025\\\/02\\\/Works-In-Progress_Island-2.0_Nathan-Roux-scaled.jpg\",\"width\":1707,\"height\":2560,\"caption\":\"\u00a5\"},{\"@type\":\"BreadcrumbList\",\"@id\":\"https:\\\/\\\/interreg-grace.eu\\\/de\\\/event\\\/multiplica-lab-works-in-progress-ruckblick-auf-die-residenz-der-digitalen-kunste\\\/#breadcrumb\",\"itemListElement\":[{\"@type\":\"ListItem\",\"position\":1,\"name\":\"Accueil\",\"item\":\"https:\\\/\\\/interreg-grace.eu\\\/de\\\/\"},{\"@type\":\"ListItem\",\"position\":2,\"name\":\"Veranstaltungen\",\"item\":\"https:\\\/\\\/interreg-grace.eu\\\/de\\\/events\\\/\"},{\"@type\":\"ListItem\",\"position\":3,\"name\":\"Multiplica Lab. Works in Progress : R\u00fcckblick auf die Residenz der Digitalen K\u00fcnste\"}]},{\"@type\":\"WebSite\",\"@id\":\"https:\\\/\\\/interreg-grace.eu\\\/de\\\/#website\",\"url\":\"https:\\\/\\\/interreg-grace.eu\\\/de\\\/\",\"name\":\"Projet GRACE\",\"description\":\"Greater Region Artistic and Cultural Education\",\"publisher\":{\"@id\":\"https:\\\/\\\/interreg-grace.eu\\\/de\\\/#organization\"},\"potentialAction\":[{\"@type\":\"SearchAction\",\"target\":{\"@type\":\"EntryPoint\",\"urlTemplate\":\"https:\\\/\\\/interreg-grace.eu\\\/de\\\/?s={search_term_string}\"},\"query-input\":{\"@type\":\"PropertyValueSpecification\",\"valueRequired\":true,\"valueName\":\"search_term_string\"}}],\"inLanguage\":\"de\"},{\"@type\":\"Organization\",\"@id\":\"https:\\\/\\\/interreg-grace.eu\\\/de\\\/#organization\",\"name\":\"Interreg Grace\",\"alternateName\":\"Greater Region Artistic and Cultural Education\",\"url\":\"https:\\\/\\\/interreg-grace.eu\\\/de\\\/\",\"logo\":{\"@type\":\"ImageObject\",\"inLanguage\":\"de\",\"@id\":\"https:\\\/\\\/interreg-grace.eu\\\/de\\\/#\\\/schema\\\/logo\\\/image\\\/\",\"url\":\"https:\\\/\\\/interreg-grace.eu\\\/wp-content\\\/uploads\\\/2024\\\/08\\\/cropped-favicon-grace.webp\",\"contentUrl\":\"https:\\\/\\\/interreg-grace.eu\\\/wp-content\\\/uploads\\\/2024\\\/08\\\/cropped-favicon-grace.webp\",\"width\":512,\"height\":512,\"caption\":\"Interreg Grace\"},\"image\":{\"@id\":\"https:\\\/\\\/interreg-grace.eu\\\/de\\\/#\\\/schema\\\/logo\\\/image\\\/\"},\"sameAs\":[\"https:\\\/\\\/www.linkedin.com\\\/company\\\/interreg-grace\\\/\"]}]}<\/script>\n<!-- \/ Yoast SEO Premium plugin. -->","yoast_head_json":{"title":"Multiplica Lab. Works in Progress : R\u00fcckblick auf die Residenz der Digitalen K\u00fcnste - Projet GRACE","description":"Das Kollektiv Eddi van Tsui und das Duo Zohra Mrad und Damiano Picci werden beim Multiplica Lab ihre Arbeiten vorstellen, die sie w\u00e4hrend ihrer Residenz geschaffen haben.","robots":{"index":"index","follow":"follow","max-snippet":"max-snippet:-1","max-image-preview":"max-image-preview:large","max-video-preview":"max-video-preview:-1"},"canonical":"https:\/\/interreg-grace.eu\/de\/event\/multiplica-lab-works-in-progress-ruckblick-auf-die-residenz-der-digitalen-kunste\/","og_locale":"de_DE","og_type":"article","og_title":"Multiplica Lab. Works in Progress : R\u00fcckblick auf die Residenz der Digitalen K\u00fcnste","og_description":"Das Kollektiv Eddi van Tsui und das Duo Zohra Mrad und Damiano Picci werden beim Multiplica Lab ihre Arbeiten vorstellen, die sie w\u00e4hrend ihrer Residenz geschaffen haben.","og_url":"https:\/\/interreg-grace.eu\/de\/event\/multiplica-lab-works-in-progress-ruckblick-auf-die-residenz-der-digitalen-kunste\/","og_site_name":"Projet GRACE","article_modified_time":"2025-02-25T12:48:34+00:00","og_image":[{"width":1707,"height":2560,"url":"https:\/\/interreg-grace.eu\/wp-content\/uploads\/2025\/02\/Works-In-Progress_Island-2.0_Nathan-Roux-scaled.jpg","type":"image\/jpeg"}],"twitter_card":"summary_large_image","twitter_misc":{"Gesch\u00e4tzte Lesezeit":"2\u00a0Minuten"},"schema":{"@context":"https:\/\/schema.org","@graph":[{"@type":"WebPage","@id":"https:\/\/interreg-grace.eu\/de\/event\/multiplica-lab-works-in-progress-ruckblick-auf-die-residenz-der-digitalen-kunste\/","url":"https:\/\/interreg-grace.eu\/de\/event\/multiplica-lab-works-in-progress-ruckblick-auf-die-residenz-der-digitalen-kunste\/","name":"Multiplica Lab. Works in Progress : R\u00fcckblick auf die Residenz der Digitalen K\u00fcnste - Projet GRACE","isPartOf":{"@id":"https:\/\/interreg-grace.eu\/de\/#website"},"primaryImageOfPage":{"@id":"https:\/\/interreg-grace.eu\/de\/event\/multiplica-lab-works-in-progress-ruckblick-auf-die-residenz-der-digitalen-kunste\/#primaryimage"},"image":{"@id":"https:\/\/interreg-grace.eu\/de\/event\/multiplica-lab-works-in-progress-ruckblick-auf-die-residenz-der-digitalen-kunste\/#primaryimage"},"thumbnailUrl":"https:\/\/interreg-grace.eu\/wp-content\/uploads\/2025\/02\/Works-In-Progress_Island-2.0_Nathan-Roux-scaled.jpg","datePublished":"2025-02-25T10:50:43+00:00","dateModified":"2025-02-25T12:48:34+00:00","description":"Das Kollektiv Eddi van Tsui und das Duo Zohra Mrad und Damiano Picci werden beim Multiplica Lab ihre Arbeiten vorstellen, die sie w\u00e4hrend ihrer Residenz geschaffen haben.","breadcrumb":{"@id":"https:\/\/interreg-grace.eu\/de\/event\/multiplica-lab-works-in-progress-ruckblick-auf-die-residenz-der-digitalen-kunste\/#breadcrumb"},"inLanguage":"de","potentialAction":[{"@type":"ReadAction","target":["https:\/\/interreg-grace.eu\/de\/event\/multiplica-lab-works-in-progress-ruckblick-auf-die-residenz-der-digitalen-kunste\/"]}]},{"@type":"ImageObject","inLanguage":"de","@id":"https:\/\/interreg-grace.eu\/de\/event\/multiplica-lab-works-in-progress-ruckblick-auf-die-residenz-der-digitalen-kunste\/#primaryimage","url":"https:\/\/interreg-grace.eu\/wp-content\/uploads\/2025\/02\/Works-In-Progress_Island-2.0_Nathan-Roux-scaled.jpg","contentUrl":"https:\/\/interreg-grace.eu\/wp-content\/uploads\/2025\/02\/Works-In-Progress_Island-2.0_Nathan-Roux-scaled.jpg","width":1707,"height":2560,"caption":"\u00a5"},{"@type":"BreadcrumbList","@id":"https:\/\/interreg-grace.eu\/de\/event\/multiplica-lab-works-in-progress-ruckblick-auf-die-residenz-der-digitalen-kunste\/#breadcrumb","itemListElement":[{"@type":"ListItem","position":1,"name":"Accueil","item":"https:\/\/interreg-grace.eu\/de\/"},{"@type":"ListItem","position":2,"name":"Veranstaltungen","item":"https:\/\/interreg-grace.eu\/de\/events\/"},{"@type":"ListItem","position":3,"name":"Multiplica Lab. Works in Progress : R\u00fcckblick auf die Residenz der Digitalen K\u00fcnste"}]},{"@type":"WebSite","@id":"https:\/\/interreg-grace.eu\/de\/#website","url":"https:\/\/interreg-grace.eu\/de\/","name":"Projet GRACE","description":"Greater Region Artistic and Cultural Education","publisher":{"@id":"https:\/\/interreg-grace.eu\/de\/#organization"},"potentialAction":[{"@type":"SearchAction","target":{"@type":"EntryPoint","urlTemplate":"https:\/\/interreg-grace.eu\/de\/?s={search_term_string}"},"query-input":{"@type":"PropertyValueSpecification","valueRequired":true,"valueName":"search_term_string"}}],"inLanguage":"de"},{"@type":"Organization","@id":"https:\/\/interreg-grace.eu\/de\/#organization","name":"Interreg Grace","alternateName":"Greater Region Artistic and Cultural Education","url":"https:\/\/interreg-grace.eu\/de\/","logo":{"@type":"ImageObject","inLanguage":"de","@id":"https:\/\/interreg-grace.eu\/de\/#\/schema\/logo\/image\/","url":"https:\/\/interreg-grace.eu\/wp-content\/uploads\/2024\/08\/cropped-favicon-grace.webp","contentUrl":"https:\/\/interreg-grace.eu\/wp-content\/uploads\/2024\/08\/cropped-favicon-grace.webp","width":512,"height":512,"caption":"Interreg Grace"},"image":{"@id":"https:\/\/interreg-grace.eu\/de\/#\/schema\/logo\/image\/"},"sameAs":["https:\/\/www.linkedin.com\/company\/interreg-grace\/"]}]}},"_links":{"self":[{"href":"https:\/\/interreg-grace.eu\/de\/wp-json\/wp\/v2\/tribe_events\/5855","targetHints":{"allow":["GET"]}}],"collection":[{"href":"https:\/\/interreg-grace.eu\/de\/wp-json\/wp\/v2\/tribe_events"}],"about":[{"href":"https:\/\/interreg-grace.eu\/de\/wp-json\/wp\/v2\/types\/tribe_events"}],"author":[{"embeddable":true,"href":"https:\/\/interreg-grace.eu\/de\/wp-json\/wp\/v2\/users\/2"}],"version-history":[{"count":1,"href":"https:\/\/interreg-grace.eu\/de\/wp-json\/wp\/v2\/tribe_events\/5855\/revisions"}],"predecessor-version":[{"id":5856,"href":"https:\/\/interreg-grace.eu\/de\/wp-json\/wp\/v2\/tribe_events\/5855\/revisions\/5856"}],"wp:featuredmedia":[{"embeddable":true,"href":"https:\/\/interreg-grace.eu\/de\/wp-json\/wp\/v2\/media\/5817"}],"wp:attachment":[{"href":"https:\/\/interreg-grace.eu\/de\/wp-json\/wp\/v2\/media?parent=5855"}],"wp:term":[{"taxonomy":"post_tag","embeddable":true,"href":"https:\/\/interreg-grace.eu\/de\/wp-json\/wp\/v2\/tags?post=5855"},{"taxonomy":"tribe_events_cat","embeddable":true,"href":"https:\/\/interreg-grace.eu\/de\/wp-json\/wp\/v2\/tribe_events_cat?post=5855"}],"curies":[{"name":"wp","href":"https:\/\/api.w.org\/{rel}","templated":true}]}}