{"id":5748,"date":"2025-01-31T16:08:59","date_gmt":"2025-01-31T15:08:59","guid":{"rendered":"https:\/\/interreg-grace.eu\/event\/le-firmament-von-lucy-kirkwood-chloe-dabert\/"},"modified":"2025-01-31T16:08:59","modified_gmt":"2025-01-31T15:08:59","slug":"le-firmament-von-lucy-kirkwood-chloe-dabert","status":"publish","type":"tribe_events","link":"https:\/\/interreg-grace.eu\/de\/event\/le-firmament-von-lucy-kirkwood-chloe-dabert\/","title":{"rendered":"Le Firmament von Lucy Kirkwood \/ Chlo\u00e9 Dabert"},"content":{"rendered":"<p>Im M\u00e4rz 1759, an der Grenze zwischen Norfolk und Suffolk im Osten Englands, w\u00e4hrend das ganze Land ungeduldig auf den Durchgang des Halleyschen Kometen wartet, der den Himmel mit seinem makellosen Licht erhellen soll, wird Sally Poppy, ein 21-j\u00e4hriges Dienstm\u00e4dchen, dessen Leben nur aus Armut und Elend bestand, angeklagt und &#8211; zusammen mit ihrem Geliebten &#8211; des grausamen Mordes an einem kleinen Kind f\u00fcr schuldig befunden. Als sie ank\u00fcndigt, schwanger zu sein, was ihre versprochene Hinrichtung in Exil umwandeln w\u00fcrde &#8211; ein ungeborenes Kind kann nicht f\u00fcr die Verbrechen seiner Mutter bestraft werden -, wird eine Jury aus zw\u00f6lf Frauen hinter verschlossenen T\u00fcren zusammengerufen, um den Wahrheitsgehalt ihrer Aussagen zu ermitteln. In einem kalten Raum eingesperrt, debattieren die Matronen mit ihren bunten, gegens\u00e4tzlichen Altersgruppen und Profilen, werden w\u00fctend, beschimpfen sich gegenseitig, unterst\u00fctzen sich und sp\u00fcren gegen ihren Willen die Macht, die ihnen frisch in die H\u00e4nde gelegt wurde, in einer Gesellschaft, in der nur die M\u00e4nner das Gesetz diktieren. W\u00e4hrend drau\u00dfen die Menge immer dr\u00fcckender wird und unter den Fenstern des Gerichtsgeb\u00e4udes immer mehr Blut fordert, versuchen diese zw\u00f6lf Frauen, die zwischen ihren t\u00e4glichen Pflichten, den Streitigkeiten im Dorf und ihren pers\u00f6nlichen Kriterien hin- und hergerissen sind, Gerechtigkeit zu \u00fcben. Vom 05. Februar bis zum 07. Februar um 19 Uhr.<br \/>\nDauer: 2:45 inkl. Pause<br \/>\nOrt: Saal der Gro\u00dfen Hand Informationen und Reservierungen: <a href=\"https:\/\/theatredeliege.be\/evenement\/le-firmament\/\" target=\"_blank\" rel=\"noopener\">https:\/\/theatredeliege.be\/evenement\/le-firmament\/<\/a><\/p>\n","protected":false},"excerpt":{"rendered":"<p>Im M\u00e4rz 1759, an der Grenze zwischen Norfolk und Suffolk im Osten Englands, w\u00e4hrend das ganze Land ungeduldig auf den Durchgang des Halleyschen Kometen wartet, der den Himmel mit seinem makellosen Licht erhellen soll, wird Sally Poppy, ein 21-j\u00e4hriges Dienstm\u00e4dchen, dessen Leben nur aus Armut und Elend bestand, angeklagt und &#8211; zusammen mit ihrem Liebhaber &#8211; des grausamen Mordes an einem kleinen Kind f\u00fcr schuldig befunden. <\/p>\n","protected":false},"author":3,"featured_media":5746,"template":"","meta":{"_acf_changed":false,"_tribe_events_status":"","_tribe_events_status_reason":"","footnotes":""},"tags":[101],"tribe_events_cat":[97,127,112,122],"class_list":["post-5748","tribe_events","type-tribe_events","status-publish","has-post-thumbnail","hentry","tag-darstellende-kunst","tribe_events_cat-tout-public-de","tribe_events_cat-auffuhrung","tribe_events_cat-belgien","tribe_events_cat-lebende-auffuhrung","cat_tout-public-de","cat_auffuhrung","cat_belgien","cat_lebende-auffuhrung"],"acf":[],"yoast_head":"<!-- This site is optimized with the Yoast SEO Premium plugin v24.7 (Yoast SEO v27.3) - https:\/\/yoast.com\/product\/yoast-seo-premium-wordpress\/ -->\n<title>Le Firmament von Lucy Kirkwood \/ Chlo\u00e9 Dabert - Projet GRACE<\/title>\n<meta name=\"robots\" content=\"index, follow, max-snippet:-1, max-image-preview:large, max-video-preview:-1\" \/>\n<link rel=\"canonical\" href=\"https:\/\/interreg-grace.eu\/de\/event\/le-firmament-von-lucy-kirkwood-chloe-dabert\/\" \/>\n<meta property=\"og:locale\" content=\"de_DE\" \/>\n<meta property=\"og:type\" content=\"article\" \/>\n<meta property=\"og:title\" content=\"Le Firmament von Lucy Kirkwood \/ Chlo\u00e9 Dabert\" \/>\n<meta property=\"og:description\" content=\"Im M\u00e4rz 1759, an der Grenze zwischen Norfolk und Suffolk im Osten Englands, w\u00e4hrend das ganze Land ungeduldig auf den Durchgang des Halleyschen Kometen wartet, der den Himmel mit seinem makellosen Licht erhellen soll, wird Sally Poppy, ein 21-j\u00e4hriges Dienstm\u00e4dchen, dessen Leben nur aus Armut und Elend bestand, angeklagt und - zusammen mit ihrem Liebhaber - des grausamen Mordes an einem kleinen Kind f\u00fcr schuldig befunden.\" \/>\n<meta property=\"og:url\" content=\"https:\/\/interreg-grace.eu\/de\/event\/le-firmament-von-lucy-kirkwood-chloe-dabert\/\" \/>\n<meta property=\"og:site_name\" content=\"Projet GRACE\" \/>\n<meta property=\"og:image\" content=\"https:\/\/interreg-grace.eu\/wp-content\/uploads\/2025\/01\/Firmament1.jpg\" \/>\n\t<meta property=\"og:image:width\" content=\"1650\" \/>\n\t<meta property=\"og:image:height\" content=\"550\" \/>\n\t<meta property=\"og:image:type\" content=\"image\/jpeg\" \/>\n<meta name=\"twitter:card\" content=\"summary_large_image\" \/>\n<meta name=\"twitter:label1\" content=\"Gesch\u00e4tzte Lesezeit\" \/>\n\t<meta name=\"twitter:data1\" content=\"1\u00a0Minute\" \/>\n<script type=\"application\/ld+json\" class=\"yoast-schema-graph\">{\"@context\":\"https:\\\/\\\/schema.org\",\"@graph\":[{\"@type\":\"WebPage\",\"@id\":\"https:\\\/\\\/interreg-grace.eu\\\/de\\\/event\\\/le-firmament-von-lucy-kirkwood-chloe-dabert\\\/\",\"url\":\"https:\\\/\\\/interreg-grace.eu\\\/de\\\/event\\\/le-firmament-von-lucy-kirkwood-chloe-dabert\\\/\",\"name\":\"Le Firmament von Lucy Kirkwood \\\/ Chlo\u00e9 Dabert - Projet GRACE\",\"isPartOf\":{\"@id\":\"https:\\\/\\\/interreg-grace.eu\\\/de\\\/#website\"},\"primaryImageOfPage\":{\"@id\":\"https:\\\/\\\/interreg-grace.eu\\\/de\\\/event\\\/le-firmament-von-lucy-kirkwood-chloe-dabert\\\/#primaryimage\"},\"image\":{\"@id\":\"https:\\\/\\\/interreg-grace.eu\\\/de\\\/event\\\/le-firmament-von-lucy-kirkwood-chloe-dabert\\\/#primaryimage\"},\"thumbnailUrl\":\"https:\\\/\\\/interreg-grace.eu\\\/wp-content\\\/uploads\\\/2025\\\/01\\\/Firmament1.jpg\",\"datePublished\":\"2025-01-31T15:08:59+00:00\",\"breadcrumb\":{\"@id\":\"https:\\\/\\\/interreg-grace.eu\\\/de\\\/event\\\/le-firmament-von-lucy-kirkwood-chloe-dabert\\\/#breadcrumb\"},\"inLanguage\":\"de\",\"potentialAction\":[{\"@type\":\"ReadAction\",\"target\":[\"https:\\\/\\\/interreg-grace.eu\\\/de\\\/event\\\/le-firmament-von-lucy-kirkwood-chloe-dabert\\\/\"]}]},{\"@type\":\"ImageObject\",\"inLanguage\":\"de\",\"@id\":\"https:\\\/\\\/interreg-grace.eu\\\/de\\\/event\\\/le-firmament-von-lucy-kirkwood-chloe-dabert\\\/#primaryimage\",\"url\":\"https:\\\/\\\/interreg-grace.eu\\\/wp-content\\\/uploads\\\/2025\\\/01\\\/Firmament1.jpg\",\"contentUrl\":\"https:\\\/\\\/interreg-grace.eu\\\/wp-content\\\/uploads\\\/2025\\\/01\\\/Firmament1.jpg\",\"width\":1650,\"height\":550,\"caption\":\"Firmament1\"},{\"@type\":\"BreadcrumbList\",\"@id\":\"https:\\\/\\\/interreg-grace.eu\\\/de\\\/event\\\/le-firmament-von-lucy-kirkwood-chloe-dabert\\\/#breadcrumb\",\"itemListElement\":[{\"@type\":\"ListItem\",\"position\":1,\"name\":\"Accueil\",\"item\":\"https:\\\/\\\/interreg-grace.eu\\\/de\\\/\"},{\"@type\":\"ListItem\",\"position\":2,\"name\":\"Veranstaltungen\",\"item\":\"https:\\\/\\\/interreg-grace.eu\\\/de\\\/events\\\/\"},{\"@type\":\"ListItem\",\"position\":3,\"name\":\"Le Firmament von Lucy Kirkwood \\\/ Chlo\u00e9 Dabert\"}]},{\"@type\":\"WebSite\",\"@id\":\"https:\\\/\\\/interreg-grace.eu\\\/de\\\/#website\",\"url\":\"https:\\\/\\\/interreg-grace.eu\\\/de\\\/\",\"name\":\"Projet GRACE\",\"description\":\"Greater Region Artistic and Cultural Education\",\"publisher\":{\"@id\":\"https:\\\/\\\/interreg-grace.eu\\\/de\\\/#organization\"},\"potentialAction\":[{\"@type\":\"SearchAction\",\"target\":{\"@type\":\"EntryPoint\",\"urlTemplate\":\"https:\\\/\\\/interreg-grace.eu\\\/de\\\/?s={search_term_string}\"},\"query-input\":{\"@type\":\"PropertyValueSpecification\",\"valueRequired\":true,\"valueName\":\"search_term_string\"}}],\"inLanguage\":\"de\"},{\"@type\":\"Organization\",\"@id\":\"https:\\\/\\\/interreg-grace.eu\\\/de\\\/#organization\",\"name\":\"Interreg Grace\",\"alternateName\":\"Greater Region Artistic and Cultural Education\",\"url\":\"https:\\\/\\\/interreg-grace.eu\\\/de\\\/\",\"logo\":{\"@type\":\"ImageObject\",\"inLanguage\":\"de\",\"@id\":\"https:\\\/\\\/interreg-grace.eu\\\/de\\\/#\\\/schema\\\/logo\\\/image\\\/\",\"url\":\"https:\\\/\\\/interreg-grace.eu\\\/wp-content\\\/uploads\\\/2024\\\/08\\\/cropped-favicon-grace.webp\",\"contentUrl\":\"https:\\\/\\\/interreg-grace.eu\\\/wp-content\\\/uploads\\\/2024\\\/08\\\/cropped-favicon-grace.webp\",\"width\":512,\"height\":512,\"caption\":\"Interreg Grace\"},\"image\":{\"@id\":\"https:\\\/\\\/interreg-grace.eu\\\/de\\\/#\\\/schema\\\/logo\\\/image\\\/\"},\"sameAs\":[\"https:\\\/\\\/www.linkedin.com\\\/company\\\/interreg-grace\\\/\"]}]}<\/script>\n<!-- \/ Yoast SEO Premium plugin. -->","yoast_head_json":{"title":"Le Firmament von Lucy Kirkwood \/ Chlo\u00e9 Dabert - Projet GRACE","robots":{"index":"index","follow":"follow","max-snippet":"max-snippet:-1","max-image-preview":"max-image-preview:large","max-video-preview":"max-video-preview:-1"},"canonical":"https:\/\/interreg-grace.eu\/de\/event\/le-firmament-von-lucy-kirkwood-chloe-dabert\/","og_locale":"de_DE","og_type":"article","og_title":"Le Firmament von Lucy Kirkwood \/ Chlo\u00e9 Dabert","og_description":"Im M\u00e4rz 1759, an der Grenze zwischen Norfolk und Suffolk im Osten Englands, w\u00e4hrend das ganze Land ungeduldig auf den Durchgang des Halleyschen Kometen wartet, der den Himmel mit seinem makellosen Licht erhellen soll, wird Sally Poppy, ein 21-j\u00e4hriges Dienstm\u00e4dchen, dessen Leben nur aus Armut und Elend bestand, angeklagt und - zusammen mit ihrem Liebhaber - des grausamen Mordes an einem kleinen Kind f\u00fcr schuldig befunden.","og_url":"https:\/\/interreg-grace.eu\/de\/event\/le-firmament-von-lucy-kirkwood-chloe-dabert\/","og_site_name":"Projet GRACE","og_image":[{"width":1650,"height":550,"url":"https:\/\/interreg-grace.eu\/wp-content\/uploads\/2025\/01\/Firmament1.jpg","type":"image\/jpeg"}],"twitter_card":"summary_large_image","twitter_misc":{"Gesch\u00e4tzte Lesezeit":"1\u00a0Minute"},"schema":{"@context":"https:\/\/schema.org","@graph":[{"@type":"WebPage","@id":"https:\/\/interreg-grace.eu\/de\/event\/le-firmament-von-lucy-kirkwood-chloe-dabert\/","url":"https:\/\/interreg-grace.eu\/de\/event\/le-firmament-von-lucy-kirkwood-chloe-dabert\/","name":"Le Firmament von Lucy Kirkwood \/ Chlo\u00e9 Dabert - Projet GRACE","isPartOf":{"@id":"https:\/\/interreg-grace.eu\/de\/#website"},"primaryImageOfPage":{"@id":"https:\/\/interreg-grace.eu\/de\/event\/le-firmament-von-lucy-kirkwood-chloe-dabert\/#primaryimage"},"image":{"@id":"https:\/\/interreg-grace.eu\/de\/event\/le-firmament-von-lucy-kirkwood-chloe-dabert\/#primaryimage"},"thumbnailUrl":"https:\/\/interreg-grace.eu\/wp-content\/uploads\/2025\/01\/Firmament1.jpg","datePublished":"2025-01-31T15:08:59+00:00","breadcrumb":{"@id":"https:\/\/interreg-grace.eu\/de\/event\/le-firmament-von-lucy-kirkwood-chloe-dabert\/#breadcrumb"},"inLanguage":"de","potentialAction":[{"@type":"ReadAction","target":["https:\/\/interreg-grace.eu\/de\/event\/le-firmament-von-lucy-kirkwood-chloe-dabert\/"]}]},{"@type":"ImageObject","inLanguage":"de","@id":"https:\/\/interreg-grace.eu\/de\/event\/le-firmament-von-lucy-kirkwood-chloe-dabert\/#primaryimage","url":"https:\/\/interreg-grace.eu\/wp-content\/uploads\/2025\/01\/Firmament1.jpg","contentUrl":"https:\/\/interreg-grace.eu\/wp-content\/uploads\/2025\/01\/Firmament1.jpg","width":1650,"height":550,"caption":"Firmament1"},{"@type":"BreadcrumbList","@id":"https:\/\/interreg-grace.eu\/de\/event\/le-firmament-von-lucy-kirkwood-chloe-dabert\/#breadcrumb","itemListElement":[{"@type":"ListItem","position":1,"name":"Accueil","item":"https:\/\/interreg-grace.eu\/de\/"},{"@type":"ListItem","position":2,"name":"Veranstaltungen","item":"https:\/\/interreg-grace.eu\/de\/events\/"},{"@type":"ListItem","position":3,"name":"Le Firmament von Lucy Kirkwood \/ Chlo\u00e9 Dabert"}]},{"@type":"WebSite","@id":"https:\/\/interreg-grace.eu\/de\/#website","url":"https:\/\/interreg-grace.eu\/de\/","name":"Projet GRACE","description":"Greater Region Artistic and Cultural Education","publisher":{"@id":"https:\/\/interreg-grace.eu\/de\/#organization"},"potentialAction":[{"@type":"SearchAction","target":{"@type":"EntryPoint","urlTemplate":"https:\/\/interreg-grace.eu\/de\/?s={search_term_string}"},"query-input":{"@type":"PropertyValueSpecification","valueRequired":true,"valueName":"search_term_string"}}],"inLanguage":"de"},{"@type":"Organization","@id":"https:\/\/interreg-grace.eu\/de\/#organization","name":"Interreg Grace","alternateName":"Greater Region Artistic and Cultural Education","url":"https:\/\/interreg-grace.eu\/de\/","logo":{"@type":"ImageObject","inLanguage":"de","@id":"https:\/\/interreg-grace.eu\/de\/#\/schema\/logo\/image\/","url":"https:\/\/interreg-grace.eu\/wp-content\/uploads\/2024\/08\/cropped-favicon-grace.webp","contentUrl":"https:\/\/interreg-grace.eu\/wp-content\/uploads\/2024\/08\/cropped-favicon-grace.webp","width":512,"height":512,"caption":"Interreg Grace"},"image":{"@id":"https:\/\/interreg-grace.eu\/de\/#\/schema\/logo\/image\/"},"sameAs":["https:\/\/www.linkedin.com\/company\/interreg-grace\/"]}]}},"_links":{"self":[{"href":"https:\/\/interreg-grace.eu\/de\/wp-json\/wp\/v2\/tribe_events\/5748","targetHints":{"allow":["GET"]}}],"collection":[{"href":"https:\/\/interreg-grace.eu\/de\/wp-json\/wp\/v2\/tribe_events"}],"about":[{"href":"https:\/\/interreg-grace.eu\/de\/wp-json\/wp\/v2\/types\/tribe_events"}],"author":[{"embeddable":true,"href":"https:\/\/interreg-grace.eu\/de\/wp-json\/wp\/v2\/users\/3"}],"version-history":[{"count":0,"href":"https:\/\/interreg-grace.eu\/de\/wp-json\/wp\/v2\/tribe_events\/5748\/revisions"}],"wp:featuredmedia":[{"embeddable":true,"href":"https:\/\/interreg-grace.eu\/de\/wp-json\/wp\/v2\/media\/5746"}],"wp:attachment":[{"href":"https:\/\/interreg-grace.eu\/de\/wp-json\/wp\/v2\/media?parent=5748"}],"wp:term":[{"taxonomy":"post_tag","embeddable":true,"href":"https:\/\/interreg-grace.eu\/de\/wp-json\/wp\/v2\/tags?post=5748"},{"taxonomy":"tribe_events_cat","embeddable":true,"href":"https:\/\/interreg-grace.eu\/de\/wp-json\/wp\/v2\/tribe_events_cat?post=5748"}],"curies":[{"name":"wp","href":"https:\/\/api.w.org\/{rel}","templated":true}]}}