{"id":5743,"date":"2025-01-31T12:47:03","date_gmt":"2025-01-31T11:47:03","guid":{"rendered":"https:\/\/interreg-grace.eu\/event\/atelier-zigzag4-danse-partagee-von-akiko-hasegawa\/"},"modified":"2025-01-31T12:47:03","modified_gmt":"2025-01-31T11:47:03","slug":"atelier-zigzag4-danse-partagee-von-akiko-hasegawa","status":"publish","type":"tribe_events","link":"https:\/\/interreg-grace.eu\/de\/event\/atelier-zigzag4-danse-partagee-von-akiko-hasegawa\/","title":{"rendered":"Atelier ZIGZAG#4: Danse partag\u00e9e von Akiko Hasegawa"},"content":{"rendered":"<p>Passages Transfestival entwickelt in diesem Jahr ein neues, monatliches und wanderndes Treffen in Form von transdisziplin\u00e4ren &amp; inklusiven Workshops: ZIGZAG. Akiko Hasegawa, eine T\u00e4nzerin aus Japan und Gast des Transfestivals bei der Archipelago-Ausgabe, schl\u00e4gt in diesem Workshop vor, den Tanz als einen Ort des Teilens zu betrachten. Ein menschliches und zugleich kulturelles Teilen, in einem Raum, einer Zeit, in der die Bewegung zirkuliert, die Verbindung zwischen Menschen, Emotionen und Empfindungen herstellt. Jeder kann tanzen, aus Freude oder Traurigkeit, Gro\u00df und Klein, in Japan und anderswo, mit Musik oder in Stille, ruhig oder dynamisch. Ab 14 Jahren, f\u00fcr alle Personen mit einer best\u00e4tigten oder nicht best\u00e4tigten k\u00fcnstlerischen Praxis.<br \/>\nZug\u00e4nglich f\u00fcr Menschen mit Behinderungen Anzahl der Pl\u00e4tze auf 15 Personen begrenzt. Informationen und Buchung auf <a href=\"https:\/\/passages-transfestival.mapado.com\/event\/476306-danse-partagee-avec-akiko-hasegawa\">der Passagen-Website<\/a><\/p>\n","protected":false},"excerpt":{"rendered":"<p>Akiko Hasegawa, eine aus Japan stammende T\u00e4nzerin und Gast des Transfestivals bei der Archipelago-Ausgabe, schl\u00e4gt in diesem Workshop vor, den Tanz als einen Ort des Teilens zu betrachten. <\/p>\n","protected":false},"author":3,"featured_media":5726,"template":"","meta":{"_acf_changed":false,"_tribe_events_status":"","_tribe_events_status_reason":"","footnotes":""},"tags":[101],"tribe_events_cat":[97,113,122,124],"class_list":["post-5743","tribe_events","type-tribe_events","status-publish","has-post-thumbnail","hentry","tag-darstellende-kunst","tribe_events_cat-tout-public-de","tribe_events_cat-frankreich","tribe_events_cat-lebende-auffuhrung","tribe_events_cat-werkstatt","cat_tout-public-de","cat_frankreich","cat_lebende-auffuhrung","cat_werkstatt"],"acf":[],"yoast_head":"<!-- This site is optimized with the Yoast SEO Premium plugin v24.7 (Yoast SEO v27.3) - https:\/\/yoast.com\/product\/yoast-seo-premium-wordpress\/ -->\n<title>Atelier ZIGZAG#4: Danse partag\u00e9e von Akiko Hasegawa - Projet GRACE<\/title>\n<meta name=\"robots\" content=\"index, follow, max-snippet:-1, max-image-preview:large, max-video-preview:-1\" \/>\n<link rel=\"canonical\" href=\"https:\/\/interreg-grace.eu\/de\/event\/atelier-zigzag4-danse-partagee-von-akiko-hasegawa\/\" \/>\n<meta property=\"og:locale\" content=\"de_DE\" \/>\n<meta property=\"og:type\" content=\"article\" \/>\n<meta property=\"og:title\" content=\"Atelier ZIGZAG#4: Danse partag\u00e9e von Akiko Hasegawa\" \/>\n<meta property=\"og:description\" content=\"Akiko Hasegawa, eine aus Japan stammende T\u00e4nzerin und Gast des Transfestivals bei der Archipelago-Ausgabe, schl\u00e4gt in diesem Workshop vor, den Tanz als einen Ort des Teilens zu betrachten.\" \/>\n<meta property=\"og:url\" content=\"https:\/\/interreg-grace.eu\/de\/event\/atelier-zigzag4-danse-partagee-von-akiko-hasegawa\/\" \/>\n<meta property=\"og:site_name\" content=\"Projet GRACE\" \/>\n<meta property=\"og:image\" content=\"https:\/\/interreg-grace.eu\/wp-content\/uploads\/2025\/01\/Danse-partagee-par-Akiko-Hasegawa.png\" \/>\n\t<meta property=\"og:image:width\" content=\"704\" \/>\n\t<meta property=\"og:image:height\" content=\"469\" \/>\n\t<meta property=\"og:image:type\" content=\"image\/png\" \/>\n<meta name=\"twitter:card\" content=\"summary_large_image\" \/>\n<meta name=\"twitter:label1\" content=\"Gesch\u00e4tzte Lesezeit\" \/>\n\t<meta name=\"twitter:data1\" content=\"1\u00a0Minute\" \/>\n<script type=\"application\/ld+json\" class=\"yoast-schema-graph\">{\"@context\":\"https:\\\/\\\/schema.org\",\"@graph\":[{\"@type\":\"WebPage\",\"@id\":\"https:\\\/\\\/interreg-grace.eu\\\/de\\\/event\\\/atelier-zigzag4-danse-partagee-von-akiko-hasegawa\\\/\",\"url\":\"https:\\\/\\\/interreg-grace.eu\\\/de\\\/event\\\/atelier-zigzag4-danse-partagee-von-akiko-hasegawa\\\/\",\"name\":\"Atelier ZIGZAG#4: Danse partag\u00e9e von Akiko Hasegawa - Projet GRACE\",\"isPartOf\":{\"@id\":\"https:\\\/\\\/interreg-grace.eu\\\/de\\\/#website\"},\"primaryImageOfPage\":{\"@id\":\"https:\\\/\\\/interreg-grace.eu\\\/de\\\/event\\\/atelier-zigzag4-danse-partagee-von-akiko-hasegawa\\\/#primaryimage\"},\"image\":{\"@id\":\"https:\\\/\\\/interreg-grace.eu\\\/de\\\/event\\\/atelier-zigzag4-danse-partagee-von-akiko-hasegawa\\\/#primaryimage\"},\"thumbnailUrl\":\"https:\\\/\\\/interreg-grace.eu\\\/wp-content\\\/uploads\\\/2025\\\/01\\\/Danse-partagee-par-Akiko-Hasegawa.png\",\"datePublished\":\"2025-01-31T11:47:03+00:00\",\"breadcrumb\":{\"@id\":\"https:\\\/\\\/interreg-grace.eu\\\/de\\\/event\\\/atelier-zigzag4-danse-partagee-von-akiko-hasegawa\\\/#breadcrumb\"},\"inLanguage\":\"de\",\"potentialAction\":[{\"@type\":\"ReadAction\",\"target\":[\"https:\\\/\\\/interreg-grace.eu\\\/de\\\/event\\\/atelier-zigzag4-danse-partagee-von-akiko-hasegawa\\\/\"]}]},{\"@type\":\"ImageObject\",\"inLanguage\":\"de\",\"@id\":\"https:\\\/\\\/interreg-grace.eu\\\/de\\\/event\\\/atelier-zigzag4-danse-partagee-von-akiko-hasegawa\\\/#primaryimage\",\"url\":\"https:\\\/\\\/interreg-grace.eu\\\/wp-content\\\/uploads\\\/2025\\\/01\\\/Danse-partagee-par-Akiko-Hasegawa.png\",\"contentUrl\":\"https:\\\/\\\/interreg-grace.eu\\\/wp-content\\\/uploads\\\/2025\\\/01\\\/Danse-partagee-par-Akiko-Hasegawa.png\",\"width\":704,\"height\":469,\"caption\":\"Danse partag\u00e9e par Akiko Hasegawa\"},{\"@type\":\"BreadcrumbList\",\"@id\":\"https:\\\/\\\/interreg-grace.eu\\\/de\\\/event\\\/atelier-zigzag4-danse-partagee-von-akiko-hasegawa\\\/#breadcrumb\",\"itemListElement\":[{\"@type\":\"ListItem\",\"position\":1,\"name\":\"Accueil\",\"item\":\"https:\\\/\\\/interreg-grace.eu\\\/de\\\/\"},{\"@type\":\"ListItem\",\"position\":2,\"name\":\"Veranstaltungen\",\"item\":\"https:\\\/\\\/interreg-grace.eu\\\/de\\\/events\\\/\"},{\"@type\":\"ListItem\",\"position\":3,\"name\":\"Atelier ZIGZAG#4: Danse partag\u00e9e von Akiko Hasegawa\"}]},{\"@type\":\"WebSite\",\"@id\":\"https:\\\/\\\/interreg-grace.eu\\\/de\\\/#website\",\"url\":\"https:\\\/\\\/interreg-grace.eu\\\/de\\\/\",\"name\":\"Projet GRACE\",\"description\":\"Greater Region Artistic and Cultural Education\",\"publisher\":{\"@id\":\"https:\\\/\\\/interreg-grace.eu\\\/de\\\/#organization\"},\"potentialAction\":[{\"@type\":\"SearchAction\",\"target\":{\"@type\":\"EntryPoint\",\"urlTemplate\":\"https:\\\/\\\/interreg-grace.eu\\\/de\\\/?s={search_term_string}\"},\"query-input\":{\"@type\":\"PropertyValueSpecification\",\"valueRequired\":true,\"valueName\":\"search_term_string\"}}],\"inLanguage\":\"de\"},{\"@type\":\"Organization\",\"@id\":\"https:\\\/\\\/interreg-grace.eu\\\/de\\\/#organization\",\"name\":\"Interreg Grace\",\"alternateName\":\"Greater Region Artistic and Cultural Education\",\"url\":\"https:\\\/\\\/interreg-grace.eu\\\/de\\\/\",\"logo\":{\"@type\":\"ImageObject\",\"inLanguage\":\"de\",\"@id\":\"https:\\\/\\\/interreg-grace.eu\\\/de\\\/#\\\/schema\\\/logo\\\/image\\\/\",\"url\":\"https:\\\/\\\/interreg-grace.eu\\\/wp-content\\\/uploads\\\/2024\\\/08\\\/cropped-favicon-grace.webp\",\"contentUrl\":\"https:\\\/\\\/interreg-grace.eu\\\/wp-content\\\/uploads\\\/2024\\\/08\\\/cropped-favicon-grace.webp\",\"width\":512,\"height\":512,\"caption\":\"Interreg Grace\"},\"image\":{\"@id\":\"https:\\\/\\\/interreg-grace.eu\\\/de\\\/#\\\/schema\\\/logo\\\/image\\\/\"},\"sameAs\":[\"https:\\\/\\\/www.linkedin.com\\\/company\\\/interreg-grace\\\/\"]}]}<\/script>\n<!-- \/ Yoast SEO Premium plugin. -->","yoast_head_json":{"title":"Atelier ZIGZAG#4: Danse partag\u00e9e von Akiko Hasegawa - Projet GRACE","robots":{"index":"index","follow":"follow","max-snippet":"max-snippet:-1","max-image-preview":"max-image-preview:large","max-video-preview":"max-video-preview:-1"},"canonical":"https:\/\/interreg-grace.eu\/de\/event\/atelier-zigzag4-danse-partagee-von-akiko-hasegawa\/","og_locale":"de_DE","og_type":"article","og_title":"Atelier ZIGZAG#4: Danse partag\u00e9e von Akiko Hasegawa","og_description":"Akiko Hasegawa, eine aus Japan stammende T\u00e4nzerin und Gast des Transfestivals bei der Archipelago-Ausgabe, schl\u00e4gt in diesem Workshop vor, den Tanz als einen Ort des Teilens zu betrachten.","og_url":"https:\/\/interreg-grace.eu\/de\/event\/atelier-zigzag4-danse-partagee-von-akiko-hasegawa\/","og_site_name":"Projet GRACE","og_image":[{"width":704,"height":469,"url":"https:\/\/interreg-grace.eu\/wp-content\/uploads\/2025\/01\/Danse-partagee-par-Akiko-Hasegawa.png","type":"image\/png"}],"twitter_card":"summary_large_image","twitter_misc":{"Gesch\u00e4tzte Lesezeit":"1\u00a0Minute"},"schema":{"@context":"https:\/\/schema.org","@graph":[{"@type":"WebPage","@id":"https:\/\/interreg-grace.eu\/de\/event\/atelier-zigzag4-danse-partagee-von-akiko-hasegawa\/","url":"https:\/\/interreg-grace.eu\/de\/event\/atelier-zigzag4-danse-partagee-von-akiko-hasegawa\/","name":"Atelier ZIGZAG#4: Danse partag\u00e9e von Akiko Hasegawa - Projet GRACE","isPartOf":{"@id":"https:\/\/interreg-grace.eu\/de\/#website"},"primaryImageOfPage":{"@id":"https:\/\/interreg-grace.eu\/de\/event\/atelier-zigzag4-danse-partagee-von-akiko-hasegawa\/#primaryimage"},"image":{"@id":"https:\/\/interreg-grace.eu\/de\/event\/atelier-zigzag4-danse-partagee-von-akiko-hasegawa\/#primaryimage"},"thumbnailUrl":"https:\/\/interreg-grace.eu\/wp-content\/uploads\/2025\/01\/Danse-partagee-par-Akiko-Hasegawa.png","datePublished":"2025-01-31T11:47:03+00:00","breadcrumb":{"@id":"https:\/\/interreg-grace.eu\/de\/event\/atelier-zigzag4-danse-partagee-von-akiko-hasegawa\/#breadcrumb"},"inLanguage":"de","potentialAction":[{"@type":"ReadAction","target":["https:\/\/interreg-grace.eu\/de\/event\/atelier-zigzag4-danse-partagee-von-akiko-hasegawa\/"]}]},{"@type":"ImageObject","inLanguage":"de","@id":"https:\/\/interreg-grace.eu\/de\/event\/atelier-zigzag4-danse-partagee-von-akiko-hasegawa\/#primaryimage","url":"https:\/\/interreg-grace.eu\/wp-content\/uploads\/2025\/01\/Danse-partagee-par-Akiko-Hasegawa.png","contentUrl":"https:\/\/interreg-grace.eu\/wp-content\/uploads\/2025\/01\/Danse-partagee-par-Akiko-Hasegawa.png","width":704,"height":469,"caption":"Danse partag\u00e9e par Akiko Hasegawa"},{"@type":"BreadcrumbList","@id":"https:\/\/interreg-grace.eu\/de\/event\/atelier-zigzag4-danse-partagee-von-akiko-hasegawa\/#breadcrumb","itemListElement":[{"@type":"ListItem","position":1,"name":"Accueil","item":"https:\/\/interreg-grace.eu\/de\/"},{"@type":"ListItem","position":2,"name":"Veranstaltungen","item":"https:\/\/interreg-grace.eu\/de\/events\/"},{"@type":"ListItem","position":3,"name":"Atelier ZIGZAG#4: Danse partag\u00e9e von Akiko Hasegawa"}]},{"@type":"WebSite","@id":"https:\/\/interreg-grace.eu\/de\/#website","url":"https:\/\/interreg-grace.eu\/de\/","name":"Projet GRACE","description":"Greater Region Artistic and Cultural Education","publisher":{"@id":"https:\/\/interreg-grace.eu\/de\/#organization"},"potentialAction":[{"@type":"SearchAction","target":{"@type":"EntryPoint","urlTemplate":"https:\/\/interreg-grace.eu\/de\/?s={search_term_string}"},"query-input":{"@type":"PropertyValueSpecification","valueRequired":true,"valueName":"search_term_string"}}],"inLanguage":"de"},{"@type":"Organization","@id":"https:\/\/interreg-grace.eu\/de\/#organization","name":"Interreg Grace","alternateName":"Greater Region Artistic and Cultural Education","url":"https:\/\/interreg-grace.eu\/de\/","logo":{"@type":"ImageObject","inLanguage":"de","@id":"https:\/\/interreg-grace.eu\/de\/#\/schema\/logo\/image\/","url":"https:\/\/interreg-grace.eu\/wp-content\/uploads\/2024\/08\/cropped-favicon-grace.webp","contentUrl":"https:\/\/interreg-grace.eu\/wp-content\/uploads\/2024\/08\/cropped-favicon-grace.webp","width":512,"height":512,"caption":"Interreg Grace"},"image":{"@id":"https:\/\/interreg-grace.eu\/de\/#\/schema\/logo\/image\/"},"sameAs":["https:\/\/www.linkedin.com\/company\/interreg-grace\/"]}]}},"_links":{"self":[{"href":"https:\/\/interreg-grace.eu\/de\/wp-json\/wp\/v2\/tribe_events\/5743","targetHints":{"allow":["GET"]}}],"collection":[{"href":"https:\/\/interreg-grace.eu\/de\/wp-json\/wp\/v2\/tribe_events"}],"about":[{"href":"https:\/\/interreg-grace.eu\/de\/wp-json\/wp\/v2\/types\/tribe_events"}],"author":[{"embeddable":true,"href":"https:\/\/interreg-grace.eu\/de\/wp-json\/wp\/v2\/users\/3"}],"version-history":[{"count":0,"href":"https:\/\/interreg-grace.eu\/de\/wp-json\/wp\/v2\/tribe_events\/5743\/revisions"}],"wp:featuredmedia":[{"embeddable":true,"href":"https:\/\/interreg-grace.eu\/de\/wp-json\/wp\/v2\/media\/5726"}],"wp:attachment":[{"href":"https:\/\/interreg-grace.eu\/de\/wp-json\/wp\/v2\/media?parent=5743"}],"wp:term":[{"taxonomy":"post_tag","embeddable":true,"href":"https:\/\/interreg-grace.eu\/de\/wp-json\/wp\/v2\/tags?post=5743"},{"taxonomy":"tribe_events_cat","embeddable":true,"href":"https:\/\/interreg-grace.eu\/de\/wp-json\/wp\/v2\/tribe_events_cat?post=5743"}],"curies":[{"name":"wp","href":"https:\/\/api.w.org\/{rel}","templated":true}]}}