{"id":5742,"date":"2025-01-31T12:40:32","date_gmt":"2025-01-31T11:40:32","guid":{"rendered":"https:\/\/interreg-grace.eu\/event\/ausstellung-die-aussergewoehnliche-sammlung-des-barons-de-salis\/"},"modified":"2025-01-31T12:40:32","modified_gmt":"2025-01-31T11:40:32","slug":"ausstellung-die-aussergewoehnliche-sammlung-des-barons-de-salis","status":"publish","type":"tribe_events","link":"https:\/\/interreg-grace.eu\/de\/event\/ausstellung-die-aussergewoehnliche-sammlung-des-barons-de-salis\/","title":{"rendered":"Ausstellung Die au\u00dfergew\u00f6hnliche Sammlung des Barons de Salis"},"content":{"rendered":"<p>Diese Ausstellung enth\u00fcllt dem Publikum den au\u00dfergew\u00f6hnlichen Reichtum der von Baron Louis-Numa de Salis zusammengetragenen Sammlung, die er 1892 der Stadt Metz vermachte: von mittelalterlichen Urkunden und Manuskripten \u00fcber wundersch\u00f6ne Inkunabeln, illustrierte B\u00fccher und Archivdokumente bis hin zu Drucken der gr\u00f6\u00dften lothringischen K\u00fcnstler (Callot, Leclerc).<br \/>Nach einem kurzen R\u00fcckblick auf den Kontext des Verm\u00e4chtnisses versucht die Ausstellung, die Praktiken des Sammlers zu beschreiben, aber auch die Forschungen des Gelehrten aus Metz hervorzuheben. Sie schlie\u00dft mit den sch\u00f6nsten Sch\u00e4tzen der Sammlung, deren Glanzst\u00fcck die Illuminationen des Mortifiement de vaine plaisance von Jean Colombe sind.<br \/>Mit au\u00dfergew\u00f6hnlichen Leihgaben der Biblioth\u00e8que nationale de France, der Archives municipales de Metz und der Acad\u00e9mie nationale de Metz.<br \/>F\u00fcr jedes Publikum, freier Eintritt<\/p>\n","protected":false},"excerpt":{"rendered":"<p>Diese Ausstellung enth\u00fcllt dem Publikum den au\u00dfergew\u00f6hnlichen Reichtum der von Baron Louis-Numa de Salis zusammengetragenen Sammlung, die er 1892 der Stadt Metz vermachte: von mittelalterlichen Urkunden und Manuskripten \u00fcber wundersch\u00f6ne Inkunabeln, illustrierte B\u00fccher und Archivdokumente bis hin zu Drucken der gr\u00f6\u00dften lothringischen K\u00fcnstler (Callot, Leclerc).<\/p>\n","protected":false},"author":3,"featured_media":5722,"template":"","meta":{"_acf_changed":false,"_tribe_events_status":"","_tribe_events_status_reason":"","footnotes":""},"tags":[110],"tribe_events_cat":[97,99,113,96],"class_list":["post-5742","tribe_events","type-tribe_events","status-publish","has-post-thumbnail","hentry","tag-erbe","tribe_events_cat-tout-public-de","tribe_events_cat-exposition-de","tribe_events_cat-frankreich","tribe_events_cat-patrimoine-culturel-de","cat_tout-public-de","cat_exposition-de","cat_frankreich","cat_patrimoine-culturel-de"],"acf":[],"yoast_head":"<!-- This site is optimized with the Yoast SEO Premium plugin v24.7 (Yoast SEO v27.3) - https:\/\/yoast.com\/product\/yoast-seo-premium-wordpress\/ -->\n<title>Ausstellung Die au\u00dfergew\u00f6hnliche Sammlung des Barons de Salis - Projet GRACE<\/title>\n<meta name=\"robots\" content=\"index, follow, max-snippet:-1, max-image-preview:large, max-video-preview:-1\" \/>\n<link rel=\"canonical\" href=\"https:\/\/interreg-grace.eu\/de\/event\/ausstellung-die-aussergewoehnliche-sammlung-des-barons-de-salis\/\" \/>\n<meta property=\"og:locale\" content=\"de_DE\" \/>\n<meta property=\"og:type\" content=\"article\" \/>\n<meta property=\"og:title\" content=\"Ausstellung Die au\u00dfergew\u00f6hnliche Sammlung des Barons de Salis\" \/>\n<meta property=\"og:description\" content=\"Diese Ausstellung enth\u00fcllt dem Publikum den au\u00dfergew\u00f6hnlichen Reichtum der von Baron Louis-Numa de Salis zusammengetragenen Sammlung, die er 1892 der Stadt Metz vermachte: von mittelalterlichen Urkunden und Manuskripten \u00fcber wundersch\u00f6ne Inkunabeln, illustrierte B\u00fccher und Archivdokumente bis hin zu Drucken der gr\u00f6\u00dften lothringischen K\u00fcnstler (Callot, Leclerc).\" \/>\n<meta property=\"og:url\" content=\"https:\/\/interreg-grace.eu\/de\/event\/ausstellung-die-aussergewoehnliche-sammlung-des-barons-de-salis\/\" \/>\n<meta property=\"og:site_name\" content=\"Projet GRACE\" \/>\n<meta property=\"og:image\" content=\"https:\/\/interreg-grace.eu\/wp-content\/uploads\/2025\/01\/Affiche-expo.jpg\" \/>\n\t<meta property=\"og:image:width\" content=\"642\" \/>\n\t<meta property=\"og:image:height\" content=\"905\" \/>\n\t<meta property=\"og:image:type\" content=\"image\/jpeg\" \/>\n<meta name=\"twitter:card\" content=\"summary_large_image\" \/>\n<meta name=\"twitter:label1\" content=\"Gesch\u00e4tzte Lesezeit\" \/>\n\t<meta name=\"twitter:data1\" content=\"1\u00a0Minute\" \/>\n<script type=\"application\/ld+json\" class=\"yoast-schema-graph\">{\"@context\":\"https:\\\/\\\/schema.org\",\"@graph\":[{\"@type\":\"WebPage\",\"@id\":\"https:\\\/\\\/interreg-grace.eu\\\/de\\\/event\\\/ausstellung-die-aussergewoehnliche-sammlung-des-barons-de-salis\\\/\",\"url\":\"https:\\\/\\\/interreg-grace.eu\\\/de\\\/event\\\/ausstellung-die-aussergewoehnliche-sammlung-des-barons-de-salis\\\/\",\"name\":\"Ausstellung Die au\u00dfergew\u00f6hnliche Sammlung des Barons de Salis - Projet GRACE\",\"isPartOf\":{\"@id\":\"https:\\\/\\\/interreg-grace.eu\\\/de\\\/#website\"},\"primaryImageOfPage\":{\"@id\":\"https:\\\/\\\/interreg-grace.eu\\\/de\\\/event\\\/ausstellung-die-aussergewoehnliche-sammlung-des-barons-de-salis\\\/#primaryimage\"},\"image\":{\"@id\":\"https:\\\/\\\/interreg-grace.eu\\\/de\\\/event\\\/ausstellung-die-aussergewoehnliche-sammlung-des-barons-de-salis\\\/#primaryimage\"},\"thumbnailUrl\":\"https:\\\/\\\/interreg-grace.eu\\\/wp-content\\\/uploads\\\/2025\\\/01\\\/Affiche-expo.jpg\",\"datePublished\":\"2025-01-31T11:40:32+00:00\",\"breadcrumb\":{\"@id\":\"https:\\\/\\\/interreg-grace.eu\\\/de\\\/event\\\/ausstellung-die-aussergewoehnliche-sammlung-des-barons-de-salis\\\/#breadcrumb\"},\"inLanguage\":\"de\",\"potentialAction\":[{\"@type\":\"ReadAction\",\"target\":[\"https:\\\/\\\/interreg-grace.eu\\\/de\\\/event\\\/ausstellung-die-aussergewoehnliche-sammlung-des-barons-de-salis\\\/\"]}]},{\"@type\":\"ImageObject\",\"inLanguage\":\"de\",\"@id\":\"https:\\\/\\\/interreg-grace.eu\\\/de\\\/event\\\/ausstellung-die-aussergewoehnliche-sammlung-des-barons-de-salis\\\/#primaryimage\",\"url\":\"https:\\\/\\\/interreg-grace.eu\\\/wp-content\\\/uploads\\\/2025\\\/01\\\/Affiche-expo.jpg\",\"contentUrl\":\"https:\\\/\\\/interreg-grace.eu\\\/wp-content\\\/uploads\\\/2025\\\/01\\\/Affiche-expo.jpg\",\"width\":642,\"height\":905,\"caption\":\"Affiche expo L'extraordinaire collection du baron de Salis\"},{\"@type\":\"BreadcrumbList\",\"@id\":\"https:\\\/\\\/interreg-grace.eu\\\/de\\\/event\\\/ausstellung-die-aussergewoehnliche-sammlung-des-barons-de-salis\\\/#breadcrumb\",\"itemListElement\":[{\"@type\":\"ListItem\",\"position\":1,\"name\":\"Accueil\",\"item\":\"https:\\\/\\\/interreg-grace.eu\\\/de\\\/\"},{\"@type\":\"ListItem\",\"position\":2,\"name\":\"Veranstaltungen\",\"item\":\"https:\\\/\\\/interreg-grace.eu\\\/de\\\/events\\\/\"},{\"@type\":\"ListItem\",\"position\":3,\"name\":\"Ausstellung Die au\u00dfergew\u00f6hnliche Sammlung des Barons de Salis\"}]},{\"@type\":\"WebSite\",\"@id\":\"https:\\\/\\\/interreg-grace.eu\\\/de\\\/#website\",\"url\":\"https:\\\/\\\/interreg-grace.eu\\\/de\\\/\",\"name\":\"Projet GRACE\",\"description\":\"Greater Region Artistic and Cultural Education\",\"publisher\":{\"@id\":\"https:\\\/\\\/interreg-grace.eu\\\/de\\\/#organization\"},\"potentialAction\":[{\"@type\":\"SearchAction\",\"target\":{\"@type\":\"EntryPoint\",\"urlTemplate\":\"https:\\\/\\\/interreg-grace.eu\\\/de\\\/?s={search_term_string}\"},\"query-input\":{\"@type\":\"PropertyValueSpecification\",\"valueRequired\":true,\"valueName\":\"search_term_string\"}}],\"inLanguage\":\"de\"},{\"@type\":\"Organization\",\"@id\":\"https:\\\/\\\/interreg-grace.eu\\\/de\\\/#organization\",\"name\":\"Interreg Grace\",\"alternateName\":\"Greater Region Artistic and Cultural Education\",\"url\":\"https:\\\/\\\/interreg-grace.eu\\\/de\\\/\",\"logo\":{\"@type\":\"ImageObject\",\"inLanguage\":\"de\",\"@id\":\"https:\\\/\\\/interreg-grace.eu\\\/de\\\/#\\\/schema\\\/logo\\\/image\\\/\",\"url\":\"https:\\\/\\\/interreg-grace.eu\\\/wp-content\\\/uploads\\\/2024\\\/08\\\/cropped-favicon-grace.webp\",\"contentUrl\":\"https:\\\/\\\/interreg-grace.eu\\\/wp-content\\\/uploads\\\/2024\\\/08\\\/cropped-favicon-grace.webp\",\"width\":512,\"height\":512,\"caption\":\"Interreg Grace\"},\"image\":{\"@id\":\"https:\\\/\\\/interreg-grace.eu\\\/de\\\/#\\\/schema\\\/logo\\\/image\\\/\"},\"sameAs\":[\"https:\\\/\\\/www.linkedin.com\\\/company\\\/interreg-grace\\\/\"]}]}<\/script>\n<!-- \/ Yoast SEO Premium plugin. -->","yoast_head_json":{"title":"Ausstellung Die au\u00dfergew\u00f6hnliche Sammlung des Barons de Salis - Projet GRACE","robots":{"index":"index","follow":"follow","max-snippet":"max-snippet:-1","max-image-preview":"max-image-preview:large","max-video-preview":"max-video-preview:-1"},"canonical":"https:\/\/interreg-grace.eu\/de\/event\/ausstellung-die-aussergewoehnliche-sammlung-des-barons-de-salis\/","og_locale":"de_DE","og_type":"article","og_title":"Ausstellung Die au\u00dfergew\u00f6hnliche Sammlung des Barons de Salis","og_description":"Diese Ausstellung enth\u00fcllt dem Publikum den au\u00dfergew\u00f6hnlichen Reichtum der von Baron Louis-Numa de Salis zusammengetragenen Sammlung, die er 1892 der Stadt Metz vermachte: von mittelalterlichen Urkunden und Manuskripten \u00fcber wundersch\u00f6ne Inkunabeln, illustrierte B\u00fccher und Archivdokumente bis hin zu Drucken der gr\u00f6\u00dften lothringischen K\u00fcnstler (Callot, Leclerc).","og_url":"https:\/\/interreg-grace.eu\/de\/event\/ausstellung-die-aussergewoehnliche-sammlung-des-barons-de-salis\/","og_site_name":"Projet GRACE","og_image":[{"width":642,"height":905,"url":"https:\/\/interreg-grace.eu\/wp-content\/uploads\/2025\/01\/Affiche-expo.jpg","type":"image\/jpeg"}],"twitter_card":"summary_large_image","twitter_misc":{"Gesch\u00e4tzte Lesezeit":"1\u00a0Minute"},"schema":{"@context":"https:\/\/schema.org","@graph":[{"@type":"WebPage","@id":"https:\/\/interreg-grace.eu\/de\/event\/ausstellung-die-aussergewoehnliche-sammlung-des-barons-de-salis\/","url":"https:\/\/interreg-grace.eu\/de\/event\/ausstellung-die-aussergewoehnliche-sammlung-des-barons-de-salis\/","name":"Ausstellung Die au\u00dfergew\u00f6hnliche Sammlung des Barons de Salis - Projet GRACE","isPartOf":{"@id":"https:\/\/interreg-grace.eu\/de\/#website"},"primaryImageOfPage":{"@id":"https:\/\/interreg-grace.eu\/de\/event\/ausstellung-die-aussergewoehnliche-sammlung-des-barons-de-salis\/#primaryimage"},"image":{"@id":"https:\/\/interreg-grace.eu\/de\/event\/ausstellung-die-aussergewoehnliche-sammlung-des-barons-de-salis\/#primaryimage"},"thumbnailUrl":"https:\/\/interreg-grace.eu\/wp-content\/uploads\/2025\/01\/Affiche-expo.jpg","datePublished":"2025-01-31T11:40:32+00:00","breadcrumb":{"@id":"https:\/\/interreg-grace.eu\/de\/event\/ausstellung-die-aussergewoehnliche-sammlung-des-barons-de-salis\/#breadcrumb"},"inLanguage":"de","potentialAction":[{"@type":"ReadAction","target":["https:\/\/interreg-grace.eu\/de\/event\/ausstellung-die-aussergewoehnliche-sammlung-des-barons-de-salis\/"]}]},{"@type":"ImageObject","inLanguage":"de","@id":"https:\/\/interreg-grace.eu\/de\/event\/ausstellung-die-aussergewoehnliche-sammlung-des-barons-de-salis\/#primaryimage","url":"https:\/\/interreg-grace.eu\/wp-content\/uploads\/2025\/01\/Affiche-expo.jpg","contentUrl":"https:\/\/interreg-grace.eu\/wp-content\/uploads\/2025\/01\/Affiche-expo.jpg","width":642,"height":905,"caption":"Affiche expo L'extraordinaire collection du baron de Salis"},{"@type":"BreadcrumbList","@id":"https:\/\/interreg-grace.eu\/de\/event\/ausstellung-die-aussergewoehnliche-sammlung-des-barons-de-salis\/#breadcrumb","itemListElement":[{"@type":"ListItem","position":1,"name":"Accueil","item":"https:\/\/interreg-grace.eu\/de\/"},{"@type":"ListItem","position":2,"name":"Veranstaltungen","item":"https:\/\/interreg-grace.eu\/de\/events\/"},{"@type":"ListItem","position":3,"name":"Ausstellung Die au\u00dfergew\u00f6hnliche Sammlung des Barons de Salis"}]},{"@type":"WebSite","@id":"https:\/\/interreg-grace.eu\/de\/#website","url":"https:\/\/interreg-grace.eu\/de\/","name":"Projet GRACE","description":"Greater Region Artistic and Cultural Education","publisher":{"@id":"https:\/\/interreg-grace.eu\/de\/#organization"},"potentialAction":[{"@type":"SearchAction","target":{"@type":"EntryPoint","urlTemplate":"https:\/\/interreg-grace.eu\/de\/?s={search_term_string}"},"query-input":{"@type":"PropertyValueSpecification","valueRequired":true,"valueName":"search_term_string"}}],"inLanguage":"de"},{"@type":"Organization","@id":"https:\/\/interreg-grace.eu\/de\/#organization","name":"Interreg Grace","alternateName":"Greater Region Artistic and Cultural Education","url":"https:\/\/interreg-grace.eu\/de\/","logo":{"@type":"ImageObject","inLanguage":"de","@id":"https:\/\/interreg-grace.eu\/de\/#\/schema\/logo\/image\/","url":"https:\/\/interreg-grace.eu\/wp-content\/uploads\/2024\/08\/cropped-favicon-grace.webp","contentUrl":"https:\/\/interreg-grace.eu\/wp-content\/uploads\/2024\/08\/cropped-favicon-grace.webp","width":512,"height":512,"caption":"Interreg Grace"},"image":{"@id":"https:\/\/interreg-grace.eu\/de\/#\/schema\/logo\/image\/"},"sameAs":["https:\/\/www.linkedin.com\/company\/interreg-grace\/"]}]}},"_links":{"self":[{"href":"https:\/\/interreg-grace.eu\/de\/wp-json\/wp\/v2\/tribe_events\/5742","targetHints":{"allow":["GET"]}}],"collection":[{"href":"https:\/\/interreg-grace.eu\/de\/wp-json\/wp\/v2\/tribe_events"}],"about":[{"href":"https:\/\/interreg-grace.eu\/de\/wp-json\/wp\/v2\/types\/tribe_events"}],"author":[{"embeddable":true,"href":"https:\/\/interreg-grace.eu\/de\/wp-json\/wp\/v2\/users\/3"}],"version-history":[{"count":0,"href":"https:\/\/interreg-grace.eu\/de\/wp-json\/wp\/v2\/tribe_events\/5742\/revisions"}],"wp:featuredmedia":[{"embeddable":true,"href":"https:\/\/interreg-grace.eu\/de\/wp-json\/wp\/v2\/media\/5722"}],"wp:attachment":[{"href":"https:\/\/interreg-grace.eu\/de\/wp-json\/wp\/v2\/media?parent=5742"}],"wp:term":[{"taxonomy":"post_tag","embeddable":true,"href":"https:\/\/interreg-grace.eu\/de\/wp-json\/wp\/v2\/tags?post=5742"},{"taxonomy":"tribe_events_cat","embeddable":true,"href":"https:\/\/interreg-grace.eu\/de\/wp-json\/wp\/v2\/tribe_events_cat?post=5742"}],"curies":[{"name":"wp","href":"https:\/\/api.w.org\/{rel}","templated":true}]}}