{"id":5713,"date":"2025-01-22T09:09:22","date_gmt":"2025-01-22T08:09:22","guid":{"rendered":"https:\/\/interreg-grace.eu\/?post_type=tribe_events&#038;p=5713"},"modified":"2025-01-22T09:09:23","modified_gmt":"2025-01-22T08:09:23","slug":"streetart-workshop-lassen-sie-die-agora-verschwinden","status":"publish","type":"tribe_events","link":"https:\/\/interreg-grace.eu\/de\/event\/streetart-workshop-lassen-sie-die-agora-verschwinden\/","title":{"rendered":"Streetart-Workshop &#8211; Lassen Sie die Agora verschwinden!"},"content":{"rendered":"<p><strong>Mittwoch, 29. Januar, 13.45-18.45 Uhr<br \/>\n<\/strong><strong>Agora &#8211; Vorplatz und Speisesaal<br \/>\n<\/strong><strong>F\u00fcr die \u00d6ffentlichkeit<\/strong> Freier Eintritt. Dauer: 30 Minuten &#8230; und mehr, wenn Sie m\u00f6gen! Die Stadt Metz hat den Street Artist OX eingeladen, gemeinsam mit den Einwohnern ein originelles Werk auf der Agora zu schaffen. Seit 40 Jahren verstreut dieser K\u00fcnstler seine verg\u00e4nglichen Werke, die mit ihrem Kontext spielen, und fordert das Handgemachte und die Freiheit, \u00fcber den Rahmen hinauszugehen. OX wird am Mittwoch, den 29. Januar ab 13.45 Uhr einen f\u00fcr alle offenen Workshop abhalten, um gemeinsam eine riesige und farbenfrohe Installation am Eingang der Agora zu schaffen. Scheren und Papier werden zur Verf\u00fcgung gestellt, kommen Sie so, wie Sie sind, allein, mit der Familie oder mit Freunden! Nehmen Sie ein Souvenir mit nach Hause, das Sie vor Ort mit OX kreiert haben. Dieser offene und partizipative Workshop wird vom Kulturpol organisiert und ist Teil des Kunstbildungsprojekts DETOURNEMENTS. Er wird vom Interreg-Programm der Gro\u00dfregion im Rahmen des GRACE-Projekts unterst\u00fctzt.<\/p>\n","protected":false},"excerpt":{"rendered":"<p>Die Stadt Metz hat den Street Artist OX eingeladen, der am Mittwoch, den 29. Januar ab 13.45 Uhr einen Workshop f\u00fcr alle veranstalten wird, um gemeinsam eine riesige und farbenfrohe Installation am Eingang der Agora zu realisieren. Scheren und Papier werden zur Verf\u00fcgung gestellt, kommen Sie so, wie Sie sind, allein, mit der Familie oder mit Freunden! Nehmen Sie ein Souvenir mit nach Hause, das Sie vor Ort mit OX erstellt haben.  <\/p>\n","protected":false},"author":3,"featured_media":5715,"template":"","meta":{"_acf_changed":false,"_tribe_events_status":"","_tribe_events_status_reason":"","footnotes":""},"tags":[110],"tribe_events_cat":[113,96,124],"class_list":["post-5713","tribe_events","type-tribe_events","status-publish","has-post-thumbnail","hentry","tag-erbe","tribe_events_cat-frankreich","tribe_events_cat-patrimoine-culturel-de","tribe_events_cat-werkstatt","cat_frankreich","cat_patrimoine-culturel-de","cat_werkstatt"],"acf":[],"yoast_head":"<!-- This site is optimized with the Yoast SEO Premium plugin v24.7 (Yoast SEO v27.3) - https:\/\/yoast.com\/product\/yoast-seo-premium-wordpress\/ -->\n<title>Streetart-Workshop - Lassen Sie die Agora verschwinden! - Projet GRACE<\/title>\n<meta name=\"robots\" content=\"index, follow, max-snippet:-1, max-image-preview:large, max-video-preview:-1\" \/>\n<link rel=\"canonical\" href=\"https:\/\/interreg-grace.eu\/de\/event\/streetart-workshop-lassen-sie-die-agora-verschwinden\/\" \/>\n<meta property=\"og:locale\" content=\"de_DE\" \/>\n<meta property=\"og:type\" content=\"article\" \/>\n<meta property=\"og:title\" content=\"Streetart-Workshop - Lassen Sie die Agora verschwinden!\" \/>\n<meta property=\"og:description\" content=\"Die Stadt Metz hat den Street Artist OX eingeladen, der am Mittwoch, den 29. Januar ab 13.45 Uhr einen Workshop f\u00fcr alle veranstalten wird, um gemeinsam eine riesige und farbenfrohe Installation am Eingang der Agora zu realisieren. Scheren und Papier werden zur Verf\u00fcgung gestellt, kommen Sie so, wie Sie sind, allein, mit der Familie oder mit Freunden! Nehmen Sie ein Souvenir mit nach Hause, das Sie vor Ort mit OX erstellt haben.\" \/>\n<meta property=\"og:url\" content=\"https:\/\/interreg-grace.eu\/de\/event\/streetart-workshop-lassen-sie-die-agora-verschwinden\/\" \/>\n<meta property=\"og:site_name\" content=\"Projet GRACE\" \/>\n<meta property=\"article:modified_time\" content=\"2025-01-22T08:09:23+00:00\" \/>\n<meta property=\"og:image\" content=\"https:\/\/interreg-grace.eu\/wp-content\/uploads\/2025\/01\/Flyer-Atelier-AGORA-1.jpg\" \/>\n\t<meta property=\"og:image:width\" content=\"1344\" \/>\n\t<meta property=\"og:image:height\" content=\"1008\" \/>\n\t<meta property=\"og:image:type\" content=\"image\/jpeg\" \/>\n<meta name=\"twitter:card\" content=\"summary_large_image\" \/>\n<meta name=\"twitter:label1\" content=\"Gesch\u00e4tzte Lesezeit\" \/>\n\t<meta name=\"twitter:data1\" content=\"1\u00a0Minute\" \/>\n<script type=\"application\/ld+json\" class=\"yoast-schema-graph\">{\"@context\":\"https:\\\/\\\/schema.org\",\"@graph\":[{\"@type\":\"WebPage\",\"@id\":\"https:\\\/\\\/interreg-grace.eu\\\/de\\\/event\\\/streetart-workshop-lassen-sie-die-agora-verschwinden\\\/\",\"url\":\"https:\\\/\\\/interreg-grace.eu\\\/de\\\/event\\\/streetart-workshop-lassen-sie-die-agora-verschwinden\\\/\",\"name\":\"Streetart-Workshop - Lassen Sie die Agora verschwinden! - Projet GRACE\",\"isPartOf\":{\"@id\":\"https:\\\/\\\/interreg-grace.eu\\\/de\\\/#website\"},\"primaryImageOfPage\":{\"@id\":\"https:\\\/\\\/interreg-grace.eu\\\/de\\\/event\\\/streetart-workshop-lassen-sie-die-agora-verschwinden\\\/#primaryimage\"},\"image\":{\"@id\":\"https:\\\/\\\/interreg-grace.eu\\\/de\\\/event\\\/streetart-workshop-lassen-sie-die-agora-verschwinden\\\/#primaryimage\"},\"thumbnailUrl\":\"https:\\\/\\\/interreg-grace.eu\\\/wp-content\\\/uploads\\\/2025\\\/01\\\/Flyer-Atelier-AGORA-1.jpg\",\"datePublished\":\"2025-01-22T08:09:22+00:00\",\"dateModified\":\"2025-01-22T08:09:23+00:00\",\"breadcrumb\":{\"@id\":\"https:\\\/\\\/interreg-grace.eu\\\/de\\\/event\\\/streetart-workshop-lassen-sie-die-agora-verschwinden\\\/#breadcrumb\"},\"inLanguage\":\"de\",\"potentialAction\":[{\"@type\":\"ReadAction\",\"target\":[\"https:\\\/\\\/interreg-grace.eu\\\/de\\\/event\\\/streetart-workshop-lassen-sie-die-agora-verschwinden\\\/\"]}]},{\"@type\":\"ImageObject\",\"inLanguage\":\"de\",\"@id\":\"https:\\\/\\\/interreg-grace.eu\\\/de\\\/event\\\/streetart-workshop-lassen-sie-die-agora-verschwinden\\\/#primaryimage\",\"url\":\"https:\\\/\\\/interreg-grace.eu\\\/wp-content\\\/uploads\\\/2025\\\/01\\\/Flyer-Atelier-AGORA-1.jpg\",\"contentUrl\":\"https:\\\/\\\/interreg-grace.eu\\\/wp-content\\\/uploads\\\/2025\\\/01\\\/Flyer-Atelier-AGORA-1.jpg\",\"width\":1344,\"height\":1008,\"caption\":\"Flyer Atelier AGORA 1\"},{\"@type\":\"BreadcrumbList\",\"@id\":\"https:\\\/\\\/interreg-grace.eu\\\/de\\\/event\\\/streetart-workshop-lassen-sie-die-agora-verschwinden\\\/#breadcrumb\",\"itemListElement\":[{\"@type\":\"ListItem\",\"position\":1,\"name\":\"Accueil\",\"item\":\"https:\\\/\\\/interreg-grace.eu\\\/de\\\/\"},{\"@type\":\"ListItem\",\"position\":2,\"name\":\"Veranstaltungen\",\"item\":\"https:\\\/\\\/interreg-grace.eu\\\/de\\\/events\\\/\"},{\"@type\":\"ListItem\",\"position\":3,\"name\":\"Streetart-Workshop &#8211; Lassen Sie die Agora verschwinden!\"}]},{\"@type\":\"WebSite\",\"@id\":\"https:\\\/\\\/interreg-grace.eu\\\/de\\\/#website\",\"url\":\"https:\\\/\\\/interreg-grace.eu\\\/de\\\/\",\"name\":\"Projet GRACE\",\"description\":\"Greater Region Artistic and Cultural Education\",\"publisher\":{\"@id\":\"https:\\\/\\\/interreg-grace.eu\\\/de\\\/#organization\"},\"potentialAction\":[{\"@type\":\"SearchAction\",\"target\":{\"@type\":\"EntryPoint\",\"urlTemplate\":\"https:\\\/\\\/interreg-grace.eu\\\/de\\\/?s={search_term_string}\"},\"query-input\":{\"@type\":\"PropertyValueSpecification\",\"valueRequired\":true,\"valueName\":\"search_term_string\"}}],\"inLanguage\":\"de\"},{\"@type\":\"Organization\",\"@id\":\"https:\\\/\\\/interreg-grace.eu\\\/de\\\/#organization\",\"name\":\"Interreg Grace\",\"alternateName\":\"Greater Region Artistic and Cultural Education\",\"url\":\"https:\\\/\\\/interreg-grace.eu\\\/de\\\/\",\"logo\":{\"@type\":\"ImageObject\",\"inLanguage\":\"de\",\"@id\":\"https:\\\/\\\/interreg-grace.eu\\\/de\\\/#\\\/schema\\\/logo\\\/image\\\/\",\"url\":\"https:\\\/\\\/interreg-grace.eu\\\/wp-content\\\/uploads\\\/2024\\\/08\\\/cropped-favicon-grace.webp\",\"contentUrl\":\"https:\\\/\\\/interreg-grace.eu\\\/wp-content\\\/uploads\\\/2024\\\/08\\\/cropped-favicon-grace.webp\",\"width\":512,\"height\":512,\"caption\":\"Interreg Grace\"},\"image\":{\"@id\":\"https:\\\/\\\/interreg-grace.eu\\\/de\\\/#\\\/schema\\\/logo\\\/image\\\/\"},\"sameAs\":[\"https:\\\/\\\/www.linkedin.com\\\/company\\\/interreg-grace\\\/\"]}]}<\/script>\n<!-- \/ Yoast SEO Premium plugin. -->","yoast_head_json":{"title":"Streetart-Workshop - Lassen Sie die Agora verschwinden! - Projet GRACE","robots":{"index":"index","follow":"follow","max-snippet":"max-snippet:-1","max-image-preview":"max-image-preview:large","max-video-preview":"max-video-preview:-1"},"canonical":"https:\/\/interreg-grace.eu\/de\/event\/streetart-workshop-lassen-sie-die-agora-verschwinden\/","og_locale":"de_DE","og_type":"article","og_title":"Streetart-Workshop - Lassen Sie die Agora verschwinden!","og_description":"Die Stadt Metz hat den Street Artist OX eingeladen, der am Mittwoch, den 29. Januar ab 13.45 Uhr einen Workshop f\u00fcr alle veranstalten wird, um gemeinsam eine riesige und farbenfrohe Installation am Eingang der Agora zu realisieren. Scheren und Papier werden zur Verf\u00fcgung gestellt, kommen Sie so, wie Sie sind, allein, mit der Familie oder mit Freunden! Nehmen Sie ein Souvenir mit nach Hause, das Sie vor Ort mit OX erstellt haben.","og_url":"https:\/\/interreg-grace.eu\/de\/event\/streetart-workshop-lassen-sie-die-agora-verschwinden\/","og_site_name":"Projet GRACE","article_modified_time":"2025-01-22T08:09:23+00:00","og_image":[{"width":1344,"height":1008,"url":"https:\/\/interreg-grace.eu\/wp-content\/uploads\/2025\/01\/Flyer-Atelier-AGORA-1.jpg","type":"image\/jpeg"}],"twitter_card":"summary_large_image","twitter_misc":{"Gesch\u00e4tzte Lesezeit":"1\u00a0Minute"},"schema":{"@context":"https:\/\/schema.org","@graph":[{"@type":"WebPage","@id":"https:\/\/interreg-grace.eu\/de\/event\/streetart-workshop-lassen-sie-die-agora-verschwinden\/","url":"https:\/\/interreg-grace.eu\/de\/event\/streetart-workshop-lassen-sie-die-agora-verschwinden\/","name":"Streetart-Workshop - Lassen Sie die Agora verschwinden! - Projet GRACE","isPartOf":{"@id":"https:\/\/interreg-grace.eu\/de\/#website"},"primaryImageOfPage":{"@id":"https:\/\/interreg-grace.eu\/de\/event\/streetart-workshop-lassen-sie-die-agora-verschwinden\/#primaryimage"},"image":{"@id":"https:\/\/interreg-grace.eu\/de\/event\/streetart-workshop-lassen-sie-die-agora-verschwinden\/#primaryimage"},"thumbnailUrl":"https:\/\/interreg-grace.eu\/wp-content\/uploads\/2025\/01\/Flyer-Atelier-AGORA-1.jpg","datePublished":"2025-01-22T08:09:22+00:00","dateModified":"2025-01-22T08:09:23+00:00","breadcrumb":{"@id":"https:\/\/interreg-grace.eu\/de\/event\/streetart-workshop-lassen-sie-die-agora-verschwinden\/#breadcrumb"},"inLanguage":"de","potentialAction":[{"@type":"ReadAction","target":["https:\/\/interreg-grace.eu\/de\/event\/streetart-workshop-lassen-sie-die-agora-verschwinden\/"]}]},{"@type":"ImageObject","inLanguage":"de","@id":"https:\/\/interreg-grace.eu\/de\/event\/streetart-workshop-lassen-sie-die-agora-verschwinden\/#primaryimage","url":"https:\/\/interreg-grace.eu\/wp-content\/uploads\/2025\/01\/Flyer-Atelier-AGORA-1.jpg","contentUrl":"https:\/\/interreg-grace.eu\/wp-content\/uploads\/2025\/01\/Flyer-Atelier-AGORA-1.jpg","width":1344,"height":1008,"caption":"Flyer Atelier AGORA 1"},{"@type":"BreadcrumbList","@id":"https:\/\/interreg-grace.eu\/de\/event\/streetart-workshop-lassen-sie-die-agora-verschwinden\/#breadcrumb","itemListElement":[{"@type":"ListItem","position":1,"name":"Accueil","item":"https:\/\/interreg-grace.eu\/de\/"},{"@type":"ListItem","position":2,"name":"Veranstaltungen","item":"https:\/\/interreg-grace.eu\/de\/events\/"},{"@type":"ListItem","position":3,"name":"Streetart-Workshop &#8211; Lassen Sie die Agora verschwinden!"}]},{"@type":"WebSite","@id":"https:\/\/interreg-grace.eu\/de\/#website","url":"https:\/\/interreg-grace.eu\/de\/","name":"Projet GRACE","description":"Greater Region Artistic and Cultural Education","publisher":{"@id":"https:\/\/interreg-grace.eu\/de\/#organization"},"potentialAction":[{"@type":"SearchAction","target":{"@type":"EntryPoint","urlTemplate":"https:\/\/interreg-grace.eu\/de\/?s={search_term_string}"},"query-input":{"@type":"PropertyValueSpecification","valueRequired":true,"valueName":"search_term_string"}}],"inLanguage":"de"},{"@type":"Organization","@id":"https:\/\/interreg-grace.eu\/de\/#organization","name":"Interreg Grace","alternateName":"Greater Region Artistic and Cultural Education","url":"https:\/\/interreg-grace.eu\/de\/","logo":{"@type":"ImageObject","inLanguage":"de","@id":"https:\/\/interreg-grace.eu\/de\/#\/schema\/logo\/image\/","url":"https:\/\/interreg-grace.eu\/wp-content\/uploads\/2024\/08\/cropped-favicon-grace.webp","contentUrl":"https:\/\/interreg-grace.eu\/wp-content\/uploads\/2024\/08\/cropped-favicon-grace.webp","width":512,"height":512,"caption":"Interreg Grace"},"image":{"@id":"https:\/\/interreg-grace.eu\/de\/#\/schema\/logo\/image\/"},"sameAs":["https:\/\/www.linkedin.com\/company\/interreg-grace\/"]}]}},"_links":{"self":[{"href":"https:\/\/interreg-grace.eu\/de\/wp-json\/wp\/v2\/tribe_events\/5713","targetHints":{"allow":["GET"]}}],"collection":[{"href":"https:\/\/interreg-grace.eu\/de\/wp-json\/wp\/v2\/tribe_events"}],"about":[{"href":"https:\/\/interreg-grace.eu\/de\/wp-json\/wp\/v2\/types\/tribe_events"}],"author":[{"embeddable":true,"href":"https:\/\/interreg-grace.eu\/de\/wp-json\/wp\/v2\/users\/3"}],"version-history":[{"count":1,"href":"https:\/\/interreg-grace.eu\/de\/wp-json\/wp\/v2\/tribe_events\/5713\/revisions"}],"predecessor-version":[{"id":5716,"href":"https:\/\/interreg-grace.eu\/de\/wp-json\/wp\/v2\/tribe_events\/5713\/revisions\/5716"}],"wp:featuredmedia":[{"embeddable":true,"href":"https:\/\/interreg-grace.eu\/de\/wp-json\/wp\/v2\/media\/5715"}],"wp:attachment":[{"href":"https:\/\/interreg-grace.eu\/de\/wp-json\/wp\/v2\/media?parent=5713"}],"wp:term":[{"taxonomy":"post_tag","embeddable":true,"href":"https:\/\/interreg-grace.eu\/de\/wp-json\/wp\/v2\/tags?post=5713"},{"taxonomy":"tribe_events_cat","embeddable":true,"href":"https:\/\/interreg-grace.eu\/de\/wp-json\/wp\/v2\/tribe_events_cat?post=5713"}],"curies":[{"name":"wp","href":"https:\/\/api.w.org\/{rel}","templated":true}]}}