{"id":5709,"date":"2025-01-13T16:47:51","date_gmt":"2025-01-13T15:47:51","guid":{"rendered":"https:\/\/interreg-grace.eu\/event\/nous-quartier-libre-von-der-cie-tout-va-bien\/"},"modified":"2025-01-13T16:47:51","modified_gmt":"2025-01-13T15:47:51","slug":"nous-quartier-libre-von-der-cie-tout-va-bien","status":"publish","type":"tribe_events","link":"https:\/\/interreg-grace.eu\/de\/event\/nous-quartier-libre-von-der-cie-tout-va-bien\/","title":{"rendered":"Nous Quartier Libre von der Cie Tout va bien!"},"content":{"rendered":"<p>Es ist der Tag nach dem Karneval. Was tun, wenn die Party vorbei ist? Nous quartier libre, eine Kreation der Compagnie Tout va bien mit den Schauspielern von La Mue du Lotus, l\u00e4sst uns in die Freude am Spiel und den Wunsch, frei zu sein, eintauchen&#8230; Sechs Personen finden sich am Tag nach einem fr\u00f6hlichen Karneval auf der B\u00fchne wieder. Nachdem sie gerade alles losgelassen und alles gewagt haben, m\u00fcssen sie in ihr Alltagsleben zur\u00fcckkehren. Wie soll das gehen, wenn die Kost\u00fcme ausgezogen und die Masken abgenommen sind? Ausgehend von literarischen Quellen, Improvisationen und einer B\u00fchnenfassung stellt Nous quartier libre die Frage nach einer Art, sein Leben zu leben und es sogar zu erfinden. Unsere Schauspieler sind nicht besch\u00e4ftigt und m\u00fcssen ihre eigene Freiheit finden! Die k\u00fchne und originelle Begegnung zwischen der Compagnie Tout va bien und La Mue du Lotus, die Menschen mit geistiger oder psychischer Behinderung professionalisiert, macht diese Kreation zu einem menschlichen Abenteuer und einer gro\u00dfz\u00fcgigen und inspirierenden Auff\u00fchrung. Regie: Virginie Marouz\u00e9 Donnerstag, 6. Februar, 20.30 Uhr<br \/>\nDauer: 1,5 Stunden (+ erster Teil mit den IMEs von Verdun und Stenay)<br \/>\n\u00c9glise Jeanne d&#8217;Arc &#8211; 6 Place Georges Gu\u00e9rin, 55100 Verdun<br \/>\nF\u00fcr alle ab 12 Jahren.  <\/p>\n<p><a href=\"https:\/\/transversales-verdun.com\/spectacles\/nous-quartier-libre?occurrence=2025-02-06&amp;time=1738873800\" target=\"_blank\" rel=\"noopener\">Informationen und Kartenverkauf<\/a><\/p>\n","protected":false},"excerpt":{"rendered":"<p>Es ist der Tag nach dem Karneval. Was tun, wenn die Party vorbei ist? Nous quartier libre, eine Kreation der Compagnie Tout va bien mit den Schauspielern von La Mue du Lotus, l\u00e4sst uns in die Freude am Spiel und den Wunsch, frei zu sein, eintauchen&#8230;.  <\/p>\n","protected":false},"author":3,"featured_media":5704,"template":"","meta":{"_acf_changed":false,"_tribe_events_status":"","_tribe_events_status_reason":"","footnotes":""},"tags":[101],"tribe_events_cat":[97,127,113,122],"class_list":["post-5709","tribe_events","type-tribe_events","status-publish","has-post-thumbnail","hentry","tag-darstellende-kunst","tribe_events_cat-tout-public-de","tribe_events_cat-auffuhrung","tribe_events_cat-frankreich","tribe_events_cat-lebende-auffuhrung","cat_tout-public-de","cat_auffuhrung","cat_frankreich","cat_lebende-auffuhrung"],"acf":[],"yoast_head":"<!-- This site is optimized with the Yoast SEO Premium plugin v24.7 (Yoast SEO v27.3) - https:\/\/yoast.com\/product\/yoast-seo-premium-wordpress\/ -->\n<title>Nous Quartier Libre von der Cie Tout va bien! - Projet GRACE<\/title>\n<meta name=\"robots\" content=\"index, follow, max-snippet:-1, max-image-preview:large, max-video-preview:-1\" \/>\n<link rel=\"canonical\" href=\"https:\/\/interreg-grace.eu\/de\/event\/nous-quartier-libre-von-der-cie-tout-va-bien\/\" \/>\n<meta property=\"og:locale\" content=\"de_DE\" \/>\n<meta property=\"og:type\" content=\"article\" \/>\n<meta property=\"og:title\" content=\"Nous Quartier Libre von der Cie Tout va bien!\" \/>\n<meta property=\"og:description\" content=\"Es ist der Tag nach dem Karneval. Was tun, wenn die Party vorbei ist? Nous quartier libre, eine Kreation der Compagnie Tout va bien mit den Schauspielern von La Mue du Lotus, l\u00e4sst uns in die Freude am Spiel und den Wunsch, frei zu sein, eintauchen....\" \/>\n<meta property=\"og:url\" content=\"https:\/\/interreg-grace.eu\/de\/event\/nous-quartier-libre-von-der-cie-tout-va-bien\/\" \/>\n<meta property=\"og:site_name\" content=\"Projet GRACE\" \/>\n<meta property=\"og:image\" content=\"https:\/\/interreg-grace.eu\/wp-content\/uploads\/2025\/01\/NQL-\u252c\u00aeAnnick-RIVOAL-P1568092-1536x1026-1.jpg\" \/>\n\t<meta property=\"og:image:width\" content=\"1536\" \/>\n\t<meta property=\"og:image:height\" content=\"1026\" \/>\n\t<meta property=\"og:image:type\" content=\"image\/jpeg\" \/>\n<meta name=\"twitter:card\" content=\"summary_large_image\" \/>\n<meta name=\"twitter:label1\" content=\"Gesch\u00e4tzte Lesezeit\" \/>\n\t<meta name=\"twitter:data1\" content=\"1\u00a0Minute\" \/>\n<script type=\"application\/ld+json\" class=\"yoast-schema-graph\">{\"@context\":\"https:\\\/\\\/schema.org\",\"@graph\":[{\"@type\":\"WebPage\",\"@id\":\"https:\\\/\\\/interreg-grace.eu\\\/de\\\/event\\\/nous-quartier-libre-von-der-cie-tout-va-bien\\\/\",\"url\":\"https:\\\/\\\/interreg-grace.eu\\\/de\\\/event\\\/nous-quartier-libre-von-der-cie-tout-va-bien\\\/\",\"name\":\"Nous Quartier Libre von der Cie Tout va bien! - Projet GRACE\",\"isPartOf\":{\"@id\":\"https:\\\/\\\/interreg-grace.eu\\\/de\\\/#website\"},\"primaryImageOfPage\":{\"@id\":\"https:\\\/\\\/interreg-grace.eu\\\/de\\\/event\\\/nous-quartier-libre-von-der-cie-tout-va-bien\\\/#primaryimage\"},\"image\":{\"@id\":\"https:\\\/\\\/interreg-grace.eu\\\/de\\\/event\\\/nous-quartier-libre-von-der-cie-tout-va-bien\\\/#primaryimage\"},\"thumbnailUrl\":\"https:\\\/\\\/interreg-grace.eu\\\/wp-content\\\/uploads\\\/2025\\\/01\\\/NQL-\u252c\u00aeAnnick-RIVOAL-P1568092-1536x1026-1.jpg\",\"datePublished\":\"2025-01-13T15:47:51+00:00\",\"breadcrumb\":{\"@id\":\"https:\\\/\\\/interreg-grace.eu\\\/de\\\/event\\\/nous-quartier-libre-von-der-cie-tout-va-bien\\\/#breadcrumb\"},\"inLanguage\":\"de\",\"potentialAction\":[{\"@type\":\"ReadAction\",\"target\":[\"https:\\\/\\\/interreg-grace.eu\\\/de\\\/event\\\/nous-quartier-libre-von-der-cie-tout-va-bien\\\/\"]}]},{\"@type\":\"ImageObject\",\"inLanguage\":\"de\",\"@id\":\"https:\\\/\\\/interreg-grace.eu\\\/de\\\/event\\\/nous-quartier-libre-von-der-cie-tout-va-bien\\\/#primaryimage\",\"url\":\"https:\\\/\\\/interreg-grace.eu\\\/wp-content\\\/uploads\\\/2025\\\/01\\\/NQL-\u252c\u00aeAnnick-RIVOAL-P1568092-1536x1026-1.jpg\",\"contentUrl\":\"https:\\\/\\\/interreg-grace.eu\\\/wp-content\\\/uploads\\\/2025\\\/01\\\/NQL-\u252c\u00aeAnnick-RIVOAL-P1568092-1536x1026-1.jpg\",\"width\":1536,\"height\":1026,\"caption\":\"Nous quartier libre\u00aeAnnick-RIVOAL\"},{\"@type\":\"BreadcrumbList\",\"@id\":\"https:\\\/\\\/interreg-grace.eu\\\/de\\\/event\\\/nous-quartier-libre-von-der-cie-tout-va-bien\\\/#breadcrumb\",\"itemListElement\":[{\"@type\":\"ListItem\",\"position\":1,\"name\":\"Accueil\",\"item\":\"https:\\\/\\\/interreg-grace.eu\\\/de\\\/\"},{\"@type\":\"ListItem\",\"position\":2,\"name\":\"Veranstaltungen\",\"item\":\"https:\\\/\\\/interreg-grace.eu\\\/de\\\/events\\\/\"},{\"@type\":\"ListItem\",\"position\":3,\"name\":\"Nous Quartier Libre von der Cie Tout va bien!\"}]},{\"@type\":\"WebSite\",\"@id\":\"https:\\\/\\\/interreg-grace.eu\\\/de\\\/#website\",\"url\":\"https:\\\/\\\/interreg-grace.eu\\\/de\\\/\",\"name\":\"Projet GRACE\",\"description\":\"Greater Region Artistic and Cultural Education\",\"publisher\":{\"@id\":\"https:\\\/\\\/interreg-grace.eu\\\/de\\\/#organization\"},\"potentialAction\":[{\"@type\":\"SearchAction\",\"target\":{\"@type\":\"EntryPoint\",\"urlTemplate\":\"https:\\\/\\\/interreg-grace.eu\\\/de\\\/?s={search_term_string}\"},\"query-input\":{\"@type\":\"PropertyValueSpecification\",\"valueRequired\":true,\"valueName\":\"search_term_string\"}}],\"inLanguage\":\"de\"},{\"@type\":\"Organization\",\"@id\":\"https:\\\/\\\/interreg-grace.eu\\\/de\\\/#organization\",\"name\":\"Interreg Grace\",\"alternateName\":\"Greater Region Artistic and Cultural Education\",\"url\":\"https:\\\/\\\/interreg-grace.eu\\\/de\\\/\",\"logo\":{\"@type\":\"ImageObject\",\"inLanguage\":\"de\",\"@id\":\"https:\\\/\\\/interreg-grace.eu\\\/de\\\/#\\\/schema\\\/logo\\\/image\\\/\",\"url\":\"https:\\\/\\\/interreg-grace.eu\\\/wp-content\\\/uploads\\\/2024\\\/08\\\/cropped-favicon-grace.webp\",\"contentUrl\":\"https:\\\/\\\/interreg-grace.eu\\\/wp-content\\\/uploads\\\/2024\\\/08\\\/cropped-favicon-grace.webp\",\"width\":512,\"height\":512,\"caption\":\"Interreg Grace\"},\"image\":{\"@id\":\"https:\\\/\\\/interreg-grace.eu\\\/de\\\/#\\\/schema\\\/logo\\\/image\\\/\"},\"sameAs\":[\"https:\\\/\\\/www.linkedin.com\\\/company\\\/interreg-grace\\\/\"]}]}<\/script>\n<!-- \/ Yoast SEO Premium plugin. -->","yoast_head_json":{"title":"Nous Quartier Libre von der Cie Tout va bien! - Projet GRACE","robots":{"index":"index","follow":"follow","max-snippet":"max-snippet:-1","max-image-preview":"max-image-preview:large","max-video-preview":"max-video-preview:-1"},"canonical":"https:\/\/interreg-grace.eu\/de\/event\/nous-quartier-libre-von-der-cie-tout-va-bien\/","og_locale":"de_DE","og_type":"article","og_title":"Nous Quartier Libre von der Cie Tout va bien!","og_description":"Es ist der Tag nach dem Karneval. Was tun, wenn die Party vorbei ist? Nous quartier libre, eine Kreation der Compagnie Tout va bien mit den Schauspielern von La Mue du Lotus, l\u00e4sst uns in die Freude am Spiel und den Wunsch, frei zu sein, eintauchen....","og_url":"https:\/\/interreg-grace.eu\/de\/event\/nous-quartier-libre-von-der-cie-tout-va-bien\/","og_site_name":"Projet GRACE","og_image":[{"width":1536,"height":1026,"url":"https:\/\/interreg-grace.eu\/wp-content\/uploads\/2025\/01\/NQL-\u252c\u00aeAnnick-RIVOAL-P1568092-1536x1026-1.jpg","type":"image\/jpeg"}],"twitter_card":"summary_large_image","twitter_misc":{"Gesch\u00e4tzte Lesezeit":"1\u00a0Minute"},"schema":{"@context":"https:\/\/schema.org","@graph":[{"@type":"WebPage","@id":"https:\/\/interreg-grace.eu\/de\/event\/nous-quartier-libre-von-der-cie-tout-va-bien\/","url":"https:\/\/interreg-grace.eu\/de\/event\/nous-quartier-libre-von-der-cie-tout-va-bien\/","name":"Nous Quartier Libre von der Cie Tout va bien! - Projet GRACE","isPartOf":{"@id":"https:\/\/interreg-grace.eu\/de\/#website"},"primaryImageOfPage":{"@id":"https:\/\/interreg-grace.eu\/de\/event\/nous-quartier-libre-von-der-cie-tout-va-bien\/#primaryimage"},"image":{"@id":"https:\/\/interreg-grace.eu\/de\/event\/nous-quartier-libre-von-der-cie-tout-va-bien\/#primaryimage"},"thumbnailUrl":"https:\/\/interreg-grace.eu\/wp-content\/uploads\/2025\/01\/NQL-\u252c\u00aeAnnick-RIVOAL-P1568092-1536x1026-1.jpg","datePublished":"2025-01-13T15:47:51+00:00","breadcrumb":{"@id":"https:\/\/interreg-grace.eu\/de\/event\/nous-quartier-libre-von-der-cie-tout-va-bien\/#breadcrumb"},"inLanguage":"de","potentialAction":[{"@type":"ReadAction","target":["https:\/\/interreg-grace.eu\/de\/event\/nous-quartier-libre-von-der-cie-tout-va-bien\/"]}]},{"@type":"ImageObject","inLanguage":"de","@id":"https:\/\/interreg-grace.eu\/de\/event\/nous-quartier-libre-von-der-cie-tout-va-bien\/#primaryimage","url":"https:\/\/interreg-grace.eu\/wp-content\/uploads\/2025\/01\/NQL-\u252c\u00aeAnnick-RIVOAL-P1568092-1536x1026-1.jpg","contentUrl":"https:\/\/interreg-grace.eu\/wp-content\/uploads\/2025\/01\/NQL-\u252c\u00aeAnnick-RIVOAL-P1568092-1536x1026-1.jpg","width":1536,"height":1026,"caption":"Nous quartier libre\u00aeAnnick-RIVOAL"},{"@type":"BreadcrumbList","@id":"https:\/\/interreg-grace.eu\/de\/event\/nous-quartier-libre-von-der-cie-tout-va-bien\/#breadcrumb","itemListElement":[{"@type":"ListItem","position":1,"name":"Accueil","item":"https:\/\/interreg-grace.eu\/de\/"},{"@type":"ListItem","position":2,"name":"Veranstaltungen","item":"https:\/\/interreg-grace.eu\/de\/events\/"},{"@type":"ListItem","position":3,"name":"Nous Quartier Libre von der Cie Tout va bien!"}]},{"@type":"WebSite","@id":"https:\/\/interreg-grace.eu\/de\/#website","url":"https:\/\/interreg-grace.eu\/de\/","name":"Projet GRACE","description":"Greater Region Artistic and Cultural Education","publisher":{"@id":"https:\/\/interreg-grace.eu\/de\/#organization"},"potentialAction":[{"@type":"SearchAction","target":{"@type":"EntryPoint","urlTemplate":"https:\/\/interreg-grace.eu\/de\/?s={search_term_string}"},"query-input":{"@type":"PropertyValueSpecification","valueRequired":true,"valueName":"search_term_string"}}],"inLanguage":"de"},{"@type":"Organization","@id":"https:\/\/interreg-grace.eu\/de\/#organization","name":"Interreg Grace","alternateName":"Greater Region Artistic and Cultural Education","url":"https:\/\/interreg-grace.eu\/de\/","logo":{"@type":"ImageObject","inLanguage":"de","@id":"https:\/\/interreg-grace.eu\/de\/#\/schema\/logo\/image\/","url":"https:\/\/interreg-grace.eu\/wp-content\/uploads\/2024\/08\/cropped-favicon-grace.webp","contentUrl":"https:\/\/interreg-grace.eu\/wp-content\/uploads\/2024\/08\/cropped-favicon-grace.webp","width":512,"height":512,"caption":"Interreg Grace"},"image":{"@id":"https:\/\/interreg-grace.eu\/de\/#\/schema\/logo\/image\/"},"sameAs":["https:\/\/www.linkedin.com\/company\/interreg-grace\/"]}]}},"_links":{"self":[{"href":"https:\/\/interreg-grace.eu\/de\/wp-json\/wp\/v2\/tribe_events\/5709","targetHints":{"allow":["GET"]}}],"collection":[{"href":"https:\/\/interreg-grace.eu\/de\/wp-json\/wp\/v2\/tribe_events"}],"about":[{"href":"https:\/\/interreg-grace.eu\/de\/wp-json\/wp\/v2\/types\/tribe_events"}],"author":[{"embeddable":true,"href":"https:\/\/interreg-grace.eu\/de\/wp-json\/wp\/v2\/users\/3"}],"version-history":[{"count":0,"href":"https:\/\/interreg-grace.eu\/de\/wp-json\/wp\/v2\/tribe_events\/5709\/revisions"}],"wp:featuredmedia":[{"embeddable":true,"href":"https:\/\/interreg-grace.eu\/de\/wp-json\/wp\/v2\/media\/5704"}],"wp:attachment":[{"href":"https:\/\/interreg-grace.eu\/de\/wp-json\/wp\/v2\/media?parent=5709"}],"wp:term":[{"taxonomy":"post_tag","embeddable":true,"href":"https:\/\/interreg-grace.eu\/de\/wp-json\/wp\/v2\/tags?post=5709"},{"taxonomy":"tribe_events_cat","embeddable":true,"href":"https:\/\/interreg-grace.eu\/de\/wp-json\/wp\/v2\/tribe_events_cat?post=5709"}],"curies":[{"name":"wp","href":"https:\/\/api.w.org\/{rel}","templated":true}]}}