{"id":5644,"date":"2024-11-20T10:45:11","date_gmt":"2024-11-20T09:45:11","guid":{"rendered":"https:\/\/interreg-grace.eu\/event\/tapis-monde-gebietsresidenz\/"},"modified":"2024-11-20T10:45:11","modified_gmt":"2024-11-20T09:45:11","slug":"tapis-monde-gebietsresidenz","status":"publish","type":"tribe_events","link":"https:\/\/interreg-grace.eu\/de\/event\/tapis-monde-gebietsresidenz\/","title":{"rendered":"Tapis-Monde: Gebietsresidenz"},"content":{"rendered":"<p>Die K\u00fcnstlerinnen Laura Conill und Chlo\u00e9 Stenger haben neun Wochen in der n\u00f6rdlichen Maasregion verbracht, um gemeinsam mit Sch\u00fcler:innen, Kindern und den B\u00fcrger:innen mit ihrer Kunstform zu experimentieren. Aus Hunderten von H\u00e4ndepaaren ist der Tapis-Monde entstanden, ein gro\u00dfes, partizipatives Textilst\u00fcck, das dem Flussgebiet der Maas gewidmet ist. Alle Teilnehmer:innen waren eingeladen, von diesem Gew\u00e4sser, seiner Biodiversit\u00e4t, seiner Geschichte und seinen Legenden zu erz\u00e4hlen. Im Rahmen von Workshops wurden diese Erz\u00e4hlungen mit Zeichnungen ohne Bleistift illustriert. Diese Illustrationen dienten wiederum als Inspiration f\u00fcr die Gestaltung eines gro\u00dfen Patchworks aus Stoffen, die mit lokalen Pflanzen gen\u00e4ht und gef\u00e4rbt wurden, um eine f\u00fcr die Maas typische Farbpalette zu schaffen. Auf dem Tapis-Monde wurden alle Geschichten in Form einer k\u00fcnstlerischen Karte gesammelt und werden w\u00e4hrend der erz\u00e4hlten Lesungen zum Leben erweckt. Das Maison de la Nature et de la P\u00eache in Regn\u00e9ville-sur-Meuse war das Epizentrum dieser Gebietsresidenz, die sich im Herbst 2024 auf zwei Gemeindeverb\u00e4nde erstreckte: Grand Verdun und Argonne-Meuse. Das PETR des Pays de Verdun koordiniert dieses Projekt auf Vorschlag der DRAC Grand Est, mit Unterst\u00fctzung des Conseil D\u00e9partemental de la Meuse und vieler anderer Strukturen, lokaler Bildungszentren und Experten.<\/p>\n<p>&nbsp;<\/p>\n<p>Entdecken Sie Tapis-Monde, das gro\u00dfe kollektive Patchwork bei seiner Pr\u00e4sentation am <em><strong>Dienstag, den 3. Dezember 2024<\/strong><\/em>.<\/p>\n<p><strong>Wo?<\/strong> Contre-Courant MJC, 2 Place Andr\u00e9 Maginot in Belleville-sur-Meuse.<\/p>\n<p><strong>Was?<\/strong> Erz\u00e4hlte Lesungen um 17:30 und 19:00 Uhr und ein gem\u00fctlicher Umtrunk mit den K\u00fcnstlerinnen um 18:00 Uhr.<br \/>Freier Eintritt, Anmeldung erforderlich unter +33 (0) 72 61 05 86 oder contact@pays-de-verdun.fr<\/p>\n","protected":false},"excerpt":{"rendered":"<p>Die K\u00fcnstlerinnen Laura Conill und Chlo\u00e9 Stenger pr\u00e4sentieren den Tapis-Monde, ein gro\u00dfes Textilst\u00fcck, zu dem die B\u00fcrger:innen der n\u00f6rdlichen Maasregion beigetragen haben.<br \/>\nTreffen zu erz\u00e4hlten Lesungen rund um das Werk und zu einem gem\u00fctlichen Umtrunk mit den K\u00fcnstlerinnen. <\/p>\n","protected":false},"author":2,"featured_media":5624,"template":"","meta":{"_acf_changed":false,"_tribe_events_status":"","_tribe_events_status_reason":"","footnotes":""},"tags":[110],"tribe_events_cat":[97,136,113],"class_list":["post-5644","tribe_events","type-tribe_events","status-publish","has-post-thumbnail","hentry","tag-erbe","tribe_events_cat-tout-public-de","tribe_events_cat-eroffnungsfeier","tribe_events_cat-frankreich","cat_tout-public-de","cat_eroffnungsfeier","cat_frankreich"],"acf":[],"yoast_head":"<!-- This site is optimized with the Yoast SEO Premium plugin v24.7 (Yoast SEO v27.3) - https:\/\/yoast.com\/product\/yoast-seo-premium-wordpress\/ -->\n<title>Tapis-Monde: Gebietsresidenz - Projet GRACE<\/title>\n<meta name=\"description\" content=\"Laura Conill und Chlo\u00e9 Stenger pr\u00e4sentieren den Tapis-Monde, ein Textilst\u00fcck, das sie gemeinsam mit den B\u00fcrger:innen der n\u00f6rdlichen Maasregion geschaffen haben, um \u00fcber ihre Region zu erz\u00e4hlen.\" \/>\n<meta name=\"robots\" content=\"index, follow, max-snippet:-1, max-image-preview:large, max-video-preview:-1\" \/>\n<link rel=\"canonical\" href=\"https:\/\/interreg-grace.eu\/de\/event\/tapis-monde-gebietsresidenz\/\" \/>\n<meta property=\"og:locale\" content=\"de_DE\" \/>\n<meta property=\"og:type\" content=\"article\" \/>\n<meta property=\"og:title\" content=\"Tapis-Monde: Gebietsresidenz\" \/>\n<meta property=\"og:description\" content=\"Laura Conill und Chlo\u00e9 Stenger pr\u00e4sentieren den Tapis-Monde, ein Textilst\u00fcck, das sie gemeinsam mit den B\u00fcrger:innen der n\u00f6rdlichen Maasregion geschaffen haben, um \u00fcber ihre Region zu erz\u00e4hlen.\" \/>\n<meta property=\"og:url\" content=\"https:\/\/interreg-grace.eu\/de\/event\/tapis-monde-gebietsresidenz\/\" \/>\n<meta property=\"og:site_name\" content=\"Projet GRACE\" \/>\n<meta property=\"og:image\" content=\"https:\/\/interreg-grace.eu\/wp-content\/uploads\/2024\/11\/Capture-decran-123.png\" \/>\n\t<meta property=\"og:image:width\" content=\"1051\" \/>\n\t<meta property=\"og:image:height\" content=\"716\" \/>\n\t<meta property=\"og:image:type\" content=\"image\/png\" \/>\n<meta name=\"twitter:card\" content=\"summary_large_image\" \/>\n<meta name=\"twitter:label1\" content=\"Gesch\u00e4tzte Lesezeit\" \/>\n\t<meta name=\"twitter:data1\" content=\"1\u00a0Minute\" \/>\n<script type=\"application\/ld+json\" class=\"yoast-schema-graph\">{\"@context\":\"https:\\\/\\\/schema.org\",\"@graph\":[{\"@type\":\"WebPage\",\"@id\":\"https:\\\/\\\/interreg-grace.eu\\\/de\\\/event\\\/tapis-monde-gebietsresidenz\\\/\",\"url\":\"https:\\\/\\\/interreg-grace.eu\\\/de\\\/event\\\/tapis-monde-gebietsresidenz\\\/\",\"name\":\"Tapis-Monde: Gebietsresidenz - Projet GRACE\",\"isPartOf\":{\"@id\":\"https:\\\/\\\/interreg-grace.eu\\\/de\\\/#website\"},\"primaryImageOfPage\":{\"@id\":\"https:\\\/\\\/interreg-grace.eu\\\/de\\\/event\\\/tapis-monde-gebietsresidenz\\\/#primaryimage\"},\"image\":{\"@id\":\"https:\\\/\\\/interreg-grace.eu\\\/de\\\/event\\\/tapis-monde-gebietsresidenz\\\/#primaryimage\"},\"thumbnailUrl\":\"https:\\\/\\\/interreg-grace.eu\\\/wp-content\\\/uploads\\\/2024\\\/11\\\/Capture-decran-123.png\",\"datePublished\":\"2024-11-20T09:45:11+00:00\",\"description\":\"Laura Conill und Chlo\u00e9 Stenger pr\u00e4sentieren den Tapis-Monde, ein Textilst\u00fcck, das sie gemeinsam mit den B\u00fcrger:innen der n\u00f6rdlichen Maasregion geschaffen haben, um \u00fcber ihre Region zu erz\u00e4hlen.\",\"breadcrumb\":{\"@id\":\"https:\\\/\\\/interreg-grace.eu\\\/de\\\/event\\\/tapis-monde-gebietsresidenz\\\/#breadcrumb\"},\"inLanguage\":\"de\",\"potentialAction\":[{\"@type\":\"ReadAction\",\"target\":[\"https:\\\/\\\/interreg-grace.eu\\\/de\\\/event\\\/tapis-monde-gebietsresidenz\\\/\"]}]},{\"@type\":\"ImageObject\",\"inLanguage\":\"de\",\"@id\":\"https:\\\/\\\/interreg-grace.eu\\\/de\\\/event\\\/tapis-monde-gebietsresidenz\\\/#primaryimage\",\"url\":\"https:\\\/\\\/interreg-grace.eu\\\/wp-content\\\/uploads\\\/2024\\\/11\\\/Capture-decran-123.png\",\"contentUrl\":\"https:\\\/\\\/interreg-grace.eu\\\/wp-content\\\/uploads\\\/2024\\\/11\\\/Capture-decran-123.png\",\"width\":1051,\"height\":716,\"caption\":\"Tapis-Monde\"},{\"@type\":\"BreadcrumbList\",\"@id\":\"https:\\\/\\\/interreg-grace.eu\\\/de\\\/event\\\/tapis-monde-gebietsresidenz\\\/#breadcrumb\",\"itemListElement\":[{\"@type\":\"ListItem\",\"position\":1,\"name\":\"Accueil\",\"item\":\"https:\\\/\\\/interreg-grace.eu\\\/de\\\/\"},{\"@type\":\"ListItem\",\"position\":2,\"name\":\"Veranstaltungen\",\"item\":\"https:\\\/\\\/interreg-grace.eu\\\/de\\\/events\\\/\"},{\"@type\":\"ListItem\",\"position\":3,\"name\":\"Tapis-Monde: Gebietsresidenz\"}]},{\"@type\":\"WebSite\",\"@id\":\"https:\\\/\\\/interreg-grace.eu\\\/de\\\/#website\",\"url\":\"https:\\\/\\\/interreg-grace.eu\\\/de\\\/\",\"name\":\"Projet GRACE\",\"description\":\"Greater Region Artistic and Cultural Education\",\"publisher\":{\"@id\":\"https:\\\/\\\/interreg-grace.eu\\\/de\\\/#organization\"},\"potentialAction\":[{\"@type\":\"SearchAction\",\"target\":{\"@type\":\"EntryPoint\",\"urlTemplate\":\"https:\\\/\\\/interreg-grace.eu\\\/de\\\/?s={search_term_string}\"},\"query-input\":{\"@type\":\"PropertyValueSpecification\",\"valueRequired\":true,\"valueName\":\"search_term_string\"}}],\"inLanguage\":\"de\"},{\"@type\":\"Organization\",\"@id\":\"https:\\\/\\\/interreg-grace.eu\\\/de\\\/#organization\",\"name\":\"Interreg Grace\",\"alternateName\":\"Greater Region Artistic and Cultural Education\",\"url\":\"https:\\\/\\\/interreg-grace.eu\\\/de\\\/\",\"logo\":{\"@type\":\"ImageObject\",\"inLanguage\":\"de\",\"@id\":\"https:\\\/\\\/interreg-grace.eu\\\/de\\\/#\\\/schema\\\/logo\\\/image\\\/\",\"url\":\"https:\\\/\\\/interreg-grace.eu\\\/wp-content\\\/uploads\\\/2024\\\/08\\\/cropped-favicon-grace.webp\",\"contentUrl\":\"https:\\\/\\\/interreg-grace.eu\\\/wp-content\\\/uploads\\\/2024\\\/08\\\/cropped-favicon-grace.webp\",\"width\":512,\"height\":512,\"caption\":\"Interreg Grace\"},\"image\":{\"@id\":\"https:\\\/\\\/interreg-grace.eu\\\/de\\\/#\\\/schema\\\/logo\\\/image\\\/\"},\"sameAs\":[\"https:\\\/\\\/www.linkedin.com\\\/company\\\/interreg-grace\\\/\"]}]}<\/script>\n<!-- \/ Yoast SEO Premium plugin. -->","yoast_head_json":{"title":"Tapis-Monde: Gebietsresidenz - Projet GRACE","description":"Laura Conill und Chlo\u00e9 Stenger pr\u00e4sentieren den Tapis-Monde, ein Textilst\u00fcck, das sie gemeinsam mit den B\u00fcrger:innen der n\u00f6rdlichen Maasregion geschaffen haben, um \u00fcber ihre Region zu erz\u00e4hlen.","robots":{"index":"index","follow":"follow","max-snippet":"max-snippet:-1","max-image-preview":"max-image-preview:large","max-video-preview":"max-video-preview:-1"},"canonical":"https:\/\/interreg-grace.eu\/de\/event\/tapis-monde-gebietsresidenz\/","og_locale":"de_DE","og_type":"article","og_title":"Tapis-Monde: Gebietsresidenz","og_description":"Laura Conill und Chlo\u00e9 Stenger pr\u00e4sentieren den Tapis-Monde, ein Textilst\u00fcck, das sie gemeinsam mit den B\u00fcrger:innen der n\u00f6rdlichen Maasregion geschaffen haben, um \u00fcber ihre Region zu erz\u00e4hlen.","og_url":"https:\/\/interreg-grace.eu\/de\/event\/tapis-monde-gebietsresidenz\/","og_site_name":"Projet GRACE","og_image":[{"width":1051,"height":716,"url":"https:\/\/interreg-grace.eu\/wp-content\/uploads\/2024\/11\/Capture-decran-123.png","type":"image\/png"}],"twitter_card":"summary_large_image","twitter_misc":{"Gesch\u00e4tzte Lesezeit":"1\u00a0Minute"},"schema":{"@context":"https:\/\/schema.org","@graph":[{"@type":"WebPage","@id":"https:\/\/interreg-grace.eu\/de\/event\/tapis-monde-gebietsresidenz\/","url":"https:\/\/interreg-grace.eu\/de\/event\/tapis-monde-gebietsresidenz\/","name":"Tapis-Monde: Gebietsresidenz - Projet GRACE","isPartOf":{"@id":"https:\/\/interreg-grace.eu\/de\/#website"},"primaryImageOfPage":{"@id":"https:\/\/interreg-grace.eu\/de\/event\/tapis-monde-gebietsresidenz\/#primaryimage"},"image":{"@id":"https:\/\/interreg-grace.eu\/de\/event\/tapis-monde-gebietsresidenz\/#primaryimage"},"thumbnailUrl":"https:\/\/interreg-grace.eu\/wp-content\/uploads\/2024\/11\/Capture-decran-123.png","datePublished":"2024-11-20T09:45:11+00:00","description":"Laura Conill und Chlo\u00e9 Stenger pr\u00e4sentieren den Tapis-Monde, ein Textilst\u00fcck, das sie gemeinsam mit den B\u00fcrger:innen der n\u00f6rdlichen Maasregion geschaffen haben, um \u00fcber ihre Region zu erz\u00e4hlen.","breadcrumb":{"@id":"https:\/\/interreg-grace.eu\/de\/event\/tapis-monde-gebietsresidenz\/#breadcrumb"},"inLanguage":"de","potentialAction":[{"@type":"ReadAction","target":["https:\/\/interreg-grace.eu\/de\/event\/tapis-monde-gebietsresidenz\/"]}]},{"@type":"ImageObject","inLanguage":"de","@id":"https:\/\/interreg-grace.eu\/de\/event\/tapis-monde-gebietsresidenz\/#primaryimage","url":"https:\/\/interreg-grace.eu\/wp-content\/uploads\/2024\/11\/Capture-decran-123.png","contentUrl":"https:\/\/interreg-grace.eu\/wp-content\/uploads\/2024\/11\/Capture-decran-123.png","width":1051,"height":716,"caption":"Tapis-Monde"},{"@type":"BreadcrumbList","@id":"https:\/\/interreg-grace.eu\/de\/event\/tapis-monde-gebietsresidenz\/#breadcrumb","itemListElement":[{"@type":"ListItem","position":1,"name":"Accueil","item":"https:\/\/interreg-grace.eu\/de\/"},{"@type":"ListItem","position":2,"name":"Veranstaltungen","item":"https:\/\/interreg-grace.eu\/de\/events\/"},{"@type":"ListItem","position":3,"name":"Tapis-Monde: Gebietsresidenz"}]},{"@type":"WebSite","@id":"https:\/\/interreg-grace.eu\/de\/#website","url":"https:\/\/interreg-grace.eu\/de\/","name":"Projet GRACE","description":"Greater Region Artistic and Cultural Education","publisher":{"@id":"https:\/\/interreg-grace.eu\/de\/#organization"},"potentialAction":[{"@type":"SearchAction","target":{"@type":"EntryPoint","urlTemplate":"https:\/\/interreg-grace.eu\/de\/?s={search_term_string}"},"query-input":{"@type":"PropertyValueSpecification","valueRequired":true,"valueName":"search_term_string"}}],"inLanguage":"de"},{"@type":"Organization","@id":"https:\/\/interreg-grace.eu\/de\/#organization","name":"Interreg Grace","alternateName":"Greater Region Artistic and Cultural Education","url":"https:\/\/interreg-grace.eu\/de\/","logo":{"@type":"ImageObject","inLanguage":"de","@id":"https:\/\/interreg-grace.eu\/de\/#\/schema\/logo\/image\/","url":"https:\/\/interreg-grace.eu\/wp-content\/uploads\/2024\/08\/cropped-favicon-grace.webp","contentUrl":"https:\/\/interreg-grace.eu\/wp-content\/uploads\/2024\/08\/cropped-favicon-grace.webp","width":512,"height":512,"caption":"Interreg Grace"},"image":{"@id":"https:\/\/interreg-grace.eu\/de\/#\/schema\/logo\/image\/"},"sameAs":["https:\/\/www.linkedin.com\/company\/interreg-grace\/"]}]}},"_links":{"self":[{"href":"https:\/\/interreg-grace.eu\/de\/wp-json\/wp\/v2\/tribe_events\/5644","targetHints":{"allow":["GET"]}}],"collection":[{"href":"https:\/\/interreg-grace.eu\/de\/wp-json\/wp\/v2\/tribe_events"}],"about":[{"href":"https:\/\/interreg-grace.eu\/de\/wp-json\/wp\/v2\/types\/tribe_events"}],"author":[{"embeddable":true,"href":"https:\/\/interreg-grace.eu\/de\/wp-json\/wp\/v2\/users\/2"}],"version-history":[{"count":0,"href":"https:\/\/interreg-grace.eu\/de\/wp-json\/wp\/v2\/tribe_events\/5644\/revisions"}],"wp:featuredmedia":[{"embeddable":true,"href":"https:\/\/interreg-grace.eu\/de\/wp-json\/wp\/v2\/media\/5624"}],"wp:attachment":[{"href":"https:\/\/interreg-grace.eu\/de\/wp-json\/wp\/v2\/media?parent=5644"}],"wp:term":[{"taxonomy":"post_tag","embeddable":true,"href":"https:\/\/interreg-grace.eu\/de\/wp-json\/wp\/v2\/tags?post=5644"},{"taxonomy":"tribe_events_cat","embeddable":true,"href":"https:\/\/interreg-grace.eu\/de\/wp-json\/wp\/v2\/tribe_events_cat?post=5644"}],"curies":[{"name":"wp","href":"https:\/\/api.w.org\/{rel}","templated":true}]}}