{"id":5540,"date":"2024-11-05T10:33:08","date_gmt":"2024-11-05T09:33:08","guid":{"rendered":"https:\/\/interreg-grace.eu\/event\/atelier-zigzag-1-choregraphie-vocale-vokalchoreographie-von-alvie-bitemo\/"},"modified":"2024-11-05T10:33:08","modified_gmt":"2024-11-05T09:33:08","slug":"atelier-zigzag-1-choregraphie-vocale-vokalchoreographie-von-alvie-bitemo","status":"publish","type":"tribe_events","link":"https:\/\/interreg-grace.eu\/de\/event\/atelier-zigzag-1-choregraphie-vocale-vokalchoreographie-von-alvie-bitemo\/","title":{"rendered":"Atelier ZIGZAG #1: Chor\u00e9graphie vocale (Vokalchoreographie) von Alvie Bitemo"},"content":{"rendered":"<p>Passages Transfestival entwickelt dieses Jahr eine neue, monatliche und mobile Veranstaltung in Form von transdisziplin\u00e4ren &amp; inklusiven Workshops: ZIGZAG. Die kongolesische K\u00fcnstlerin Alvie Bitemo, S\u00e4ngerin, Schauspielerin und Musikerin, die regelm\u00e4\u00dfig Gast des Transfestivals ist, er\u00f6ffnet die Workshops ZIGZAG! Durch gemeinsame \u00dcbungen, die auf Atemarbeit und Textausz\u00fcgen basieren, f\u00fchrt uns Alvie zur Komposition eines Chors. Sie bietet einen Workshop an, der sich auf Improvisation, Atmung und das Erstellen eines Chors konzentriert. Wie k\u00f6nnen wir alle gemeinsam etwas schaffen? Wie wird man eins mit dem Atem des anderen? Wie f\u00fchrt die stimmliche Improvisation einer Person dazu, dass wir einen Chor erschaffen? Singen k\u00f6nnen oder nicht k\u00f6nnen ist hier nicht die Frage: Es ist das Zuh\u00f6ren des anderen und die Art und Weise, wie wir uns aufeinander einstimmen k\u00f6nnen, die im Mittelpunkt des Experiments stehen wird, und das in der au\u00dfergew\u00f6hnlichen akustischen Umgebung des gro\u00dfen Saals des Arsenals. <a href=\"https:\/\/passages-transfestival.mapado.com\/event\/453003-choregraphie-vocale-par-alvie-bitemo\" target=\"_blank\" rel=\"noopener\">Informationen und Buchung auf der Website von Passages<\/a><\/p>\n","protected":false},"excerpt":{"rendered":"<p>Durch gemeinsame \u00dcbungen, die auf Atemarbeit und Textausz\u00fcgen basieren, f\u00fchrt uns die kongolesische K\u00fcnstlerin Alvie Bitemo zur Komposition eines Chors. Singen k\u00f6nnen oder nicht k\u00f6nnen ist hier nicht die Frage: Es ist das Zuh\u00f6ren des anderen und die Art und Weise, wie wir uns einstimmen k\u00f6nnen, die im Zentrum des Experimentierens stehen wird. <\/p>\n","protected":false},"author":3,"featured_media":5523,"template":"","meta":{"_acf_changed":false,"_tribe_events_status":"","_tribe_events_status_reason":"","footnotes":""},"tags":[101],"tribe_events_cat":[97,113,122,124],"class_list":["post-5540","tribe_events","type-tribe_events","status-publish","has-post-thumbnail","hentry","tag-darstellende-kunst","tribe_events_cat-tout-public-de","tribe_events_cat-frankreich","tribe_events_cat-lebende-auffuhrung","tribe_events_cat-werkstatt","cat_tout-public-de","cat_frankreich","cat_lebende-auffuhrung","cat_werkstatt"],"acf":[],"yoast_head":"<!-- This site is optimized with the Yoast SEO Premium plugin v24.7 (Yoast SEO v27.3) - https:\/\/yoast.com\/product\/yoast-seo-premium-wordpress\/ -->\n<title>Atelier ZIGZAG #1: Chor\u00e9graphie vocale (Vokalchoreographie) von Alvie Bitemo - Projet GRACE<\/title>\n<meta name=\"robots\" content=\"index, follow, max-snippet:-1, max-image-preview:large, max-video-preview:-1\" \/>\n<link rel=\"canonical\" href=\"https:\/\/interreg-grace.eu\/de\/event\/atelier-zigzag-1-choregraphie-vocale-vokalchoreographie-von-alvie-bitemo\/\" \/>\n<meta property=\"og:locale\" content=\"de_DE\" \/>\n<meta property=\"og:type\" content=\"article\" \/>\n<meta property=\"og:title\" content=\"Atelier ZIGZAG #1: Chor\u00e9graphie vocale (Vokalchoreographie) von Alvie Bitemo\" \/>\n<meta property=\"og:description\" content=\"Durch gemeinsame \u00dcbungen, die auf Atemarbeit und Textausz\u00fcgen basieren, f\u00fchrt uns die kongolesische K\u00fcnstlerin Alvie Bitemo zur Komposition eines Chors. Singen k\u00f6nnen oder nicht k\u00f6nnen ist hier nicht die Frage: Es ist das Zuh\u00f6ren des anderen und die Art und Weise, wie wir uns einstimmen k\u00f6nnen, die im Zentrum des Experimentierens stehen wird.\" \/>\n<meta property=\"og:url\" content=\"https:\/\/interreg-grace.eu\/de\/event\/atelier-zigzag-1-choregraphie-vocale-vokalchoreographie-von-alvie-bitemo\/\" \/>\n<meta property=\"og:site_name\" content=\"Projet GRACE\" \/>\n<meta property=\"og:image\" content=\"https:\/\/interreg-grace.eu\/wp-content\/uploads\/2024\/11\/Atelier-ZIGZAG-1-Choregraphie-vocale.jpeg\" \/>\n\t<meta property=\"og:image:width\" content=\"705\" \/>\n\t<meta property=\"og:image:height\" content=\"468\" \/>\n\t<meta property=\"og:image:type\" content=\"image\/jpeg\" \/>\n<meta name=\"twitter:card\" content=\"summary_large_image\" \/>\n<meta name=\"twitter:label1\" content=\"Gesch\u00e4tzte Lesezeit\" \/>\n\t<meta name=\"twitter:data1\" content=\"1\u00a0Minute\" \/>\n<script type=\"application\/ld+json\" class=\"yoast-schema-graph\">{\"@context\":\"https:\\\/\\\/schema.org\",\"@graph\":[{\"@type\":\"WebPage\",\"@id\":\"https:\\\/\\\/interreg-grace.eu\\\/de\\\/event\\\/atelier-zigzag-1-choregraphie-vocale-vokalchoreographie-von-alvie-bitemo\\\/\",\"url\":\"https:\\\/\\\/interreg-grace.eu\\\/de\\\/event\\\/atelier-zigzag-1-choregraphie-vocale-vokalchoreographie-von-alvie-bitemo\\\/\",\"name\":\"Atelier ZIGZAG #1: Chor\u00e9graphie vocale (Vokalchoreographie) von Alvie Bitemo - Projet GRACE\",\"isPartOf\":{\"@id\":\"https:\\\/\\\/interreg-grace.eu\\\/de\\\/#website\"},\"primaryImageOfPage\":{\"@id\":\"https:\\\/\\\/interreg-grace.eu\\\/de\\\/event\\\/atelier-zigzag-1-choregraphie-vocale-vokalchoreographie-von-alvie-bitemo\\\/#primaryimage\"},\"image\":{\"@id\":\"https:\\\/\\\/interreg-grace.eu\\\/de\\\/event\\\/atelier-zigzag-1-choregraphie-vocale-vokalchoreographie-von-alvie-bitemo\\\/#primaryimage\"},\"thumbnailUrl\":\"https:\\\/\\\/interreg-grace.eu\\\/wp-content\\\/uploads\\\/2024\\\/11\\\/Atelier-ZIGZAG-1-Choregraphie-vocale.jpeg\",\"datePublished\":\"2024-11-05T09:33:08+00:00\",\"breadcrumb\":{\"@id\":\"https:\\\/\\\/interreg-grace.eu\\\/de\\\/event\\\/atelier-zigzag-1-choregraphie-vocale-vokalchoreographie-von-alvie-bitemo\\\/#breadcrumb\"},\"inLanguage\":\"de\",\"potentialAction\":[{\"@type\":\"ReadAction\",\"target\":[\"https:\\\/\\\/interreg-grace.eu\\\/de\\\/event\\\/atelier-zigzag-1-choregraphie-vocale-vokalchoreographie-von-alvie-bitemo\\\/\"]}]},{\"@type\":\"ImageObject\",\"inLanguage\":\"de\",\"@id\":\"https:\\\/\\\/interreg-grace.eu\\\/de\\\/event\\\/atelier-zigzag-1-choregraphie-vocale-vokalchoreographie-von-alvie-bitemo\\\/#primaryimage\",\"url\":\"https:\\\/\\\/interreg-grace.eu\\\/wp-content\\\/uploads\\\/2024\\\/11\\\/Atelier-ZIGZAG-1-Choregraphie-vocale.jpeg\",\"contentUrl\":\"https:\\\/\\\/interreg-grace.eu\\\/wp-content\\\/uploads\\\/2024\\\/11\\\/Atelier-ZIGZAG-1-Choregraphie-vocale.jpeg\",\"width\":705,\"height\":468,\"caption\":\"Atelier ZIGZAG #1 - Chor\u00e9graphie vocale par Alvie Bitemo\"},{\"@type\":\"BreadcrumbList\",\"@id\":\"https:\\\/\\\/interreg-grace.eu\\\/de\\\/event\\\/atelier-zigzag-1-choregraphie-vocale-vokalchoreographie-von-alvie-bitemo\\\/#breadcrumb\",\"itemListElement\":[{\"@type\":\"ListItem\",\"position\":1,\"name\":\"Accueil\",\"item\":\"https:\\\/\\\/interreg-grace.eu\\\/de\\\/\"},{\"@type\":\"ListItem\",\"position\":2,\"name\":\"Veranstaltungen\",\"item\":\"https:\\\/\\\/interreg-grace.eu\\\/de\\\/events\\\/\"},{\"@type\":\"ListItem\",\"position\":3,\"name\":\"Atelier ZIGZAG #1: Chor\u00e9graphie vocale (Vokalchoreographie) von Alvie Bitemo\"}]},{\"@type\":\"WebSite\",\"@id\":\"https:\\\/\\\/interreg-grace.eu\\\/de\\\/#website\",\"url\":\"https:\\\/\\\/interreg-grace.eu\\\/de\\\/\",\"name\":\"Projet GRACE\",\"description\":\"Greater Region Artistic and Cultural Education\",\"publisher\":{\"@id\":\"https:\\\/\\\/interreg-grace.eu\\\/de\\\/#organization\"},\"potentialAction\":[{\"@type\":\"SearchAction\",\"target\":{\"@type\":\"EntryPoint\",\"urlTemplate\":\"https:\\\/\\\/interreg-grace.eu\\\/de\\\/?s={search_term_string}\"},\"query-input\":{\"@type\":\"PropertyValueSpecification\",\"valueRequired\":true,\"valueName\":\"search_term_string\"}}],\"inLanguage\":\"de\"},{\"@type\":\"Organization\",\"@id\":\"https:\\\/\\\/interreg-grace.eu\\\/de\\\/#organization\",\"name\":\"Interreg Grace\",\"alternateName\":\"Greater Region Artistic and Cultural Education\",\"url\":\"https:\\\/\\\/interreg-grace.eu\\\/de\\\/\",\"logo\":{\"@type\":\"ImageObject\",\"inLanguage\":\"de\",\"@id\":\"https:\\\/\\\/interreg-grace.eu\\\/de\\\/#\\\/schema\\\/logo\\\/image\\\/\",\"url\":\"https:\\\/\\\/interreg-grace.eu\\\/wp-content\\\/uploads\\\/2024\\\/08\\\/cropped-favicon-grace.webp\",\"contentUrl\":\"https:\\\/\\\/interreg-grace.eu\\\/wp-content\\\/uploads\\\/2024\\\/08\\\/cropped-favicon-grace.webp\",\"width\":512,\"height\":512,\"caption\":\"Interreg Grace\"},\"image\":{\"@id\":\"https:\\\/\\\/interreg-grace.eu\\\/de\\\/#\\\/schema\\\/logo\\\/image\\\/\"},\"sameAs\":[\"https:\\\/\\\/www.linkedin.com\\\/company\\\/interreg-grace\\\/\"]}]}<\/script>\n<!-- \/ Yoast SEO Premium plugin. -->","yoast_head_json":{"title":"Atelier ZIGZAG #1: Chor\u00e9graphie vocale (Vokalchoreographie) von Alvie Bitemo - Projet GRACE","robots":{"index":"index","follow":"follow","max-snippet":"max-snippet:-1","max-image-preview":"max-image-preview:large","max-video-preview":"max-video-preview:-1"},"canonical":"https:\/\/interreg-grace.eu\/de\/event\/atelier-zigzag-1-choregraphie-vocale-vokalchoreographie-von-alvie-bitemo\/","og_locale":"de_DE","og_type":"article","og_title":"Atelier ZIGZAG #1: Chor\u00e9graphie vocale (Vokalchoreographie) von Alvie Bitemo","og_description":"Durch gemeinsame \u00dcbungen, die auf Atemarbeit und Textausz\u00fcgen basieren, f\u00fchrt uns die kongolesische K\u00fcnstlerin Alvie Bitemo zur Komposition eines Chors. Singen k\u00f6nnen oder nicht k\u00f6nnen ist hier nicht die Frage: Es ist das Zuh\u00f6ren des anderen und die Art und Weise, wie wir uns einstimmen k\u00f6nnen, die im Zentrum des Experimentierens stehen wird.","og_url":"https:\/\/interreg-grace.eu\/de\/event\/atelier-zigzag-1-choregraphie-vocale-vokalchoreographie-von-alvie-bitemo\/","og_site_name":"Projet GRACE","og_image":[{"width":705,"height":468,"url":"https:\/\/interreg-grace.eu\/wp-content\/uploads\/2024\/11\/Atelier-ZIGZAG-1-Choregraphie-vocale.jpeg","type":"image\/jpeg"}],"twitter_card":"summary_large_image","twitter_misc":{"Gesch\u00e4tzte Lesezeit":"1\u00a0Minute"},"schema":{"@context":"https:\/\/schema.org","@graph":[{"@type":"WebPage","@id":"https:\/\/interreg-grace.eu\/de\/event\/atelier-zigzag-1-choregraphie-vocale-vokalchoreographie-von-alvie-bitemo\/","url":"https:\/\/interreg-grace.eu\/de\/event\/atelier-zigzag-1-choregraphie-vocale-vokalchoreographie-von-alvie-bitemo\/","name":"Atelier ZIGZAG #1: Chor\u00e9graphie vocale (Vokalchoreographie) von Alvie Bitemo - Projet GRACE","isPartOf":{"@id":"https:\/\/interreg-grace.eu\/de\/#website"},"primaryImageOfPage":{"@id":"https:\/\/interreg-grace.eu\/de\/event\/atelier-zigzag-1-choregraphie-vocale-vokalchoreographie-von-alvie-bitemo\/#primaryimage"},"image":{"@id":"https:\/\/interreg-grace.eu\/de\/event\/atelier-zigzag-1-choregraphie-vocale-vokalchoreographie-von-alvie-bitemo\/#primaryimage"},"thumbnailUrl":"https:\/\/interreg-grace.eu\/wp-content\/uploads\/2024\/11\/Atelier-ZIGZAG-1-Choregraphie-vocale.jpeg","datePublished":"2024-11-05T09:33:08+00:00","breadcrumb":{"@id":"https:\/\/interreg-grace.eu\/de\/event\/atelier-zigzag-1-choregraphie-vocale-vokalchoreographie-von-alvie-bitemo\/#breadcrumb"},"inLanguage":"de","potentialAction":[{"@type":"ReadAction","target":["https:\/\/interreg-grace.eu\/de\/event\/atelier-zigzag-1-choregraphie-vocale-vokalchoreographie-von-alvie-bitemo\/"]}]},{"@type":"ImageObject","inLanguage":"de","@id":"https:\/\/interreg-grace.eu\/de\/event\/atelier-zigzag-1-choregraphie-vocale-vokalchoreographie-von-alvie-bitemo\/#primaryimage","url":"https:\/\/interreg-grace.eu\/wp-content\/uploads\/2024\/11\/Atelier-ZIGZAG-1-Choregraphie-vocale.jpeg","contentUrl":"https:\/\/interreg-grace.eu\/wp-content\/uploads\/2024\/11\/Atelier-ZIGZAG-1-Choregraphie-vocale.jpeg","width":705,"height":468,"caption":"Atelier ZIGZAG #1 - Chor\u00e9graphie vocale par Alvie Bitemo"},{"@type":"BreadcrumbList","@id":"https:\/\/interreg-grace.eu\/de\/event\/atelier-zigzag-1-choregraphie-vocale-vokalchoreographie-von-alvie-bitemo\/#breadcrumb","itemListElement":[{"@type":"ListItem","position":1,"name":"Accueil","item":"https:\/\/interreg-grace.eu\/de\/"},{"@type":"ListItem","position":2,"name":"Veranstaltungen","item":"https:\/\/interreg-grace.eu\/de\/events\/"},{"@type":"ListItem","position":3,"name":"Atelier ZIGZAG #1: Chor\u00e9graphie vocale (Vokalchoreographie) von Alvie Bitemo"}]},{"@type":"WebSite","@id":"https:\/\/interreg-grace.eu\/de\/#website","url":"https:\/\/interreg-grace.eu\/de\/","name":"Projet GRACE","description":"Greater Region Artistic and Cultural Education","publisher":{"@id":"https:\/\/interreg-grace.eu\/de\/#organization"},"potentialAction":[{"@type":"SearchAction","target":{"@type":"EntryPoint","urlTemplate":"https:\/\/interreg-grace.eu\/de\/?s={search_term_string}"},"query-input":{"@type":"PropertyValueSpecification","valueRequired":true,"valueName":"search_term_string"}}],"inLanguage":"de"},{"@type":"Organization","@id":"https:\/\/interreg-grace.eu\/de\/#organization","name":"Interreg Grace","alternateName":"Greater Region Artistic and Cultural Education","url":"https:\/\/interreg-grace.eu\/de\/","logo":{"@type":"ImageObject","inLanguage":"de","@id":"https:\/\/interreg-grace.eu\/de\/#\/schema\/logo\/image\/","url":"https:\/\/interreg-grace.eu\/wp-content\/uploads\/2024\/08\/cropped-favicon-grace.webp","contentUrl":"https:\/\/interreg-grace.eu\/wp-content\/uploads\/2024\/08\/cropped-favicon-grace.webp","width":512,"height":512,"caption":"Interreg Grace"},"image":{"@id":"https:\/\/interreg-grace.eu\/de\/#\/schema\/logo\/image\/"},"sameAs":["https:\/\/www.linkedin.com\/company\/interreg-grace\/"]}]}},"_links":{"self":[{"href":"https:\/\/interreg-grace.eu\/de\/wp-json\/wp\/v2\/tribe_events\/5540","targetHints":{"allow":["GET"]}}],"collection":[{"href":"https:\/\/interreg-grace.eu\/de\/wp-json\/wp\/v2\/tribe_events"}],"about":[{"href":"https:\/\/interreg-grace.eu\/de\/wp-json\/wp\/v2\/types\/tribe_events"}],"author":[{"embeddable":true,"href":"https:\/\/interreg-grace.eu\/de\/wp-json\/wp\/v2\/users\/3"}],"version-history":[{"count":0,"href":"https:\/\/interreg-grace.eu\/de\/wp-json\/wp\/v2\/tribe_events\/5540\/revisions"}],"wp:featuredmedia":[{"embeddable":true,"href":"https:\/\/interreg-grace.eu\/de\/wp-json\/wp\/v2\/media\/5523"}],"wp:attachment":[{"href":"https:\/\/interreg-grace.eu\/de\/wp-json\/wp\/v2\/media?parent=5540"}],"wp:term":[{"taxonomy":"post_tag","embeddable":true,"href":"https:\/\/interreg-grace.eu\/de\/wp-json\/wp\/v2\/tags?post=5540"},{"taxonomy":"tribe_events_cat","embeddable":true,"href":"https:\/\/interreg-grace.eu\/de\/wp-json\/wp\/v2\/tribe_events_cat?post=5540"}],"curies":[{"name":"wp","href":"https:\/\/api.w.org\/{rel}","templated":true}]}}