{"id":5494,"date":"2024-09-30T12:17:22","date_gmt":"2024-09-30T10:17:22","guid":{"rendered":"https:\/\/interreg-grace.eu\/event\/bam-festival-in-luettich\/"},"modified":"2024-09-30T12:17:22","modified_gmt":"2024-09-30T10:17:22","slug":"bam-festival-in-luettich","status":"publish","type":"tribe_events","link":"https:\/\/interreg-grace.eu\/de\/event\/bam-festival-in-luettich\/","title":{"rendered":"BAM-Festival in L\u00fcttich"},"content":{"rendered":"<p>Die ULi\u00e8ge arbeitet mit dem internationalen Festival f\u00fcr digitale Kunst in L\u00fcttich &#8211; dem <a href=\"https:\/\/bamfest.be\/\" target=\"_blank\" rel=\"noopener\">Bam Festival<\/a> &#8211; zusammen, das am 1., 2. und 3. November dieses Jahres stattfindet, um neuartige Kunstbildungsma\u00dfnahmen anzubieten:<\/p>\n<ul>\n<li>Ein Moment der Vermittlung zwischen Kunst und Wissenschaft rund um das Werk \u201eoh Lord\u201c von Guillaume Marmin (eingeladen zu Constellation in Metz und zum BAM Festival in L\u00fcttich). Austausch zwischen dem K\u00fcnstler, einer Astrophysikerin und einer Wissenschaftsphilosophin&#8230; das verspricht unerwartete Wendungen im Laufe dieser Diskussion, die am 30. Oktober um 18 Uhr stattfindet. <\/li>\n<li>1 zweit\u00e4giger Workshop zur Einf\u00fchrung in TouchDesigner, einer Software zur grafischen Gestaltung von 3D-Visualisierungen in Echtzeit (60fps), die f\u00fcr audiovisuelle Performances (Animationen, die auf Kl\u00e4nge reagieren), interaktive (\u00fcber Sensoren) und immersive Installationen und Videomapping verwendet wird.<\/li>\n<li>1 Workshop \u00fcber die Kunst des LED Stage Designs f\u00fcr Anf\u00e4nger und Semiprofis, der 3 Tage dauert und in einen immersiven Abend m\u00fcndet.<\/li>\n<li>1 Workshop zur Einf\u00fchrung in die Erstellung von Mappings, der von einem der Sch\u00f6pfer des Mapping-Programms HeavyM geleitet wird, um ein vollst\u00e4ndiges Projekt in der Gruppe zu realisieren.<\/li>\n<li>1 spielerischer Bildungsparcours, DIGIKIDS, f\u00fchrt die J\u00fcngsten (ab 7 Jahren) in neue Technologien wie Videomapping, virtuelle Realit\u00e4t, k\u00fcnstliche Intelligenz (KI) oder auch Musikkomposition mit Software ein.<\/li>\n<\/ul>\n<p>Anmeldung: <a href=\"https:\/\/bit.ly\/3TumzhK\" target=\"_blank\" rel=\"noopener\">https:\/\/bit.ly\/3TumzhK<\/a> Weitere Informationen auf BAMFEST.be<\/p>\n","protected":false},"excerpt":{"rendered":"<p>Die ULi\u00e8ge arbeitet mit dem internationalen Festival f\u00fcr digitale Kunst in L\u00fcttich &#8211; dem Bam-Festival &#8211; zusammen, das am 1., 2. und 3. November stattfindet, um neuartige Ma\u00dfnahmen zur Kunstvermittlung anzubieten.<\/p>\n","protected":false},"author":3,"featured_media":5084,"template":"","meta":{"_acf_changed":false,"_tribe_events_status":"","_tribe_events_status_reason":"","footnotes":""},"tags":[100],"tribe_events_cat":[97,112,119,126],"class_list":["post-5494","tribe_events","type-tribe_events","status-publish","has-post-thumbnail","hentry","tag-digitale-kunste","tribe_events_cat-tout-public-de","tribe_events_cat-belgien","tribe_events_cat-digitale-kunste","tribe_events_cat-festival-de","cat_tout-public-de","cat_belgien","cat_digitale-kunste","cat_festival-de"],"acf":[],"yoast_head":"<!-- This site is optimized with the Yoast SEO Premium plugin v24.7 (Yoast SEO v27.3) - https:\/\/yoast.com\/product\/yoast-seo-premium-wordpress\/ -->\n<title>BAM-Festival in L\u00fcttich - Projet GRACE<\/title>\n<meta name=\"robots\" content=\"index, follow, max-snippet:-1, max-image-preview:large, max-video-preview:-1\" \/>\n<link rel=\"canonical\" href=\"https:\/\/interreg-grace.eu\/de\/event\/bam-festival-in-luettich\/\" \/>\n<meta property=\"og:locale\" content=\"de_DE\" \/>\n<meta property=\"og:type\" content=\"article\" \/>\n<meta property=\"og:title\" content=\"BAM-Festival in L\u00fcttich\" \/>\n<meta property=\"og:description\" content=\"Die ULi\u00e8ge arbeitet mit dem internationalen Festival f\u00fcr digitale Kunst in L\u00fcttich - dem Bam-Festival - zusammen, das am 1., 2. und 3. November stattfindet, um neuartige Ma\u00dfnahmen zur Kunstvermittlung anzubieten.\" \/>\n<meta property=\"og:url\" content=\"https:\/\/interreg-grace.eu\/de\/event\/bam-festival-in-luettich\/\" \/>\n<meta property=\"og:site_name\" content=\"Projet GRACE\" \/>\n<meta property=\"og:image\" content=\"https:\/\/interreg-grace.eu\/wp-content\/uploads\/2024\/09\/Festrival-BAM-1.png\" \/>\n\t<meta property=\"og:image:width\" content=\"951\" \/>\n\t<meta property=\"og:image:height\" content=\"957\" \/>\n\t<meta property=\"og:image:type\" content=\"image\/png\" \/>\n<meta name=\"twitter:card\" content=\"summary_large_image\" \/>\n<meta name=\"twitter:label1\" content=\"Gesch\u00e4tzte Lesezeit\" \/>\n\t<meta name=\"twitter:data1\" content=\"1\u00a0Minute\" \/>\n<script type=\"application\/ld+json\" class=\"yoast-schema-graph\">{\"@context\":\"https:\\\/\\\/schema.org\",\"@graph\":[{\"@type\":\"WebPage\",\"@id\":\"https:\\\/\\\/interreg-grace.eu\\\/de\\\/event\\\/bam-festival-in-luettich\\\/\",\"url\":\"https:\\\/\\\/interreg-grace.eu\\\/de\\\/event\\\/bam-festival-in-luettich\\\/\",\"name\":\"BAM-Festival in L\u00fcttich - Projet GRACE\",\"isPartOf\":{\"@id\":\"https:\\\/\\\/interreg-grace.eu\\\/de\\\/#website\"},\"primaryImageOfPage\":{\"@id\":\"https:\\\/\\\/interreg-grace.eu\\\/de\\\/event\\\/bam-festival-in-luettich\\\/#primaryimage\"},\"image\":{\"@id\":\"https:\\\/\\\/interreg-grace.eu\\\/de\\\/event\\\/bam-festival-in-luettich\\\/#primaryimage\"},\"thumbnailUrl\":\"https:\\\/\\\/interreg-grace.eu\\\/wp-content\\\/uploads\\\/2024\\\/09\\\/Festrival-BAM-1.png\",\"datePublished\":\"2024-09-30T10:17:22+00:00\",\"breadcrumb\":{\"@id\":\"https:\\\/\\\/interreg-grace.eu\\\/de\\\/event\\\/bam-festival-in-luettich\\\/#breadcrumb\"},\"inLanguage\":\"de\",\"potentialAction\":[{\"@type\":\"ReadAction\",\"target\":[\"https:\\\/\\\/interreg-grace.eu\\\/de\\\/event\\\/bam-festival-in-luettich\\\/\"]}]},{\"@type\":\"ImageObject\",\"inLanguage\":\"de\",\"@id\":\"https:\\\/\\\/interreg-grace.eu\\\/de\\\/event\\\/bam-festival-in-luettich\\\/#primaryimage\",\"url\":\"https:\\\/\\\/interreg-grace.eu\\\/wp-content\\\/uploads\\\/2024\\\/09\\\/Festrival-BAM-1.png\",\"contentUrl\":\"https:\\\/\\\/interreg-grace.eu\\\/wp-content\\\/uploads\\\/2024\\\/09\\\/Festrival-BAM-1.png\",\"width\":951,\"height\":957,\"caption\":\"Festival BAM\"},{\"@type\":\"BreadcrumbList\",\"@id\":\"https:\\\/\\\/interreg-grace.eu\\\/de\\\/event\\\/bam-festival-in-luettich\\\/#breadcrumb\",\"itemListElement\":[{\"@type\":\"ListItem\",\"position\":1,\"name\":\"Accueil\",\"item\":\"https:\\\/\\\/interreg-grace.eu\\\/de\\\/\"},{\"@type\":\"ListItem\",\"position\":2,\"name\":\"Veranstaltungen\",\"item\":\"https:\\\/\\\/interreg-grace.eu\\\/de\\\/events\\\/\"},{\"@type\":\"ListItem\",\"position\":3,\"name\":\"BAM-Festival in L\u00fcttich\"}]},{\"@type\":\"WebSite\",\"@id\":\"https:\\\/\\\/interreg-grace.eu\\\/de\\\/#website\",\"url\":\"https:\\\/\\\/interreg-grace.eu\\\/de\\\/\",\"name\":\"Projet GRACE\",\"description\":\"Greater Region Artistic and Cultural Education\",\"publisher\":{\"@id\":\"https:\\\/\\\/interreg-grace.eu\\\/de\\\/#organization\"},\"potentialAction\":[{\"@type\":\"SearchAction\",\"target\":{\"@type\":\"EntryPoint\",\"urlTemplate\":\"https:\\\/\\\/interreg-grace.eu\\\/de\\\/?s={search_term_string}\"},\"query-input\":{\"@type\":\"PropertyValueSpecification\",\"valueRequired\":true,\"valueName\":\"search_term_string\"}}],\"inLanguage\":\"de\"},{\"@type\":\"Organization\",\"@id\":\"https:\\\/\\\/interreg-grace.eu\\\/de\\\/#organization\",\"name\":\"Interreg Grace\",\"alternateName\":\"Greater Region Artistic and Cultural Education\",\"url\":\"https:\\\/\\\/interreg-grace.eu\\\/de\\\/\",\"logo\":{\"@type\":\"ImageObject\",\"inLanguage\":\"de\",\"@id\":\"https:\\\/\\\/interreg-grace.eu\\\/de\\\/#\\\/schema\\\/logo\\\/image\\\/\",\"url\":\"https:\\\/\\\/interreg-grace.eu\\\/wp-content\\\/uploads\\\/2024\\\/08\\\/cropped-favicon-grace.webp\",\"contentUrl\":\"https:\\\/\\\/interreg-grace.eu\\\/wp-content\\\/uploads\\\/2024\\\/08\\\/cropped-favicon-grace.webp\",\"width\":512,\"height\":512,\"caption\":\"Interreg Grace\"},\"image\":{\"@id\":\"https:\\\/\\\/interreg-grace.eu\\\/de\\\/#\\\/schema\\\/logo\\\/image\\\/\"},\"sameAs\":[\"https:\\\/\\\/www.linkedin.com\\\/company\\\/interreg-grace\\\/\"]}]}<\/script>\n<!-- \/ Yoast SEO Premium plugin. -->","yoast_head_json":{"title":"BAM-Festival in L\u00fcttich - Projet GRACE","robots":{"index":"index","follow":"follow","max-snippet":"max-snippet:-1","max-image-preview":"max-image-preview:large","max-video-preview":"max-video-preview:-1"},"canonical":"https:\/\/interreg-grace.eu\/de\/event\/bam-festival-in-luettich\/","og_locale":"de_DE","og_type":"article","og_title":"BAM-Festival in L\u00fcttich","og_description":"Die ULi\u00e8ge arbeitet mit dem internationalen Festival f\u00fcr digitale Kunst in L\u00fcttich - dem Bam-Festival - zusammen, das am 1., 2. und 3. November stattfindet, um neuartige Ma\u00dfnahmen zur Kunstvermittlung anzubieten.","og_url":"https:\/\/interreg-grace.eu\/de\/event\/bam-festival-in-luettich\/","og_site_name":"Projet GRACE","og_image":[{"width":951,"height":957,"url":"https:\/\/interreg-grace.eu\/wp-content\/uploads\/2024\/09\/Festrival-BAM-1.png","type":"image\/png"}],"twitter_card":"summary_large_image","twitter_misc":{"Gesch\u00e4tzte Lesezeit":"1\u00a0Minute"},"schema":{"@context":"https:\/\/schema.org","@graph":[{"@type":"WebPage","@id":"https:\/\/interreg-grace.eu\/de\/event\/bam-festival-in-luettich\/","url":"https:\/\/interreg-grace.eu\/de\/event\/bam-festival-in-luettich\/","name":"BAM-Festival in L\u00fcttich - Projet GRACE","isPartOf":{"@id":"https:\/\/interreg-grace.eu\/de\/#website"},"primaryImageOfPage":{"@id":"https:\/\/interreg-grace.eu\/de\/event\/bam-festival-in-luettich\/#primaryimage"},"image":{"@id":"https:\/\/interreg-grace.eu\/de\/event\/bam-festival-in-luettich\/#primaryimage"},"thumbnailUrl":"https:\/\/interreg-grace.eu\/wp-content\/uploads\/2024\/09\/Festrival-BAM-1.png","datePublished":"2024-09-30T10:17:22+00:00","breadcrumb":{"@id":"https:\/\/interreg-grace.eu\/de\/event\/bam-festival-in-luettich\/#breadcrumb"},"inLanguage":"de","potentialAction":[{"@type":"ReadAction","target":["https:\/\/interreg-grace.eu\/de\/event\/bam-festival-in-luettich\/"]}]},{"@type":"ImageObject","inLanguage":"de","@id":"https:\/\/interreg-grace.eu\/de\/event\/bam-festival-in-luettich\/#primaryimage","url":"https:\/\/interreg-grace.eu\/wp-content\/uploads\/2024\/09\/Festrival-BAM-1.png","contentUrl":"https:\/\/interreg-grace.eu\/wp-content\/uploads\/2024\/09\/Festrival-BAM-1.png","width":951,"height":957,"caption":"Festival BAM"},{"@type":"BreadcrumbList","@id":"https:\/\/interreg-grace.eu\/de\/event\/bam-festival-in-luettich\/#breadcrumb","itemListElement":[{"@type":"ListItem","position":1,"name":"Accueil","item":"https:\/\/interreg-grace.eu\/de\/"},{"@type":"ListItem","position":2,"name":"Veranstaltungen","item":"https:\/\/interreg-grace.eu\/de\/events\/"},{"@type":"ListItem","position":3,"name":"BAM-Festival in L\u00fcttich"}]},{"@type":"WebSite","@id":"https:\/\/interreg-grace.eu\/de\/#website","url":"https:\/\/interreg-grace.eu\/de\/","name":"Projet GRACE","description":"Greater Region Artistic and Cultural Education","publisher":{"@id":"https:\/\/interreg-grace.eu\/de\/#organization"},"potentialAction":[{"@type":"SearchAction","target":{"@type":"EntryPoint","urlTemplate":"https:\/\/interreg-grace.eu\/de\/?s={search_term_string}"},"query-input":{"@type":"PropertyValueSpecification","valueRequired":true,"valueName":"search_term_string"}}],"inLanguage":"de"},{"@type":"Organization","@id":"https:\/\/interreg-grace.eu\/de\/#organization","name":"Interreg Grace","alternateName":"Greater Region Artistic and Cultural Education","url":"https:\/\/interreg-grace.eu\/de\/","logo":{"@type":"ImageObject","inLanguage":"de","@id":"https:\/\/interreg-grace.eu\/de\/#\/schema\/logo\/image\/","url":"https:\/\/interreg-grace.eu\/wp-content\/uploads\/2024\/08\/cropped-favicon-grace.webp","contentUrl":"https:\/\/interreg-grace.eu\/wp-content\/uploads\/2024\/08\/cropped-favicon-grace.webp","width":512,"height":512,"caption":"Interreg Grace"},"image":{"@id":"https:\/\/interreg-grace.eu\/de\/#\/schema\/logo\/image\/"},"sameAs":["https:\/\/www.linkedin.com\/company\/interreg-grace\/"]}]}},"_links":{"self":[{"href":"https:\/\/interreg-grace.eu\/de\/wp-json\/wp\/v2\/tribe_events\/5494","targetHints":{"allow":["GET"]}}],"collection":[{"href":"https:\/\/interreg-grace.eu\/de\/wp-json\/wp\/v2\/tribe_events"}],"about":[{"href":"https:\/\/interreg-grace.eu\/de\/wp-json\/wp\/v2\/types\/tribe_events"}],"author":[{"embeddable":true,"href":"https:\/\/interreg-grace.eu\/de\/wp-json\/wp\/v2\/users\/3"}],"version-history":[{"count":0,"href":"https:\/\/interreg-grace.eu\/de\/wp-json\/wp\/v2\/tribe_events\/5494\/revisions"}],"wp:featuredmedia":[{"embeddable":true,"href":"https:\/\/interreg-grace.eu\/de\/wp-json\/wp\/v2\/media\/5084"}],"wp:attachment":[{"href":"https:\/\/interreg-grace.eu\/de\/wp-json\/wp\/v2\/media?parent=5494"}],"wp:term":[{"taxonomy":"post_tag","embeddable":true,"href":"https:\/\/interreg-grace.eu\/de\/wp-json\/wp\/v2\/tags?post=5494"},{"taxonomy":"tribe_events_cat","embeddable":true,"href":"https:\/\/interreg-grace.eu\/de\/wp-json\/wp\/v2\/tribe_events_cat?post=5494"}],"curies":[{"name":"wp","href":"https:\/\/api.w.org\/{rel}","templated":true}]}}